{"id":17276,"date":"2023-03-17T16:53:04","date_gmt":"2023-03-17T14:53:04","guid":{"rendered":"https:\/\/stiftadmont.at\/?page_id=17276"},"modified":"2026-01-12T12:27:00","modified_gmt":"2026-01-12T10:27:00","slug":"heribert-friedl-intervencion-artistica-2023","status":"publish","type":"page","link":"https:\/\/stiftadmont.at\/es\/museum\/ausstellungsrueckblick\/heribert-friedl-kuenstlerische-intervention-2023\/","title":{"rendered":"Heribert Friedl - Intervenci\u00f3n art\u00edstica 2023"},"content":{"rendered":"<section id='lightpress__section--block_985b0f4faf0609efc1809b2c15cff84f' class='lightpress__section--default-section-space lightpress__section lightpress__section--content'><div class=\"content__inner\"\n         x-init=\"initContentBlockAnim($el)\">\n        \n    <div class=\"content__grid content__grid\">\n                                            <div class=\"content__box content__box--one-hundred\"\n                 style=\"\">\n                                \n                \n                                            <div class=\"prose\"><h2 class=\"heading-xxl line line--gold text-center\">Heribert Friedl<\/h2>\n<h6 class=\"heading-s text-center\">Intervenci\u00f3n art\u00edstica<br \/>en el Kunsthistorisches Museum<\/h6>\n<p class=\"text-center\">abierto del 01 de abril al 01 de noviembre de 2023<\/p>\n<\/div>\n                    \n                            <\/div>\n        \n            <\/div>\n<\/div>\n\n<\/section>\n\n<section id='lightpress__section--block_54098f1d566e80a26c1b8443492c19d8' class='lightpress__section--default-section-space lightpress__section lightpress__section--content'><div class=\"content__inner\"\n         x-init=\"initContentBlockAnim($el)\">\n        \n    <div class=\"content__grid content__grid\">\n                                            <div class=\"content__box content__box--one-hundred\"\n                 style=\"\">\n                                \n                \n                                            <div class=\"prose\"><p class=\"paragraph-m\">Desde 2003, la <a href=\"https:\/\/stiftadmont.at\/es\/museen\/museo-de-historia-del-arte\/\">Museo de Historia del Arte<\/a> un espacio de intervenci\u00f3n art\u00edstica. Un espacio de relaciones resonantes, de di\u00e1logo: lo sagrado con lo profano, el pasado con el presente. Transformaciones y procesos. Este espacio fue dise\u00f1ado por Heribert Friedl en 2022.<\/p>\n<p class=\"paragraph-m\">Los artistas y creadores invitados hasta la fecha siempre nos han sorprendido de nuevo, con sus soluciones art\u00edsticas incre\u00edblemente complejas y de m\u00faltiples capas, en sus referencias a la Abad\u00eda de Admont como lugar de espiritualidad, como lugar de colecciones tan diversas; a la biblioteca, a los archivos y a la memoria cultural de casi 950 a\u00f1os. Esta sala fue dise\u00f1ada por Heribert Friedl en 2022. La instalaci\u00f3n consta de prendas de vestir pulcramente presentadas en forma de archivo, que fueron llevadas por un ser querido muy concreto. Al principio, puede que le irrite encontrarse con algo tan banal en el contexto del Kunsthistorisches Museum. \u00bfDe qu\u00e9 se trata? Una breve mirada retrospectiva a la evoluci\u00f3n art\u00edstica de Friedl proporciona la clave para entenderlo. Las fragancias y sus efectos han estado durante mucho tiempo en el centro de los intereses de Heribert Friedl. Gran parte de su obra consiste en instalaciones espec\u00edficas o arquitecturas ef\u00edmeras que abordan el t\u00e9rmino \"objetos no visuales\" (t\u00e9rmino que utiliza para su obra desde 1996). En ellas, las fragancias act\u00faan como portadoras de contenido. Friedl tambi\u00e9n ha seguido este camino en a\u00f1os anteriores en la Abad\u00eda de Admont.<\/p>\n<p class=\"paragraph-m\">En 2007, durante la fase de restauraci\u00f3n de varios a\u00f1os de la Biblioteca de la Abad\u00eda de Admont, recubri\u00f3 un panel de soporte blanco del andamio con una fragancia invisible. El aroma a incienso se desprend\u00eda mediante un frotamiento activo. Como en muchas de sus instalaciones, Heribert Friedl no se preocup\u00f3 por la especificaci\u00f3n visual. Parte de la obra inclu\u00eda tambi\u00e9n tarjetas perfumadas relacionadas con la biblioteca barroca del monasterio. Junto con la tarjeta se llev\u00f3 un trozo del original. Como parte de una exposici\u00f3n sobre el tema \"Biblioteca\" en 2008, Heribert Friedl cre\u00f3 una biblioteca de fragancias compuesta por 100 fragancias en el Museo de Arte Contempor\u00e1neo - un archivo de fragancias, si se quiere. En 2012, para la colecci\u00f3n especial de Admont \"<a href=\"https:\/\/stiftadmont.at\/es\/museo\/resena-de-la-exposicion\/mas-alla-de-la-vista\/\">M\u00e1s all\u00e1 de la vista: el arte conecta a ciegos y videntes<\/a>\"ha creado una obra: Una espiral de olor visible hecha de tubos de cobre perforados, de la que sale un fuelle que emite un olor que se propaga por la habitaci\u00f3n como una escultura ef\u00edmera invisible.<\/p>\n<\/div>\n                    \n                            <\/div>\n        \n            <\/div>\n<\/div>\n\n<\/section>\n\n<section id='lightpress__section--block_d52993c148b8a37512070a50a087e92f' class='lightpress__section--default-section-space lightpress__section lightpress__section--content'><div class=\"content__inner\"\n         x-init=\"initContentBlockAnim($el)\">\n        \n    <div class=\"content__grid content__grid--fifty-fifty\">\n                                            <div class=\"content__box content__box\"\n                 style=\"\">\n                                \n                \n                                        <div class=\"content__media stickyTo\" x-init=\"imageSticky($el)\">\n\n                                                                                                <picture\n                                class=\"content__image sticky image-overlay\">\n                            <source srcset=\"https:\/\/stiftadmont.at\/wp-content\/uploads\/Friedl-677x1024_www.jpg\"\n                                    type=\"image\/webp\">\n                            <source srcset=\"https:\/\/stiftadmont.at\/wp-content\/uploads\/Friedl-677x1024_www.jpg\"\n                                    type=\"image\/jpeg\">\n                            <img decoding=\"async\" loading=\"lazy\" src=\"https:\/\/stiftadmont.at\/wp-content\/uploads\/Friedl-677x1024_www.jpg\" alt=\"Friedl 677x1024 www\" width=\"600\" height=\"450\" \/>\n                                                                                                            <\/picture>\n\n                    <\/div>\n\n                            <\/div>\n        \n                                                    <div class=\"content__box content__box--2\"\n                     >\n                                        \n                    \n                                                    <div class=\"prose\"><h6 class=\"heading-s text-center\">Heribert Friedl<br \/>*1969 en Feldbach \/ Estiria<br \/>vive y trabaja en Viena<\/h6>\n<p class=\"paragraph-m text-center\">Retrato de una persona favorita <br \/>en el mundo y m\u00e1s all\u00e1.<\/p>\n<p class=\"paragraph-m text-center\">Varias prendas de vestir, zapatos, corbatas,<br \/>Calcetines, entre otros, instalaci\u00f3n, 2022<\/p>\n<\/div>\n                        \n                                    <\/div>\n            \n            <\/div>\n<\/div>\n\n<\/section>\n\n<section id='lightpress__section--block_3709ce691766e9f17602f7fd3eebb526' class='lightpress__section--default-section-space lightpress__section lightpress__section--content'><div class=\"content__inner\"\n         x-init=\"initContentBlockAnim($el)\">\n        \n    <div class=\"content__grid content__grid\">\n                                            <div class=\"content__box content__box--one-hundred\"\n                 style=\"\">\n                                \n                \n                                            <div class=\"prose\"><p class=\"paragraph-m\">En el arte de Heribert Friedl, que se concentra en la percepci\u00f3n olfativa, los momentos visuales se omiten en la medida de lo posible. Por tanto, la instalaci\u00f3n actual no trata de la percepci\u00f3n plana de la ropa en s\u00ed. Trata de la persona que una vez la visti\u00f3. Se trata de un ser querido que ya no est\u00e1 f\u00edsicamente con nosotros tras su muerte. Trata de lo que queda de esa persona. Se trata de la ausencia, de los recuerdos -provocados, entre otras cosas, por las fragancias- que se han inscrito en esas prendas. Se trata de lo que \"sentimos\" individualmente en los objetos, en las obras de arte, cada uno de forma diferente, seg\u00fan el individuo. Se trata de las micropart\u00edculas invisibles que han pasado a su interior. Son invisibles para el ojo humano, pero para los forenses son un cosmos por excelencia. Trata del amor, del duelo, de dejar ir, de la \"vanitas\" y el \"memento mori\". En \u00faltima instancia, trata sobre el consuelo, sobre la esperanza, sobre el hecho de que no hay nada s\u00f3lo porque no se pueda ver. Y sobre el hecho de que lo que es visible a menudo oscurece lo que es realmente importante, lo que realmente vale la pena percibir.<\/p>\n<p class=\"paragraph-m\">Heribert Friedl tambi\u00e9n habla del aroma del tiempo que ha encontrado expresi\u00f3n en estas cosas. Y con el tel\u00f3n de fondo de su di\u00e1logo con el fil\u00f3sofo, cient\u00edfico de la cultura y escritor coreano-alem\u00e1n Byung-Chul Han, afirma: \"La historia que las cosas adquieren con el uso prolongado las anima a convertirse en \"cosas del coraz\u00f3n\". No s\u00f3lo la impresi\u00f3n visual inmediata, que quiz\u00e1 refleja una \u00e9poca determinada, sino tambi\u00e9n las cosas invisibles que se pueden sentir, crean un \"cosmos del coraz\u00f3n\".<\/p>\n<p class=\"paragraph-m\">La referencia al museo es m\u00e1s bien estructural. El museo como archivo, como \"salvador de la desaparici\u00f3n\". Por supuesto, tambi\u00e9n se puede hacer referencia a los paramentos.<\/p>\n<\/div>\n                    \n                            <\/div>\n        \n            <\/div>\n<\/div>\n\n<\/section>\n\n<section id='lightpress__section--block_0f61eee28506e933142a4e1aa78383e1' class='lightpress__section--default-section-space lightpress__section lightpress__section--content'><div class=\"content__inner\"\n         x-init=\"initContentBlockAnim($el)\">\n        \n    <div class=\"content__grid content__grid\">\n                                            <div class=\"content__box content__box--one-hundred\"\n                 style=\"\">\n                                \n                \n                                            <div class=\"prose\"><h6 class=\"heading-s text-center\">\"S\u00f3lo se puede ver bien con el coraz\u00f3n.<br \/>Lo esencial es invisible <br \/>para los ojos\". <\/h6>\n<p class=\"text-center\">(Antoine de Saint-Exup\u00e9ry)<\/p>\n<\/div>\n                    \n                            <\/div>\n        \n            <\/div>\n<\/div>\n\n<\/section>","protected":false},"excerpt":{"rendered":"","protected":false},"author":7,"featured_media":0,"parent":5864,"menu_order":58,"comment_status":"closed","ping_status":"closed","template":"","meta":{"_acf_changed":false,"footnotes":""},"categories":[73],"class_list":["post-17276","page","type-page","status-publish","hentry","category-ausstellungsrueckblick"],"acf":[],"yoast_head":"<!-- This site is optimized with the Yoast SEO Premium plugin v26.0 (Yoast SEO v26.8) - https:\/\/yoast.com\/product\/yoast-seo-premium-wordpress\/ -->\n<title>Heribert Friedl \u2013 K\u00fcnstlerische Intervention 2023 - Stift Admont<\/title>\n<meta name=\"robots\" content=\"index, follow, max-snippet:-1, max-image-preview:large, max-video-preview:-1\" \/>\n<link rel=\"canonical\" href=\"https:\/\/stiftadmont.at\/es\/museo\/resena-de-la-exposicion\/heribert-friedl-intervencion-artistica-2023\/\" \/>\n<meta property=\"og:locale\" content=\"es_ES\" \/>\n<meta property=\"og:type\" content=\"article\" \/>\n<meta property=\"og:title\" content=\"Heribert Friedl \u2013 K\u00fcnstlerische Intervention 2023\" \/>\n<meta property=\"og:url\" content=\"https:\/\/stiftadmont.at\/es\/museo\/resena-de-la-exposicion\/heribert-friedl-intervencion-artistica-2023\/\" \/>\n<meta property=\"og:site_name\" content=\"Stift Admont\" \/>\n<meta property=\"article:modified_time\" content=\"2026-01-12T10:27:00+00:00\" \/>\n<meta property=\"og:image\" content=\"https:\/\/stiftadmont.at\/wp-content\/uploads\/Klosteranlage-innen.jpg\" \/>\n\t<meta property=\"og:image:width\" content=\"1912\" \/>\n\t<meta property=\"og:image:height\" content=\"1188\" \/>\n\t<meta property=\"og:image:type\" content=\"image\/jpeg\" \/>\n<meta name=\"twitter:card\" content=\"summary_large_image\" \/>\n<script type=\"application\/ld+json\" class=\"yoast-schema-graph\">{\"@context\":\"https:\/\/schema.org\",\"@graph\":[{\"@type\":\"WebPage\",\"@id\":\"https:\/\/stiftadmont.at\/museum\/ausstellungsrueckblick\/heribert-friedl-kuenstlerische-intervention-2023\/\",\"url\":\"https:\/\/stiftadmont.at\/museum\/ausstellungsrueckblick\/heribert-friedl-kuenstlerische-intervention-2023\/\",\"name\":\"Heribert Friedl \u2013 K\u00fcnstlerische Intervention 2023 - Stift Admont\",\"isPartOf\":{\"@id\":\"https:\/\/stiftadmont.at\/#website\"},\"datePublished\":\"2023-03-17T14:53:04+00:00\",\"dateModified\":\"2026-01-12T10:27:00+00:00\",\"breadcrumb\":{\"@id\":\"https:\/\/stiftadmont.at\/museum\/ausstellungsrueckblick\/heribert-friedl-kuenstlerische-intervention-2023\/#breadcrumb\"},\"inLanguage\":\"es\",\"potentialAction\":[{\"@type\":\"ReadAction\",\"target\":[\"https:\/\/stiftadmont.at\/museum\/ausstellungsrueckblick\/heribert-friedl-kuenstlerische-intervention-2023\/\"]}]},{\"@type\":\"BreadcrumbList\",\"@id\":\"https:\/\/stiftadmont.at\/museum\/ausstellungsrueckblick\/heribert-friedl-kuenstlerische-intervention-2023\/#breadcrumb\",\"itemListElement\":[{\"@type\":\"ListItem\",\"position\":1,\"name\":\"Start\",\"item\":\"https:\/\/stiftadmont.at\/\"},{\"@type\":\"ListItem\",\"position\":2,\"name\":\"Museum Stift Admont\",\"item\":\"https:\/\/stiftadmont.at\/museum\/\"},{\"@type\":\"ListItem\",\"position\":3,\"name\":\"Ausstellungsr\u00fcckblick\",\"item\":\"https:\/\/stiftadmont.at\/museum\/ausstellungsrueckblick\/\"},{\"@type\":\"ListItem\",\"position\":4,\"name\":\"Heribert Friedl \u2013 K\u00fcnstlerische Intervention 2023\"}]},{\"@type\":\"WebSite\",\"@id\":\"https:\/\/stiftadmont.at\/#website\",\"url\":\"https:\/\/stiftadmont.at\/\",\"name\":\"Stift Admont\",\"description\":\"Benediktinerkloster und Sehensw\u00fcrdigkeit im Ges\u00e4use\",\"potentialAction\":[{\"@type\":\"SearchAction\",\"target\":{\"@type\":\"EntryPoint\",\"urlTemplate\":\"https:\/\/stiftadmont.at\/?s={search_term_string}\"},\"query-input\":{\"@type\":\"PropertyValueSpecification\",\"valueRequired\":true,\"valueName\":\"search_term_string\"}}],\"inLanguage\":\"es\"}]}<\/script>\n<!-- \/ Yoast SEO Premium plugin. -->","yoast_head_json":{"title":"Heribert Friedl - Intervenci\u00f3n art\u00edstica 2023 - Abad\u00eda de Admont","robots":{"index":"index","follow":"follow","max-snippet":"max-snippet:-1","max-image-preview":"max-image-preview:large","max-video-preview":"max-video-preview:-1"},"canonical":"https:\/\/stiftadmont.at\/es\/museo\/resena-de-la-exposicion\/heribert-friedl-intervencion-artistica-2023\/","og_locale":"es_ES","og_type":"article","og_title":"Heribert Friedl \u2013 K\u00fcnstlerische Intervention 2023","og_url":"https:\/\/stiftadmont.at\/es\/museo\/resena-de-la-exposicion\/heribert-friedl-intervencion-artistica-2023\/","og_site_name":"Stift Admont","article_modified_time":"2026-01-12T10:27:00+00:00","og_image":[{"width":1912,"height":1188,"url":"https:\/\/stiftadmont.at\/wp-content\/uploads\/Klosteranlage-innen.jpg","type":"image\/jpeg"}],"twitter_card":"summary_large_image","schema":{"@context":"https:\/\/schema.org","@graph":[{"@type":"WebPage","@id":"https:\/\/stiftadmont.at\/museum\/ausstellungsrueckblick\/heribert-friedl-kuenstlerische-intervention-2023\/","url":"https:\/\/stiftadmont.at\/museum\/ausstellungsrueckblick\/heribert-friedl-kuenstlerische-intervention-2023\/","name":"Heribert Friedl - Intervenci\u00f3n art\u00edstica 2023 - Abad\u00eda de Admont","isPartOf":{"@id":"https:\/\/stiftadmont.at\/#website"},"datePublished":"2023-03-17T14:53:04+00:00","dateModified":"2026-01-12T10:27:00+00:00","breadcrumb":{"@id":"https:\/\/stiftadmont.at\/museum\/ausstellungsrueckblick\/heribert-friedl-kuenstlerische-intervention-2023\/#breadcrumb"},"inLanguage":"es","potentialAction":[{"@type":"ReadAction","target":["https:\/\/stiftadmont.at\/museum\/ausstellungsrueckblick\/heribert-friedl-kuenstlerische-intervention-2023\/"]}]},{"@type":"BreadcrumbList","@id":"https:\/\/stiftadmont.at\/museum\/ausstellungsrueckblick\/heribert-friedl-kuenstlerische-intervention-2023\/#breadcrumb","itemListElement":[{"@type":"ListItem","position":1,"name":"Start","item":"https:\/\/stiftadmont.at\/"},{"@type":"ListItem","position":2,"name":"Museum Stift Admont","item":"https:\/\/stiftadmont.at\/museum\/"},{"@type":"ListItem","position":3,"name":"Ausstellungsr\u00fcckblick","item":"https:\/\/stiftadmont.at\/museum\/ausstellungsrueckblick\/"},{"@type":"ListItem","position":4,"name":"Heribert Friedl \u2013 K\u00fcnstlerische Intervention 2023"}]},{"@type":"WebSite","@id":"https:\/\/stiftadmont.at\/#website","url":"https:\/\/stiftadmont.at\/","name":"Abad\u00eda de Admont","description":"Monasterio benedictino y atracci\u00f3n tur\u00edstica en el Ges\u00e4use","potentialAction":[{"@type":"SearchAction","target":{"@type":"EntryPoint","urlTemplate":"https:\/\/stiftadmont.at\/?s={search_term_string}"},"query-input":{"@type":"PropertyValueSpecification","valueRequired":true,"valueName":"search_term_string"}}],"inLanguage":"es"}]}},"_links":{"self":[{"href":"https:\/\/stiftadmont.at\/es\/wp-json\/wp\/v2\/pages\/17276","targetHints":{"allow":["GET"]}}],"collection":[{"href":"https:\/\/stiftadmont.at\/es\/wp-json\/wp\/v2\/pages"}],"about":[{"href":"https:\/\/stiftadmont.at\/es\/wp-json\/wp\/v2\/types\/page"}],"author":[{"embeddable":true,"href":"https:\/\/stiftadmont.at\/es\/wp-json\/wp\/v2\/users\/7"}],"replies":[{"embeddable":true,"href":"https:\/\/stiftadmont.at\/es\/wp-json\/wp\/v2\/comments?post=17276"}],"version-history":[{"count":25,"href":"https:\/\/stiftadmont.at\/es\/wp-json\/wp\/v2\/pages\/17276\/revisions"}],"predecessor-version":[{"id":39064,"href":"https:\/\/stiftadmont.at\/es\/wp-json\/wp\/v2\/pages\/17276\/revisions\/39064"}],"up":[{"embeddable":true,"href":"https:\/\/stiftadmont.at\/es\/wp-json\/wp\/v2\/pages\/5864"}],"wp:attachment":[{"href":"https:\/\/stiftadmont.at\/es\/wp-json\/wp\/v2\/media?parent=17276"}],"wp:term":[{"taxonomy":"category","embeddable":true,"href":"https:\/\/stiftadmont.at\/es\/wp-json\/wp\/v2\/categories?post=17276"}],"curies":[{"name":"wp","href":"https:\/\/api.w.org\/{rel}","templated":true}]}}