{"id":22712,"date":"2023-10-31T12:33:43","date_gmt":"2023-10-31T10:33:43","guid":{"rendered":"https:\/\/stiftadmont.at\/?page_id=22712"},"modified":"2024-11-18T11:57:10","modified_gmt":"2024-11-18T09:57:10","slug":"saludos","status":"publish","type":"page","link":"https:\/\/stiftadmont.at\/es\/950-jahre-stift-admont\/grussworte\/","title":{"rendered":"Saludos"},"content":{"rendered":"<section id='lightpress__section--block_af55a29c8ed59e568792787be38b0e27' class='align- lightpress__section--default-section-space lightpress__section lightpress__section--public-greetings-grid'><div class=\"public-greetings-grid__container\">\n\n            <div class=\"public-greetings-grid__greeting\">\n                        <picture class=\"greeting__thumbnail\">\n                                <source srcset=\"https:\/\/stiftadmont.at\/wp-content\/uploads\/Konvent-mit-Papst-768x1152.webp\"\n                        type=\"image\/webp\">\n                <source srcset=\"https:\/\/stiftadmont.at\/wp-content\/uploads\/Konvent-mit-Papst-768x1152.jpg\"\n                        type=\"image\/jpeg\">\n                <img decoding=\"async\" class=\"post-item__thumbnail\" loading=\"lazy\"\n                     src=\"https:\/\/stiftadmont.at\/wp-content\/uploads\/Konvent-mit-Papst-768x1152.jpg\"                     alt=\"Convenci\u00f3n con el Papa\">\n            <\/picture>\n            <div class=\"spacer--40\"><\/div>\n            <p class=\"text--26 text-medium\">Santo Padre Papa Francisco<\/p>\n            <p class=\"text--18 text-black--50pct public-greetings-grid__position\">Vaticano<\/p>\n            <div class=\"spacer--20\"><\/div>\n            <div class=\"text text--18 public-greetings-grid__excerpt\">Estimado Abad Gerhard, me ha alegrado mucho enterarme de las pr\u00f3ximas celebraciones con motivo del 950 aniversario de la Abad\u00eda benedictina de Admont. Doy gracias a Dios por la larga y bendecida labor de su comunidad en Estiria y m\u00e1s all\u00e1. Por intercesi\u00f3n de la...<\/div>\n            <div class=\"spacer--20\"><\/div>\n            <a class=\"public-greetings__read-more admont-button admont-button--arrow-only\" aria-label=\"Al art\u00edculo\" x-data\n @click=\"toggleGreeting('greeting__popup-1')\">Seguir leyendo<\/a>\n        <\/div>\n            <div class=\"public-greetings-grid__greeting\">\n                        <picture class=\"greeting__thumbnail\">\n                                <source srcset=\"https:\/\/stiftadmont.at\/wp-content\/uploads\/Bischof_Wilhelm_Krautwaschl_Foto_Christian_Jungwirth-768x926.webp\"\n                        type=\"image\/webp\">\n                <source srcset=\"https:\/\/stiftadmont.at\/wp-content\/uploads\/Bischof_Wilhelm_Krautwaschl_Foto_Christian_Jungwirth-768x926.jpg\"\n                        type=\"image\/jpeg\">\n                <img decoding=\"async\" class=\"post-item__thumbnail\" loading=\"lazy\"\n                     src=\"https:\/\/stiftadmont.at\/wp-content\/uploads\/Bischof_Wilhelm_Krautwaschl_Foto_Christian_Jungwirth-768x926.jpg\"                     alt=\"Obispo Wilhelm Krautwaschl Foto Christian Jungwirth\">\n            <\/picture>\n            <div class=\"spacer--40\"><\/div>\n            <p class=\"text--26 text-medium\">Dr. Wilhelm Krautwaschl <\/p>\n            <p class=\"text--18 text-black--50pct public-greetings-grid__position\">Obispo diocesano de Graz-Seckau<\/p>\n            <div class=\"spacer--20\"><\/div>\n            <div class=\"text text--18 public-greetings-grid__excerpt\">Experimentar el sentido de la grandeza de Dios Ser\u00eda interesante ver c\u00f3mo reaccionar\u00edan hoy, 950 a\u00f1os despu\u00e9s, el arzobispo Gebhard de Salzburgo y Hemma de Gurk si vieran la abad\u00eda benedictina de Admont... C\u00f3mo se sorprender\u00eda Hemma de que la...<\/div>\n            <div class=\"spacer--20\"><\/div>\n            <a class=\"public-greetings__read-more admont-button admont-button--arrow-only\" aria-label=\"Al art\u00edculo\" x-data\n @click=\"toggleGreeting('greeting__popup-2')\">Seguir leyendo<\/a>\n        <\/div>\n            <div class=\"public-greetings-grid__greeting\">\n                        <picture class=\"greeting__thumbnail\">\n                                <source srcset=\"https:\/\/stiftadmont.at\/wp-content\/uploads\/lackner-768x525.webp\"\n                        type=\"image\/webp\">\n                <source srcset=\"https:\/\/stiftadmont.at\/wp-content\/uploads\/lackner-768x525.jpg\"\n                        type=\"image\/jpeg\">\n                <img decoding=\"async\" class=\"post-item__thumbnail\" loading=\"lazy\"\n                     src=\"https:\/\/stiftadmont.at\/wp-content\/uploads\/lackner-768x525.jpg\"                     alt=\"Lackner\">\n            <\/picture>\n            <div class=\"spacer--40\"><\/div>\n            <p class=\"text--26 text-medium\">Dr. Franz Lackner OFM<\/p>\n            <p class=\"text--18 text-black--50pct public-greetings-grid__position\">Arzobispo de Salzburgo<\/p>\n            <div class=\"spacer--20\"><\/div>\n            <div class=\"text text--18 public-greetings-grid__excerpt\">Hace casi un milenio, doce monjes enviados desde Salzburgo llevaron la Regla de San Benito a la Alta Estiria. Gracias a la fundaci\u00f3n de Hemma von Gurk y al permiso de Gebhard, el entonces arzobispo de Salzburgo, se fund\u00f3 una comunidad mon\u00e1stica que...<\/div>\n            <div class=\"spacer--20\"><\/div>\n            <a class=\"public-greetings__read-more admont-button admont-button--arrow-only\" aria-label=\"Al art\u00edculo\" x-data\n @click=\"toggleGreeting('greeting__popup-3')\">Seguir leyendo<\/a>\n        <\/div>\n            <div class=\"public-greetings-grid__greeting\">\n                        <picture class=\"greeting__thumbnail\">\n                                <source srcset=\"https:\/\/stiftadmont.at\/wp-content\/uploads\/Superintendenz-Stmk-16-2-768x641.webp\"\n                        type=\"image\/webp\">\n                <source srcset=\"https:\/\/stiftadmont.at\/wp-content\/uploads\/Superintendenz-Stmk-16-2-768x641.jpg\"\n                        type=\"image\/jpeg\">\n                <img decoding=\"async\" class=\"post-item__thumbnail\" loading=\"lazy\"\n                     src=\"https:\/\/stiftadmont.at\/wp-content\/uploads\/Superintendenz-Stmk-16-2-768x641.jpg\"                     alt=\"Superintendencia de Estiria (16)\">\n            <\/picture>\n            <div class=\"spacer--40\"><\/div>\n            <p class=\"text--26 text-medium\">Superintendente Wolfgang Rehner<\/p>\n            <p class=\"text--18 text-black--50pct public-greetings-grid__position\">Iglesia protestante de Estiria<\/p>\n            <div class=\"spacer--20\"><\/div>\n            <div class=\"text text--18 public-greetings-grid__excerpt\">950 a\u00f1os de la Abad\u00eda de Admont. Saludos y bendiciones del mundo ecum\u00e9nico, especialmente del lado protestante. La Abad\u00eda de Admont ha mantenido contactos y relaciones de vecindad con los protestantes durante la mitad de su historia. A lo largo de los a\u00f1os, el dise\u00f1o de las zonas de contacto...<\/div>\n            <div class=\"spacer--20\"><\/div>\n            <a class=\"public-greetings__read-more admont-button admont-button--arrow-only\" aria-label=\"Al art\u00edculo\" x-data\n @click=\"toggleGreeting('greeting__popup-4')\">Seguir leyendo<\/a>\n        <\/div>\n            <div class=\"public-greetings-grid__greeting\">\n                        <picture class=\"greeting__thumbnail\">\n                                <source srcset=\"https:\/\/stiftadmont.at\/wp-content\/uploads\/Abt-Johannes-7.webp\"\n                        type=\"image\/webp\">\n                <source srcset=\"https:\/\/stiftadmont.at\/wp-content\/uploads\/Abt-Johannes-7.jpg\"\n                        type=\"image\/jpeg\">\n                <img decoding=\"async\" class=\"post-item__thumbnail\" loading=\"lazy\" src=\"https:\/\/stiftadmont.at\/wp-content\/uploads\/Abt-Johannes-7.jpg\" alt=\"Abad Juan 7\" \/>\n            <\/picture>\n            <div class=\"spacer--40\"><\/div>\n            <p class=\"text--26 text-medium\">Johannes Perkmann OSB<\/p>\n            <p class=\"text--18 text-black--50pct public-greetings-grid__position\">Abad Presidente de la Congregaci\u00f3n Benedictina Austriaca<\/p>\n            <div class=\"spacer--20\"><\/div>\n            <div class=\"text text--18 public-greetings-grid__excerpt\">Es algo extraordinario poder celebrar 950 a\u00f1os de existencia, sobre todo en nuestros tiempos, por lo dem\u00e1s ef\u00edmeros, con todos sus \"momentane\u00edsmos\" y fugacidad. La abad\u00eda de Admont, fundada en 1074 por el arzobispo Gebhard de Salzburgo con los bienes de St...<\/div>\n            <div class=\"spacer--20\"><\/div>\n            <a class=\"public-greetings__read-more admont-button admont-button--arrow-only\" aria-label=\"Al art\u00edculo\" x-data\n @click=\"toggleGreeting('greeting__popup-5')\">Seguir leyendo<\/a>\n        <\/div>\n            <div class=\"public-greetings-grid__greeting\">\n                        <picture class=\"greeting__thumbnail\">\n                                <source srcset=\"https:\/\/stiftadmont.at\/wp-content\/uploads\/Foto-Erzabt-Korbinian_klein-1.webp\"\n                        type=\"image\/webp\">\n                <source srcset=\"https:\/\/stiftadmont.at\/wp-content\/uploads\/Foto-Erzabt-Korbinian_klein-1.jpg\"\n                        type=\"image\/jpeg\">\n                <img decoding=\"async\" class=\"post-item__thumbnail\" loading=\"lazy\" src=\"https:\/\/stiftadmont.at\/wp-content\/uploads\/Foto-Erzabt-Korbinian_klein-1.jpg\" alt=\"Foto Archabad Korbinian peque\u00f1o\" \/>\n            <\/picture>\n            <div class=\"spacer--40\"><\/div>\n            <p class=\"text--26 text-medium\">Dr Korbinian Birnbacher OSB<\/p>\n            <p class=\"text--18 text-black--50pct public-greetings-grid__position\">Arzobispo de San Pedro<\/p>\n            <div class=\"spacer--20\"><\/div>\n            <div class=\"text text--18 public-greetings-grid__excerpt\">El 15 de junio, fiesta del fundador del monasterio, Gebhard, siempre se me permite dirigir una palabra espiritual a los hermanos de Admont... durante una celebraci\u00f3n eucar\u00edstica. Puedo hacerlo como abad del monasterio que fund\u00f3 los primeros monjes hace 950 a\u00f1os.<\/div>\n            <div class=\"spacer--20\"><\/div>\n            <a class=\"public-greetings__read-more admont-button admont-button--arrow-only\" aria-label=\"Al art\u00edculo\" x-data\n @click=\"toggleGreeting('greeting__popup-6')\">Seguir leyendo<\/a>\n        <\/div>\n            <div class=\"public-greetings-grid__greeting\">\n                        <picture class=\"greeting__thumbnail\">\n                                <source srcset=\"https:\/\/stiftadmont.at\/wp-content\/uploads\/Bischof-Glettler-\u2013-Fotoausschnitt-aus-Videobotschaft-\u00a9Dioezese-Innsbruck-768x685.webp\"\n                        type=\"image\/webp\">\n                <source srcset=\"https:\/\/stiftadmont.at\/wp-content\/uploads\/Bischof-Glettler-\u2013-Fotoausschnitt-aus-Videobotschaft-\u00a9Dioezese-Innsbruck-768x685.jpg\"\n                        type=\"image\/jpeg\">\n                <img decoding=\"async\" class=\"post-item__thumbnail\" loading=\"lazy\"\n                     src=\"https:\/\/stiftadmont.at\/wp-content\/uploads\/Bischof-Glettler---Fotoausschnitt-aus-Videobotschaft-\u00a9Dioezese-Innsbruck-768x685.jpg\"                     alt=\"Mons. Glettler - Extracto fotogr\u00e1fico del videomensaje \u00a9Di\u00f3cesis de Innsbruck\">\n            <\/picture>\n            <div class=\"spacer--40\"><\/div>\n            <p class=\"text--26 text-medium\">Hermann Glettler<\/p>\n            <p class=\"text--18 text-black--50pct public-greetings-grid__position\">Obispo diocesano de Innsbruck<\/p>\n            <div class=\"spacer--20\"><\/div>\n            <div class=\"text text--18 public-greetings-grid__excerpt\">\u00a1950 a\u00f1os! Enhorabuena al abad Gerhard y a su comunidad, as\u00ed como a todas las personas y organizaciones que se benefician de Admont. He elegido deliberadamente este t\u00e9rmino econ\u00f3mico porque Admont es, en efecto, un lugar eclesi\u00e1stico que est\u00e1 vivo y ha puesto en marcha muchas cosas,...<\/div>\n            <div class=\"spacer--20\"><\/div>\n            <a class=\"public-greetings__read-more admont-button admont-button--arrow-only\" aria-label=\"Al art\u00edculo\" x-data\n @click=\"toggleGreeting('greeting__popup-7')\">Seguir leyendo<\/a>\n        <\/div>\n            <div class=\"public-greetings-grid__greeting\">\n                        <picture class=\"greeting__thumbnail\">\n                                <source srcset=\"https:\/\/stiftadmont.at\/wp-content\/uploads\/Sr.-Hanna-JurmancDioezeseLinzAppenzeller-768x509.webp\"\n                        type=\"image\/webp\">\n                <source srcset=\"https:\/\/stiftadmont.at\/wp-content\/uploads\/Sr.-Hanna-JurmancDioezeseLinzAppenzeller-768x509.jpg\"\n                        type=\"image\/jpeg\">\n                <img decoding=\"async\" class=\"post-item__thumbnail\" loading=\"lazy\"\n                     src=\"https:\/\/stiftadmont.at\/wp-content\/uploads\/Sr.-Hanna-JurmancDioezeseLinzAppenzeller-768x509.jpg\"                     alt=\"Hna. Hanna Jurman(c)Di\u00f3cesisdeLinzAppenzeller\">\n            <\/picture>\n            <div class=\"spacer--40\"><\/div>\n            <p class=\"text--26 text-medium\">RE. Dra. Hanna Jurmann OSB<\/p>\n            <p class=\"text--18 text-black--50pct public-greetings-grid__position\">Monjas benedictinas Steinerkirchen<\/p>\n            <div class=\"spacer--20\"><\/div>\n            <div class=\"text text--18 public-greetings-grid__excerpt\">Un peque\u00f1o periodo de la notable historia de 950 a\u00f1os de la Abad\u00eda de Admont se entrelaza con la historia de las Hermanas Benedictinas del Inmaculado Coraz\u00f3n de Mar\u00eda de Steinerkirchen an der Traun (Alta Austria). El compromiso de las hermanas en Admont y tambi\u00e9n en el Frauenberg se basa...<\/div>\n            <div class=\"spacer--20\"><\/div>\n            <a class=\"public-greetings__read-more admont-button admont-button--arrow-only\" aria-label=\"Al art\u00edculo\" x-data\n @click=\"toggleGreeting('greeting__popup-8')\">Seguir leyendo<\/a>\n        <\/div>\n            <div class=\"public-greetings-grid__greeting\">\n                        <picture class=\"greeting__thumbnail\">\n                                <source srcset=\"https:\/\/stiftadmont.at\/wp-content\/uploads\/DSC04517-Sr.-M.-Elisabeth.webp\"\n                        type=\"image\/webp\">\n                <source srcset=\"https:\/\/stiftadmont.at\/wp-content\/uploads\/DSC04517-Sr.-M.-Elisabeth.jpg\"\n                        type=\"image\/jpeg\">\n                <img decoding=\"async\" class=\"post-item__thumbnail\" loading=\"lazy\" src=\"https:\/\/stiftadmont.at\/wp-content\/uploads\/DSC04517-Sr.-M.-Elisabeth.jpg\" alt=\"DSC04517 Sr M. Elisabeth\" \/>\n            <\/picture>\n            <div class=\"spacer--40\"><\/div>\n            <p class=\"text--26 text-medium\">SR. M. Elisabeth Barlage OSB<\/p>\n            <p class=\"text--18 text-black--50pct public-greetings-grid__position\">Abad\u00eda de Frauenw\u00f6rth, en el lago Chiemsee<\/p>\n            <div class=\"spacer--20\"><\/div>\n            <div class=\"text text--18 public-greetings-grid__excerpt\">Soy hu\u00e9sped de la abad\u00eda benedictina de Admont desde 2014 y he podido recargar las pilas en este ambiente espiritual y de gran belleza paisaj\u00edstica. Cuanto m\u00e1s vengo, m\u00e1s a gusto me siento. Como monja benedictina en la abad\u00eda de Frauenw\u00f6rth, yo misma puedo...<\/div>\n            <div class=\"spacer--20\"><\/div>\n            <a class=\"public-greetings__read-more admont-button admont-button--arrow-only\" aria-label=\"Al art\u00edculo\" x-data\n @click=\"toggleGreeting('greeting__popup-9')\">Seguir leyendo<\/a>\n        <\/div>\n            <div class=\"public-greetings-grid__greeting\">\n                        <picture class=\"greeting__thumbnail\">\n                                <source srcset=\"https:\/\/stiftadmont.at\/wp-content\/uploads\/VdB_Portrait2_CMYK_300dpi_Wolfgang-Zajc-768x1075.webp\"\n                        type=\"image\/webp\">\n                <source srcset=\"https:\/\/stiftadmont.at\/wp-content\/uploads\/VdB_Portrait2_CMYK_300dpi_Wolfgang-Zajc-768x1075.jpg\"\n                        type=\"image\/jpeg\">\n                <img decoding=\"async\" class=\"post-item__thumbnail\" loading=\"lazy\"\n                     src=\"https:\/\/stiftadmont.at\/wp-content\/uploads\/VdB_Portrait2_CMYK_300dpi_Wolfgang-Zajc-768x1075.jpg\"                     alt=\"VdB Portrait2 CMYK 300dpi Wolfgang Zajc\">\n            <\/picture>\n            <div class=\"spacer--40\"><\/div>\n            <p class=\"text--26 text-medium\">Dr. Alexander Van der Bellen<\/p>\n            <p class=\"text--18 text-black--50pct public-greetings-grid__position\">Presidente Federal de la Rep\u00fablica de Austria<\/p>\n            <div class=\"spacer--20\"><\/div>\n            <div class=\"text text--18 public-greetings-grid__excerpt\">Muchas cosas duran unos a\u00f1os o quiz\u00e1 d\u00e9cadas, unas pocas duran siglos. Sin embargo, es dif\u00edcil imaginar algo que dure casi un milenio. La abad\u00eda benedictina de Admont es un lugar muy especial que celebra tal...<\/div>\n            <div class=\"spacer--20\"><\/div>\n            <a class=\"public-greetings__read-more admont-button admont-button--arrow-only\" aria-label=\"Al art\u00edculo\" x-data\n @click=\"toggleGreeting('greeting__popup-10')\">Seguir leyendo<\/a>\n        <\/div>\n            <div class=\"public-greetings-grid__greeting\">\n                        <picture class=\"greeting__thumbnail\">\n                                <source srcset=\"https:\/\/stiftadmont.at\/wp-content\/uploads\/Portrait_Herr-Bundeskanzler-768x995.webp\"\n                        type=\"image\/webp\">\n                <source srcset=\"https:\/\/stiftadmont.at\/wp-content\/uploads\/Portrait_Herr-Bundeskanzler-768x995.jpg\"\n                        type=\"image\/jpeg\">\n                <img decoding=\"async\" class=\"post-item__thumbnail\" loading=\"lazy\"\n                     src=\"https:\/\/stiftadmont.at\/wp-content\/uploads\/Portrait_Herr-Bundeskanzler-768x995.jpg\"                     alt=\"Gobierno federal\">\n            <\/picture>\n            <div class=\"spacer--40\"><\/div>\n            <p class=\"text--26 text-medium\">Karl Nehammer, MSc<\/p>\n            <p class=\"text--18 text-black--50pct public-greetings-grid__position\">Canciller Federal de la Rep\u00fablica de Austria<\/p>\n            <div class=\"spacer--20\"><\/div>\n            <div class=\"text text--18 public-greetings-grid__excerpt\">En 2024, el monasterio benedictino de Admont podr\u00e1 echar la vista atr\u00e1s a sus 950 a\u00f1os de existencia y a la variada historia de desarrollo asociada a ella. Cuando el arzobispo Gebhard de Salzburgo fund\u00f3 el monasterio en 1074 gracias a una donaci\u00f3n de Santa Hemma de Gurk, pudo...<\/div>\n            <div class=\"spacer--20\"><\/div>\n            <a class=\"public-greetings__read-more admont-button admont-button--arrow-only\" aria-label=\"Al art\u00edculo\" x-data\n @click=\"toggleGreeting('greeting__popup-11')\">Seguir leyendo<\/a>\n        <\/div>\n            <div class=\"public-greetings-grid__greeting\">\n                        <picture class=\"greeting__thumbnail\">\n                                <source srcset=\"https:\/\/stiftadmont.at\/wp-content\/uploads\/Landeshauptmann-768x882.webp\"\n                        type=\"image\/webp\">\n                <source srcset=\"https:\/\/stiftadmont.at\/wp-content\/uploads\/Landeshauptmann-768x882.jpg\"\n                        type=\"image\/jpeg\">\n                <img decoding=\"async\" class=\"post-item__thumbnail\" loading=\"lazy\"\n                     src=\"https:\/\/stiftadmont.at\/wp-content\/uploads\/Landeshauptmann-768x882.jpg\"                     alt=\"Gobernador\">\n            <\/picture>\n            <div class=\"spacer--40\"><\/div>\n            <p class=\"text--26 text-medium\">Christopher Drexler<\/p>\n            <p class=\"text--18 text-black--50pct public-greetings-grid__position\">Gobernador de Estiria <\/p>\n            <div class=\"spacer--20\"><\/div>\n            <div class=\"text text--18 public-greetings-grid__excerpt\">Los monjes benedictinos viven en la abad\u00eda de Admont seg\u00fan la Regla benedictina desde 1074. \"Ora et labora et lege\" no s\u00f3lo caracteriza la vida cotidiana en el monasterio, sino que tambi\u00e9n forma parte integrante de los diversos campos de actividad del monasterio para toda la...<\/div>\n            <div class=\"spacer--20\"><\/div>\n            <a class=\"public-greetings__read-more admont-button admont-button--arrow-only\" aria-label=\"Al art\u00edculo\" x-data\n @click=\"toggleGreeting('greeting__popup-12')\">Seguir leyendo<\/a>\n        <\/div>\n            <div class=\"public-greetings-grid__greeting\">\n                        <picture class=\"greeting__thumbnail\">\n                                <source srcset=\"https:\/\/stiftadmont.at\/wp-content\/uploads\/Dr.-Sulzbacher04_Foto-Fischer-768x1154.webp\"\n                        type=\"image\/webp\">\n                <source srcset=\"https:\/\/stiftadmont.at\/wp-content\/uploads\/Dr.-Sulzbacher04_Foto-Fischer-768x1154.jpg\"\n                        type=\"image\/jpeg\">\n                <img decoding=\"async\" class=\"post-item__thumbnail\" loading=\"lazy\"\n                     src=\"https:\/\/stiftadmont.at\/wp-content\/uploads\/Dr.-Sulzbacher04_Foto-Fischer-768x1154.jpg\"                     alt=\"Nuevo gobernador del distrito de Liezen, HR Dr. Christian Sulzbacher, y nuevo director de sucursal, Sr. Nico Groger.\">\n            <\/picture>\n            <div class=\"spacer--40\"><\/div>\n            <p class=\"text--26 text-medium\">RRHH Dr. Christian Sulzbacher<\/p>\n            <p class=\"text--18 text-black--50pct public-greetings-grid__position\">Gobernador de Liezen<\/p>\n            <div class=\"spacer--20\"><\/div>\n            <div class=\"text text--18 public-greetings-grid__excerpt\">Estimados lectores En 1074, hace 950 a\u00f1os, se fund\u00f3 la abad\u00eda benedictina de Admont, que durante este largo periodo se ha convertido en el centro espiritual, cultural y econ\u00f3mico del distrito de Liezen. A pesar de las muchas y variadas...<\/div>\n            <div class=\"spacer--20\"><\/div>\n            <a class=\"public-greetings__read-more admont-button admont-button--arrow-only\" aria-label=\"Al art\u00edculo\" x-data\n @click=\"toggleGreeting('greeting__popup-13')\">Seguir leyendo<\/a>\n        <\/div>\n            <div class=\"public-greetings-grid__greeting\">\n                        <picture class=\"greeting__thumbnail\">\n                                <source srcset=\"https:\/\/stiftadmont.at\/wp-content\/uploads\/Haider-Christian-768x807.webp\"\n                        type=\"image\/webp\">\n                <source srcset=\"https:\/\/stiftadmont.at\/wp-content\/uploads\/Haider-Christian-768x807.jpg\"\n                        type=\"image\/jpeg\">\n                <img decoding=\"async\" class=\"post-item__thumbnail\" loading=\"lazy\"\n                     src=\"https:\/\/stiftadmont.at\/wp-content\/uploads\/Haider-Christian-768x807.jpg\"                     alt=\"Haider Christian\">\n            <\/picture>\n            <div class=\"spacer--40\"><\/div>\n            <p class=\"text--26 text-medium\">Christian Haider<\/p>\n            <p class=\"text--18 text-black--50pct public-greetings-grid__position\">Alcalde de la ciudad de Admont<\/p>\n            <div class=\"spacer--20\"><\/div>\n            <div class=\"text text--18 public-greetings-grid__excerpt\">Este a\u00f1o celebramos en Admont un aniversario muy especial junto con la Abad\u00eda de Admont. El aniversario \"950 a\u00f1os de la Abad\u00eda de Admont\" no s\u00f3lo representa 950 a\u00f1os de vida mon\u00e1stica dentro de los muros del monasterio de Admont, sino que tambi\u00e9n habla de muchos...<\/div>\n            <div class=\"spacer--20\"><\/div>\n            <a class=\"public-greetings__read-more admont-button admont-button--arrow-only\" aria-label=\"Al art\u00edculo\" x-data\n @click=\"toggleGreeting('greeting__popup-14')\">Seguir leyendo<\/a>\n        <\/div>\n            <div class=\"public-greetings-grid__greeting\">\n                        <picture class=\"greeting__thumbnail\">\n                                <source srcset=\"https:\/\/stiftadmont.at\/wp-content\/uploads\/DSC_1082-2-768x1078.webp\"\n                        type=\"image\/webp\">\n                <source srcset=\"https:\/\/stiftadmont.at\/wp-content\/uploads\/DSC_1082-2-768x1078.jpg\"\n                        type=\"image\/jpeg\">\n                <img decoding=\"async\" class=\"post-item__thumbnail\" loading=\"lazy\"\n                     src=\"https:\/\/stiftadmont.at\/wp-content\/uploads\/DSC_1082-2-768x1078.jpg\"                     alt=\"DSC 1082 (2)\">\n            <\/picture>\n            <div class=\"spacer--40\"><\/div>\n            <p class=\"text--26 text-medium\">Albert Wonasch\u00fctz<\/p>\n            <p class=\"text--18 text-black--50pct public-greetings-grid__position\">Profesor en el Stiftsgymnasium Admont; director del coro de la iglesia<\/p>\n            <div class=\"spacer--20\"><\/div>\n            <div class=\"text text--18 public-greetings-grid__excerpt\">\"Por eso te alabamos con todos los \u00e1ngeles y santos, y nos unimos a ellos para cantar las alabanzas de tu gloria\". Estas palabras introducen el \"Sanctus\", la parte del Ordinario cat\u00f3lico de la Misa en la que se simboliza la coexistencia de la liturgia celestial y terrenal.<\/div>\n            <div class=\"spacer--20\"><\/div>\n            <a class=\"public-greetings__read-more admont-button admont-button--arrow-only\" aria-label=\"Al art\u00edculo\" x-data\n @click=\"toggleGreeting('greeting__popup-15')\">Seguir leyendo<\/a>\n        <\/div>\n    <\/div>\n\n<\/section>","protected":false},"excerpt":{"rendered":"","protected":false},"author":3,"featured_media":0,"parent":22541,"menu_order":11,"comment_status":"closed","ping_status":"closed","template":"","meta":{"_acf_changed":false,"footnotes":""},"categories":[],"class_list":["post-22712","page","type-page","status-publish","hentry"],"acf":[],"yoast_head":"<!-- This site is optimized with the Yoast SEO Premium plugin v26.0 (Yoast SEO v26.8) - https:\/\/yoast.com\/product\/yoast-seo-premium-wordpress\/ -->\n<title>Gru\u00dfworte - Stift Admont<\/title>\n<meta name=\"description\" content=\"Hl. Vater Papst Franziskus: Lieber Abt Gerhard, mit Freude habe ich von den bevorstehenden Feierlichkeiten zum 950-j\u00e4hrigen Bestehen des Benediktinerstiftes Admont Kenntnis erhalten.\" \/>\n<meta name=\"robots\" content=\"index, follow, max-snippet:-1, max-image-preview:large, max-video-preview:-1\" \/>\n<link rel=\"canonical\" href=\"https:\/\/stiftadmont.at\/es\/950-anos-de-la-abadia-de-admont\/saludos\/\" \/>\n<meta property=\"og:locale\" content=\"es_ES\" \/>\n<meta property=\"og:type\" content=\"article\" \/>\n<meta property=\"og:title\" content=\"Gru\u00dfworte\" \/>\n<meta property=\"og:description\" content=\"Hl. Vater Papst Franziskus: Lieber Abt Gerhard, mit Freude habe ich von den bevorstehenden Feierlichkeiten zum 950-j\u00e4hrigen Bestehen des Benediktinerstiftes Admont Kenntnis erhalten.\" \/>\n<meta property=\"og:url\" content=\"https:\/\/stiftadmont.at\/es\/950-anos-de-la-abadia-de-admont\/saludos\/\" \/>\n<meta property=\"og:site_name\" content=\"Stift Admont\" \/>\n<meta property=\"article:modified_time\" content=\"2024-11-18T09:57:10+00:00\" \/>\n<meta property=\"og:image\" content=\"https:\/\/stiftadmont.at\/wp-content\/uploads\/Klosteranlage-innen.jpg\" \/>\n\t<meta property=\"og:image:width\" content=\"1912\" \/>\n\t<meta property=\"og:image:height\" content=\"1188\" \/>\n\t<meta property=\"og:image:type\" content=\"image\/jpeg\" \/>\n<meta name=\"twitter:card\" content=\"summary_large_image\" \/>\n<script type=\"application\/ld+json\" class=\"yoast-schema-graph\">{\"@context\":\"https:\/\/schema.org\",\"@graph\":[{\"@type\":\"WebPage\",\"@id\":\"https:\/\/stiftadmont.at\/950-jahre-stift-admont\/grussworte\/\",\"url\":\"https:\/\/stiftadmont.at\/950-jahre-stift-admont\/grussworte\/\",\"name\":\"Gru\u00dfworte - Stift Admont\",\"isPartOf\":{\"@id\":\"https:\/\/stiftadmont.at\/#website\"},\"datePublished\":\"2023-10-31T10:33:43+00:00\",\"dateModified\":\"2024-11-18T09:57:10+00:00\",\"description\":\"Hl. Vater Papst Franziskus: Lieber Abt Gerhard, mit Freude habe ich von den bevorstehenden Feierlichkeiten zum 950-j\u00e4hrigen Bestehen des Benediktinerstiftes Admont Kenntnis erhalten.\",\"breadcrumb\":{\"@id\":\"https:\/\/stiftadmont.at\/950-jahre-stift-admont\/grussworte\/#breadcrumb\"},\"inLanguage\":\"es\",\"potentialAction\":[{\"@type\":\"ReadAction\",\"target\":[\"https:\/\/stiftadmont.at\/950-jahre-stift-admont\/grussworte\/\"]}]},{\"@type\":\"BreadcrumbList\",\"@id\":\"https:\/\/stiftadmont.at\/950-jahre-stift-admont\/grussworte\/#breadcrumb\",\"itemListElement\":[{\"@type\":\"ListItem\",\"position\":1,\"name\":\"Start\",\"item\":\"https:\/\/stiftadmont.at\/\"},{\"@type\":\"ListItem\",\"position\":2,\"name\":\"950 Jahre Stift Admont\",\"item\":\"https:\/\/stiftadmont.at\/950-jahre-stift-admont\/\"},{\"@type\":\"ListItem\",\"position\":3,\"name\":\"Gru\u00dfworte\"}]},{\"@type\":\"WebSite\",\"@id\":\"https:\/\/stiftadmont.at\/#website\",\"url\":\"https:\/\/stiftadmont.at\/\",\"name\":\"Stift Admont\",\"description\":\"Benediktinerkloster und Sehensw\u00fcrdigkeit im Ges\u00e4use\",\"potentialAction\":[{\"@type\":\"SearchAction\",\"target\":{\"@type\":\"EntryPoint\",\"urlTemplate\":\"https:\/\/stiftadmont.at\/?s={search_term_string}\"},\"query-input\":{\"@type\":\"PropertyValueSpecification\",\"valueRequired\":true,\"valueName\":\"search_term_string\"}}],\"inLanguage\":\"es\"}]}<\/script>\n<!-- \/ Yoast SEO Premium plugin. -->","yoast_head_json":{"title":"Saludos - Abad\u00eda de Admont","description":"Santo Padre el Papa Francisco: Querido abad Gerhard, me ha alegrado conocer las pr\u00f3ximas celebraciones con motivo del 950 aniversario de la abad\u00eda benedictina de Admont.","robots":{"index":"index","follow":"follow","max-snippet":"max-snippet:-1","max-image-preview":"max-image-preview:large","max-video-preview":"max-video-preview:-1"},"canonical":"https:\/\/stiftadmont.at\/es\/950-anos-de-la-abadia-de-admont\/saludos\/","og_locale":"es_ES","og_type":"article","og_title":"Gru\u00dfworte","og_description":"Hl. Vater Papst Franziskus: Lieber Abt Gerhard, mit Freude habe ich von den bevorstehenden Feierlichkeiten zum 950-j\u00e4hrigen Bestehen des Benediktinerstiftes Admont Kenntnis erhalten.","og_url":"https:\/\/stiftadmont.at\/es\/950-anos-de-la-abadia-de-admont\/saludos\/","og_site_name":"Stift Admont","article_modified_time":"2024-11-18T09:57:10+00:00","og_image":[{"width":1912,"height":1188,"url":"https:\/\/stiftadmont.at\/wp-content\/uploads\/Klosteranlage-innen.jpg","type":"image\/jpeg"}],"twitter_card":"summary_large_image","schema":{"@context":"https:\/\/schema.org","@graph":[{"@type":"WebPage","@id":"https:\/\/stiftadmont.at\/950-jahre-stift-admont\/grussworte\/","url":"https:\/\/stiftadmont.at\/950-jahre-stift-admont\/grussworte\/","name":"Saludos - Abad\u00eda de Admont","isPartOf":{"@id":"https:\/\/stiftadmont.at\/#website"},"datePublished":"2023-10-31T10:33:43+00:00","dateModified":"2024-11-18T09:57:10+00:00","description":"Santo Padre el Papa Francisco: Querido abad Gerhard, me ha alegrado conocer las pr\u00f3ximas celebraciones con motivo del 950 aniversario de la abad\u00eda benedictina de Admont.","breadcrumb":{"@id":"https:\/\/stiftadmont.at\/950-jahre-stift-admont\/grussworte\/#breadcrumb"},"inLanguage":"es","potentialAction":[{"@type":"ReadAction","target":["https:\/\/stiftadmont.at\/950-jahre-stift-admont\/grussworte\/"]}]},{"@type":"BreadcrumbList","@id":"https:\/\/stiftadmont.at\/950-jahre-stift-admont\/grussworte\/#breadcrumb","itemListElement":[{"@type":"ListItem","position":1,"name":"Start","item":"https:\/\/stiftadmont.at\/"},{"@type":"ListItem","position":2,"name":"950 Jahre Stift Admont","item":"https:\/\/stiftadmont.at\/950-jahre-stift-admont\/"},{"@type":"ListItem","position":3,"name":"Gru\u00dfworte"}]},{"@type":"WebSite","@id":"https:\/\/stiftadmont.at\/#website","url":"https:\/\/stiftadmont.at\/","name":"Abad\u00eda de Admont","description":"Monasterio benedictino y atracci\u00f3n tur\u00edstica en el Ges\u00e4use","potentialAction":[{"@type":"SearchAction","target":{"@type":"EntryPoint","urlTemplate":"https:\/\/stiftadmont.at\/?s={search_term_string}"},"query-input":{"@type":"PropertyValueSpecification","valueRequired":true,"valueName":"search_term_string"}}],"inLanguage":"es"}]}},"_links":{"self":[{"href":"https:\/\/stiftadmont.at\/es\/wp-json\/wp\/v2\/pages\/22712","targetHints":{"allow":["GET"]}}],"collection":[{"href":"https:\/\/stiftadmont.at\/es\/wp-json\/wp\/v2\/pages"}],"about":[{"href":"https:\/\/stiftadmont.at\/es\/wp-json\/wp\/v2\/types\/page"}],"author":[{"embeddable":true,"href":"https:\/\/stiftadmont.at\/es\/wp-json\/wp\/v2\/users\/3"}],"replies":[{"embeddable":true,"href":"https:\/\/stiftadmont.at\/es\/wp-json\/wp\/v2\/comments?post=22712"}],"version-history":[{"count":22,"href":"https:\/\/stiftadmont.at\/es\/wp-json\/wp\/v2\/pages\/22712\/revisions"}],"predecessor-version":[{"id":23034,"href":"https:\/\/stiftadmont.at\/es\/wp-json\/wp\/v2\/pages\/22712\/revisions\/23034"}],"up":[{"embeddable":true,"href":"https:\/\/stiftadmont.at\/es\/wp-json\/wp\/v2\/pages\/22541"}],"wp:attachment":[{"href":"https:\/\/stiftadmont.at\/es\/wp-json\/wp\/v2\/media?parent=22712"}],"wp:term":[{"taxonomy":"category","embeddable":true,"href":"https:\/\/stiftadmont.at\/es\/wp-json\/wp\/v2\/categories?post=22712"}],"curies":[{"name":"wp","href":"https:\/\/api.w.org\/{rel}","templated":true}]}}