{"id":29052,"date":"2024-07-04T07:53:39","date_gmt":"2024-07-04T05:53:39","guid":{"rendered":"https:\/\/stiftadmont.at\/?page_id=29052"},"modified":"2024-10-30T18:59:12","modified_gmt":"2024-10-30T16:59:12","slug":"precios-de-admision-2024","status":"publish","type":"page","link":"https:\/\/stiftadmont.at\/es\/eintrittspreise-2024\/","title":{"rendered":"Precios de admisi\u00f3n 2024"},"content":{"rendered":"<section id='lightpress__section--block_321d00c6d9dacc765e72031187b27766' class='lightpress__section--default-section-space lightpress__section lightpress__section--content'><div class=\"content__inner\"\n         x-init=\"initContentBlockAnim($el)\">\n        \n    <div class=\"content__grid content__grid\">\n                                            <div class=\"content__box content__box--one-hundred\"\n                 style=\"\">\n                                \n                \n                                            <div class=\"prose\"><h3 class=\"heading-xl line line--gold text-left\">Precios de admisi\u00f3n 2024<\/h3>\n<\/div>\n                    \n                            <\/div>\n        \n            <\/div>\n<\/div>\n\n<\/section>\n\n<section id='lightpress__section--block_5dfc4dfa34b0017101f5a58e38984dd0' class='lightpress__section lightpress__section--museum-prices'><div class=\"prices\" x-data=\"{ currentTab: 0 }\" x-init=\"initMuseumPricesBlockAnim($el)\">\n\n    <div class=\"prices__inner\">\n        <div class=\"prices__tabs\">\n            <button class=\"prices__tab\"\n                    @click=\"currentTab = 0\"\n                    :class=\"{ 'active': currentTab === 0 }\">\n      <span class=\"prices__icon-wrapper\">\n        <i class=\"fal fa-user prices__icon\"><\/i>\n      <\/span>\n                <span class=\"prices__tab-title heading-m\">Billete sencillo<\/span>\n                <span class=\"prices__tab-subtitle heading-s\">Visita al paisaje muse\u00edstico (excl. visita guiada a la biblioteca)<\/span>\n            <\/button>\n\n            <button class=\"prices__tab\" @click=\"currentTab = 1\" :class=\"{ 'active': currentTab === 1 }\">\n      <span class=\"prices__icon-wrapper\">\n        <i class=\"fal fa-users prices__icon\"><\/i>\n      <\/span>\n                <span class=\"prices__tab-title heading-m\">Billete de grupo<\/span>\n                <span class=\"prices__tab-subtitle heading-s\">a partir de 15 participantes como m\u00ednimo (excluida la visita guiada a la biblioteca)<\/span>\n            <\/button>\n\n            <button class=\"prices__tab\"\n                    @click=\"currentTab = 2\"\n                    :class=\"{ 'active': currentTab === 2 }\">\n      <span class=\"prices__icon-wrapper\">\n        <i class=\"fal fa-wrench prices__icon\"><\/i>\n      <\/span>\n                <span class=\"prices__tab-title heading-m\">Taller del museo<\/span>\n                <span class=\"prices__tab-subtitle heading-s\">Duraci\u00f3n aproximada: 3-4 horas.<\/span>\n            <\/button>\n        <\/div>\n\n        <div class=\"prices__content-wrapper\"\n             x-show=\"currentTab === 0\">\n            <p class=\"prices__content-subtitle\">Visita al paisaje muse\u00edstico (excl. visita guiada a la biblioteca)<\/p>\n            <table class=\"prices__content-table paragraph-m\">\n                                    <tr class=\"prices__row\">\n                        <td class=\"prices__price\">\u20ac 18.50<\/td>\n                        <td class=\"prices__label\">Adultos<\/td>\n                    <\/tr>\n                                    <tr class=\"prices__row\">\n                        <td class=\"prices__price\">\u20ac 17<\/td>\n                        <td class=\"prices__label\">Personas mayores<\/td>\n                    <\/tr>\n                                    <tr class=\"prices__row\">\n                        <td class=\"prices__price\">\u20ac 13.5<\/td>\n                        <td class=\"prices__label\">Ni\u00f1os (6-15 a\u00f1os), alumnos, estudiantes, militares y funcionarios (con documento de identidad) <\/td>\n                    <\/tr>\n                                    <tr class=\"prices__row\">\n                        <td class=\"prices__price\">\u20ac 14.50<\/td>\n                        <td class=\"prices__label\">Adultos con necesidades especiales<\/td>\n                    <\/tr>\n                                    <tr class=\"prices__row\">\n                        <td class=\"prices__price\">\u20ac 11.50<\/td>\n                        <td class=\"prices__label\">Ni\u00f1os\/alumnos con necesidades especiales<\/td>\n                    <\/tr>\n                                    <tr class=\"prices__row\">\n                        <td class=\"prices__price\">\u20ac 42<\/td>\n                        <td class=\"prices__label\">Billete familiar (2 adultos + 2 ni\u00f1os)<\/td>\n                    <\/tr>\n                                    <tr class=\"prices__row\">\n                        <td class=\"prices__price\">\u20ac 3<\/td>\n                        <td class=\"prices__label\">Visita guiada a la biblioteca (sin entrada)<\/td>\n                    <\/tr>\n                                    <tr class=\"prices__row\">\n                        <td class=\"prices__price\">\u20ac 5<\/td>\n                        <td class=\"prices__label\">Visita guiada al museo (por zona, sin entrada)<\/td>\n                    <\/tr>\n                                    <tr class=\"prices__row\">\n                        <td class=\"prices__price\">\u20ac 4<\/td>\n                        <td class=\"prices__label\">Audiogu\u00eda Biblioteca y Museo<\/td>\n                    <\/tr>\n                            <\/table>\n                            <div class=\"prices__content-text prose pragraph-m\"><p class=\"paragraph-m\"><strong>Los visitantes diurnos pueden realizar una visita guiada a la biblioteca del monasterio m\u00e1s grande del mundo. <\/strong>(Duraci\u00f3n aprox. 40 min, idioma alem\u00e1n)\u00a0<strong>por 3,00 euros (excluida la entrada) por persona<\/strong>\u00a0reservar. Todos los precios de entrada indicados excluyen la visita guiada a la biblioteca.<\/p>\n<p class=\"paragraph-m\">Por supuesto, la biblioteca y las dem\u00e1s zonas del museo tambi\u00e9n pueden visitarse sin visita guiada.<\/p>\n<p class=\"paragraph-m\">Hay audiogu\u00edas disponibles en varios idiomas.  Tasa de pr\u00e9stamo 4,00 \u20ac - disponible en la taquilla.<\/p>\n<p class=\"paragraph-m\">Visitas guiadas a la biblioteca a las 11:00 y a las 14:00.<br \/>Lamentablemente, no es posible reservar entradas sueltas.<\/p>\n<\/div>\n                    <\/div>\n\n        <div class=\"prices__content-wrapper\"\n             x-show=\"currentTab === 1\">\n            <p class=\"prices__content-subtitle\">a partir de 15 participantes como m\u00ednimo (excluida la visita guiada a la biblioteca)<\/p>\n            <table class=\"prices__content-table paragraph-m\">\n                                    <tr class=\"prices__row\">\n                        <td class=\"prices__price\">\u20ac 17.5<\/td>\n                        <td class=\"prices__label\">Adultos<\/td>\n                    <\/tr>\n                                    <tr class=\"prices__row\">\n                        <td class=\"prices__price\">\u20ac 16<\/td>\n                        <td class=\"prices__label\">Personas mayores<\/td>\n                    <\/tr>\n                                    <tr class=\"prices__row\">\n                        <td class=\"prices__price\">\u20ac 10.5<\/td>\n                        <td class=\"prices__label\">Alumnos, estudiantes<\/td>\n                    <\/tr>\n                            <\/table>\n                            <div class=\"prices__content-text prose pragraph-m\"><p class=\"paragraph-m\"><strong>Los grupos pueden reservar una visita guiada a la biblioteca del monasterio m\u00e1s grande del mundo.\u00a0<\/strong>(Duraci\u00f3n aprox. 40 min, idioma alem\u00e1n)\u00a0<strong>por 2,00 euros (excluida la entrada) por persona<\/strong>\u00a0reservar. Todos los precios de entrada indicados excluyen la visita guiada a la biblioteca.<\/p>\n<p class=\"paragraph-m\"><strong>Recargo por visita guiada adicional:<\/strong><br \/>4,00 euros por persona y zona del museo:<\/p>\n<ul>\n<li class=\"paragraph-m\">Museo de Historia Natural<\/li>\n<li class=\"paragraph-m\">Museo de Historia del Arte<\/li>\n<li class=\"paragraph-m\">Museo G\u00f3tico<\/li>\n<li class=\"paragraph-m\">Museo de Arte Contempor\u00e1neo<\/li>\n<\/ul>\n<p class=\"paragraph-m\"><strong>Recargo por visita guiada a la colegiata:<\/strong><br \/>7,00 euros por persona<\/p>\n<p class=\"paragraph-m\"><strong>Entrada combinada para la visita guiada de la biblioteca y la colegiata o la zona del museo (excl. entrada)<\/strong><br \/>8,00 euros por persona<\/p>\n<p class=\"paragraph-m\"><strong>Recargo por visitas guiadas fuera del horario habitual:<br \/><\/strong>4,00 euros por persona<\/p>\n<p class=\"paragraph-m\"><strong>Reservas para grupos:<br \/><\/strong>con cita previa (alem\u00e1n\/ingl\u00e9s) en\u00a0<a class=\"email\" href=\"mailto:museum@stiftadmont.at\"><span class=\"icon-outer\"><span class=\"email-icon\"><\/span><\/span>museum@stiftadmont.at<\/a><\/p>\n<\/div>\n                    <\/div>\n\n        <div class=\"prices__content-wrapper\"\n             x-show=\"currentTab === 2\">\n            <p class=\"prices__content-subtitle\">Duraci\u00f3n aproximada: 3-4 horas.<\/p>\n            <table class=\"prices__content-table paragraph-m\">\n                                    <tr class=\"prices__row\">\n                        <td class=\"prices__price\">\u20ac 0<\/td>\n                        <td class=\"prices__label\">Taller del museo para escolares<\/td>\n                    <\/tr>\n                                    <tr class=\"prices__row\">\n                        <td class=\"prices__price\">\u20ac 5<\/td>\n                        <td class=\"prices__label\">Taller del museo Costes de material<\/td>\n                    <\/tr>\n                            <\/table>\n                            <div class=\"prices__content-text prose pragraph-m\"><p class=\"paragraph-m\"><strong>Taller tem\u00e1tico a elegir\u00a0<\/strong>(duraci\u00f3n total aprox. 3-4 horas)<br \/>m\u00edn. 6 a m\u00e1x. 10 personas\/taller<\/p>\n<p>\u00a0<\/p>\n<p><em>Con el apoyo de las autoridades federales, estatales y de la Uni\u00f3n Europea<\/em><\/p>\n<\/div>\n                    <\/div>\n    <\/div>\n<\/div><\/section>\n\n<section id='lightpress__section--block_796d787e420199a089e51800a77536c5' class='lightpress__section--default-section-space lightpress__section lightpress__section--content'><div class=\"content__inner\"\n         x-init=\"initContentBlockAnim($el)\">\n        \n    <div class=\"content__grid content__grid\">\n                                            <div class=\"content__box content__box--one-hundred\"\n                 style=\"margin-top: -5em;\">\n                                \n                \n                                            <div class=\"prose\"><p>Notas e informaci\u00f3n:<\/p>\n<div class=\"info info--info\">\n<p class=\"paragraph-m\"><strong>Descuentos y tarjetas de socio:<\/strong> Los descuentos s\u00f3lo son v\u00e1lidos previa presentaci\u00f3n de un documento de identidad v\u00e1lido y s\u00f3lo est\u00e1n disponibles en la taquilla. Para los grupos, cada 21 personas y el conductor del autob\u00fas o el gu\u00eda tur\u00edstico tienen un asiento gratuito.<br \/><strong>Visitas guiadas especiales:<\/strong> El evento especial \"Biblioteca de noche\", la visita guiada especial \"Historias de piedra y construcci\u00f3n\", as\u00ed como nuestros programas infantiles y de vacaciones s\u00f3lo pueden visitarse previa reserva en museum@stiftadmont.at.<br \/><strong>Biblioteca:<\/strong> La biblioteca tambi\u00e9n puede visitarse sin visita guiada.<br \/><strong>Accesibilidad:<\/strong> La biblioteca y el museo no tienen barreras.<\/p>\n<\/div>\n<div class=\"info info--info\">\n<p>El billete de entrada es v\u00e1lido para el d\u00eda adquirido.<br \/>Precios v\u00e1lidos del 20 de marzo al 15 de diciembre de 2024. Sujeto a cambios de precios y errores tipogr\u00e1ficos. Todos los precios en euros y por persona.<\/p>\n<\/div>\n<div class=\"info info--warn\">\n<p class=\"paragraph-m\"><strong>Informaci\u00f3n general:<\/strong> Est\u00e1 prohibido fumar, consumir alimentos y bebidas y tocar obras de arte y objetos expuestos en todas las salas. Las visitas guiadas s\u00f3lo est\u00e1n permitidas por nuestros gu\u00edas formados. Las visitas guiadas por gu\u00edas tur\u00edsticos deben registrarse previamente en museum@stiftadmont.at y autorizarse por escrito.<span style=\"font-size: 18px; color: var(--color-black);\"><\/span><\/p>\n<\/div>\n<div class=\"info info--warn\">\n<p class=\"paragraph-m\">No se admiten animales en el museo (a excepci\u00f3n de los perros de asistencia certificados que figuran en la tarjeta de identificaci\u00f3n - para garantizar una atenci\u00f3n \u00f3ptima, le rogamos que se inscriba previamente por tel\u00e9fono en el +43 (0) 3613\/2312-604 o por escrito en museum@stiftadmont.at).\u00a0<\/p>\n<\/div>\n<\/div>\n                    \n                            <\/div>\n        \n            <\/div>\n<\/div>\n\n<\/section>\n\n<section id='lightpress__section--block_9e003a286ddf472ed78d0b08a9ef95a9' class='bg--beige lightpress__section--colored-bg lightpress__section--default-section-space lightpress__section lightpress__section--content'><div class=\"content__inner\"\n         x-init=\"initContentBlockAnim($el)\">\n        \n    <div class=\"content__grid content__grid\">\n                                            <div class=\"content__box content__box--one-hundred\"\n                 style=\"\">\n                                \n                \n                                            <div class=\"prose\"><h3 class=\"heading-xl line line--gold text-center\">Esto tambi\u00e9n podr\u00eda interesarle<\/h3>\n<\/div>\n                    \n                            <\/div>\n        \n            <\/div>\n<\/div>\n\n    <div class=\"background__container background__container--beige\">\n    <\/div>\n\n<\/section>\n\n<section id='lightpress__section--block_972220035cf3647da425005580f816b7' class='lightpress__section--more-links--950 bg--beige lightpress__section--colored-bg lightpress__section--full-width lightpress__section--default-section-space lightpress__section lightpress__section--more-links'><div class=\"more\" x-init=\"initMoreLinksBlockAnim($el)\">\n            <style>\n            #lightpress__section--block_972220035cf3647da425005580f816b7 .more {\n                --entry-width: calc(100% \/ 4 - var(--grid-gap) * 4);\n                grid-template-columns: repeat(auto-fit, minmax(max(var(--entry-width),50rem), 1fr));\n            }\n        <\/style>\n    \n                    <a class=\"more__link\" href=\"\/es\/museo\/\">\n            <div class=\"more__media\">\n                                    <picture class=\"more__image\">\n                        <source srcset=\"https:\/\/stiftadmont.at\/wp-content\/uploads\/Stift-Admont-KHM-Gotik-GWK-\u00a9-Michael-Braunsteiner-2-1024x683.webp\" type=\"image\/webp\">\n                        <source srcset=\"https:\/\/stiftadmont.at\/wp-content\/uploads\/Stift-Admont-KHM-Gotik-GWK-\u00a9-Michael-Braunsteiner-2-1024x683.jpg\" type=\"image\/jpeg\">\n                        <img decoding=\"async\" loading=\"lazy\" src=\"https:\/\/stiftadmont.at\/wp-content\/uploads\/Stift-Admont-KHM-Gotik-GWK-\u00a9-Michael-Braunsteiner-2-1024x683.jpg\" alt=\"Abad\u00eda de Admont KHM G\u00f3tico GWK \u00a9 Michael Braunsteiner 2\" \/>\n                    <\/picture>\n                            <\/div>\n            <div class=\"more__content\">\n                <div class=\"more__title--container\">\n                                            \n                                                                            \n                        <p class=\"text-bold text-white text--serif text--26\">Museo<\/p>\n                                                            <\/div>\n                                    <div class=\"more__cta\">\n                        <i class=\"fa-thin fa-chevron-right\"><\/i>\n                    <\/div>\n                            <\/div>\n        <\/a>\n                    <a class=\"more__link\" href=\"\/es\/colegiata\/\">\n            <div class=\"more__media\">\n                                    <picture class=\"more__image\">\n                        <source srcset=\"https:\/\/stiftadmont.at\/wp-content\/uploads\/00_StiftAdmont_Kirche\u00a9StefanLeitner-e1634723661194-1024x748.webp\" type=\"image\/webp\">\n                        <source srcset=\"https:\/\/stiftadmont.at\/wp-content\/uploads\/00_StiftAdmont_Kirche\u00a9StefanLeitner-e1634723661194-1024x748.jpg\" type=\"image\/jpeg\">\n                        <img decoding=\"async\" loading=\"lazy\" src=\"https:\/\/stiftadmont.at\/wp-content\/uploads\/00_StiftAdmont_Kirche\u00a9StefanLeitner-e1634723661194-1024x748.jpg\" alt=\"Iglesia abacial de Admont \u00a9 Stefan Leitner\" \/>\n                    <\/picture>\n                            <\/div>\n            <div class=\"more__content\">\n                <div class=\"more__title--container\">\n                                            \n                                                                            \n                        <p class=\"text-bold text-white text--serif text--26\">Colegiata<\/p>\n                                                            <\/div>\n                                    <div class=\"more__cta\">\n                        <i class=\"fa-thin fa-chevron-right\"><\/i>\n                    <\/div>\n                            <\/div>\n        <\/a>\n                    <a class=\"more__link\" href=\"\/es\/sobre-la-biblioteca-de-la-abadia\/\">\n            <div class=\"more__media\">\n                                    <picture class=\"more__image\">\n                        <source srcset=\"https:\/\/stiftadmont.at\/wp-content\/uploads\/Bibliothek_hohe-Quali-1024x727.webp\" type=\"image\/webp\">\n                        <source srcset=\"https:\/\/stiftadmont.at\/wp-content\/uploads\/Bibliothek_hohe-Quali-1024x727.jpg\" type=\"image\/jpeg\">\n                        <img decoding=\"async\" loading=\"lazy\" src=\"https:\/\/stiftadmont.at\/wp-content\/uploads\/Bibliothek_hohe-Quali-1024x727.jpg\" alt=\"Abad\u00eda de Admont: la biblioteca de monasterio m\u00e1s grande del mundo \u00a9 Stefan Leitner\" \/>\n                    <\/picture>\n                            <\/div>\n            <div class=\"more__content\">\n                <div class=\"more__title--container\">\n                                            \n                                                                            \n                        <p class=\"text-bold text-white text--serif text--26\">Biblioteca del monasterio<\/p>\n                                                            <\/div>\n                                    <div class=\"more__cta\">\n                        <i class=\"fa-thin fa-chevron-right\"><\/i>\n                    <\/div>\n                            <\/div>\n        <\/a>\n                    <a class=\"more__link\" href=\"\/es\/instalaciones-exteriores\/\">\n            <div class=\"more__media\">\n                                    <picture class=\"more__image\">\n                        <source srcset=\"https:\/\/stiftadmont.at\/wp-content\/uploads\/Rosarium-1-1024x681.webp\" type=\"image\/webp\">\n                        <source srcset=\"https:\/\/stiftadmont.at\/wp-content\/uploads\/Rosarium-1-1024x681.jpg\" type=\"image\/jpeg\">\n                        <img decoding=\"async\" loading=\"lazy\" src=\"https:\/\/stiftadmont.at\/wp-content\/uploads\/Rosarium-1-1024x681.jpg\" alt=\"Rosario 1\" \/>\n                    <\/picture>\n                            <\/div>\n            <div class=\"more__content\">\n                <div class=\"more__title--container\">\n                                            \n                                                                            \n                        <p class=\"text-bold text-white text--serif text--26\">Instalaciones exteriores<\/p>\n                                                            <\/div>\n                                    <div class=\"more__cta\">\n                        <i class=\"fa-thin fa-chevron-right\"><\/i>\n                    <\/div>\n                            <\/div>\n        <\/a>\n    \n<\/div>\n\n    <div class=\"background__container background__container--beige\">\n    <\/div>\n\n<\/section>","protected":false},"excerpt":{"rendered":"","protected":false},"author":20,"featured_media":0,"parent":0,"menu_order":5,"comment_status":"closed","ping_status":"closed","template":"","meta":{"_acf_changed":false,"footnotes":""},"categories":[],"class_list":["post-29052","page","type-page","status-publish","hentry"],"acf":[],"yoast_head":"<!-- This site is optimized with the Yoast SEO Premium plugin v26.0 (Yoast SEO v26.8) - https:\/\/yoast.com\/product\/yoast-seo-premium-wordpress\/ -->\n<title>Eintrittspreise 2024 - Stift Admont<\/title>\n<meta name=\"robots\" content=\"index, follow, max-snippet:-1, max-image-preview:large, max-video-preview:-1\" \/>\n<link rel=\"canonical\" href=\"https:\/\/stiftadmont.at\/es\/precios-de-admision-2024\/\" \/>\n<meta property=\"og:locale\" content=\"es_ES\" \/>\n<meta property=\"og:type\" content=\"article\" \/>\n<meta property=\"og:title\" content=\"Eintrittspreise 2024\" \/>\n<meta property=\"og:url\" content=\"https:\/\/stiftadmont.at\/es\/precios-de-admision-2024\/\" \/>\n<meta property=\"og:site_name\" content=\"Stift Admont\" \/>\n<meta property=\"article:modified_time\" content=\"2024-10-30T16:59:12+00:00\" \/>\n<meta property=\"og:image\" content=\"https:\/\/stiftadmont.at\/wp-content\/uploads\/Klosteranlage-innen.jpg\" \/>\n\t<meta property=\"og:image:width\" content=\"1912\" \/>\n\t<meta property=\"og:image:height\" content=\"1188\" \/>\n\t<meta property=\"og:image:type\" content=\"image\/jpeg\" \/>\n<meta name=\"twitter:card\" content=\"summary_large_image\" \/>\n<script type=\"application\/ld+json\" class=\"yoast-schema-graph\">{\"@context\":\"https:\/\/schema.org\",\"@graph\":[{\"@type\":\"WebPage\",\"@id\":\"https:\/\/stiftadmont.at\/eintrittspreise-2024\/\",\"url\":\"https:\/\/stiftadmont.at\/eintrittspreise-2024\/\",\"name\":\"Eintrittspreise 2024 - Stift Admont\",\"isPartOf\":{\"@id\":\"https:\/\/stiftadmont.at\/#website\"},\"datePublished\":\"2024-07-04T05:53:39+00:00\",\"dateModified\":\"2024-10-30T16:59:12+00:00\",\"breadcrumb\":{\"@id\":\"https:\/\/stiftadmont.at\/eintrittspreise-2024\/#breadcrumb\"},\"inLanguage\":\"es\",\"potentialAction\":[{\"@type\":\"ReadAction\",\"target\":[\"https:\/\/stiftadmont.at\/eintrittspreise-2024\/\"]}]},{\"@type\":\"BreadcrumbList\",\"@id\":\"https:\/\/stiftadmont.at\/eintrittspreise-2024\/#breadcrumb\",\"itemListElement\":[{\"@type\":\"ListItem\",\"position\":1,\"name\":\"Start\",\"item\":\"https:\/\/stiftadmont.at\/\"},{\"@type\":\"ListItem\",\"position\":2,\"name\":\"Eintrittspreise 2024\"}]},{\"@type\":\"WebSite\",\"@id\":\"https:\/\/stiftadmont.at\/#website\",\"url\":\"https:\/\/stiftadmont.at\/\",\"name\":\"Stift Admont\",\"description\":\"Benediktinerkloster und Sehensw\u00fcrdigkeit im Ges\u00e4use\",\"potentialAction\":[{\"@type\":\"SearchAction\",\"target\":{\"@type\":\"EntryPoint\",\"urlTemplate\":\"https:\/\/stiftadmont.at\/?s={search_term_string}\"},\"query-input\":{\"@type\":\"PropertyValueSpecification\",\"valueRequired\":true,\"valueName\":\"search_term_string\"}}],\"inLanguage\":\"es\"}]}<\/script>\n<!-- \/ Yoast SEO Premium plugin. -->","yoast_head_json":{"title":"Precios de entrada 2024 - Abad\u00eda de Admont","robots":{"index":"index","follow":"follow","max-snippet":"max-snippet:-1","max-image-preview":"max-image-preview:large","max-video-preview":"max-video-preview:-1"},"canonical":"https:\/\/stiftadmont.at\/es\/precios-de-admision-2024\/","og_locale":"es_ES","og_type":"article","og_title":"Eintrittspreise 2024","og_url":"https:\/\/stiftadmont.at\/es\/precios-de-admision-2024\/","og_site_name":"Stift Admont","article_modified_time":"2024-10-30T16:59:12+00:00","og_image":[{"width":1912,"height":1188,"url":"https:\/\/stiftadmont.at\/wp-content\/uploads\/Klosteranlage-innen.jpg","type":"image\/jpeg"}],"twitter_card":"summary_large_image","schema":{"@context":"https:\/\/schema.org","@graph":[{"@type":"WebPage","@id":"https:\/\/stiftadmont.at\/eintrittspreise-2024\/","url":"https:\/\/stiftadmont.at\/eintrittspreise-2024\/","name":"Precios de entrada 2024 - Abad\u00eda de Admont","isPartOf":{"@id":"https:\/\/stiftadmont.at\/#website"},"datePublished":"2024-07-04T05:53:39+00:00","dateModified":"2024-10-30T16:59:12+00:00","breadcrumb":{"@id":"https:\/\/stiftadmont.at\/eintrittspreise-2024\/#breadcrumb"},"inLanguage":"es","potentialAction":[{"@type":"ReadAction","target":["https:\/\/stiftadmont.at\/eintrittspreise-2024\/"]}]},{"@type":"BreadcrumbList","@id":"https:\/\/stiftadmont.at\/eintrittspreise-2024\/#breadcrumb","itemListElement":[{"@type":"ListItem","position":1,"name":"Start","item":"https:\/\/stiftadmont.at\/"},{"@type":"ListItem","position":2,"name":"Eintrittspreise 2024"}]},{"@type":"WebSite","@id":"https:\/\/stiftadmont.at\/#website","url":"https:\/\/stiftadmont.at\/","name":"Abad\u00eda de Admont","description":"Monasterio benedictino y atracci\u00f3n tur\u00edstica en el Ges\u00e4use","potentialAction":[{"@type":"SearchAction","target":{"@type":"EntryPoint","urlTemplate":"https:\/\/stiftadmont.at\/?s={search_term_string}"},"query-input":{"@type":"PropertyValueSpecification","valueRequired":true,"valueName":"search_term_string"}}],"inLanguage":"es"}]}},"_links":{"self":[{"href":"https:\/\/stiftadmont.at\/es\/wp-json\/wp\/v2\/pages\/29052","targetHints":{"allow":["GET"]}}],"collection":[{"href":"https:\/\/stiftadmont.at\/es\/wp-json\/wp\/v2\/pages"}],"about":[{"href":"https:\/\/stiftadmont.at\/es\/wp-json\/wp\/v2\/types\/page"}],"author":[{"embeddable":true,"href":"https:\/\/stiftadmont.at\/es\/wp-json\/wp\/v2\/users\/20"}],"replies":[{"embeddable":true,"href":"https:\/\/stiftadmont.at\/es\/wp-json\/wp\/v2\/comments?post=29052"}],"version-history":[{"count":9,"href":"https:\/\/stiftadmont.at\/es\/wp-json\/wp\/v2\/pages\/29052\/revisions"}],"predecessor-version":[{"id":30926,"href":"https:\/\/stiftadmont.at\/es\/wp-json\/wp\/v2\/pages\/29052\/revisions\/30926"}],"wp:attachment":[{"href":"https:\/\/stiftadmont.at\/es\/wp-json\/wp\/v2\/media?parent=29052"}],"wp:term":[{"taxonomy":"category","embeddable":true,"href":"https:\/\/stiftadmont.at\/es\/wp-json\/wp\/v2\/categories?post=29052"}],"curies":[{"name":"wp","href":"https:\/\/api.w.org\/{rel}","templated":true}]}}