{"id":558,"date":"2021-07-15T14:39:34","date_gmt":"2021-07-15T12:39:34","guid":{"rendered":"https:\/\/stiftadmont.at\/?page_id=558"},"modified":"2026-04-21T12:00:13","modified_gmt":"2026-04-21T10:00:13","slug":"pongase-en-contacto-con","status":"publish","type":"page","link":"https:\/\/stiftadmont.at\/es\/kontakt\/","title":{"rendered":"P\u00f3ngase en contacto con nosotros"},"content":{"rendered":"<section id='lightpress__section--block_8ae6285e860d8b824eace666faa74222' class='lightpress__section--default-section-space lightpress__section lightpress__section--content'><div class=\"content__inner\"\n         x-init=\"initContentBlockAnim($el)\">\n        \n    <div class=\"content__grid content__grid--fifty-fifty\">\n                                            <div class=\"content__box content__box\"\n                 style=\"\">\n                                \n                \n                                            <div class=\"prose\"><h5 class=\"heading-m line line-above line--gold\">Benediktinerstift Admont<\/h5>\n<p>\u00a0<\/p>\n<p class=\"paragraph-m\">Kirchplatz 1<br \/>8911 Admont<br \/>\u00d6sterreich<\/p>\n<p>\u00a0<\/p>\n<p><a class=\"email\" href=\"mailto:info@stiftadmont.at\"><span class=\"icon-outer\"><i class=\"fa-light fa-envelope\"><\/i><\/span>info@stiftadmont.at<\/a><\/p>\n<p><a class=\"phone\" href=\"tel:+43361323120\"><span class=\"icon-outer\"><i class=\"fa-light fa-phone\"><\/i><\/span>+43 (0) 3613\/2312-0<\/a><\/p>\n<\/div>\n                    \n                            <\/div>\n        \n                                                    <div class=\"content__box content__box--2\"\n                     >\n                                        \n                                            <div class=\"google-map__container\"\n                             x-data=\"{ map: null }\"\n                             x-init=\"map = initGoogleMap($el, {&quot;address&quot;:&quot;Stift Admont, Kirchplatz, Admont, u00d6sterreich&quot;,&quot;lat&quot;:47.5749801,&quot;lng&quot;:14.4627886,&quot;zoom&quot;:11,&quot;place_id&quot;:&quot;ChIJV__agTGccUcRJy3Hq2YiDCI&quot;,&quot;name&quot;:&quot;Stift Admont&quot;,&quot;street_number&quot;:&quot;1&quot;,&quot;street_name&quot;:&quot;Kirchplatz&quot;,&quot;city&quot;:&quot;Admont&quot;,&quot;state&quot;:&quot;Steiermark&quot;,&quot;post_code&quot;:&quot;8911&quot;,&quot;country&quot;:&quot;u00d6sterreich&quot;,&quot;country_short&quot;:&quot;AT&quot;})\">\n                        <\/div>\n                                    <\/div>\n            \n            <\/div>\n<\/div>\n\n<\/section>\n\n<section id='lightpress__section--block_98f881621763d3df6dd857f4bae9703e' class='align-center lightpress__section--default-section-space lightpress__section lightpress__section--headline'><div class=\"headline__container\">\n            <h2 class=\"headline text--40 text-medium line line--gold line-above line-middle\">Nutzen Sie unser Kontaktformular<\/h2>\n        <p class=\"text-center text-gold text--20 text-medium text--uppercase\">Wir bem\u00fchen uns, so rasch wie m\u00f6glich auf Ihre Anfrage zu antworten. Wir freuen uns, von Ihnen zu h\u00f6ren\/zu lesen&#8230; <\/p>\n        <div class=\"spacer--40\"><\/div>\n<\/div>\n\n<\/section>\n\n<section id='lightpress__section--block_113e0b2496b7b4f3abc702646651fdfe' class='lightpress__section lightpress__section--contact-form'><div class=\"contact\" x-init=\"initContactFormBlockAnim($el)\">\n  <div class=\"contact__images\">\n        <div class=\"contact__media contact__media-big\">\n            <picture>\n        <source srcset=\"https:\/\/stiftadmont.at\/wp-content\/uploads\/Stiftskirche-Admont-3-e1657193588735-768x940.webp\" type=\"image\/webp\">\n        <source srcset=\"https:\/\/stiftadmont.at\/wp-content\/uploads\/Stiftskirche-Admont-3-e1657193588735-768x940.jpg\" type=\"image\/jpeg\">\n        <img decoding=\"async\" loading=\"lazy\" src=\"https:\/\/stiftadmont.at\/wp-content\/uploads\/Stiftskirche-Admont-3-e1657193588735-768x940.jpg\"\n             alt=\"Stiftskirche Admont \u00a9 Thomas Sattler\" width=\"520\" height=\"520\">\n      <\/picture>\n    <\/div>\n              <div class=\"contact__media contact__media-small\">\n        <picture>\n          <source srcset=\"https:\/\/stiftadmont.at\/wp-content\/uploads\/Abt-Gerhard-c-Stefan-Leitner-768x960.webp\" type=\"image\/webp\">\n          <source srcset=\"https:\/\/stiftadmont.at\/wp-content\/uploads\/Abt-Gerhard-c-Stefan-Leitner-768x960.jpg\" type=\"image\/jpeg\">\n          <img decoding=\"async\" loading=\"lazy\" src=\"https:\/\/stiftadmont.at\/wp-content\/uploads\/Abt-Gerhard-c-Stefan-Leitner-768x960.jpg\"\n               alt=\"Abt Gerhard c Stefan Leitner scaled\" width=\"300\" height=\"300\">\n        <\/picture>\n      <\/div>\n      <\/div>\n  <div class=\"contact__form\">\n    <script>jQuery(\"#contact_form_69f514dc3ab16\").find(\"input\").prop(\"disabled\", true);jQuery(\"#contact_form_69f514dc3ab16\").find(\"textarea\").prop(\"disabled\", true);<\/script>\t\t\t\t<form id=\"contact_form_69f514dc3ab16\" class=\"lightpress__form\" action=\"https:\/\/stiftadmont.at\/es\/wp-json\/lightpress\/contact_form\/send_email\" method=\"post\"> \t\t\t\t\t<div id=\"acf-form-data\" class=\"acf-hidden\"> \t\t<input type=\"hidden\" id=\"_acf_screen\" name=\"_acf_screen\" value=\"acf_form\"\/><input type=\"hidden\" id=\"_acf_post_id\" name=\"_acf_post_id\" value=\"block_113e0b2496b7b4f3abc702646651fdfe\"\/><input type=\"hidden\" id=\"_acf_validation\" name=\"_acf_validation\" value=\"1\"\/><input type=\"hidden\" id=\"_acf_form\" name=\"_acf_form\" value=\"emdVaG1qaW9pUGhQTlRKdWFqS253MjVGcHFXQm5VUHBQcjQvaXRsYldJcDV2a3NUalVLdGk4QkV3bEYvWkQrUDJvVDFxNmRzSHdudzNMWDBXNXJrTVRvNDJYSm96ajU3Tk94ejVYZ0hRQ3owS1dWTElab1NSZ2puaW8wRlVpWFJGa0k0azhEZnZrY2I5SzNaaTBPWVlIZHhyNCtsTVh6blhMQzFia2Z4YVVHYlRHenc3ZlZZUGtMZVdhNEV0RzZES0YySGpOSVlQRTM1alFwblE0L3V0bWVkY2JXQnBjTjY0aUY2WXZFaVBFNW05YlZvU2Y4TDRlWmZQVlV6YU85Rm5WZm5xbXpDcUgvdjM4cGI5N0psOVE1bE1lUWpQVmRQRWhxUDRjb3ZQNEphUmZLSHl5UUhxWU1wVjhTOCtSL01mWkdIUG9rUENJVHBKQWZ2RlRmZXVIcVBIdGV3ZTUrYVBSaTZxc3NzYVJqWllmRk9VenprcFJkMFU4SWRKK3ZOZVIvRFFwblZkY1F1ZWpLSFdDYnZXSlY3VTB4aTlhRGlVUTlidldjTUNoWFBJM1I5NjU4S3NKcEJMeDE1cE1KNnprRkJzZkxhNkFpdlVSV0NtSzRyMHpESU9vdS9hT01TL2ZkWG9FV2w5eE42NVZLNGtwRnhKZ3k5VVRocUtBOGFXaDB0bmhsYm5BdzZHbFUxTUFma2YxblFad1dDZERITkoycUtJaVRuMXZ5YnhHa3BlRktDek9zYXNlQzlLUFJMd0c5Sk9mbm9yNGIraUNscUR1ZEplbWUrVGFzYTZMbFl4WVJTcVBTY216NFdkZ2E5SnM4RkQzdUd0M0xKcjlJcGl3MzB3NHFSUjg2cGh3ZFYxdWVSKzZ6a0d2eHNqNTNBTlRzTFlVSGZzZkV1TWQ2KzZ3Q25hNi91U2xiRVNDb3NZakdkaHZTRGV6dExLZXhMUUtFN2tTT0d0Q1Q1T0hxWFhGWmh1SThHZTZWWStkZGR6Y3NPMkw5QWhldDFVbHZ2SGZrTnA5VnZrSlZ5c2t1elZ2MDgxT3I1eFN6UGU4OGl0Myt5UmJiQktXUXpHOHdPU3daL1V1VEM4R1YvZEVPUGtWcWZ0MExMSGtnTytxVEdEQ29LYzduZnBmYTVodnFhNmN0Q1lyWWZFUXY3NmVkcG50dnZWSWhaQjdMMXR5V1BNblNlNER2S2RJd0hjNDlBeWxvVU1kZFBJTzR1U1RoSDFCKzllZXNkNmV6Sy8wQXRSUS9vcE5VRnpWYWRpdVE3YU5KdjJIV2UzYnFZd2g0allSSFlZUkhiZzJ0RVdtTG9TTWh2V25pUDV5SThuMzJaTExoVTBaNGlIb1JRdE92TmdrQ3ZuR1RFVU5DR0xMMzhNeldDS0NCZDltTVkvUlNWa09FaW13eG1PYjJrd0JwQ3ptb2lZVXc1ZURsSkRWOUVKR1UwaS9XRE9JTy9reVVGejc0cnltQUdCR3N2ZkpwS2Q2M2ZtZFFQTy9hRTZmOER0aTRFN1BKcTVhZ2VkbkJramQrNElxVDBSN0RMNFVsY0xDUXNsWEc4K1VHdDRDdmtUVDRwQkwyT1VvL1czMGdlTXNJNjJhWHgzcEhWMEJSOFJKQUppVC8ySnBYWk4zQ1hkTkhWZUlDQWhZTm5BWGZ0K1FtYnZ1bkVzWHFNT25iKy9KTGhxRWRZWTYweldXb0Y0eHBSTTVXUnZyL0Q3ZDlLSmRRRUE1WEsycnhzd0M4MWZmdS9leDQxRWlGcEJicXpqOTVibVJCUnEwVSt0bUlSUVc0WmpYcjFDOTR1YlJ6NVJ0RWc4U253OTFnaHBBRGNEcFM4dVNmZVZrMm56SFRlV2xUZTdtcW1rR1JONVhjNEYxdWhUb05WS243amdFM2JybWZ1eE5KVmt0NHk3NXR3MEVxdzdmS01YeEwzMGFTaEJ0dllXNHVJc0VmRlg4eTRuUFdISjNZTFJ6SFVSUXN5cmNIM3l6Q3dFeFo1Rm1hYkVQOWxKYUU5OUJGcy81bm0vSkdHWFVRVGtUODdQSEFZZEM0UmJKVmtsSkViYkpXaE5uUEhwa21vVWF3bjgyVjErd1d2dU5wcUFMU3cybEpTZU4vY2VuQWJCTzlTMnJJdlpRd0x1TkJvRnIwRDJYM0dBODRHemprVndMcU8zZG9ZeE9vaTk5RWJ5TzBEY2ZibmFOYkZmZlFMbzVtbGdhVyt3YWhEdS82NUdobzM4dkYxeS9VaTBIU1pFbk04NytxT3djMkRhcEtNWlJtNzNJN1U3QUwrUFp1U1UvOUtBcUpFZnFzSXR6ejBJRlU3cDNXZUtjcHlyTml3UUZyakUyNDZJQUZYNGF6cGZGQ0Y0T0YrUVArR29qS25yeTIyeno4eklMdCtNT3pjWGJiSDFKWXBuenRKU0F3VUVGcFhKY0VZU3ZyV280dnNBVFhXbXlQYkloS01WaC9QQjBPS29MUUhtK1YzV3dXeXZUWVBWdEI0dWdLMkdaSndZLzgxQ01OQlI2RTBaaURMM3YyRnM4bzRWelRTd2kveUxYUm1ROXpkVHVGQkJVMVFLeDBvdTdwZU03bHMraUdZaG9zcjJtbEQwUVFrVXdDbjBNcnBKVjBHVDd6cSs5VFVBYU9aMkhlS0N0c1ljRWhFdk1tRmVkbk1haDJ6WkVxazNYN0N0QXRaQ09mWmlsSm9WN3M9Ojp5K12wihUgpX9nY8uaOFwC\"\/><input type=\"hidden\" id=\"_acf_nonce\" name=\"_acf_nonce\" value=\"341c7f9e8d\"\/><input type=\"hidden\" id=\"_acf_changed\" name=\"_acf_changed\" value=\"0\"\/>\t<\/div> \t\t\t\t<div class=\"acf-fields acf-form-fields -top\"> \t\t\t\t<input type=\"hidden\" name=\"acf[am1Sd9S3-018nJSld-Lnd2iF284czoxODoiZmllbGRfdXNlc19jYXB0Y2hhIjs=]\" value=\"40fXkt22MlNx4mfm%2FW2boIce6Si9pj8BrKnW4kKJVeIgequfeaEAh36lqzPgSwF3by6lXGj6AHjuhM9r%2BjtM%2Bg%3D%3D\"><input type=\"hidden\" name=\"acf[am1Sd9S3-018nJSld-Lnd2iF284czoxNToiZmllbGRfcmVjZXBpZW50Ijs=]\" value=\"lAu%2FvYq0ljvHafVAw1%2BZB218Vf1FSRm1YTq2%2Bz6jbPP0GNLElZwQQ2oaa2FKHZF%2FOkOIOKig4f%2FWJuiSICWfgbkTtX1y8R1QBnfduvMUWBY%3D\">\t\t\t\t<div class=\"acf-field acf-field-text acf-field-contact-name is-required\" style=\"width:100%;\" data-name=\"contact_name\" data-type=\"text\" data-key=\"field_contact_name\" data-required=\"1\" data-width=\"100\"> <div class=\"acf-label\"> <label for=\"acf-field_contact_name\" class=\"label\">Name <span class=\"acf-required\">*<\/span><\/label><\/div> <div class=\"acf-input\"> <div class=\"acf-input-wrap\"><input type=\"text\" id=\"acf-field_contact_name\" name=\"acf[field_contact_name]\" required=\"required\" class=\"input input--white\"\/><\/div><\/div> <\/div> <div class=\"acf-field acf-field-text acf-field-contact-email\" style=\"width:50%;\" data-name=\"contact_email\" data-type=\"text\" data-key=\"field_contact_email\" data-width=\"50\"> <div class=\"acf-label\"> <label for=\"acf-field_contact_email\" class=\"label\">Email-Adresse<\/label><\/div> <div class=\"acf-input\"> <div class=\"acf-input-wrap\"><input type=\"text\" id=\"acf-field_contact_email\" name=\"acf[field_contact_email]\" class=\"input input--white\"\/><\/div><\/div> <\/div> <div class=\"acf-field acf-field-textarea acf-field-contact-message is-required\" style=\"width:100%;\" data-name=\"contact_message\" data-type=\"textarea\" data-key=\"field_contact_message\" data-required=\"1\" data-width=\"100\"> <div class=\"acf-label\"> <label for=\"acf-field_contact_message\" class=\"label\">Nachricht <span class=\"acf-required\">*<\/span><\/label><\/div> <div class=\"acf-input\"> <textarea id=\"acf-field_contact_message\" name=\"acf[field_contact_message]\" rows=\"8\" required=\"required\" class=\"input input--white\"><\/textarea><\/div> <\/div> <div class=\"acf-field acf-field-true-false acf-field-gdpr-consent-given is-required\" style=\"width:100%;\" data-name=\"gdpr_consent_given\" data-type=\"true_false\" data-key=\"field_gdpr_consent_given\" data-required=\"1\" data-width=\"100\"> <div class=\"acf-label\"> <label for=\"acf-field_gdpr_consent_given\" class=\"label\"> <span class=\"acf-required\">*<\/span><\/label><\/div> <div class=\"acf-input\"> <div class=\"acf-true-false\"> \t\t\t<input type=\"hidden\" name=\"acf[field_gdpr_consent_given]\" value=\"0\"\/>\t<label> \t\t<input type=\"checkbox\" id=\"acf-field_gdpr_consent_given\" name=\"acf[field_gdpr_consent_given]\" value=\"1\" class=\"input input--white\" autocomplete=\"off\"\/> \t\t\t\t\t\t\t\t\t\t<span class=\"message\"><p>Ich habe die&nbsp;<a href=\"https:\/\/stiftadmont.at\/es\/datenschutz\/\">Datenschutzerkl\u00e4rung<\/a>&nbsp;gelesen und akzeptiert.<\/p><\/span>\t<\/label> <\/div> \t\t\t<\/div> <\/div> <div class=\"acf-field acf-field-text acf-field--validate-email\" style=\"display:none !important;\" data-name=\"_validate_email\" data-type=\"text\" data-key=\"_validate_email\"> <div class=\"acf-label\"> <label for=\"acf-_validate_email\" class=\"label\">Validar correo electr\u00f3nico<\/label><\/div> <div class=\"acf-input\"> <div class=\"acf-input-wrap\"><input type=\"text\" id=\"acf-_validate_email\" name=\"acf[_validate_email]\" class=\"input input--white\"\/><\/div><\/div> <\/div> \t\t\t\t<div class=\"response-container\" id=\"contact_form_69f514dc3ab16__response-container\"><\/div>\t\t\t<\/div> \t\t\t\t\t\t\t<div class=\"acf-form-submit\"> \t\t\t\t\t<button data-source=\"#contact_form_69f514dc3ab16\" type=\"submit\" class=\"admont-button admont-button--big admont-button--primary\">Absenden<\/button>\t\t\t\t\t<span class=\"acf-spinner\"><\/span>\t\t\t\t<\/div> \t\t\t\t<\/form>\n  <\/div>\n<\/div>\n<\/section>\n\n<section id='lightpress__section--block_9b8d6f2acc9ee5fd3e76d6fc8a3b7db4' class='lightpress__section--default-section-space lightpress__section lightpress__section--image-slider'>\n<div class=\"image-slider\"\n     x-data=\"{ gallery: null, shown: false }\"\n     x-init=\"gallery = initSliderGallery([{&quot;href&quot;:&quot;https:\\\/\\\/stiftadmont.at\\\/wp-content\\\/uploads\\\/Stift-Admont-Panorama_c-Stift-Admont-2.jpg&quot;,&quot;type&quot;:&quot;image&quot;},{&quot;href&quot;:&quot;https:\\\/\\\/stiftadmont.at\\\/wp-content\\\/uploads\\\/Stiftskirche-Admont-3-e1657193588735.jpg&quot;,&quot;type&quot;:&quot;image&quot;},{&quot;href&quot;:&quot;https:\\\/\\\/stiftadmont.at\\\/wp-content\\\/uploads\\\/Stiftskirche.jpg&quot;,&quot;type&quot;:&quot;image&quot;},{&quot;href&quot;:&quot;https:\\\/\\\/stiftadmont.at\\\/wp-content\\\/uploads\\\/00_StiftAdmont_Kirche\\u00a9StefanLeitner-1920x2125.png&quot;,&quot;type&quot;:&quot;image&quot;},{&quot;href&quot;:&quot;https:\\\/\\\/stiftadmont.at\\\/wp-content\\\/uploads\\\/Stift-Admont-Kunsthistorisches-Museum-\\u00a9-Michael-Braunsteiner.jpg&quot;,&quot;type&quot;:&quot;image&quot;},{&quot;href&quot;:&quot;https:\\\/\\\/stiftadmont.at\\\/wp-content\\\/uploads\\\/Pater-Egon_\\u00a9Thomas-Sattler-2.jpg&quot;,&quot;type&quot;:&quot;image&quot;},{&quot;href&quot;:&quot;https:\\\/\\\/stiftadmont.at\\\/wp-content\\\/uploads\\\/Rosarium-1-1920x1277.jpg&quot;,&quot;type&quot;:&quot;image&quot;},{&quot;href&quot;:&quot;https:\\\/\\\/stiftadmont.at\\\/wp-content\\\/uploads\\\/Stift_Admont_\\u00a9StefanLeitner_017-1.jpg&quot;,&quot;type&quot;:&quot;image&quot;},{&quot;href&quot;:&quot;https:\\\/\\\/stiftadmont.at\\\/wp-content\\\/uploads\\\/Klostermarkttage_2019-c-Thomas-Sattler-22.jpg&quot;,&quot;type&quot;:&quot;image&quot;},{&quot;href&quot;:&quot;https:\\\/\\\/stiftadmont.at\\\/wp-content\\\/uploads\\\/Klosterbibliothek_cStefan-www-1920x1368.jpg&quot;,&quot;type&quot;:&quot;image&quot;},{&quot;href&quot;:&quot;https:\\\/\\\/stiftadmont.at\\\/wp-content\\\/uploads\\\/Brandl_Museum.png&quot;,&quot;type&quot;:&quot;image&quot;},{&quot;href&quot;:&quot;https:\\\/\\\/stiftadmont.at\\\/wp-content\\\/uploads\\\/Gegenwartskunst_c-Thomas_Sattler_24.jpg&quot;,&quot;type&quot;:&quot;image&quot;},{&quot;href&quot;:&quot;https:\\\/\\\/stiftadmont.at\\\/wp-content\\\/uploads\\\/Stift-Admont-Gotik-Museum-\\u00a9-Stefan-Leitner.jpg&quot;,&quot;type&quot;:&quot;image&quot;}]); initImageSliderBlockAnim($el);\">\n    <div class=\"image-slider__inner\">\n\n        <div class=\"swiper-container\" x-init=\"initImageSliderBlock($el, $refs.btnPrev, $refs.btnNext)\">\n            <div class=\"swiper-wrapper\">\n                                    <div class=\"swiper-slide\">\n                        <div class=\"image-slider__media\">\n                            <img decoding=\"async\" class=\"image-slider__image\"\n                                 src=\"https:\/\/stiftadmont.at\/wp-content\/uploads\/Stift-Admont-Panorama_c-Stift-Admont-2-768x345.jpg\"\n                                 alt=\"Stift Admont Panorama (c) Stift Admont\">\n                        <\/div>\n                    <\/div>\n                                    <div class=\"swiper-slide\">\n                        <div class=\"image-slider__media\">\n                            <img decoding=\"async\" class=\"image-slider__image\"\n                                 src=\"https:\/\/stiftadmont.at\/wp-content\/uploads\/Stiftskirche-Admont-3-e1657193588735-768x940.jpg\"\n                                 alt=\"Stiftskirche Admont \u00a9 Thomas Sattler\">\n                        <\/div>\n                    <\/div>\n                                    <div class=\"swiper-slide\">\n                        <div class=\"image-slider__media\">\n                            <img decoding=\"async\" class=\"image-slider__image\"\n                                 src=\"https:\/\/stiftadmont.at\/wp-content\/uploads\/Stiftskirche-768x507.jpg\"\n                                 alt=\"Stiftskirche Admont \u00a9 Thomas Sattler\">\n                        <\/div>\n                    <\/div>\n                                    <div class=\"swiper-slide\">\n                        <div class=\"image-slider__media\">\n                            <img decoding=\"async\" class=\"image-slider__image\"\n                                 src=\"https:\/\/stiftadmont.at\/wp-content\/uploads\/00_StiftAdmont_Kirche\u00a9StefanLeitner-768x850.png\"\n                                 alt=\"00 StiftAdmont Kirche\u00a9StefanLeitner\">\n                        <\/div>\n                    <\/div>\n                                    <div class=\"swiper-slide\">\n                        <div class=\"image-slider__media\">\n                            <img decoding=\"async\" class=\"image-slider__image\"\n                                 src=\"https:\/\/stiftadmont.at\/wp-content\/uploads\/Stift-Admont-Kunsthistorisches-Museum-\u00a9-Michael-Braunsteiner-768x512.jpg\"\n                                 alt=\"Stift Admont   Kunsthistorisches Museum \u00a9 Michael Braunsteiner\">\n                        <\/div>\n                    <\/div>\n                                    <div class=\"swiper-slide\">\n                        <div class=\"image-slider__media\">\n                            <img decoding=\"async\" class=\"image-slider__image\"\n                                 src=\"https:\/\/stiftadmont.at\/wp-content\/uploads\/Pater-Egon_\u00a9Thomas-Sattler-2-768x512.jpg\"\n                                 alt=\"Benediktinerstift Admont - Pater Egon Rosarium \u00a9 Thomas Sattler\">\n                        <\/div>\n                    <\/div>\n                                    <div class=\"swiper-slide\">\n                        <div class=\"image-slider__media\">\n                            <img decoding=\"async\" class=\"image-slider__image\"\n                                 src=\"https:\/\/stiftadmont.at\/wp-content\/uploads\/Rosarium-1-768x511.jpg\"\n                                 alt=\"Rosarium 1\">\n                        <\/div>\n                    <\/div>\n                                    <div class=\"swiper-slide\">\n                        <div class=\"image-slider__media\">\n                            <img decoding=\"async\" class=\"image-slider__image\"\n                                 src=\"https:\/\/stiftadmont.at\/wp-content\/uploads\/Stift_Admont_\u00a9StefanLeitner_017-1-768x576.jpg\"\n                                 alt=\"Stift Admont - M\u00f6nche im Rosarium \u00a9 Stefan Leitner\">\n                        <\/div>\n                    <\/div>\n                                    <div class=\"swiper-slide\">\n                        <div class=\"image-slider__media\">\n                            <img decoding=\"async\" class=\"image-slider__image\"\n                                 src=\"https:\/\/stiftadmont.at\/wp-content\/uploads\/Klostermarkttage_2019-c-Thomas-Sattler-22-768x512.jpg\"\n                                 alt=\"Klostermarkttage 2019 (c) Thomas Sattler 22\">\n                        <\/div>\n                    <\/div>\n                                    <div class=\"swiper-slide\">\n                        <div class=\"image-slider__media\">\n                            <img decoding=\"async\" class=\"image-slider__image\"\n                                 src=\"https:\/\/stiftadmont.at\/wp-content\/uploads\/Klosterbibliothek_cStefan-www-768x547.jpg\"\n                                 alt=\"Klosterbibliothek (c)Stefan www\">\n                        <\/div>\n                    <\/div>\n                                    <div class=\"swiper-slide\">\n                        <div class=\"image-slider__media\">\n                            <img decoding=\"async\" class=\"image-slider__image\"\n                                 src=\"https:\/\/stiftadmont.at\/wp-content\/uploads\/Brandl_Museum-768x561.png\"\n                                 alt=\"Brandl Museum\">\n                        <\/div>\n                    <\/div>\n                                    <div class=\"swiper-slide\">\n                        <div class=\"image-slider__media\">\n                            <img decoding=\"async\" class=\"image-slider__image\"\n                                 src=\"https:\/\/stiftadmont.at\/wp-content\/uploads\/Gegenwartskunst_c-Thomas_Sattler_24-768x576.jpg\"\n                                 alt=\"Stift Admont - Museum f\u00fcr Gegenwartskunst 2024 \u00a9 Thomas Sattler\">\n                        <\/div>\n                    <\/div>\n                                    <div class=\"swiper-slide\">\n                        <div class=\"image-slider__media\">\n                            <img decoding=\"async\" class=\"image-slider__image\"\n                                 src=\"https:\/\/stiftadmont.at\/wp-content\/uploads\/Stift-Admont-Gotik-Museum-\u00a9-Stefan-Leitner-768x576.jpg\"\n                                 alt=\"Stift Admont   Gotik Museum \u00a9 Stefan Leitner\">\n                        <\/div>\n                    <\/div>\n                            <\/div>\n\n            <div class=\"swiper-nav-wrapper\">\n                <button class=\"swiper-button-prev slider-button--prev\" x-ref=\"btnPrev\"\n                        aria-label=\"Vorige Bilder anzeigen\">\n                    <img decoding=\"async\" src=\"\/wp-content\/themes\/stift-admont\/src\/assets\/img\/arrow-left-big-new.svg\" alt=\"Pfeil nach Links\">\n                <\/button>\n\n\n                <a class=\"image-slider__gallery\" @click=\"openGallery(gallery)\"><i class=\"fa-thin fa-plus\"><\/i><\/a>\n                <button class=\"swiper-button-next slider-button--next\"\n                        x-ref=\"btnNext\"\n                        aria-label=\"N\u00e4chste Bilder anzeigen\">\n                    <img decoding=\"async\" src=\"\/wp-content\/themes\/stift-admont\/src\/assets\/img\/arrow-right-big-new.svg\" alt=\"Pfeil nach Rechts\">\n                <\/button>\n            <\/div>\n        <\/div>\n    <\/div>\n\n\n<\/div><\/section>\n\n<section id='lightpress__section--block_a6718ddd221cc5a9afb4d6565d7e9c80' class='lightpress__section--default-section-space lightpress__section lightpress__section--content'><div class=\"content__inner\"\n         x-init=\"initContentBlockAnim($el)\">\n        \n    <div class=\"content__grid content__grid\">\n                                            <div class=\"content__box content__box--one-hundred\"\n                 style=\"\">\n                                \n                \n                                            <div class=\"prose\"><\/div>\n                    \n                            <\/div>\n        \n            <\/div>\n<\/div>\n\n<\/section>","protected":false},"excerpt":{"rendered":"","protected":false},"author":3,"featured_media":0,"parent":0,"menu_order":108,"comment_status":"closed","ping_status":"closed","template":"","meta":{"_acf_changed":false,"footnotes":""},"categories":[],"class_list":["post-558","page","type-page","status-publish","hentry"],"acf":[],"yoast_head":"<!-- This site is optimized with the Yoast SEO Premium plugin v26.0 (Yoast SEO v26.8) - https:\/\/yoast.com\/product\/yoast-seo-premium-wordpress\/ -->\n<title>Kontakt - Stift Admont<\/title>\n<meta name=\"description\" content=\"Jetzt Kontakt aufnehmen mit dem Benediktinerstift\u202fAdmont \u2013 Kirchplatz\u202f1, 8911\u202fAdmont. Per E\u2011Mail oder Telefon erreichbar.\" \/>\n<meta name=\"robots\" content=\"index, follow, max-snippet:-1, max-image-preview:large, max-video-preview:-1\" \/>\n<link rel=\"canonical\" href=\"https:\/\/stiftadmont.at\/es\/pongase-en-contacto-con\/\" \/>\n<meta property=\"og:locale\" content=\"es_ES\" \/>\n<meta property=\"og:type\" content=\"article\" \/>\n<meta property=\"og:title\" content=\"Kontakt\" \/>\n<meta property=\"og:description\" content=\"Jetzt Kontakt aufnehmen mit dem Benediktinerstift\u202fAdmont \u2013 Kirchplatz\u202f1, 8911\u202fAdmont. Per E\u2011Mail oder Telefon erreichbar.\" \/>\n<meta property=\"og:url\" content=\"https:\/\/stiftadmont.at\/es\/pongase-en-contacto-con\/\" \/>\n<meta property=\"og:site_name\" content=\"Stift Admont\" \/>\n<meta property=\"article:modified_time\" content=\"2026-04-21T10:00:13+00:00\" \/>\n<meta property=\"og:image\" content=\"https:\/\/stiftadmont.at\/wp-content\/uploads\/Klosteranlage-innen.jpg\" \/>\n\t<meta property=\"og:image:width\" content=\"1912\" \/>\n\t<meta property=\"og:image:height\" content=\"1188\" \/>\n\t<meta property=\"og:image:type\" content=\"image\/jpeg\" \/>\n<meta name=\"twitter:card\" content=\"summary_large_image\" \/>\n<script type=\"application\/ld+json\" class=\"yoast-schema-graph\">{\"@context\":\"https:\/\/schema.org\",\"@graph\":[{\"@type\":\"WebPage\",\"@id\":\"https:\/\/stiftadmont.at\/kontakt\/\",\"url\":\"https:\/\/stiftadmont.at\/kontakt\/\",\"name\":\"Kontakt - Stift Admont\",\"isPartOf\":{\"@id\":\"https:\/\/stiftadmont.at\/#website\"},\"datePublished\":\"2021-07-15T12:39:34+00:00\",\"dateModified\":\"2026-04-21T10:00:13+00:00\",\"description\":\"Jetzt Kontakt aufnehmen mit dem Benediktinerstift\u202fAdmont \u2013 Kirchplatz\u202f1, 8911\u202fAdmont. Per E\u2011Mail oder Telefon erreichbar.\",\"breadcrumb\":{\"@id\":\"https:\/\/stiftadmont.at\/kontakt\/#breadcrumb\"},\"inLanguage\":\"es\",\"potentialAction\":[{\"@type\":\"ReadAction\",\"target\":[\"https:\/\/stiftadmont.at\/kontakt\/\"]}]},{\"@type\":\"BreadcrumbList\",\"@id\":\"https:\/\/stiftadmont.at\/kontakt\/#breadcrumb\",\"itemListElement\":[{\"@type\":\"ListItem\",\"position\":1,\"name\":\"Start\",\"item\":\"https:\/\/stiftadmont.at\/\"},{\"@type\":\"ListItem\",\"position\":2,\"name\":\"Kontakt\"}]},{\"@type\":\"WebSite\",\"@id\":\"https:\/\/stiftadmont.at\/#website\",\"url\":\"https:\/\/stiftadmont.at\/\",\"name\":\"Stift Admont\",\"description\":\"Benediktinerkloster und Sehensw\u00fcrdigkeit im Ges\u00e4use\",\"potentialAction\":[{\"@type\":\"SearchAction\",\"target\":{\"@type\":\"EntryPoint\",\"urlTemplate\":\"https:\/\/stiftadmont.at\/?s={search_term_string}\"},\"query-input\":{\"@type\":\"PropertyValueSpecification\",\"valueRequired\":true,\"valueName\":\"search_term_string\"}}],\"inLanguage\":\"es\"}]}<\/script>\n<!-- \/ Yoast SEO Premium plugin. -->","yoast_head_json":{"title":"Contacto - Abad\u00eda de Admont","description":"P\u00f3ngase ahora en contacto con el Benediktinerstift Admont - Kirchplatz 1, 8911 Admont. Disponible por correo electr\u00f3nico o tel\u00e9fono.","robots":{"index":"index","follow":"follow","max-snippet":"max-snippet:-1","max-image-preview":"max-image-preview:large","max-video-preview":"max-video-preview:-1"},"canonical":"https:\/\/stiftadmont.at\/es\/pongase-en-contacto-con\/","og_locale":"es_ES","og_type":"article","og_title":"Kontakt","og_description":"Jetzt Kontakt aufnehmen mit dem Benediktinerstift\u202fAdmont \u2013 Kirchplatz\u202f1, 8911\u202fAdmont. Per E\u2011Mail oder Telefon erreichbar.","og_url":"https:\/\/stiftadmont.at\/es\/pongase-en-contacto-con\/","og_site_name":"Stift Admont","article_modified_time":"2026-04-21T10:00:13+00:00","og_image":[{"width":1912,"height":1188,"url":"https:\/\/stiftadmont.at\/wp-content\/uploads\/Klosteranlage-innen.jpg","type":"image\/jpeg"}],"twitter_card":"summary_large_image","schema":{"@context":"https:\/\/schema.org","@graph":[{"@type":"WebPage","@id":"https:\/\/stiftadmont.at\/kontakt\/","url":"https:\/\/stiftadmont.at\/kontakt\/","name":"Contacto - Abad\u00eda de Admont","isPartOf":{"@id":"https:\/\/stiftadmont.at\/#website"},"datePublished":"2021-07-15T12:39:34+00:00","dateModified":"2026-04-21T10:00:13+00:00","description":"P\u00f3ngase ahora en contacto con el Benediktinerstift Admont - Kirchplatz 1, 8911 Admont. Disponible por correo electr\u00f3nico o tel\u00e9fono.","breadcrumb":{"@id":"https:\/\/stiftadmont.at\/kontakt\/#breadcrumb"},"inLanguage":"es","potentialAction":[{"@type":"ReadAction","target":["https:\/\/stiftadmont.at\/kontakt\/"]}]},{"@type":"BreadcrumbList","@id":"https:\/\/stiftadmont.at\/kontakt\/#breadcrumb","itemListElement":[{"@type":"ListItem","position":1,"name":"Start","item":"https:\/\/stiftadmont.at\/"},{"@type":"ListItem","position":2,"name":"Kontakt"}]},{"@type":"WebSite","@id":"https:\/\/stiftadmont.at\/#website","url":"https:\/\/stiftadmont.at\/","name":"Abad\u00eda de Admont","description":"Monasterio benedictino y atracci\u00f3n tur\u00edstica en el Ges\u00e4use","potentialAction":[{"@type":"SearchAction","target":{"@type":"EntryPoint","urlTemplate":"https:\/\/stiftadmont.at\/?s={search_term_string}"},"query-input":{"@type":"PropertyValueSpecification","valueRequired":true,"valueName":"search_term_string"}}],"inLanguage":"es"}]}},"_links":{"self":[{"href":"https:\/\/stiftadmont.at\/es\/wp-json\/wp\/v2\/pages\/558","targetHints":{"allow":["GET"]}}],"collection":[{"href":"https:\/\/stiftadmont.at\/es\/wp-json\/wp\/v2\/pages"}],"about":[{"href":"https:\/\/stiftadmont.at\/es\/wp-json\/wp\/v2\/types\/page"}],"author":[{"embeddable":true,"href":"https:\/\/stiftadmont.at\/es\/wp-json\/wp\/v2\/users\/3"}],"replies":[{"embeddable":true,"href":"https:\/\/stiftadmont.at\/es\/wp-json\/wp\/v2\/comments?post=558"}],"version-history":[{"count":47,"href":"https:\/\/stiftadmont.at\/es\/wp-json\/wp\/v2\/pages\/558\/revisions"}],"predecessor-version":[{"id":40989,"href":"https:\/\/stiftadmont.at\/es\/wp-json\/wp\/v2\/pages\/558\/revisions\/40989"}],"wp:attachment":[{"href":"https:\/\/stiftadmont.at\/es\/wp-json\/wp\/v2\/media?parent=558"}],"wp:term":[{"taxonomy":"category","embeddable":true,"href":"https:\/\/stiftadmont.at\/es\/wp-json\/wp\/v2\/categories?post=558"}],"curies":[{"name":"wp","href":"https:\/\/api.w.org\/{rel}","templated":true}]}}