{"id":6162,"date":"2021-09-28T10:39:56","date_gmt":"2021-09-28T08:39:56","guid":{"rendered":"https:\/\/stiftadmont.at\/?page_id=6162"},"modified":"2023-12-08T19:17:42","modified_gmt":"2023-12-08T17:17:42","slug":"de-abroganos-y-nibelungos","status":"publish","type":"page","link":"https:\/\/stiftadmont.at\/es\/museum\/ausstellungsrueckblick\/von-abrogans-und-nibelungen\/","title":{"rendered":"De abroganos y nibelungos"},"content":{"rendered":"<section id='lightpress__section--block_6152d4d58663f' class='lightpress__section--default-section-space lightpress__section lightpress__section--content'><div class=\"content__inner\"\n         x-init=\"initContentBlockAnim($el)\">\n        \n    <div class=\"content__grid content__grid--fifty-fifty\">\n                                            <div class=\"content__box content__box\"\n                 style=\"\">\n                                \n                \n                                            <div class=\"prose\"><h2 class=\"heading-xxl line line--gold\">De abroganos y nibelungos<\/h2>\n<p class=\"paragraph-m\"><strong>Sensacionales hallazgos de literatura alemana en monasterios austriacos<\/strong><\/p>\n<p class=\"paragraph-m\">El descubrimiento de los fragmentos de los Abroganos de Admont en la revista de manuscritos de la abad\u00eda benedictina de Admont ha dado m\u00e1s que un titular. \u00bfDocumentos de 1.200 a\u00f1os de antig\u00fcedad, inscritos con palabras en alem\u00e1n, descubiertos en una caja de cart\u00f3n? Un hallazgo sensacional.\u00a0<\/p>\n<p class=\"paragraph-m\">Incluso hoy en d\u00eda, los monasterios son verdaderos tesoros cuando se trata de material escrito antiguo y raro. De vez en cuando sale a la luz algo nuevo y digno de menci\u00f3n: \u00e9sta era una buena oportunidad para reunir en una exposici\u00f3n hallazgos sensacionales de los monasterios austriacos.\u00a0<\/p>\n<p class=\"paragraph-m\">\u00a0<\/p>\n<\/div>\n                    \n                            <\/div>\n        \n                                                    <div class=\"content__box content__box--2\"\n                     >\n                                        \n                    \n                                                <div class=\"content__media stickyTo\" x-init=\"imageSticky($el)\">\n\n                                                                                    <picture\n                                    class=\"content__image sticky image-mask\">\n                                <source srcset=\"https:\/\/stiftadmont.at\/wp-content\/uploads\/O0B9457-1-1024x683.webp\" type=\"image\/webp\">\n                                <source srcset=\"https:\/\/stiftadmont.at\/wp-content\/uploads\/O0B9457-1-1024x683.jpg\" type=\"image\/jpeg\">\n                                <img decoding=\"async\" class=\"sticky\" loading=\"lazy\" src=\"https:\/\/stiftadmont.at\/wp-content\/uploads\/O0B9457-1-1024x683.jpg\"\n                                     alt=\"Abad\u00eda de Admont - De abroganos y nibelungos 2021 - Padre Prior Maximiliano\">\n\n                                                                                                                            <\/picture>\n\n                        <\/div>\n\n                                    <\/div>\n            \n            <\/div>\n<\/div>\n\n<\/section>\n\n<section id='lightpress__section--block_6152d5ed86640' class='lightpress__section--default-section-space lightpress__section lightpress__section--content'><div class=\"content__inner\"\n         x-init=\"initContentBlockAnim($el)\">\n        \n    <div class=\"content__grid content__grid--fifty-fifty\">\n                                            <div class=\"content__box content__box\"\n                 style=\"\">\n                                \n                \n                                            <div class=\"prose\"><p class=\"paragraph-m\">\u00bfQui\u00e9n no ha o\u00eddo alguna vez las historias de Sigfrido y los Nibelungos, la lucha contra el drag\u00f3n y una espada maravillosa? Los tres manuscritos m\u00e1s antiguos del \"Cantar de los Nibelungos\", que se encuentran en M\u00fanich, San Gall y Karlsruhe, se incluyeron en 2009 en la Lista del Patrimonio Mundial de la UNESCO; la epopeya heroica se sit\u00faa as\u00ed a la altura de los cuentos de hadas de los hermanos Grimm, la Novena Sinfon\u00eda de Beethoven y la invenci\u00f3n de la imprenta por Johannes Gutenberg.\u00a0 \u00a0<\/p>\n<p class=\"paragraph-m\">\u00a0<\/p>\n<\/div>\n                    \n                            <\/div>\n        \n                                                    <div class=\"content__box content__box--2\"\n                     >\n                                        \n                    \n                                                    <div class=\"prose\"><p class=\"paragraph-m\">Los nuevos hallazgos no son tan frecuentes, pero siempre van acompa\u00f1ados de un gran inter\u00e9s medi\u00e1tico. Por eso, el fragmento del Cantar de los Nibelungos hallado en la abad\u00eda de Melk en 1998 es una de las grandes sensaciones de esta exposici\u00f3n. Los \"fragmentos de los Nibelungos\" hallados unos a\u00f1os m\u00e1s tarde en Zwettl, que fueron muy explotados por los medios de comunicaci\u00f3n, resultaron ser, tras un examen m\u00e1s detallado, una tradici\u00f3n temprana del \"Erec\" (novela heroica sobre un caballero del c\u00edrculo del Rey Arturo) y quedaron as\u00ed relegados a su lugar, por as\u00ed decirlo, aunque ciertamente merecen su superlativo en la erudici\u00f3n.<\/p>\n<\/div>\n                        \n                                    <\/div>\n            \n            <\/div>\n<\/div>\n\n<\/section>\n\n<section id='lightpress__section--block_6152d88986641' class='lightpress__section--default-section-space lightpress__section lightpress__section--content'><div class=\"content__inner\"\n         x-init=\"initContentBlockAnim($el)\">\n        \n    <div class=\"content__grid content__grid\">\n                                            <div class=\"content__box content__box--one-hundred\"\n                 style=\"\">\n                                \n                \n                                            <div class=\"prose\"><h3 class=\"heading-xl line line--gold\">La importancia de los monasterios austriacos\u00a0<\/h3>\n<p class=\"paragraph-m\">Sin embargo, esta exposici\u00f3n tambi\u00e9n pretende llamar la atenci\u00f3n sobre la importancia de los monasterios que siguen vivos hoy en d\u00eda para el patrimonio cultural y literario de nuestra sociedad. Los nueve monasterios aqu\u00ed implicados conservan textos de casi todos los \u00e1mbitos de la literatura cortesana altomedieval. No s\u00f3lo est\u00e1n representados los grandes h\u00e9roes como Parzival, Willehalm, Iwein o Alejandro, sino tambi\u00e9n los registros escritos m\u00e1s antiguos de una canci\u00f3n juglaresca de Walther von der Vogelweide, anotada en un antiguo salterio de la abad\u00eda de Kremsm\u00fcnster. Estas piezas merecer\u00edan sin duda un reportaje sensacional.\u00a0\u00a0<\/p>\n<p class=\"paragraph-m\">Walther von der Vogelweide, \u00a1el gran poeta y cantor de la Edad Media! \u00bfCu\u00e1nto se ha especulado sobre \u00e9l, cu\u00e1ntos lugares se lo han apropiado? Aqu\u00ed encontrar\u00e1 los testimonios escritos m\u00e1s cercanos a \u00e9l en el mundo.\u00a0<\/p>\n<\/div>\n                    \n                            <\/div>\n        \n            <\/div>\n<\/div>\n\n<\/section>\n\n<section id='lightpress__section--block_6152d89986642' class='lightpress__section--default-section-space lightpress__section lightpress__section--content'><div class=\"content__inner\"\n         x-init=\"initContentBlockAnim($el)\">\n        \n    <div class=\"content__grid content__grid--fifty-fifty\">\n                                            <div class=\"content__box content__box\"\n                 style=\"\">\n                                \n                \n                                            <div class=\"prose\"><h3 class=\"heading-xl line line--red\">Los abroganos de Admont\u00a0<\/h3>\n<p class=\"paragraph-m\">En 2012, Martin Haltrich descubri\u00f3 en Admont un fragmento parcialmente alem\u00e1n. Se trata de dos trozos de pergamino (cada uno de unos 12 cm x unos 9-10 cm), que eran partes de una hoja que se utilizaba como cubierta de un libro y que se cortaron para este fin.\u00a0<\/p>\n<p class=\"paragraph-m\">Esto nos parece una barbaridad hoy en d\u00eda, pero no era infrecuente en el pasado: La gente reciclaba el resistente pergamino porque ya no le interesaba el contenido (o ya no lo entend\u00eda). Nuestro fragmento se desprendi\u00f3 en 1963 durante la restauraci\u00f3n de un libro, se fotografi\u00f3 y se a\u00f1adi\u00f3 a la colecci\u00f3n de fragmentos; podr\u00eda haberse le\u00eddo hace mucho tiempo, pero no se hizo hasta que se volvi\u00f3 a encontrar. Pero cuando se ley\u00f3, la sorpresa fue may\u00fascula: las palabras de los restos de hojas pertenecen al libro m\u00e1s antiguo en lengua alemana, el \"Abrogans\".<\/p>\n<p class=\"paragraph-m\">\u00a0<\/p>\n<\/div>\n                    \n                            <\/div>\n        \n                                                    <div class=\"content__box content__box--2\"\n                     >\n                                        \n                    \n                                                <div class=\"content__media stickyTo\" x-init=\"imageSticky($el)\">\n\n                                                                                    <picture\n                                    class=\"content__image sticky\">\n                                <source srcset=\"https:\/\/stiftadmont.at\/wp-content\/uploads\/Abrogans1a-e1632831894693-1024x768.webp\" type=\"image\/webp\">\n                                <source srcset=\"https:\/\/stiftadmont.at\/wp-content\/uploads\/Abrogans1a-e1632831894693-1024x768.jpg\" type=\"image\/jpeg\">\n                                <img decoding=\"async\" class=\"sticky\" loading=\"lazy\" src=\"https:\/\/stiftadmont.at\/wp-content\/uploads\/Abrogans1a-e1632831894693-1024x768.jpg\" alt=\"De abroganos y Nibelungos 2021\" \/>\n\n                                                                                                                            <\/picture>\n\n                        <\/div>\n\n                                    <\/div>\n            \n            <\/div>\n<\/div>\n\n<\/section>\n\n<section id='lightpress__section--block_6152dd4486647' class='lightpress__section--default-section-space lightpress__section lightpress__section--content'><div class=\"content__inner\"\n         x-init=\"initContentBlockAnim($el)\">\n        \n    <div class=\"content__grid content__grid--fifty-fifty\">\n                                            <div class=\"content__box content__box\"\n                 style=\"\">\n                                \n                \n                                            <div class=\"prose\"><p class=\"paragraph-m\" style=\"font-size: medium;\"><span style=\"font-size: medium;\">Con los monjes benedictinos se estableci\u00f3 la t\u00e9cnica cultural de la escritura en los actuales pa\u00edses german\u00f3fonos, y esta escritura era naturalmente latina. Esta nueva cultura de la escritura abri\u00f3 la posibilidad de escribir la lengua alemana en letras latinas y as\u00ed, a partir del siglo VIII, encontramos palabras, frases y peque\u00f1os textos alemanes como invitados en manuscritos latinos. Hasta entonces, las runas se hab\u00edan utilizado como caracteres para la lengua vern\u00e1cula, principalmente con fines rituales, pero no se empleaban para escribir libros, sino s\u00f3lo inscripciones. Por otra parte, la literatura se recitaba oralmente, no por escrito, por lo que la tradici\u00f3n de los cantos heroicos, por ejemplo, est\u00e1 pr\u00e1cticamente perdida.<\/span><\/p>\n<p class=\"paragraph-m\" style=\"font-size: medium;\"><span style=\"font-size: medium;\">Los comienzos espor\u00e1dicos de la escritura en alem\u00e1n en los m\u00e1rgenes de los manuscritos latinos se convirtieron poco a poco en un inter\u00e9s sistem\u00e1tico, que finalmente desemboc\u00f3 en el primer libro alem\u00e1n, el \"Abrogans\". Este \"Abrogans\" era originalmente un diccionario latino-latino. Traduciendo el vocabulario latino all\u00ed recogido al alem\u00e1n, m\u00e1s concretamente al \"alto alem\u00e1n antiguo\", fue posible elaborar por primera vez un diccionario alem\u00e1n, y esta sensacional idea se hizo realidad a mediados del siglo VIII en la regi\u00f3n meridional de habla alemana.<\/span><\/p>\n<\/div>\n                    \n                            <\/div>\n        \n                                                    <div class=\"content__box content__box--2\"\n                     >\n                                        \n                    \n                                                    <div class=\"prose\"><p class=\"paragraph-m\" style=\"font-size: medium;\"><span style=\"font-size: medium;\">Desgraciadamente, el \"original\" de esta empresa no se ha conservado, pero han llegado hasta nosotros tres manuscritos, todos ellos fechados en torno al a\u00f1o 800. Estos manuscritos se conservan actualmente en St. Gall (Stiftsbibliothek, Cod. 911), en Par\u00eds (Bibliotheque Nationale, Ms. lat. 7640) y en Karlsruhe (Landesbibliothek, Cod. Aug.CXI). Con el fragmento de Admont, poseemos ahora otra pieza muy temprana, de alrededor del a\u00f1o 800, que presenta caracter\u00edsticas completamente \u00fanicas.<\/span><\/p>\n<p>\u00a0<\/p>\n<h3 class=\"heading-xl line line--gold\" style=\"margin-top: 0px; z-index: var(--z-content);\">M\u00c1S INFORMACI\u00d3N SOBRE LA EXPOSICI\u00d3N<\/h3>\n<p><a class=\"admont-button admont-button--outline-red\" href=\"\/wp-content\/uploads\/Museumszeitung_2018_compr.pdf\">Peri\u00f3dico del museo 2018<\/a><\/p>\n<p><a class=\"admont-button admont-button--outline-red\" href=\"\/wp-content\/uploads\/Stift_Admont_-_Museumszeitung_2019_DE.pdf\">Peri\u00f3dico del museo 2019<\/a><\/p>\n<\/div>\n                        \n                                    <\/div>\n            \n            <\/div>\n<\/div>\n\n<\/section>","protected":false},"excerpt":{"rendered":"","protected":false},"author":7,"featured_media":0,"parent":5864,"menu_order":12,"comment_status":"closed","ping_status":"closed","template":"","meta":{"_acf_changed":false,"footnotes":""},"categories":[73],"class_list":["post-6162","page","type-page","status-publish","hentry","category-ausstellungsrueckblick"],"acf":[],"yoast_head":"<!-- This site is optimized with the Yoast SEO Premium plugin v26.0 (Yoast SEO v26.8) - https:\/\/yoast.com\/product\/yoast-seo-premium-wordpress\/ -->\n<title>Von Abrogans und Nibelungen - Stift Admont<\/title>\n<meta name=\"robots\" content=\"index, follow, max-snippet:-1, max-image-preview:large, max-video-preview:-1\" \/>\n<link rel=\"canonical\" href=\"https:\/\/stiftadmont.at\/es\/museo\/resena-de-la-exposicion\/de-abroganos-y-nibelungos\/\" \/>\n<meta property=\"og:locale\" content=\"es_ES\" \/>\n<meta property=\"og:type\" content=\"article\" \/>\n<meta property=\"og:title\" content=\"Von Abrogans und Nibelungen\" \/>\n<meta property=\"og:url\" content=\"https:\/\/stiftadmont.at\/es\/museo\/resena-de-la-exposicion\/de-abroganos-y-nibelungos\/\" \/>\n<meta property=\"og:site_name\" content=\"Stift Admont\" \/>\n<meta property=\"article:modified_time\" content=\"2023-12-08T17:17:42+00:00\" \/>\n<meta property=\"og:image\" content=\"https:\/\/stiftadmont.at\/wp-content\/uploads\/Klosteranlage-innen.jpg\" \/>\n\t<meta property=\"og:image:width\" content=\"1912\" \/>\n\t<meta property=\"og:image:height\" content=\"1188\" \/>\n\t<meta property=\"og:image:type\" content=\"image\/jpeg\" \/>\n<meta name=\"twitter:card\" content=\"summary_large_image\" \/>\n<script type=\"application\/ld+json\" class=\"yoast-schema-graph\">{\"@context\":\"https:\/\/schema.org\",\"@graph\":[{\"@type\":\"WebPage\",\"@id\":\"https:\/\/stiftadmont.at\/museum\/ausstellungsrueckblick\/von-abrogans-und-nibelungen\/\",\"url\":\"https:\/\/stiftadmont.at\/museum\/ausstellungsrueckblick\/von-abrogans-und-nibelungen\/\",\"name\":\"Von Abrogans und Nibelungen - Stift Admont\",\"isPartOf\":{\"@id\":\"https:\/\/stiftadmont.at\/#website\"},\"datePublished\":\"2021-09-28T08:39:56+00:00\",\"dateModified\":\"2023-12-08T17:17:42+00:00\",\"breadcrumb\":{\"@id\":\"https:\/\/stiftadmont.at\/museum\/ausstellungsrueckblick\/von-abrogans-und-nibelungen\/#breadcrumb\"},\"inLanguage\":\"es\",\"potentialAction\":[{\"@type\":\"ReadAction\",\"target\":[\"https:\/\/stiftadmont.at\/museum\/ausstellungsrueckblick\/von-abrogans-und-nibelungen\/\"]}]},{\"@type\":\"BreadcrumbList\",\"@id\":\"https:\/\/stiftadmont.at\/museum\/ausstellungsrueckblick\/von-abrogans-und-nibelungen\/#breadcrumb\",\"itemListElement\":[{\"@type\":\"ListItem\",\"position\":1,\"name\":\"Start\",\"item\":\"https:\/\/stiftadmont.at\/\"},{\"@type\":\"ListItem\",\"position\":2,\"name\":\"Museum Stift Admont\",\"item\":\"https:\/\/stiftadmont.at\/museum\/\"},{\"@type\":\"ListItem\",\"position\":3,\"name\":\"Ausstellungsr\u00fcckblick\",\"item\":\"https:\/\/stiftadmont.at\/museum\/ausstellungsrueckblick\/\"},{\"@type\":\"ListItem\",\"position\":4,\"name\":\"Von Abrogans und Nibelungen\"}]},{\"@type\":\"WebSite\",\"@id\":\"https:\/\/stiftadmont.at\/#website\",\"url\":\"https:\/\/stiftadmont.at\/\",\"name\":\"Stift Admont\",\"description\":\"Benediktinerkloster und Sehensw\u00fcrdigkeit im Ges\u00e4use\",\"potentialAction\":[{\"@type\":\"SearchAction\",\"target\":{\"@type\":\"EntryPoint\",\"urlTemplate\":\"https:\/\/stiftadmont.at\/?s={search_term_string}\"},\"query-input\":{\"@type\":\"PropertyValueSpecification\",\"valueRequired\":true,\"valueName\":\"search_term_string\"}}],\"inLanguage\":\"es\"}]}<\/script>\n<!-- \/ Yoast SEO Premium plugin. -->","yoast_head_json":{"title":"De abroganos y nibelungos - Abad\u00eda de Admont","robots":{"index":"index","follow":"follow","max-snippet":"max-snippet:-1","max-image-preview":"max-image-preview:large","max-video-preview":"max-video-preview:-1"},"canonical":"https:\/\/stiftadmont.at\/es\/museo\/resena-de-la-exposicion\/de-abroganos-y-nibelungos\/","og_locale":"es_ES","og_type":"article","og_title":"Von Abrogans und Nibelungen","og_url":"https:\/\/stiftadmont.at\/es\/museo\/resena-de-la-exposicion\/de-abroganos-y-nibelungos\/","og_site_name":"Stift Admont","article_modified_time":"2023-12-08T17:17:42+00:00","og_image":[{"width":1912,"height":1188,"url":"https:\/\/stiftadmont.at\/wp-content\/uploads\/Klosteranlage-innen.jpg","type":"image\/jpeg"}],"twitter_card":"summary_large_image","schema":{"@context":"https:\/\/schema.org","@graph":[{"@type":"WebPage","@id":"https:\/\/stiftadmont.at\/museum\/ausstellungsrueckblick\/von-abrogans-und-nibelungen\/","url":"https:\/\/stiftadmont.at\/museum\/ausstellungsrueckblick\/von-abrogans-und-nibelungen\/","name":"De abroganos y nibelungos - Abad\u00eda de Admont","isPartOf":{"@id":"https:\/\/stiftadmont.at\/#website"},"datePublished":"2021-09-28T08:39:56+00:00","dateModified":"2023-12-08T17:17:42+00:00","breadcrumb":{"@id":"https:\/\/stiftadmont.at\/museum\/ausstellungsrueckblick\/von-abrogans-und-nibelungen\/#breadcrumb"},"inLanguage":"es","potentialAction":[{"@type":"ReadAction","target":["https:\/\/stiftadmont.at\/museum\/ausstellungsrueckblick\/von-abrogans-und-nibelungen\/"]}]},{"@type":"BreadcrumbList","@id":"https:\/\/stiftadmont.at\/museum\/ausstellungsrueckblick\/von-abrogans-und-nibelungen\/#breadcrumb","itemListElement":[{"@type":"ListItem","position":1,"name":"Start","item":"https:\/\/stiftadmont.at\/"},{"@type":"ListItem","position":2,"name":"Museum Stift Admont","item":"https:\/\/stiftadmont.at\/museum\/"},{"@type":"ListItem","position":3,"name":"Ausstellungsr\u00fcckblick","item":"https:\/\/stiftadmont.at\/museum\/ausstellungsrueckblick\/"},{"@type":"ListItem","position":4,"name":"Von Abrogans und Nibelungen"}]},{"@type":"WebSite","@id":"https:\/\/stiftadmont.at\/#website","url":"https:\/\/stiftadmont.at\/","name":"Abad\u00eda de Admont","description":"Monasterio benedictino y atracci\u00f3n tur\u00edstica en el Ges\u00e4use","potentialAction":[{"@type":"SearchAction","target":{"@type":"EntryPoint","urlTemplate":"https:\/\/stiftadmont.at\/?s={search_term_string}"},"query-input":{"@type":"PropertyValueSpecification","valueRequired":true,"valueName":"search_term_string"}}],"inLanguage":"es"}]}},"_links":{"self":[{"href":"https:\/\/stiftadmont.at\/es\/wp-json\/wp\/v2\/pages\/6162","targetHints":{"allow":["GET"]}}],"collection":[{"href":"https:\/\/stiftadmont.at\/es\/wp-json\/wp\/v2\/pages"}],"about":[{"href":"https:\/\/stiftadmont.at\/es\/wp-json\/wp\/v2\/types\/page"}],"author":[{"embeddable":true,"href":"https:\/\/stiftadmont.at\/es\/wp-json\/wp\/v2\/users\/7"}],"replies":[{"embeddable":true,"href":"https:\/\/stiftadmont.at\/es\/wp-json\/wp\/v2\/comments?post=6162"}],"version-history":[{"count":37,"href":"https:\/\/stiftadmont.at\/es\/wp-json\/wp\/v2\/pages\/6162\/revisions"}],"predecessor-version":[{"id":24254,"href":"https:\/\/stiftadmont.at\/es\/wp-json\/wp\/v2\/pages\/6162\/revisions\/24254"}],"up":[{"embeddable":true,"href":"https:\/\/stiftadmont.at\/es\/wp-json\/wp\/v2\/pages\/5864"}],"wp:attachment":[{"href":"https:\/\/stiftadmont.at\/es\/wp-json\/wp\/v2\/media?parent=6162"}],"wp:term":[{"taxonomy":"category","embeddable":true,"href":"https:\/\/stiftadmont.at\/es\/wp-json\/wp\/v2\/categories?post=6162"}],"curies":[{"name":"wp","href":"https:\/\/api.w.org\/{rel}","templated":true}]}}