{"id":6488,"date":"2021-09-29T16:41:51","date_gmt":"2021-09-29T14:41:51","guid":{"rendered":"https:\/\/stiftadmont.at\/?page_id=6488"},"modified":"2023-12-08T19:18:03","modified_gmt":"2023-12-08T17:18:03","slug":"para-comer","status":"publish","type":"page","link":"https:\/\/stiftadmont.at\/es\/museum\/ausstellungsrueckblick\/zum-fressen-gern\/","title":{"rendered":"Comer con placer"},"content":{"rendered":"<section id='lightpress__section--block_615482cf1b801' class='lightpress__section--default-section-space lightpress__section lightpress__section--content'><div class=\"content__inner\"\n         x-init=\"initContentBlockAnim($el)\">\n        \n    <div class=\"content__grid content__grid--fifty-fifty\">\n                                            <div class=\"content__box content__box\"\n                 style=\"\">\n                                \n                \n                                            <div class=\"prose\"><h2 class=\"heading-xxl line line--gold\">Una exposici\u00f3n sobre plagas, comer y ser comido<\/h2>\n<p class=\"paragraph-m\">\u00a0<\/p>\n<\/div>\n                    \n                            <\/div>\n        \n                                                    <div class=\"content__box content__box--2\"\n                     >\n                                        \n                    \n                                                    <div class=\"prose\"><p class=\"paragraph-m\">El apasionado compromiso \"A COMER\" es el lema de la temporada de exposiciones 2016 en la abad\u00eda de Admont, que se prolong\u00f3 hasta el 31 de octubre de 2016. En la biblioteca de la abad\u00eda trabajaban \"ratones de biblioteca\" voraces, movidos no por el hambre de conocimiento, sino por el ansia de papel y cola de huesos. Las plagas fueron exterminadas profesionalmente. Pero eso era s\u00f3lo el principio del verdadero trabajo. Libro tras libro, p\u00e1gina tras p\u00e1gina, fueron examinados, limpiados y, en caso necesario, restaurados minuciosamente a lo largo de la temporada pasada. Este tema constituye el punto de partida de la polifac\u00e9tica exposici\u00f3n especial de 2016, en la que varias \u00e1reas del museo abordan el amor por la comida desde diferentes perspectivas.<\/p>\n<\/div>\n                        \n                                    <\/div>\n            \n            <\/div>\n<\/div>\n\n<\/section>\n\n<section id='lightpress__section--block_6154837c1b803' class='lightpress__section--default-section-space lightpress__section lightpress__section--content'><div class=\"content__inner\"\n         x-init=\"initContentBlockAnim($el)\">\n        \n    <div class=\"content__grid content__grid--fifty-fifty\">\n                                            <div class=\"content__box content__box\"\n                 style=\"\">\n                                \n                \n                                            <div class=\"prose\"><h3 class=\"heading-xl line line--red\">P\u00f3rtico barroco<\/h3>\n<p class=\"paragraph-m\">Los estragos del tiempo lo roen todo. La fugacidad es un reto. Es inmutable, pero tambi\u00e9n tiene sus encantos. El ciclo de la vida se visualiza en la secci\u00f3n de exposiciones de la sala barroca con columnas mediante libros hist\u00f3ricos infestados y espec\u00edmenes de historia natural. Queda claro el reto que supone en la vida cotidiana de un museo proteger libros centenarios y preservarlos para las generaciones futuras. Los visitantes se hacen una idea del trabajo de los controladores de plagas y de los restauradores experimentados. \u00bfQu\u00e9 tipo de plagas hay? \u00bfQu\u00e9 h\u00e1bitat prefieren? Como material cient\u00edfico ilustrativo se utilizan pr\u00e9stamos del Museo de Historia Natural Senckenberg de G\u00f6rlitz. La exposici\u00f3n especial ZUM FRESSEN GERN es, por tanto, una interesante y armoniosa revalorizaci\u00f3n de la plaga de la biblioteca entre el arte y la naturaleza.<\/p>\n<\/div>\n                    \n                            <\/div>\n        \n                                                    <div class=\"content__box content__box--2\"\n                     >\n                                        \n                    \n                                                    <div class=\"prose\"><p class=\"paragraph-m\">Los artistas berlineses Sebastian K\u00f6pcke y Volker Weinhold se inspiran culinariamente en la rica colecci\u00f3n del museo. En fotograf\u00edas de gran formato, crean naturalezas muertas que utilizan las piezas de la colecci\u00f3n del museo como ingredientes de un suntuoso men\u00fa con todo lujo de detalles. En estas im\u00e1genes cuidadosamente escenificadas, algunas cosas familiares aparecen bajo una nueva luz. Se han elegido cuidadosamente ecos de los bodegones de cocina y caza del Renacimiento y el Barroco. Sin embargo, la reducci\u00f3n objetiva y la precisi\u00f3n fotogr\u00e1fica remiten claramente al presente. Al mismo tiempo, las fotograf\u00edas tienden un puente entre la exposici\u00f3n hist\u00f3rico-cultural y el arte contempor\u00e1neo. Subrayan una vez m\u00e1s el enfoque conceptual transversal del museo de la Abad\u00eda de Admont.<\/p>\n<\/div>\n                        \n                                    <\/div>\n            \n            <\/div>\n<\/div>\n\n<\/section>\n\n<section id='lightpress__section--block_615483e71b806' class='lightpress__section--default-section-space lightpress__section lightpress__section--content'><div class=\"content__inner\"\n         x-init=\"initContentBlockAnim($el)\">\n        \n    <div class=\"content__grid content__grid--fifty-fifty\">\n                                            <div class=\"content__box content__box\"\n                 style=\"\">\n                                \n                \n                                        <div class=\"content__media stickyTo\" x-init=\"imageSticky($el)\">\n\n                                                                                                <picture\n                                class=\"content__image sticky image-mask\">\n                            <source srcset=\"https:\/\/stiftadmont.at\/wp-content\/uploads\/Untitled-4-1024x1024.png\"\n                                    type=\"image\/webp\">\n                            <source srcset=\"https:\/\/stiftadmont.at\/wp-content\/uploads\/Untitled-4-1024x1024.png\"\n                                    type=\"image\/jpeg\">\n                            <img decoding=\"async\" loading=\"lazy\"\n                                 src=\"https:\/\/stiftadmont.at\/wp-content\/uploads\/Untitled-4-1024x1024.png\"\n                                 alt=\"Un placer comer 2021\" width=\"600\" height=\"450\">\n                                                                                                            <\/picture>\n\n                    <\/div>\n\n                            <\/div>\n        \n                                                    <div class=\"content__box content__box--2\"\n                     >\n                                        \n                    \n                                                    <div class=\"prose\"><h3 class=\"heading-xl line--gold line\">Museo de Historia Natural<\/h3>\n<p class=\"paragraph-m\">Numerosas aproximaciones al tema del a\u00f1o se encuentran tambi\u00e9n en el Museo de Historia Natural, con sus numerosos ejemplares de animales comestibles y voraces. Especialmente impresionante es la instalaci\u00f3n con los 243 espec\u00edmenes frutales de cera del Padre Constantin Keller (1778-1864). La exposici\u00f3n de este a\u00f1o cuenta con un impresionante pr\u00e9stamo del Museo de Historia Natural de Viena. El \"Le\u00f3n saltar\u00edn\" subraya de forma impresionante el aspecto de \"comer y ser comido\". No hay vuelta de hoja.<\/p>\n<\/div>\n                        \n                                    <\/div>\n            \n            <\/div>\n<\/div>\n\n<\/section>\n\n<section id='lightpress__section--block_615484151b809' class='lightpress__section--default-section-space lightpress__section lightpress__section--content'><div class=\"content__inner\"\n         x-init=\"initContentBlockAnim($el)\">\n        \n    <div class=\"content__grid content__grid--fifty-fifty\">\n                                            <div class=\"content__box content__box\"\n                 style=\"\">\n                                \n                \n                                            <div class=\"prose\"><h3 class=\"heading-xl line line--red\">Sala de manuscritos<\/h3>\n<p class=\"paragraph-m\">Incluso en los escritos b\u00edblicos, los animales representan una parte esencial de la creaci\u00f3n y est\u00e1n estrechamente relacionados con el ser humano. La sala de manuscritos contiene una selecci\u00f3n de libros de la colecci\u00f3n de la Abad\u00eda sobre el tema \"De naturis animalium - Sobre las caracter\u00edsticas de los animales\". Podr\u00e1 informarse sobre el significado simb\u00f3lico, cient\u00edfico y m\u00e9dico de los animales, su cr\u00eda y su uso beneficioso desde la perspectiva de nuestros antepasados.<\/p>\n<\/div>\n                    \n                            <\/div>\n        \n                                                    <div class=\"content__box content__box--2\"\n                     >\n                                        \n                    \n                                                    <div class=\"prose\"><h3 class=\"heading-xl line line--gold\">Intervenci\u00f3n art\u00edstica en el Kunsthistorisches Museum<\/h3>\n<p class=\"paragraph-m\">G\u00f6tz Bury transmite v\u00edvidamente su lema \"Vivir bien sin nada\". Ha creado su propia versi\u00f3n de la Wunderkammer del Kunsthistorisches Museum. Se encuentra en un asombroso di\u00e1logo con la c\u00e1mara del tesoro. El material de partida para esta magn\u00edfica \"cena de gala\" fueron viejos electrodom\u00e9sticos y aparatos de cocina, tambores de lavadora desechados, bandejas de fregadero, tubos y puertas de aspiradora, as\u00ed como otros objetos desechables \"reciclados\".<\/p>\n<\/div>\n                        \n                                    <\/div>\n            \n            <\/div>\n<\/div>\n\n<\/section>\n\n<section id='lightpress__section--block_6154843a1b80c' class='lightpress__section--default-section-space lightpress__section lightpress__section--content'><div class=\"content__inner\"\n         x-init=\"initContentBlockAnim($el)\">\n        \n    <div class=\"content__grid content__grid--fifty-fifty\">\n                                            <div class=\"content__box content__box\"\n                 style=\"\">\n                                \n                \n                                            <div class=\"prose\"><h3 class=\"heading-xl line line--gold\">Museo de Arte Contempor\u00e1neo<\/h3>\n<p class=\"paragraph-m\">Cocinar es probablemente la actividad creativa m\u00e1s antigua de la humanidad. \u00a1Pero deje que el Museo de Arte Contempor\u00e1neo le sorprenda con otros aspectos del comer y del ser comido, platos nobles y extra\u00f1os, perspectivas embelesadas y locas sobre la comida! \u00bfSe lo habr\u00eda esperado? \u00bfMonjes Admont actuando como \"Esculturas de un minuto\" con comestibles? \u00bfO fideos espagueti como palitos de Mikado? \u00bfHormigas que remueven y corroen arquitecturas de az\u00facar e integran el material de construcci\u00f3n en la cadena alimentaria? \u00bfO qu\u00e9 tal esto: tomograf\u00edas computerizadas de rayos X de Big Macs y hamburguesas?<\/p>\n<p class=\"paragraph-m\">\u00bfUna cocina como la quieren las mujeres? \u00bfUn v\u00eddeo-espect\u00e1culo de cocina \"en el que se cocina y se come un libro dif\u00edcil de digerir\"? \u00bfIm\u00e1genes de guiones hechos con esti\u00e9rcol de vaca y \"llamativos\" alimentos para animales?<\/p>\n<\/div>\n                    \n                            <\/div>\n        \n                                                    <div class=\"content__box content__box--2\"\n                     >\n                                        \n                    \n                                                    <div class=\"prose\"><p class=\"paragraph-m\">\u00bfD\u00f3nde est\u00e1 la seriedad? La relaci\u00f3n entre alimentaci\u00f3n y ecolog\u00eda tambi\u00e9n puede tematizarse a partir de la \"comida r\u00e1pida\". La industria alimentaria moderna, combinada con la agricultura industrial y el deseo de los consumidores de disponer de alimentos baratos y de f\u00e1cil acceso, ha creado una espiral de destrucci\u00f3n de recursos. M\u00e1s a\u00fan: Un viaje por carretera de 3000 km con 20 toneladas de tomates desde Turqu\u00eda a Viena caricaturiza la locura de nuestro mundo consumista. Un \"\u00e1lbum de anfitriones\" establece paralelismos entre las acciones banales en la cocina y las ceremonias de la misa. Escuche charlas de sobremesa sobre temas tan esenciales como el pan de cada d\u00eda: hambre, huida, p\u00e9rdida, muerte, nacimiento, esperanza, di\u00e1logo, ayuda, llegada. NOVEDAD: una charla de Lena Knilli sobre el controvertido tema de los refugiados.<\/p>\n<p class=\"paragraph-m\">Se representa la base de la \"existencia burguesa\" de un artista como comerciante de vinos, \u00bfy qu\u00e9 decir de la interacci\u00f3n entre arte, ciencia y naturaleza? Incluso la investigaci\u00f3n del comportamiento alimentario de los escarabajos o de los procesos de comunicaci\u00f3n de las bacterias puede convertirse en el punto de partida de la producci\u00f3n de im\u00e1genes. La vida crea vida representa vida.<\/p>\n<\/div>\n                        \n                                    <\/div>\n            \n            <\/div>\n<\/div>\n\n<\/section>\n\n<section id='lightpress__section--block_6154870a1b812' class='lightpress__section--default-section-space lightpress__section lightpress__section--content'><div class=\"content__inner\"\n         x-init=\"initContentBlockAnim($el)\">\n        \n    <div class=\"content__grid content__grid--fifty-fifty\">\n                                            <div class=\"content__box content__box\"\n                 style=\"\">\n                                \n                \n                                            <div class=\"prose\"><p class=\"paragraph-m\">Por supuesto, tambi\u00e9n hay una silueta de un enorme y hambriento cocodrilo, \u00a1y no hay devoradores de hombres, ni escenas de pubs salvajes, ni escenas de caza! En cambio, las representaciones en miniatura de escenarios de comida asi\u00e1tica tienen un efecto realmente tranquilizador. Adelante, \u00a1a comer! Y recuerde siempre: \u00a1estamos hechos de lo que comemos!<\/p>\n<p class=\"paragraph-m\">Puede hacerse una idea de la inauguraci\u00f3n del museo en el v\u00eddeo del ARF:<\/p>\n<\/div>\n                    \n                            <\/div>\n        \n                                                    <div class=\"content__box content__box--2\"\n                     >\n                                        \n                                            \n                                                    <a href=\"https:\/\/www.youtube.com\/watch?v=H7-jYRajGGg\" class=\"content__video content__media\"\n                               x-data\n x-init=\"initContentLightBox('#lightpress__section--block_6154870a1b812 .content__video')\">\n                                                                \n                                <picture class=\"content__image\">\n                                    <source srcset=\"https:\/\/stiftadmont.at\/wp-content\/uploads\/nhm-1024x684.webp\" type=\"image\/webp\">\n                                    <source srcset=\"https:\/\/stiftadmont.at\/wp-content\/uploads\/nhm-1024x684.jpg\" type=\"image\/jpeg\">\n                                    <img decoding=\"async\" class=\"content__image\" loading=\"lazy\" src=\"https:\/\/stiftadmont.at\/wp-content\/uploads\/nhm-1024x684.jpg\" alt=\"Un placer comer 2021\" width=\"600\" height=\"450\" \/>\n                                <\/picture>\n\n                                <span class=\"overlay-dark\"><\/span>\n                                <span class=\"content-overlay\"><\/span>\n                                <div class=\"content__plaque\">\n                                    <div class=\"content__plaque-inner\">\n                                        <span><i class=\"fas fa-play content__icon\"><\/i><\/span>\n                                        <p class=\"paragraph-m\">Jugar<\/p>\n                                    <\/div>\n                                <\/div>\n                            <\/a>\n                        \n                                    <\/div>\n            \n            <\/div>\n<\/div>\n\n<\/section>\n\n<section id='lightpress__section--block_6154846c1b810' class='lightpress__section--default-section-space lightpress__section lightpress__section--content'><div class=\"content__inner\"\n         x-init=\"initContentBlockAnim($el)\">\n        \n    <div class=\"content__grid content__grid\">\n                                            <div class=\"content__box content__box--one-hundred\"\n                 style=\"\">\n                                \n                \n                                            <div class=\"prose\"><div class=\"info info--info\">\n<p>Con obras de: G\u00f6tz Bury, Johannes Deutsch, Markus Dressler, Christian Eisenberger, Maria Hahnenkamp, Lisa Huber, Alfred Klinkan, Lena Knilli, Sebastian K\u00f6pcke &amp; Volker Weinhold, Edgar Lissel, Alois Mosbacher, Anton Petz, Michael Pisk, Wendelin Pressl, Hannes Priesch, Gerwald Rockenschaub, Kurt Ryslavy, Hubert Schmalix, Ernst Schmid, Deborah Sengl, Gabriele Sturm, Suvat, Erwin Wurm, Fabio Zolly.<\/p>\n<\/div>\n<\/div>\n                    \n                            <\/div>\n        \n            <\/div>\n<\/div>\n\n<\/section>","protected":false},"excerpt":{"rendered":"","protected":false},"author":7,"featured_media":0,"parent":5864,"menu_order":14,"comment_status":"closed","ping_status":"closed","template":"","meta":{"_acf_changed":false,"footnotes":""},"categories":[73],"class_list":["post-6488","page","type-page","status-publish","hentry","category-ausstellungsrueckblick"],"acf":[],"yoast_head":"<!-- This site is optimized with the Yoast SEO Premium plugin v26.0 (Yoast SEO v26.8) - https:\/\/yoast.com\/product\/yoast-seo-premium-wordpress\/ -->\n<title>Zum Fressen Gern - Stift Admont<\/title>\n<meta name=\"robots\" content=\"index, follow, max-snippet:-1, max-image-preview:large, max-video-preview:-1\" \/>\n<link rel=\"canonical\" href=\"https:\/\/stiftadmont.at\/es\/museo\/resena-de-la-exposicion\/para-comer\/\" \/>\n<meta property=\"og:locale\" content=\"es_ES\" \/>\n<meta property=\"og:type\" content=\"article\" \/>\n<meta property=\"og:title\" content=\"Zum Fressen Gern\" \/>\n<meta property=\"og:url\" content=\"https:\/\/stiftadmont.at\/es\/museo\/resena-de-la-exposicion\/para-comer\/\" \/>\n<meta property=\"og:site_name\" content=\"Stift Admont\" \/>\n<meta property=\"article:modified_time\" content=\"2023-12-08T17:18:03+00:00\" \/>\n<meta property=\"og:image\" content=\"https:\/\/stiftadmont.at\/wp-content\/uploads\/Klosteranlage-innen.jpg\" \/>\n\t<meta property=\"og:image:width\" content=\"1912\" \/>\n\t<meta property=\"og:image:height\" content=\"1188\" \/>\n\t<meta property=\"og:image:type\" content=\"image\/jpeg\" \/>\n<meta name=\"twitter:card\" content=\"summary_large_image\" \/>\n<script type=\"application\/ld+json\" class=\"yoast-schema-graph\">{\"@context\":\"https:\/\/schema.org\",\"@graph\":[{\"@type\":\"WebPage\",\"@id\":\"https:\/\/stiftadmont.at\/museum\/ausstellungsrueckblick\/zum-fressen-gern\/\",\"url\":\"https:\/\/stiftadmont.at\/museum\/ausstellungsrueckblick\/zum-fressen-gern\/\",\"name\":\"Zum Fressen Gern - Stift Admont\",\"isPartOf\":{\"@id\":\"https:\/\/stiftadmont.at\/#website\"},\"datePublished\":\"2021-09-29T14:41:51+00:00\",\"dateModified\":\"2023-12-08T17:18:03+00:00\",\"breadcrumb\":{\"@id\":\"https:\/\/stiftadmont.at\/museum\/ausstellungsrueckblick\/zum-fressen-gern\/#breadcrumb\"},\"inLanguage\":\"es\",\"potentialAction\":[{\"@type\":\"ReadAction\",\"target\":[\"https:\/\/stiftadmont.at\/museum\/ausstellungsrueckblick\/zum-fressen-gern\/\"]}]},{\"@type\":\"BreadcrumbList\",\"@id\":\"https:\/\/stiftadmont.at\/museum\/ausstellungsrueckblick\/zum-fressen-gern\/#breadcrumb\",\"itemListElement\":[{\"@type\":\"ListItem\",\"position\":1,\"name\":\"Start\",\"item\":\"https:\/\/stiftadmont.at\/\"},{\"@type\":\"ListItem\",\"position\":2,\"name\":\"Museum Stift Admont\",\"item\":\"https:\/\/stiftadmont.at\/museum\/\"},{\"@type\":\"ListItem\",\"position\":3,\"name\":\"Ausstellungsr\u00fcckblick\",\"item\":\"https:\/\/stiftadmont.at\/museum\/ausstellungsrueckblick\/\"},{\"@type\":\"ListItem\",\"position\":4,\"name\":\"Zum Fressen Gern\"}]},{\"@type\":\"WebSite\",\"@id\":\"https:\/\/stiftadmont.at\/#website\",\"url\":\"https:\/\/stiftadmont.at\/\",\"name\":\"Stift Admont\",\"description\":\"Benediktinerkloster und Sehensw\u00fcrdigkeit im Ges\u00e4use\",\"potentialAction\":[{\"@type\":\"SearchAction\",\"target\":{\"@type\":\"EntryPoint\",\"urlTemplate\":\"https:\/\/stiftadmont.at\/?s={search_term_string}\"},\"query-input\":{\"@type\":\"PropertyValueSpecification\",\"valueRequired\":true,\"valueName\":\"search_term_string\"}}],\"inLanguage\":\"es\"}]}<\/script>\n<!-- \/ Yoast SEO Premium plugin. -->","yoast_head_json":{"title":"Zum Fressen Gern - Abad\u00eda de Admont","robots":{"index":"index","follow":"follow","max-snippet":"max-snippet:-1","max-image-preview":"max-image-preview:large","max-video-preview":"max-video-preview:-1"},"canonical":"https:\/\/stiftadmont.at\/es\/museo\/resena-de-la-exposicion\/para-comer\/","og_locale":"es_ES","og_type":"article","og_title":"Zum Fressen Gern","og_url":"https:\/\/stiftadmont.at\/es\/museo\/resena-de-la-exposicion\/para-comer\/","og_site_name":"Stift Admont","article_modified_time":"2023-12-08T17:18:03+00:00","og_image":[{"width":1912,"height":1188,"url":"https:\/\/stiftadmont.at\/wp-content\/uploads\/Klosteranlage-innen.jpg","type":"image\/jpeg"}],"twitter_card":"summary_large_image","schema":{"@context":"https:\/\/schema.org","@graph":[{"@type":"WebPage","@id":"https:\/\/stiftadmont.at\/museum\/ausstellungsrueckblick\/zum-fressen-gern\/","url":"https:\/\/stiftadmont.at\/museum\/ausstellungsrueckblick\/zum-fressen-gern\/","name":"Zum Fressen Gern - Abad\u00eda de Admont","isPartOf":{"@id":"https:\/\/stiftadmont.at\/#website"},"datePublished":"2021-09-29T14:41:51+00:00","dateModified":"2023-12-08T17:18:03+00:00","breadcrumb":{"@id":"https:\/\/stiftadmont.at\/museum\/ausstellungsrueckblick\/zum-fressen-gern\/#breadcrumb"},"inLanguage":"es","potentialAction":[{"@type":"ReadAction","target":["https:\/\/stiftadmont.at\/museum\/ausstellungsrueckblick\/zum-fressen-gern\/"]}]},{"@type":"BreadcrumbList","@id":"https:\/\/stiftadmont.at\/museum\/ausstellungsrueckblick\/zum-fressen-gern\/#breadcrumb","itemListElement":[{"@type":"ListItem","position":1,"name":"Start","item":"https:\/\/stiftadmont.at\/"},{"@type":"ListItem","position":2,"name":"Museum Stift Admont","item":"https:\/\/stiftadmont.at\/museum\/"},{"@type":"ListItem","position":3,"name":"Ausstellungsr\u00fcckblick","item":"https:\/\/stiftadmont.at\/museum\/ausstellungsrueckblick\/"},{"@type":"ListItem","position":4,"name":"Zum Fressen Gern"}]},{"@type":"WebSite","@id":"https:\/\/stiftadmont.at\/#website","url":"https:\/\/stiftadmont.at\/","name":"Abad\u00eda de Admont","description":"Monasterio benedictino y atracci\u00f3n tur\u00edstica en el Ges\u00e4use","potentialAction":[{"@type":"SearchAction","target":{"@type":"EntryPoint","urlTemplate":"https:\/\/stiftadmont.at\/?s={search_term_string}"},"query-input":{"@type":"PropertyValueSpecification","valueRequired":true,"valueName":"search_term_string"}}],"inLanguage":"es"}]}},"_links":{"self":[{"href":"https:\/\/stiftadmont.at\/es\/wp-json\/wp\/v2\/pages\/6488","targetHints":{"allow":["GET"]}}],"collection":[{"href":"https:\/\/stiftadmont.at\/es\/wp-json\/wp\/v2\/pages"}],"about":[{"href":"https:\/\/stiftadmont.at\/es\/wp-json\/wp\/v2\/types\/page"}],"author":[{"embeddable":true,"href":"https:\/\/stiftadmont.at\/es\/wp-json\/wp\/v2\/users\/7"}],"replies":[{"embeddable":true,"href":"https:\/\/stiftadmont.at\/es\/wp-json\/wp\/v2\/comments?post=6488"}],"version-history":[{"count":28,"href":"https:\/\/stiftadmont.at\/es\/wp-json\/wp\/v2\/pages\/6488\/revisions"}],"predecessor-version":[{"id":24256,"href":"https:\/\/stiftadmont.at\/es\/wp-json\/wp\/v2\/pages\/6488\/revisions\/24256"}],"up":[{"embeddable":true,"href":"https:\/\/stiftadmont.at\/es\/wp-json\/wp\/v2\/pages\/5864"}],"wp:attachment":[{"href":"https:\/\/stiftadmont.at\/es\/wp-json\/wp\/v2\/media?parent=6488"}],"wp:term":[{"taxonomy":"category","embeddable":true,"href":"https:\/\/stiftadmont.at\/es\/wp-json\/wp\/v2\/categories?post=6488"}],"curies":[{"name":"wp","href":"https:\/\/api.w.org\/{rel}","templated":true}]}}