{"id":13034,"date":"2022-06-09T17:32:49","date_gmt":"2022-06-09T15:32:49","guid":{"rendered":"https:\/\/stiftadmont.at\/?page_id=13034"},"modified":"2023-08-16T14:36:14","modified_gmt":"2023-08-16T12:36:14","slug":"fait-pour-admont","status":"publish","type":"page","link":"https:\/\/stiftadmont.at\/fr\/made-for-admont\/","title":{"rendered":"Made for Admont"},"content":{"rendered":"<section id='lightpress__section--block_610162fbc1ee2' class='lightpress__section--default-section-space lightpress__section lightpress__section--content'><div class=\"content__inner\"\n        id=\"madeforadmont\" x-init=\"initContentBlockAnim($el)\">\n        \n    <div class=\"content__grid content__grid--fifty-fifty\">\n                                            <div class=\"content__box content__box\"\n                 style=\"\">\n                                \n                \n                                        <div class=\"content__media stickyTo\" x-init=\"imageSticky($el)\">\n\n                                                                                                <picture\n                                class=\"content__image sticky\">\n                            <source srcset=\"https:\/\/stiftadmont.at\/wp-content\/uploads\/FB20-Lois-Renner-763x1024.jpg\"\n                                    type=\"image\/webp\">\n                            <source srcset=\"https:\/\/stiftadmont.at\/wp-content\/uploads\/FB20-Lois-Renner-763x1024.jpg\"\n                                    type=\"image\/jpeg\">\n                            <img decoding=\"async\" loading=\"lazy\" src=\"https:\/\/stiftadmont.at\/wp-content\/uploads\/FB20-Lois-Renner-763x1024.jpg\" alt=\"FB20 Lois Renner\" width=\"600\" height=\"450\" \/>\n                                                                                                            <\/picture>\n\n                    <\/div>\n\n                            <\/div>\n        \n                                                    <div class=\"content__box content__box--2\"\n                     >\n                                        \n                    \n                                                    <div class=\"prose\"><h3 class=\"heading-xl line line--red\">Naissance de Made for Admont<\/h3>\n<p class=\"paragraph-m\">En 2000, donc avant l'ouverture du nouveau mus\u00e9e, Lois Renner, alors \"le peintre le plus moderne d'Autriche\", a \u00e9t\u00e9 invit\u00e9 comme premier \"artist in residence\" \u00e0 l'abbaye d'Admont. On peut tout \u00e0 fait parler d'une situation de laboratoire exp\u00e9rimental. Renner a install\u00e9 sa maquette \"Festung\" (forteresse) - une r\u00e9plique \u00e0 l'\u00e9chelle 1\/10 de son studio d'artiste - qui se trouve aujourd'hui dans la collection de l'abbaye. Il l'a document\u00e9 dans son nouvel environnement et l'a fait dialoguer de mani\u00e8re contrast\u00e9e avec la biblioth\u00e8que de l'abbaye et ses \u00e9crits, avec les \u0153uvres du sculpteur Josef Stammel et avec les \u0153uvres d'art du d\u00e9p\u00f4t. Le r\u00e9sultat de ce dialogue de plusieurs semaines entre des mondes diff\u00e9rents et leurs r\u00e9actions r\u00e9ciproques a \u00e9t\u00e9 une s\u00e9rie d'\u0153uvres d'art dans laquelle deux contraires pas si facilement conciliables ont fusionn\u00e9 de mani\u00e8re constructive en un nouvel ensemble.<\/p>\n<p class=\"paragraph-m\">C'est ainsi qu'est n\u00e9e la fili\u00e8re MADE FOR ADMONT. Par la suite, des artistes ont \u00e9t\u00e9 et sont r\u00e9guli\u00e8rement invit\u00e9s \u00e0 cr\u00e9er de nouvelles \u0153uvres pour la collection. Dans certains cas, les moines d'Admont ont agi comme \"mod\u00e8les\" (par exemple pour Judith Huemer, Erwin Wurm, Konrad Rainer).<\/p>\n<\/div>\n                        \n                                    <\/div>\n            \n            <\/div>\n<\/div>\n\n<\/section>","protected":false},"excerpt":{"rendered":"","protected":false},"author":7,"featured_media":0,"parent":0,"menu_order":78,"comment_status":"closed","ping_status":"closed","template":"","meta":{"_acf_changed":false,"footnotes":""},"categories":[],"class_list":["post-13034","page","type-page","status-publish","hentry"],"acf":[],"yoast_head":"<!-- This site is optimized with the Yoast SEO Premium plugin v26.0 (Yoast SEO v26.8) - https:\/\/yoast.com\/product\/yoast-seo-premium-wordpress\/ -->\n<title>Made for Admont - Stift Admont<\/title>\n<meta name=\"robots\" content=\"index, follow, max-snippet:-1, max-image-preview:large, max-video-preview:-1\" \/>\n<link rel=\"canonical\" href=\"https:\/\/stiftadmont.at\/fr\/fait-pour-admont\/\" \/>\n<meta property=\"og:locale\" content=\"fr_FR\" \/>\n<meta property=\"og:type\" content=\"article\" \/>\n<meta property=\"og:title\" content=\"Made for Admont\" \/>\n<meta property=\"og:url\" content=\"https:\/\/stiftadmont.at\/fr\/fait-pour-admont\/\" \/>\n<meta property=\"og:site_name\" content=\"Stift Admont\" \/>\n<meta property=\"article:modified_time\" content=\"2023-08-16T12:36:14+00:00\" \/>\n<meta property=\"og:image\" content=\"https:\/\/stiftadmont.at\/wp-content\/uploads\/Klosteranlage-innen.jpg\" \/>\n\t<meta property=\"og:image:width\" content=\"1912\" \/>\n\t<meta property=\"og:image:height\" content=\"1188\" \/>\n\t<meta property=\"og:image:type\" content=\"image\/jpeg\" \/>\n<meta name=\"twitter:card\" content=\"summary_large_image\" \/>\n<script type=\"application\/ld+json\" class=\"yoast-schema-graph\">{\"@context\":\"https:\/\/schema.org\",\"@graph\":[{\"@type\":\"WebPage\",\"@id\":\"https:\/\/stiftadmont.at\/made-for-admont\/\",\"url\":\"https:\/\/stiftadmont.at\/made-for-admont\/\",\"name\":\"Made for Admont - Stift Admont\",\"isPartOf\":{\"@id\":\"https:\/\/stiftadmont.at\/#website\"},\"datePublished\":\"2022-06-09T15:32:49+00:00\",\"dateModified\":\"2023-08-16T12:36:14+00:00\",\"breadcrumb\":{\"@id\":\"https:\/\/stiftadmont.at\/made-for-admont\/#breadcrumb\"},\"inLanguage\":\"fr-FR\",\"potentialAction\":[{\"@type\":\"ReadAction\",\"target\":[\"https:\/\/stiftadmont.at\/made-for-admont\/\"]}]},{\"@type\":\"BreadcrumbList\",\"@id\":\"https:\/\/stiftadmont.at\/made-for-admont\/#breadcrumb\",\"itemListElement\":[{\"@type\":\"ListItem\",\"position\":1,\"name\":\"Start\",\"item\":\"https:\/\/stiftadmont.at\/\"},{\"@type\":\"ListItem\",\"position\":2,\"name\":\"Made for Admont\"}]},{\"@type\":\"WebSite\",\"@id\":\"https:\/\/stiftadmont.at\/#website\",\"url\":\"https:\/\/stiftadmont.at\/\",\"name\":\"Stift Admont\",\"description\":\"Benediktinerkloster und Sehensw\u00fcrdigkeit im Ges\u00e4use\",\"potentialAction\":[{\"@type\":\"SearchAction\",\"target\":{\"@type\":\"EntryPoint\",\"urlTemplate\":\"https:\/\/stiftadmont.at\/?s={search_term_string}\"},\"query-input\":{\"@type\":\"PropertyValueSpecification\",\"valueRequired\":true,\"valueName\":\"search_term_string\"}}],\"inLanguage\":\"fr-FR\"}]}<\/script>\n<!-- \/ Yoast SEO Premium plugin. -->","yoast_head_json":{"title":"Made for Admont - L'abbaye d'Admont","robots":{"index":"index","follow":"follow","max-snippet":"max-snippet:-1","max-image-preview":"max-image-preview:large","max-video-preview":"max-video-preview:-1"},"canonical":"https:\/\/stiftadmont.at\/fr\/fait-pour-admont\/","og_locale":"fr_FR","og_type":"article","og_title":"Made for Admont","og_url":"https:\/\/stiftadmont.at\/fr\/fait-pour-admont\/","og_site_name":"Stift Admont","article_modified_time":"2023-08-16T12:36:14+00:00","og_image":[{"width":1912,"height":1188,"url":"https:\/\/stiftadmont.at\/wp-content\/uploads\/Klosteranlage-innen.jpg","type":"image\/jpeg"}],"twitter_card":"summary_large_image","schema":{"@context":"https:\/\/schema.org","@graph":[{"@type":"WebPage","@id":"https:\/\/stiftadmont.at\/made-for-admont\/","url":"https:\/\/stiftadmont.at\/made-for-admont\/","name":"Made for Admont - L'abbaye d'Admont","isPartOf":{"@id":"https:\/\/stiftadmont.at\/#website"},"datePublished":"2022-06-09T15:32:49+00:00","dateModified":"2023-08-16T12:36:14+00:00","breadcrumb":{"@id":"https:\/\/stiftadmont.at\/made-for-admont\/#breadcrumb"},"inLanguage":"fr-FR","potentialAction":[{"@type":"ReadAction","target":["https:\/\/stiftadmont.at\/made-for-admont\/"]}]},{"@type":"BreadcrumbList","@id":"https:\/\/stiftadmont.at\/made-for-admont\/#breadcrumb","itemListElement":[{"@type":"ListItem","position":1,"name":"Start","item":"https:\/\/stiftadmont.at\/"},{"@type":"ListItem","position":2,"name":"Made for Admont"}]},{"@type":"WebSite","@id":"https:\/\/stiftadmont.at\/#website","url":"https:\/\/stiftadmont.at\/","name":"Abbaye d'Admont","description":"Monast\u00e8re b\u00e9n\u00e9dictin et attraction touristique dans le Ges\u00e4use","potentialAction":[{"@type":"SearchAction","target":{"@type":"EntryPoint","urlTemplate":"https:\/\/stiftadmont.at\/?s={search_term_string}"},"query-input":{"@type":"PropertyValueSpecification","valueRequired":true,"valueName":"search_term_string"}}],"inLanguage":"fr-FR"}]}},"_links":{"self":[{"href":"https:\/\/stiftadmont.at\/fr\/wp-json\/wp\/v2\/pages\/13034","targetHints":{"allow":["GET"]}}],"collection":[{"href":"https:\/\/stiftadmont.at\/fr\/wp-json\/wp\/v2\/pages"}],"about":[{"href":"https:\/\/stiftadmont.at\/fr\/wp-json\/wp\/v2\/types\/page"}],"author":[{"embeddable":true,"href":"https:\/\/stiftadmont.at\/fr\/wp-json\/wp\/v2\/users\/7"}],"replies":[{"embeddable":true,"href":"https:\/\/stiftadmont.at\/fr\/wp-json\/wp\/v2\/comments?post=13034"}],"version-history":[{"count":3,"href":"https:\/\/stiftadmont.at\/fr\/wp-json\/wp\/v2\/pages\/13034\/revisions"}],"predecessor-version":[{"id":13037,"href":"https:\/\/stiftadmont.at\/fr\/wp-json\/wp\/v2\/pages\/13034\/revisions\/13037"}],"wp:attachment":[{"href":"https:\/\/stiftadmont.at\/fr\/wp-json\/wp\/v2\/media?parent=13034"}],"wp:term":[{"taxonomy":"category","embeddable":true,"href":"https:\/\/stiftadmont.at\/fr\/wp-json\/wp\/v2\/categories?post=13034"}],"curies":[{"name":"wp","href":"https:\/\/api.w.org\/{rel}","templated":true}]}}