{"id":20245,"date":"2023-09-22T10:58:21","date_gmt":"2023-09-22T08:58:21","guid":{"rendered":"https:\/\/stiftadmont.at\/?page_id=20245"},"modified":"2025-08-28T13:30:03","modified_gmt":"2025-08-28T11:30:03","slug":"gaertnerei","status":"publish","type":"page","link":"https:\/\/stiftadmont.at\/fr\/stiftsgaertnerei-blumen-und-wein\/gaertnerei\/","title":{"rendered":"Entreprise horticole"},"content":{"rendered":"<section id='lightpress__section--block_3daa0f5d7090873ee770dd81975ceb94' class='align-center lightpress__section--default-section-space lightpress__section lightpress__section--headline'><div class=\"headline__container\">\n            <h2 class=\"headline text--40 text-medium line line--gold line-above line-middle\">La p\u00e9pini\u00e8re de l'abbaye b\u00e9n\u00e9dictine d'Admont<\/h2>\n        <p class=\"text-center text-gold text--20 text-medium text--uppercase\">\u00c9lev\u00e9s \u00e0 Admont et produits r\u00e9gionaux issus de l'agriculture durable<\/p>\n        <div class=\"spacer--40\"><\/div>\n<\/div>\n\n<\/section>\n\n<section id='lightpress__section--block_f277b38e3e30cdc82434036d00ad85d8' class='bg--beige lightpress__section--colored-bg lightpress__section--default-section-space lightpress__section lightpress__section--content'><div class=\"content__inner\"\n         x-init=\"initContentBlockAnim($el)\">\n        \n    <div class=\"content__grid content__grid--fifty-fifty\">\n                                            <div class=\"content__box content__box\"\n                 style=\"\">\n                                \n                \n                                        <div class=\"content__media stickyTo\" x-init=\"imageSticky($el)\">\n\n                                                                                                <picture\n                                class=\"content__image sticky\">\n                            <source srcset=\"https:\/\/stiftadmont.at\/wp-content\/uploads\/Gaertnerei-8-1024x683.jpg\"\n                                    type=\"image\/webp\">\n                            <source srcset=\"https:\/\/stiftadmont.at\/wp-content\/uploads\/Gaertnerei-8-1024x683.jpg\"\n                                    type=\"image\/jpeg\">\n                            <img decoding=\"async\" loading=\"lazy\"\n                                 src=\"https:\/\/stiftadmont.at\/wp-content\/uploads\/Gaertnerei-8-1024x683.jpg\"\n                                 alt=\"Jardinage 2022\" width=\"600\" height=\"450\">\n                                                                                                            <\/picture>\n\n                    <\/div>\n\n                            <\/div>\n        \n                                                    <div class=\"content__box content__box--2\"\n                     >\n                                        \n                    \n                                                    <div class=\"prose\"><h5 class=\"heading-m line line-above line--gold\" data-start=\"0\" data-end=\"66\"><strong data-start=\"3\" data-end=\"63\">Jardinage de l'abbaye d'Admont - Nature. La qualit\u00e9. R\u00e9gional.<\/strong>\u00a0<\/h5>\n<p data-start=\"0\" data-end=\"66\">\u00a0<\/p>\n<p data-start=\"68\" data-end=\"316\">Le printemps est dans l'air - et chez nous, les id\u00e9es pour votre jardin poussent ! Dans notre <strong data-start=\"156\" data-end=\"181\">notre propre p\u00e9pini\u00e8re<\/strong> vous recevez de <strong data-start=\"199\" data-end=\"224\">d'avril \u00e0 d\u00e9but juillet<\/strong> Des plantes de notre propre \u00e9levage, cultiv\u00e9es avec soin, avec beaucoup de savoir-faire et d'amour pour la nature.<\/p>\n<p data-start=\"68\" data-end=\"316\">\u00a0<\/p>\n<p data-start=\"318\" data-end=\"591\"><strong data-start=\"318\" data-end=\"362\">Notre assortiment pour votre main verte :<\/strong><\/p>\n<ul>\n<li data-start=\"318\" data-end=\"591\">Des fleurs de balcon et d'\u00e9t\u00e9 aux couleurs \u00e9clatantes<\/li>\n<li data-start=\"318\" data-end=\"591\">Herbes odorantes &amp; \u00e9pices aromatiques<\/li>\n<li data-start=\"318\" data-end=\"591\">Des arbres fruitiers robustes pour votre jardin<\/li>\n<li data-start=\"318\" data-end=\"591\">Des plantes r\u00e9sistantes \u00e0 l'hiver pour un plaisir de jardinage durable<\/li>\n<li data-start=\"318\" data-end=\"591\">Et bien d'autres choses encore sur le th\u00e8me du bonheur au jardin !<\/li>\n<\/ul>\n<p data-start=\"593\" data-end=\"752\" data-is-last-node=\"\" data-is-only-node=\"\">\u00a0<\/p>\n<p data-start=\"593\" data-end=\"752\" data-is-last-node=\"\" data-is-only-node=\"\">D\u00e9couvrez chez nous <strong data-start=\"615\" data-end=\"648\">la meilleure qualit\u00e9 de la r\u00e9gion<\/strong> - durable, frais et avec des conseils personnalis\u00e9s.<\/p>\n<p data-start=\"593\" data-end=\"752\" data-is-last-node=\"\" data-is-only-node=\"\">\u00a0<\/p>\n<p data-start=\"593\" data-end=\"752\" data-is-last-node=\"\" data-is-only-node=\"\"><strong data-start=\"701\" data-end=\"752\" data-is-last-node=\"\">Passez nous voir - vos plantes vous attendent d\u00e9j\u00e0 !<\/strong><\/p>\n<\/div>\n                        \n                                    <\/div>\n            \n            <\/div>\n<\/div>\n\n    <div class=\"background__container background__container--beige\">\n    <\/div>\n\n<\/section>\n\n<section id='lightpress__section--block_7b1daee39ceffdb180a998c2baa1a5a9' class='lightpress__section--more-links--950 lightpress__section--full-width lightpress__section--default-section-space lightpress__section lightpress__section--more-links'><div class=\"more\" x-init=\"initMoreLinksBlockAnim($el)\">\n            <style>\n            #lightpress__section--block_7b1daee39ceffdb180a998c2baa1a5a9 .more {\n                --entry-width: calc(100% \/ 4 - var(--grid-gap) * 4);\n                grid-template-columns: repeat(auto-fit, minmax(max(var(--entry-width),50rem), 1fr));\n            }\n        <\/style>\n    \n                    <a class=\"more__link\" href=\"https:\/\/stiftadmont.at\/fr\/stiftsgaertnerei-fleurs-et-vin\/gaertnerei\/fleurs-de-balcon\/\">\n            <div class=\"more__media\">\n                                    <picture class=\"more__image\">\n                        <source srcset=\"https:\/\/stiftadmont.at\/wp-content\/uploads\/Gaertnerei-Thomas-Sattler2-1024x678.webp\" type=\"image\/webp\">\n                        <source srcset=\"https:\/\/stiftadmont.at\/wp-content\/uploads\/Gaertnerei-Thomas-Sattler2-1024x678.jpg\" type=\"image\/jpeg\">\n                        <img decoding=\"async\" loading=\"lazy\" src=\"https:\/\/stiftadmont.at\/wp-content\/uploads\/Gaertnerei-Thomas-Sattler2-1024x678.png\" alt=\"Jardinage Thomas Sattler\" \/>\n                    <\/picture>\n                            <\/div>\n            <div class=\"more__content\">\n                <div class=\"more__title--container\">\n                                            \n                                                                            \n                        <p class=\"text-bold text-white text--serif text--26\">Fleurs de balcon<\/p>\n                                                            <\/div>\n                                    <div class=\"more__cta\">\n                        <i class=\"fa-thin fa-chevron-right\"><\/i>\n                    <\/div>\n                            <\/div>\n        <\/a>\n                    <a class=\"more__link\" href=\"https:\/\/stiftadmont.at\/fr\/stiftsgaertnerei-fleurs-et-vin\/gaertnerei\/arbres-arbustes-haies\/\">\n            <div class=\"more__media\">\n                                    <picture class=\"more__image\">\n                        <source srcset=\"https:\/\/stiftadmont.at\/wp-content\/uploads\/Baeume_Streucher_Hecken_Gaertnerei.webp\" type=\"image\/webp\">\n                        <source srcset=\"https:\/\/stiftadmont.at\/wp-content\/uploads\/Baeume_Streucher_Hecken_Gaertnerei.jpg\" type=\"image\/jpeg\">\n                        <img decoding=\"async\" loading=\"lazy\" src=\"https:\/\/stiftadmont.at\/wp-content\/uploads\/Baeume_Streucher_Hecken_Gaertnerei.jpg\" alt=\"Arbres Arbustes Haies Jardinage\" \/>\n                    <\/picture>\n                            <\/div>\n            <div class=\"more__content\">\n                <div class=\"more__title--container\">\n                                            \n                                                                            \n                        <p class=\"text-bold text-white text--serif text--26\">Arbres, arbustes, haies<\/p>\n                                                            <\/div>\n                                    <div class=\"more__cta\">\n                        <i class=\"fa-thin fa-chevron-right\"><\/i>\n                    <\/div>\n                            <\/div>\n        <\/a>\n                    <a class=\"more__link\" href=\"https:\/\/stiftadmont.at\/fr\/stiftsgaertnerei-fleurs-et-vin\/gaertnerei\/herbes-et-plants\/\">\n            <div class=\"more__media\">\n                                    <picture class=\"more__image\">\n                        <source srcset=\"https:\/\/stiftadmont.at\/wp-content\/uploads\/Gaertnerei-Thomas-Sattler_Kraeuter-1024x664.webp\" type=\"image\/webp\">\n                        <source srcset=\"https:\/\/stiftadmont.at\/wp-content\/uploads\/Gaertnerei-Thomas-Sattler_Kraeuter-1024x664.jpg\" type=\"image\/jpeg\">\n                        <img decoding=\"async\" loading=\"lazy\" src=\"https:\/\/stiftadmont.at\/wp-content\/uploads\/Gaertnerei-Thomas-Sattler_Kraeuter-1024x664.png\" alt=\"Horticulture Thomas Sattler Herbes aromatiques\" \/>\n                    <\/picture>\n                            <\/div>\n            <div class=\"more__content\">\n                <div class=\"more__title--container\">\n                                            \n                                                                            \n                        <p class=\"text-bold text-white text--serif text--26\">Herbes et plants<\/p>\n                                                            <\/div>\n                                    <div class=\"more__cta\">\n                        <i class=\"fa-thin fa-chevron-right\"><\/i>\n                    <\/div>\n                            <\/div>\n        <\/a>\n                    <a class=\"more__link\" href=\"https:\/\/stiftadmont.at\/fr\/stiftsgaertnerei-fleurs-et-vin\/gaertnerei\/des-mouchards-travaillent-ici\/\">\n            <div class=\"more__media\">\n                                    <picture class=\"more__image\">\n                        <source srcset=\"https:\/\/stiftadmont.at\/wp-content\/uploads\/Gaertnerei-14-1024x683.webp\" type=\"image\/webp\">\n                        <source srcset=\"https:\/\/stiftadmont.at\/wp-content\/uploads\/Gaertnerei-14-1024x683.jpg\" type=\"image\/jpeg\">\n                        <img decoding=\"async\" loading=\"lazy\" src=\"https:\/\/stiftadmont.at\/wp-content\/uploads\/Gaertnerei-14-1024x683.jpg\"\n                             alt=\"Jardinage 2022\" >\n                    <\/picture>\n                            <\/div>\n            <div class=\"more__content\">\n                <div class=\"more__title--container\">\n                                            \n                                                                            \n                        <p class=\"text-bold text-white text--serif text--26\">Insectes utiles<\/p>\n                                                            <\/div>\n                                    <div class=\"more__cta\">\n                        <i class=\"fa-thin fa-chevron-right\"><\/i>\n                    <\/div>\n                            <\/div>\n        <\/a>\n                    <a class=\"more__link\" href=\"https:\/\/stiftadmont.at\/fr\/stiftsgaertnerei-fleurs-et-vin\/gaertnerei\/a-grandi-a-admont\/\">\n            <div class=\"more__media\">\n                                    <picture class=\"more__image\">\n                        <source srcset=\"https:\/\/stiftadmont.at\/wp-content\/uploads\/Blumen_@Thomas-Sattler-11-1024x683.webp\" type=\"image\/webp\">\n                        <source srcset=\"https:\/\/stiftadmont.at\/wp-content\/uploads\/Blumen_@Thomas-Sattler-11-1024x683.jpg\" type=\"image\/jpeg\">\n                        <img decoding=\"async\" loading=\"lazy\" src=\"https:\/\/stiftadmont.at\/wp-content\/uploads\/Blumen_@Thomas-Sattler-11-1024x683.jpg\"\n                             alt=\"Fleurs @Thomas Sattler 11 scaled\" >\n                    <\/picture>\n                            <\/div>\n            <div class=\"more__content\">\n                <div class=\"more__title--container\">\n                                            \n                                                                            \n                        <p class=\"text-bold text-white text--serif text--26\">A grandi \u00e0 Admont<\/p>\n                                                            <\/div>\n                                    <div class=\"more__cta\">\n                        <i class=\"fa-thin fa-chevron-right\"><\/i>\n                    <\/div>\n                            <\/div>\n        <\/a>\n    \n<\/div>\n\n<\/section>","protected":false},"excerpt":{"rendered":"","protected":false},"author":20,"featured_media":0,"parent":515,"menu_order":0,"comment_status":"closed","ping_status":"closed","template":"","meta":{"_acf_changed":false,"footnotes":""},"categories":[],"class_list":["post-20245","page","type-page","status-publish","hentry"],"acf":[],"yoast_head":"<!-- This site is optimized with the Yoast SEO Premium plugin v26.0 (Yoast SEO v26.8) - https:\/\/yoast.com\/product\/yoast-seo-premium-wordpress\/ -->\n<title>G\u00e4rtnerei - Stift Admont<\/title>\n<meta name=\"robots\" content=\"index, follow, max-snippet:-1, max-image-preview:large, max-video-preview:-1\" \/>\n<link rel=\"canonical\" href=\"https:\/\/stiftadmont.at\/fr\/stiftsgaertnerei-fleurs-et-vin\/gaertnerei\/\" \/>\n<meta property=\"og:locale\" content=\"fr_FR\" \/>\n<meta property=\"og:type\" content=\"article\" \/>\n<meta property=\"og:title\" content=\"G\u00e4rtnerei\" \/>\n<meta property=\"og:url\" content=\"https:\/\/stiftadmont.at\/fr\/stiftsgaertnerei-fleurs-et-vin\/gaertnerei\/\" \/>\n<meta property=\"og:site_name\" content=\"Stift Admont\" \/>\n<meta property=\"article:modified_time\" content=\"2025-08-28T11:30:03+00:00\" \/>\n<meta property=\"og:image\" content=\"https:\/\/stiftadmont.at\/wp-content\/uploads\/Klosteranlage-innen.jpg\" \/>\n\t<meta property=\"og:image:width\" content=\"1912\" \/>\n\t<meta property=\"og:image:height\" content=\"1188\" \/>\n\t<meta property=\"og:image:type\" content=\"image\/jpeg\" \/>\n<meta name=\"twitter:card\" content=\"summary_large_image\" \/>\n<script type=\"application\/ld+json\" class=\"yoast-schema-graph\">{\"@context\":\"https:\/\/schema.org\",\"@graph\":[{\"@type\":\"WebPage\",\"@id\":\"https:\/\/stiftadmont.at\/stiftsgaertnerei-blumen-und-wein\/gaertnerei\/\",\"url\":\"https:\/\/stiftadmont.at\/stiftsgaertnerei-blumen-und-wein\/gaertnerei\/\",\"name\":\"G\u00e4rtnerei - Stift Admont\",\"isPartOf\":{\"@id\":\"https:\/\/stiftadmont.at\/#website\"},\"datePublished\":\"2023-09-22T08:58:21+00:00\",\"dateModified\":\"2025-08-28T11:30:03+00:00\",\"breadcrumb\":{\"@id\":\"https:\/\/stiftadmont.at\/stiftsgaertnerei-blumen-und-wein\/gaertnerei\/#breadcrumb\"},\"inLanguage\":\"fr-FR\",\"potentialAction\":[{\"@type\":\"ReadAction\",\"target\":[\"https:\/\/stiftadmont.at\/stiftsgaertnerei-blumen-und-wein\/gaertnerei\/\"]}]},{\"@type\":\"BreadcrumbList\",\"@id\":\"https:\/\/stiftadmont.at\/stiftsgaertnerei-blumen-und-wein\/gaertnerei\/#breadcrumb\",\"itemListElement\":[{\"@type\":\"ListItem\",\"position\":1,\"name\":\"Start\",\"item\":\"https:\/\/stiftadmont.at\/\"},{\"@type\":\"ListItem\",\"position\":2,\"name\":\"Stiftsg\u00e4rtnerei Blumen und Wein\",\"item\":\"https:\/\/stiftadmont.at\/stiftsgaertnerei-blumen-und-wein\/\"},{\"@type\":\"ListItem\",\"position\":3,\"name\":\"G\u00e4rtnerei\"}]},{\"@type\":\"WebSite\",\"@id\":\"https:\/\/stiftadmont.at\/#website\",\"url\":\"https:\/\/stiftadmont.at\/\",\"name\":\"Stift Admont\",\"description\":\"Benediktinerkloster und Sehensw\u00fcrdigkeit im Ges\u00e4use\",\"potentialAction\":[{\"@type\":\"SearchAction\",\"target\":{\"@type\":\"EntryPoint\",\"urlTemplate\":\"https:\/\/stiftadmont.at\/?s={search_term_string}\"},\"query-input\":{\"@type\":\"PropertyValueSpecification\",\"valueRequired\":true,\"valueName\":\"search_term_string\"}}],\"inLanguage\":\"fr-FR\"}]}<\/script>\n<!-- \/ Yoast SEO Premium plugin. -->","yoast_head_json":{"title":"Jardinage - Abbaye d'Admont","robots":{"index":"index","follow":"follow","max-snippet":"max-snippet:-1","max-image-preview":"max-image-preview:large","max-video-preview":"max-video-preview:-1"},"canonical":"https:\/\/stiftadmont.at\/fr\/stiftsgaertnerei-fleurs-et-vin\/gaertnerei\/","og_locale":"fr_FR","og_type":"article","og_title":"G\u00e4rtnerei","og_url":"https:\/\/stiftadmont.at\/fr\/stiftsgaertnerei-fleurs-et-vin\/gaertnerei\/","og_site_name":"Stift Admont","article_modified_time":"2025-08-28T11:30:03+00:00","og_image":[{"width":1912,"height":1188,"url":"https:\/\/stiftadmont.at\/wp-content\/uploads\/Klosteranlage-innen.jpg","type":"image\/jpeg"}],"twitter_card":"summary_large_image","schema":{"@context":"https:\/\/schema.org","@graph":[{"@type":"WebPage","@id":"https:\/\/stiftadmont.at\/stiftsgaertnerei-blumen-und-wein\/gaertnerei\/","url":"https:\/\/stiftadmont.at\/stiftsgaertnerei-blumen-und-wein\/gaertnerei\/","name":"Jardinage - Abbaye d'Admont","isPartOf":{"@id":"https:\/\/stiftadmont.at\/#website"},"datePublished":"2023-09-22T08:58:21+00:00","dateModified":"2025-08-28T11:30:03+00:00","breadcrumb":{"@id":"https:\/\/stiftadmont.at\/stiftsgaertnerei-blumen-und-wein\/gaertnerei\/#breadcrumb"},"inLanguage":"fr-FR","potentialAction":[{"@type":"ReadAction","target":["https:\/\/stiftadmont.at\/stiftsgaertnerei-blumen-und-wein\/gaertnerei\/"]}]},{"@type":"BreadcrumbList","@id":"https:\/\/stiftadmont.at\/stiftsgaertnerei-blumen-und-wein\/gaertnerei\/#breadcrumb","itemListElement":[{"@type":"ListItem","position":1,"name":"Start","item":"https:\/\/stiftadmont.at\/"},{"@type":"ListItem","position":2,"name":"Stiftsg\u00e4rtnerei Blumen und Wein","item":"https:\/\/stiftadmont.at\/stiftsgaertnerei-blumen-und-wein\/"},{"@type":"ListItem","position":3,"name":"G\u00e4rtnerei"}]},{"@type":"WebSite","@id":"https:\/\/stiftadmont.at\/#website","url":"https:\/\/stiftadmont.at\/","name":"Abbaye d'Admont","description":"Monast\u00e8re b\u00e9n\u00e9dictin et attraction touristique dans le Ges\u00e4use","potentialAction":[{"@type":"SearchAction","target":{"@type":"EntryPoint","urlTemplate":"https:\/\/stiftadmont.at\/?s={search_term_string}"},"query-input":{"@type":"PropertyValueSpecification","valueRequired":true,"valueName":"search_term_string"}}],"inLanguage":"fr-FR"}]}},"_links":{"self":[{"href":"https:\/\/stiftadmont.at\/fr\/wp-json\/wp\/v2\/pages\/20245","targetHints":{"allow":["GET"]}}],"collection":[{"href":"https:\/\/stiftadmont.at\/fr\/wp-json\/wp\/v2\/pages"}],"about":[{"href":"https:\/\/stiftadmont.at\/fr\/wp-json\/wp\/v2\/types\/page"}],"author":[{"embeddable":true,"href":"https:\/\/stiftadmont.at\/fr\/wp-json\/wp\/v2\/users\/20"}],"replies":[{"embeddable":true,"href":"https:\/\/stiftadmont.at\/fr\/wp-json\/wp\/v2\/comments?post=20245"}],"version-history":[{"count":60,"href":"https:\/\/stiftadmont.at\/fr\/wp-json\/wp\/v2\/pages\/20245\/revisions"}],"predecessor-version":[{"id":37219,"href":"https:\/\/stiftadmont.at\/fr\/wp-json\/wp\/v2\/pages\/20245\/revisions\/37219"}],"up":[{"embeddable":true,"href":"https:\/\/stiftadmont.at\/fr\/wp-json\/wp\/v2\/pages\/515"}],"wp:attachment":[{"href":"https:\/\/stiftadmont.at\/fr\/wp-json\/wp\/v2\/media?parent=20245"}],"wp:term":[{"taxonomy":"category","embeddable":true,"href":"https:\/\/stiftadmont.at\/fr\/wp-json\/wp\/v2\/categories?post=20245"}],"curies":[{"name":"wp","href":"https:\/\/api.w.org\/{rel}","templated":true}]}}