{"id":20513,"date":"2023-09-18T13:43:26","date_gmt":"2023-09-18T11:43:26","guid":{"rendered":"https:\/\/stiftadmont.at\/?page_id=20513"},"modified":"2025-01-29T13:26:08","modified_gmt":"2025-01-29T11:26:08","slug":"arbres-arbustes-haies","status":"publish","type":"page","link":"https:\/\/stiftadmont.at\/fr\/stiftsgaertnerei-blumen-und-wein\/gaertnerei\/baeume-straeucher-hecken\/","title":{"rendered":"Arbres, arbustes, haies"},"content":{"rendered":"<section id='lightpress__section--block_719888a4f417ee4e51e229cb24f2e241' class='align-center lightpress__section--default-section-space lightpress__section lightpress__section--headline'><div class=\"headline__container\">\n            <h2 class=\"headline text--40 text-medium line line--gold line-above line-middle\">Des plantes indig\u00e8nes pour bien s'\u00e9panouir<\/h2>\n        <p class=\"text-center text-gold text--20 text-medium text--uppercase\">Qualit\u00e9 sup\u00e9rieure chez le fleuriste de l'abbaye d'Admont<\/p>\n        <div class=\"spacer--40\"><\/div>\n<\/div>\n\n<\/section>\n\n<section id='lightpress__section--block_62a209d3e76b5c6117ccb278f913881c' class='lightpress__section--default-section-space lightpress__section lightpress__section--content'><div class=\"content__inner\"\n         x-init=\"initContentBlockAnim($el)\">\n        \n    <div class=\"content__grid content__grid\">\n                                            <div class=\"content__box content__box--one-hundred\"\n                 style=\"\">\n                                \n                \n                                            <div class=\"prose\"><h5 class=\"heading-m line line-above line--gold\">Le bon arbre au bon endroit<\/h5>\n<p>\u00a0<\/p>\n<p class=\"paragraph-m\">Pour am\u00e9nager votre jardin, nous misons enti\u00e8rement sur des essences locales qui s'harmonisent non seulement de mani\u00e8re optimale avec le paysage r\u00e9gional, mais aussi avec le climat dominant.<\/p>\n<p class=\"paragraph-m\">Notre engagement en faveur de la r\u00e9gionalit\u00e9 a \u00e9galement \u00e9veill\u00e9 notre amour pour les anciennes vari\u00e9t\u00e9s d'arbres fruitiers, raison pour laquelle des genres anciens et rares comme le \"Grafensteiner\", le \"Kronprinz Rudolf\" ou le \"Hauszwetschke\" sont justement solidement ancr\u00e9s dans notre assortiment.<\/p>\n<p class=\"paragraph-m\">Outre le choix de la bonne vari\u00e9t\u00e9, c'est surtout le choix du bon emplacement qui est d\u00e9terminant pour une bonne croissance. C'est pourquoi nous vous conseillons volontiers directement dans votre jardin pour savoir quel est l'endroit le plus propice \u00e0 la croissance de votre jeune arbre.<\/p>\n<p>\u00a0<\/p>\n<p>\u00a0<\/p>\n<h5 class=\"heading-m line line-above line--gold\">La gratitude fleurie des plantes vivaces et des arbustes\u00a0<\/h5>\n<p>\u00a0<\/p>\n<p class=\"paragraph-m\">Si les plantes vivaces et les arbustes sont bien soign\u00e9s, ils feront appara\u00eetre un v\u00e9ritable feu d'artifice de couleurs dans votre jardin. Ils vous remercient de l'attention que vous leur portez en fleurissant, et pas seulement au printemps.<\/p>\n<p class=\"paragraph-m\">Lors de la s\u00e9lection de vos plantes vivaces et arbustes, nous veillons \u00e0 ce que les combinaisons de couleurs soient harmonieuses et que les p\u00e9riodes de floraison soient diff\u00e9rentes. Vous pourrez ainsi profiter non pas d'un, mais de plusieurs mois de soleil dans votre jardin.<\/p>\n<p>\u00a0<\/p>\n<p>\u00a0<\/p>\n<h5 class=\"heading-m line line-above line--gold\">Des haies mixtes contre l'uniformit\u00e9 verte<\/h5>\n<p>\u00a0<\/p>\n<p class=\"paragraph-m\">La bonne haie pour votre jardin doit s'int\u00e9grer de mani\u00e8re optimale dans le paysage local et prot\u00e9ger des regards ind\u00e9sirables gr\u00e2ce \u00e0 une croissance dense. Ce sont surtout les haies fleuries, mixtes et \u00e0 feuilles caduques qui r\u00e9pondent \u00e0 ces exigences et cr\u00e9ent en outre des contrastes de couleurs dans votre royaume de verdure.<\/p>\n<p class=\"paragraph-m\">Comme tous les arbres de rue n'ont pas la m\u00eame tol\u00e9rance au gel, \u00e0 la s\u00e9cheresse et au sel, nous tenons compte des conditions individuelles de votre jardin. Ainsi, votre haie ne sera pas seulement belle, mais aussi durable.<\/p>\n<\/div>\n                    \n                            <\/div>\n        \n            <\/div>\n<\/div>\n\n<\/section>","protected":false},"excerpt":{"rendered":"","protected":false},"author":20,"featured_media":0,"parent":20245,"menu_order":0,"comment_status":"closed","ping_status":"closed","template":"","meta":{"_acf_changed":false,"footnotes":""},"categories":[],"class_list":["post-20513","page","type-page","status-publish","hentry"],"acf":[],"yoast_head":"<!-- This site is optimized with the Yoast SEO Premium plugin v26.0 (Yoast SEO v26.8) - https:\/\/yoast.com\/product\/yoast-seo-premium-wordpress\/ -->\n<title>B\u00e4ume, Str\u00e4ucher, Hecken - Stift Admont<\/title>\n<meta name=\"robots\" content=\"index, follow, max-snippet:-1, max-image-preview:large, max-video-preview:-1\" \/>\n<link rel=\"canonical\" href=\"https:\/\/stiftadmont.at\/fr\/stiftsgaertnerei-fleurs-et-vin\/gaertnerei\/arbres-arbustes-haies\/\" \/>\n<meta property=\"og:locale\" content=\"fr_FR\" \/>\n<meta property=\"og:type\" content=\"article\" \/>\n<meta property=\"og:title\" content=\"B\u00e4ume, Str\u00e4ucher, Hecken\" \/>\n<meta property=\"og:url\" content=\"https:\/\/stiftadmont.at\/fr\/stiftsgaertnerei-fleurs-et-vin\/gaertnerei\/arbres-arbustes-haies\/\" \/>\n<meta property=\"og:site_name\" content=\"Stift Admont\" \/>\n<meta property=\"article:modified_time\" content=\"2025-01-29T11:26:08+00:00\" \/>\n<meta property=\"og:image\" content=\"https:\/\/stiftadmont.at\/wp-content\/uploads\/Klosteranlage-innen.jpg\" \/>\n\t<meta property=\"og:image:width\" content=\"1912\" \/>\n\t<meta property=\"og:image:height\" content=\"1188\" \/>\n\t<meta property=\"og:image:type\" content=\"image\/jpeg\" \/>\n<meta name=\"twitter:card\" content=\"summary_large_image\" \/>\n<script type=\"application\/ld+json\" class=\"yoast-schema-graph\">{\"@context\":\"https:\/\/schema.org\",\"@graph\":[{\"@type\":\"WebPage\",\"@id\":\"https:\/\/stiftadmont.at\/stiftsgaertnerei-blumen-und-wein\/gaertnerei\/baeume-straeucher-hecken\/\",\"url\":\"https:\/\/stiftadmont.at\/stiftsgaertnerei-blumen-und-wein\/gaertnerei\/baeume-straeucher-hecken\/\",\"name\":\"B\u00e4ume, Str\u00e4ucher, Hecken - Stift Admont\",\"isPartOf\":{\"@id\":\"https:\/\/stiftadmont.at\/#website\"},\"datePublished\":\"2023-09-18T11:43:26+00:00\",\"dateModified\":\"2025-01-29T11:26:08+00:00\",\"breadcrumb\":{\"@id\":\"https:\/\/stiftadmont.at\/stiftsgaertnerei-blumen-und-wein\/gaertnerei\/baeume-straeucher-hecken\/#breadcrumb\"},\"inLanguage\":\"fr-FR\",\"potentialAction\":[{\"@type\":\"ReadAction\",\"target\":[\"https:\/\/stiftadmont.at\/stiftsgaertnerei-blumen-und-wein\/gaertnerei\/baeume-straeucher-hecken\/\"]}]},{\"@type\":\"BreadcrumbList\",\"@id\":\"https:\/\/stiftadmont.at\/stiftsgaertnerei-blumen-und-wein\/gaertnerei\/baeume-straeucher-hecken\/#breadcrumb\",\"itemListElement\":[{\"@type\":\"ListItem\",\"position\":1,\"name\":\"Start\",\"item\":\"https:\/\/stiftadmont.at\/\"},{\"@type\":\"ListItem\",\"position\":2,\"name\":\"Stiftsg\u00e4rtnerei Blumen und Wein\",\"item\":\"https:\/\/stiftadmont.at\/stiftsgaertnerei-blumen-und-wein\/\"},{\"@type\":\"ListItem\",\"position\":3,\"name\":\"G\u00e4rtnerei\",\"item\":\"https:\/\/stiftadmont.at\/stiftsgaertnerei-blumen-und-wein\/gaertnerei\/\"},{\"@type\":\"ListItem\",\"position\":4,\"name\":\"B\u00e4ume, Str\u00e4ucher, Hecken\"}]},{\"@type\":\"WebSite\",\"@id\":\"https:\/\/stiftadmont.at\/#website\",\"url\":\"https:\/\/stiftadmont.at\/\",\"name\":\"Stift Admont\",\"description\":\"Benediktinerkloster und Sehensw\u00fcrdigkeit im Ges\u00e4use\",\"potentialAction\":[{\"@type\":\"SearchAction\",\"target\":{\"@type\":\"EntryPoint\",\"urlTemplate\":\"https:\/\/stiftadmont.at\/?s={search_term_string}\"},\"query-input\":{\"@type\":\"PropertyValueSpecification\",\"valueRequired\":true,\"valueName\":\"search_term_string\"}}],\"inLanguage\":\"fr-FR\"}]}<\/script>\n<!-- \/ Yoast SEO Premium plugin. -->","yoast_head_json":{"title":"Arbres, arbustes, haies - Stift Admont","robots":{"index":"index","follow":"follow","max-snippet":"max-snippet:-1","max-image-preview":"max-image-preview:large","max-video-preview":"max-video-preview:-1"},"canonical":"https:\/\/stiftadmont.at\/fr\/stiftsgaertnerei-fleurs-et-vin\/gaertnerei\/arbres-arbustes-haies\/","og_locale":"fr_FR","og_type":"article","og_title":"B\u00e4ume, Str\u00e4ucher, Hecken","og_url":"https:\/\/stiftadmont.at\/fr\/stiftsgaertnerei-fleurs-et-vin\/gaertnerei\/arbres-arbustes-haies\/","og_site_name":"Stift Admont","article_modified_time":"2025-01-29T11:26:08+00:00","og_image":[{"width":1912,"height":1188,"url":"https:\/\/stiftadmont.at\/wp-content\/uploads\/Klosteranlage-innen.jpg","type":"image\/jpeg"}],"twitter_card":"summary_large_image","schema":{"@context":"https:\/\/schema.org","@graph":[{"@type":"WebPage","@id":"https:\/\/stiftadmont.at\/stiftsgaertnerei-blumen-und-wein\/gaertnerei\/baeume-straeucher-hecken\/","url":"https:\/\/stiftadmont.at\/stiftsgaertnerei-blumen-und-wein\/gaertnerei\/baeume-straeucher-hecken\/","name":"Arbres, arbustes, haies - Stift Admont","isPartOf":{"@id":"https:\/\/stiftadmont.at\/#website"},"datePublished":"2023-09-18T11:43:26+00:00","dateModified":"2025-01-29T11:26:08+00:00","breadcrumb":{"@id":"https:\/\/stiftadmont.at\/stiftsgaertnerei-blumen-und-wein\/gaertnerei\/baeume-straeucher-hecken\/#breadcrumb"},"inLanguage":"fr-FR","potentialAction":[{"@type":"ReadAction","target":["https:\/\/stiftadmont.at\/stiftsgaertnerei-blumen-und-wein\/gaertnerei\/baeume-straeucher-hecken\/"]}]},{"@type":"BreadcrumbList","@id":"https:\/\/stiftadmont.at\/stiftsgaertnerei-blumen-und-wein\/gaertnerei\/baeume-straeucher-hecken\/#breadcrumb","itemListElement":[{"@type":"ListItem","position":1,"name":"Start","item":"https:\/\/stiftadmont.at\/"},{"@type":"ListItem","position":2,"name":"Stiftsg\u00e4rtnerei Blumen und Wein","item":"https:\/\/stiftadmont.at\/stiftsgaertnerei-blumen-und-wein\/"},{"@type":"ListItem","position":3,"name":"G\u00e4rtnerei","item":"https:\/\/stiftadmont.at\/stiftsgaertnerei-blumen-und-wein\/gaertnerei\/"},{"@type":"ListItem","position":4,"name":"B\u00e4ume, Str\u00e4ucher, Hecken"}]},{"@type":"WebSite","@id":"https:\/\/stiftadmont.at\/#website","url":"https:\/\/stiftadmont.at\/","name":"Abbaye d'Admont","description":"Monast\u00e8re b\u00e9n\u00e9dictin et attraction touristique dans le Ges\u00e4use","potentialAction":[{"@type":"SearchAction","target":{"@type":"EntryPoint","urlTemplate":"https:\/\/stiftadmont.at\/?s={search_term_string}"},"query-input":{"@type":"PropertyValueSpecification","valueRequired":true,"valueName":"search_term_string"}}],"inLanguage":"fr-FR"}]}},"_links":{"self":[{"href":"https:\/\/stiftadmont.at\/fr\/wp-json\/wp\/v2\/pages\/20513","targetHints":{"allow":["GET"]}}],"collection":[{"href":"https:\/\/stiftadmont.at\/fr\/wp-json\/wp\/v2\/pages"}],"about":[{"href":"https:\/\/stiftadmont.at\/fr\/wp-json\/wp\/v2\/types\/page"}],"author":[{"embeddable":true,"href":"https:\/\/stiftadmont.at\/fr\/wp-json\/wp\/v2\/users\/20"}],"replies":[{"embeddable":true,"href":"https:\/\/stiftadmont.at\/fr\/wp-json\/wp\/v2\/comments?post=20513"}],"version-history":[{"count":5,"href":"https:\/\/stiftadmont.at\/fr\/wp-json\/wp\/v2\/pages\/20513\/revisions"}],"predecessor-version":[{"id":32295,"href":"https:\/\/stiftadmont.at\/fr\/wp-json\/wp\/v2\/pages\/20513\/revisions\/32295"}],"up":[{"embeddable":true,"href":"https:\/\/stiftadmont.at\/fr\/wp-json\/wp\/v2\/pages\/20245"}],"wp:attachment":[{"href":"https:\/\/stiftadmont.at\/fr\/wp-json\/wp\/v2\/media?parent=20513"}],"wp:term":[{"taxonomy":"category","embeddable":true,"href":"https:\/\/stiftadmont.at\/fr\/wp-json\/wp\/v2\/categories?post=20513"}],"curies":[{"name":"wp","href":"https:\/\/api.w.org\/{rel}","templated":true}]}}