{"id":23952,"date":"2023-12-02T18:15:09","date_gmt":"2023-12-02T16:15:09","guid":{"rendered":"https:\/\/stiftadmont.at\/?page_id=23952"},"modified":"2024-06-07T09:12:09","modified_gmt":"2024-06-07T07:12:09","slug":"la-regle-de-saint-benoit","status":"publish","type":"page","link":"https:\/\/stiftadmont.at\/fr\/950-jahre-stift-admont\/die-regel-des-hl-benedikt\/","title":{"rendered":"La r\u00e8gle de saint Beno\u00eet"},"content":{"rendered":"<section id='lightpress__section--block_538a6b45cef88816afbdd1ec83fb9ba2' class='align-center lightpress__section--default-section-space lightpress__section lightpress__section--headline'><div class=\"headline__container\">\n            <h2 class=\"headline text--40 text-medium line line--gold line-above line-middle\">La r\u00e8gle de saint Beno\u00eet<\/h2>\n        <p class=\"text-center text-gold text--20 text-medium text--uppercase\">Le c\u0153ur, la main et le cerveau d'un monast\u00e8re<\/p>\n        <div class=\"spacer--40\"><\/div>\n<\/div>\n\n<\/section>\n\n<section id='lightpress__section--block_0c6ff94ea3413abba14d6632ea7a913c' class='lightpress__section--default-section-space lightpress__section lightpress__section--content'><div class=\"content__inner\"\n         x-init=\"initContentBlockAnim($el)\">\n        \n    <div class=\"content__grid content__grid--fifty-fifty\">\n                                            <div class=\"content__box content__box\"\n                 style=\"margin-top: -2em;max-width:850px;justify-self: center;\">\n                                \n                \n                                            <div class=\"prose\"><p><strong>Lorsque l'abbaye b\u00e9n\u00e9dictine d'Admont a \u00e9t\u00e9 fond\u00e9e en 1074, cela faisait d\u00e9j\u00e0 plus de 500 ans que les moines et moniales du monde entier, alors connu, vivaient selon la r\u00e8gle de Saint Beno\u00eet. <\/strong><\/p>\n<p>Beno\u00eet est n\u00e9 vers 480 dans l'Italie actuelle, fils d'un riche propri\u00e9taire terrien. Il fut envoy\u00e9 \u00e0 Rome pour y faire des \u00e9tudes, qu'il abandonna rapidement pour vivre en ermite dans les montagnes de l'Enfide. Tr\u00e8s vite, il attira l'attention des gens des environs, si bien que la communaut\u00e9 monastique de Vicovaro le choisit comme abb\u00e9. La tension au sein de cette communaut\u00e9 \u00e9tait telle que Beno\u00eet quitta le monast\u00e8re apr\u00e8s qu'on eut tent\u00e9 de le tuer. <\/p>\n<p>Beno\u00eet se retira \u00e0 Subiaco et y fonda, selon la tradition, 12 petits monast\u00e8res. Le monast\u00e8re Santa Scolastica, d\u00e9di\u00e9 \u00e0 sa s\u0153ur jumelle, y existe encore aujourd'hui. Des conflits avec les pr\u00eatres locaux et l'\u00e9v\u00eaque rendirent n\u00e9cessaire un nouveau changement de lieu. En 529, Beno\u00eet s'installa au Mont-Cassin, \u00e0 80 km de l\u00e0, et y fonda un autre monast\u00e8re qui est aujourd'hui consid\u00e9r\u00e9 comme le monast\u00e8re m\u00e8re des b\u00e9n\u00e9dictins. <br \/>Le r\u00e8glement int\u00e9rieur qu'il a r\u00e9dig\u00e9 pour le Mont-Cassin s'est rapidement r\u00e9pandu et aujourd'hui, environ 40.000 moines et moniales vivent selon cette r\u00e8gle dans le monde entier. Le sens et le but de la Regula Benedicti est de vivre le message de J\u00e9sus. <br \/>Ainsi, la r\u00e8gle de saint Beno\u00eet est, dans son sens originel, un mode d'emploi pour une vie selon l'\u00c9vangile. Dans la tradition, elle est r\u00e9sum\u00e9e par les trois mots latins \"ora et labora et lege\" - \"prie et travaille et lis\". Ce triptyque b\u00e9n\u00e9dictin caract\u00e9rise la vie monastique. En premier lieu, il y a la pri\u00e8re, \u00e0 laquelle rien ne peut \u00eatre pr\u00e9f\u00e9r\u00e9 selon Beno\u00eet. Plusieurs fois par jour, les moines d'Admont se r\u00e9unissent dans la chapelle dite du ch\u0153ur pour prier ensemble la liturgie des heures. Cette chapelle est en quelque sorte le c\u0153ur de notre maison. La pri\u00e8re rythme la journ\u00e9e et la vie b\u00e9n\u00e9dictine. Dans la pri\u00e8re, nous unissons nos c\u0153urs au c\u0153ur de Dieu. Nous \u00e9coutons avec le c\u0153ur, comme Saint Beno\u00eet nous le demande. Sans la pri\u00e8re r\u00e9guli\u00e8re, un monast\u00e8re ne serait pas un monast\u00e8re. Apr\u00e8s la pri\u00e8re, les moines doivent vaquer aux travaux auxquels ils sont affect\u00e9s.<\/p>\n<\/div>\n                    \n                            <\/div>\n        \n                                                    <div class=\"content__box content__box--2\"\n                     >\n                                        \n                                            \n                                                    <a href=\"https:\/\/www.youtube.com\/watch?v=-XzoCNJINJw\" class=\"content__video content__media\"\n                               x-data\n x-init=\"initContentLightBox('#lightpress__section--block_0c6ff94ea3413abba14d6632ea7a913c .content__video')\">\n                                                                \n                                <picture class=\"content__image\">\n                                    <source srcset=\"https:\/\/stiftadmont.at\/wp-content\/uploads\/Stift_Admont_\u00a9StefanLeitner_029-1024x735.webp\" type=\"image\/webp\">\n                                    <source srcset=\"https:\/\/stiftadmont.at\/wp-content\/uploads\/Stift_Admont_\u00a9StefanLeitner_029-1024x735.jpg\" type=\"image\/jpeg\">\n                                    <img decoding=\"async\" class=\"content__image\" loading=\"lazy\" src=\"https:\/\/stiftadmont.at\/wp-content\/uploads\/Stift_Admont_\u00a9StefanLeitner_029-1024x735.jpg\" alt=\"Abbaye d&#039;Admont \u00a9StefanLeitner 029\" width=\"600\" height=\"450\" \/>\n                                <\/picture>\n\n                                <span class=\"overlay-dark\"><\/span>\n                                <span class=\"content-overlay\"><\/span>\n                                <div class=\"content__plaque\">\n                                    <div class=\"content__plaque-inner\">\n                                        <span><i class=\"fas fa-play content__icon\"><\/i><\/span>\n                                        <p class=\"paragraph-m\">Jouer<\/p>\n                                    <\/div>\n                                <\/div>\n                            <\/a>\n                        \n                                    <\/div>\n            \n            <\/div>\n<\/div>\n\n<\/section>\n\n<section id='lightpress__section--block_9e3d7ac84140db7e67157fcd385ab045' class='lightpress__section--default-section-space lightpress__section lightpress__section--content'><div class=\"content__inner\"\n         x-init=\"initContentBlockAnim($el)\">\n        \n    <div class=\"content__grid content__grid\">\n                                            <div class=\"content__box content__box--one-hundred\"\n                 style=\"\">\n                                \n                \n                                            <div class=\"prose\"><p>Ce domaine a beaucoup \u00e9volu\u00e9 depuis l'\u00e9poque de Saint Beno\u00eet. S'il s'agissait autrefois surtout de l'agriculture, les moines ont aujourd'hui de multiples autres t\u00e2ches. Les moines doivent vivre du travail de leurs mains, c'est pourquoi cette \u00e9dition anniversaire tente de pr\u00e9senter les t\u00e2ches les plus diverses des moines d'Admont, hier et aujourd'hui. Outre la pri\u00e8re et le travail, la lecture spirituelle est un \u00e9l\u00e9ment essentiel de la vie d'un moine b\u00e9n\u00e9dictin. Le moine doit consacrer un certain temps par jour \u00e0 la lecture des Saintes \u00c9critures et d'autres textes spirituels. Cette occupation quotidienne doit servir de nourriture au cerveau et aider ainsi le moine \u00e0 \u00e9tablir une relation encore plus profonde avec le Christ.<br \/>Outre ce grand triptyque, Saint Beno\u00eet r\u00e8gle de nombreuses petites affaires qui paraissent souvent insignifiantes, mais qui ont un sens plus profond dans la grande structure d'un monast\u00e8re. Pour Saint Beno\u00eet, il est important que ses moines puissent mener une vie r\u00e9ussie. Personne ne doit \u00eatre surcharg\u00e9, personne ne doit \u00eatre d\u00e9savantag\u00e9. Un monast\u00e8re doit \u00eatre un lieu de paix et de bienveillance mutuelle. Beno\u00eet termine sa r\u00e8gle par les mots \"Ut in omnibus glorificetur Deus\" - \"Pour que Dieu soit glorifi\u00e9 en tout\". Cette phrase se trouve donc derri\u00e8re toutes les dispositions qu'il donne. Tout doit \u00eatre fait pour la gloire de Dieu.<\/p>\n<\/div>\n                    \n                            <\/div>\n        \n            <\/div>\n<\/div>\n\n<\/section>","protected":false},"excerpt":{"rendered":"","protected":false},"author":7,"featured_media":0,"parent":22541,"menu_order":9,"comment_status":"closed","ping_status":"closed","template":"","meta":{"_acf_changed":false,"footnotes":""},"categories":[],"class_list":["post-23952","page","type-page","status-publish","hentry"],"acf":[],"yoast_head":"<!-- This site is optimized with the Yoast SEO Premium plugin v26.0 (Yoast SEO v26.8) - https:\/\/yoast.com\/product\/yoast-seo-premium-wordpress\/ -->\n<title>Die Regel des Hl. Benedikt - Stift Admont<\/title>\n<meta name=\"robots\" content=\"index, follow, max-snippet:-1, max-image-preview:large, max-video-preview:-1\" \/>\n<link rel=\"canonical\" href=\"https:\/\/stiftadmont.at\/fr\/950-ans-de-labbaye-dadmont\/la-regle-de-saint-benoit\/\" \/>\n<meta property=\"og:locale\" content=\"fr_FR\" \/>\n<meta property=\"og:type\" content=\"article\" \/>\n<meta property=\"og:title\" content=\"Die Regel des Hl. Benedikt\" \/>\n<meta property=\"og:url\" content=\"https:\/\/stiftadmont.at\/fr\/950-ans-de-labbaye-dadmont\/la-regle-de-saint-benoit\/\" \/>\n<meta property=\"og:site_name\" content=\"Stift Admont\" \/>\n<meta property=\"article:modified_time\" content=\"2024-06-07T07:12:09+00:00\" \/>\n<meta property=\"og:image\" content=\"https:\/\/stiftadmont.at\/wp-content\/uploads\/Klosteranlage-innen.jpg\" \/>\n\t<meta property=\"og:image:width\" content=\"1912\" \/>\n\t<meta property=\"og:image:height\" content=\"1188\" \/>\n\t<meta property=\"og:image:type\" content=\"image\/jpeg\" \/>\n<meta name=\"twitter:card\" content=\"summary_large_image\" \/>\n<script type=\"application\/ld+json\" class=\"yoast-schema-graph\">{\"@context\":\"https:\/\/schema.org\",\"@graph\":[{\"@type\":\"WebPage\",\"@id\":\"https:\/\/stiftadmont.at\/950-jahre-stift-admont\/die-regel-des-hl-benedikt\/\",\"url\":\"https:\/\/stiftadmont.at\/950-jahre-stift-admont\/die-regel-des-hl-benedikt\/\",\"name\":\"Die Regel des Hl. Benedikt - Stift Admont\",\"isPartOf\":{\"@id\":\"https:\/\/stiftadmont.at\/#website\"},\"datePublished\":\"2023-12-02T16:15:09+00:00\",\"dateModified\":\"2024-06-07T07:12:09+00:00\",\"breadcrumb\":{\"@id\":\"https:\/\/stiftadmont.at\/950-jahre-stift-admont\/die-regel-des-hl-benedikt\/#breadcrumb\"},\"inLanguage\":\"fr-FR\",\"potentialAction\":[{\"@type\":\"ReadAction\",\"target\":[\"https:\/\/stiftadmont.at\/950-jahre-stift-admont\/die-regel-des-hl-benedikt\/\"]}]},{\"@type\":\"BreadcrumbList\",\"@id\":\"https:\/\/stiftadmont.at\/950-jahre-stift-admont\/die-regel-des-hl-benedikt\/#breadcrumb\",\"itemListElement\":[{\"@type\":\"ListItem\",\"position\":1,\"name\":\"Start\",\"item\":\"https:\/\/stiftadmont.at\/\"},{\"@type\":\"ListItem\",\"position\":2,\"name\":\"950 Jahre Stift Admont\",\"item\":\"https:\/\/stiftadmont.at\/950-jahre-stift-admont\/\"},{\"@type\":\"ListItem\",\"position\":3,\"name\":\"Die Regel des Hl. Benedikt\"}]},{\"@type\":\"WebSite\",\"@id\":\"https:\/\/stiftadmont.at\/#website\",\"url\":\"https:\/\/stiftadmont.at\/\",\"name\":\"Stift Admont\",\"description\":\"Benediktinerkloster und Sehensw\u00fcrdigkeit im Ges\u00e4use\",\"potentialAction\":[{\"@type\":\"SearchAction\",\"target\":{\"@type\":\"EntryPoint\",\"urlTemplate\":\"https:\/\/stiftadmont.at\/?s={search_term_string}\"},\"query-input\":{\"@type\":\"PropertyValueSpecification\",\"valueRequired\":true,\"valueName\":\"search_term_string\"}}],\"inLanguage\":\"fr-FR\"}]}<\/script>\n<!-- \/ Yoast SEO Premium plugin. -->","yoast_head_json":{"title":"La R\u00e8gle de saint Beno\u00eet - Stift Admont","robots":{"index":"index","follow":"follow","max-snippet":"max-snippet:-1","max-image-preview":"max-image-preview:large","max-video-preview":"max-video-preview:-1"},"canonical":"https:\/\/stiftadmont.at\/fr\/950-ans-de-labbaye-dadmont\/la-regle-de-saint-benoit\/","og_locale":"fr_FR","og_type":"article","og_title":"Die Regel des Hl. Benedikt","og_url":"https:\/\/stiftadmont.at\/fr\/950-ans-de-labbaye-dadmont\/la-regle-de-saint-benoit\/","og_site_name":"Stift Admont","article_modified_time":"2024-06-07T07:12:09+00:00","og_image":[{"width":1912,"height":1188,"url":"https:\/\/stiftadmont.at\/wp-content\/uploads\/Klosteranlage-innen.jpg","type":"image\/jpeg"}],"twitter_card":"summary_large_image","schema":{"@context":"https:\/\/schema.org","@graph":[{"@type":"WebPage","@id":"https:\/\/stiftadmont.at\/950-jahre-stift-admont\/die-regel-des-hl-benedikt\/","url":"https:\/\/stiftadmont.at\/950-jahre-stift-admont\/die-regel-des-hl-benedikt\/","name":"La R\u00e8gle de saint Beno\u00eet - Stift Admont","isPartOf":{"@id":"https:\/\/stiftadmont.at\/#website"},"datePublished":"2023-12-02T16:15:09+00:00","dateModified":"2024-06-07T07:12:09+00:00","breadcrumb":{"@id":"https:\/\/stiftadmont.at\/950-jahre-stift-admont\/die-regel-des-hl-benedikt\/#breadcrumb"},"inLanguage":"fr-FR","potentialAction":[{"@type":"ReadAction","target":["https:\/\/stiftadmont.at\/950-jahre-stift-admont\/die-regel-des-hl-benedikt\/"]}]},{"@type":"BreadcrumbList","@id":"https:\/\/stiftadmont.at\/950-jahre-stift-admont\/die-regel-des-hl-benedikt\/#breadcrumb","itemListElement":[{"@type":"ListItem","position":1,"name":"Start","item":"https:\/\/stiftadmont.at\/"},{"@type":"ListItem","position":2,"name":"950 Jahre Stift Admont","item":"https:\/\/stiftadmont.at\/950-jahre-stift-admont\/"},{"@type":"ListItem","position":3,"name":"Die Regel des Hl. Benedikt"}]},{"@type":"WebSite","@id":"https:\/\/stiftadmont.at\/#website","url":"https:\/\/stiftadmont.at\/","name":"Abbaye d'Admont","description":"Monast\u00e8re b\u00e9n\u00e9dictin et attraction touristique dans le Ges\u00e4use","potentialAction":[{"@type":"SearchAction","target":{"@type":"EntryPoint","urlTemplate":"https:\/\/stiftadmont.at\/?s={search_term_string}"},"query-input":{"@type":"PropertyValueSpecification","valueRequired":true,"valueName":"search_term_string"}}],"inLanguage":"fr-FR"}]}},"_links":{"self":[{"href":"https:\/\/stiftadmont.at\/fr\/wp-json\/wp\/v2\/pages\/23952","targetHints":{"allow":["GET"]}}],"collection":[{"href":"https:\/\/stiftadmont.at\/fr\/wp-json\/wp\/v2\/pages"}],"about":[{"href":"https:\/\/stiftadmont.at\/fr\/wp-json\/wp\/v2\/types\/page"}],"author":[{"embeddable":true,"href":"https:\/\/stiftadmont.at\/fr\/wp-json\/wp\/v2\/users\/7"}],"replies":[{"embeddable":true,"href":"https:\/\/stiftadmont.at\/fr\/wp-json\/wp\/v2\/comments?post=23952"}],"version-history":[{"count":5,"href":"https:\/\/stiftadmont.at\/fr\/wp-json\/wp\/v2\/pages\/23952\/revisions"}],"predecessor-version":[{"id":26403,"href":"https:\/\/stiftadmont.at\/fr\/wp-json\/wp\/v2\/pages\/23952\/revisions\/26403"}],"up":[{"embeddable":true,"href":"https:\/\/stiftadmont.at\/fr\/wp-json\/wp\/v2\/pages\/22541"}],"wp:attachment":[{"href":"https:\/\/stiftadmont.at\/fr\/wp-json\/wp\/v2\/media?parent=23952"}],"wp:term":[{"taxonomy":"category","embeddable":true,"href":"https:\/\/stiftadmont.at\/fr\/wp-json\/wp\/v2\/categories?post=23952"}],"curies":[{"name":"wp","href":"https:\/\/api.w.org\/{rel}","templated":true}]}}