{"id":27055,"date":"2024-03-01T15:51:34","date_gmt":"2024-03-01T13:51:34","guid":{"rendered":"https:\/\/stiftadmont.at\/?page_id=27055"},"modified":"2025-02-17T14:30:07","modified_gmt":"2025-02-17T12:30:07","slug":"niveau-a","status":"publish","type":"page","link":"https:\/\/stiftadmont.at\/fr\/gesundheitszentrum-admont\/ebene-a\/","title":{"rendered":"Niveau A | A1 + A2+A3"},"content":{"rendered":"<section id='lightpress__section--block_64ce6858bc2f588d71487bb340bc242b' class='lightpress__section--default-section-space lightpress__section lightpress__section--content'><div class=\"content__inner\"\n         x-init=\"initContentBlockAnim($el)\">\n        \n    <div class=\"content__grid content__grid--fifty-fifty\">\n                                            <div class=\"content__box content__box\"\n                 style=\"\">\n                                \n                \n                                            <div class=\"prose\"><h3 class=\"heading-xl line line-above line--gold\">NIVEAU A | A1 + A2 + A3 | PVE Diakonissen Admont<\/h3>\n<h5 class=\"heading-m\">Sp\u00e9cialistes en m\u00e9decine g\u00e9n\u00e9rale<\/h5>\n<p class=\"paragraph-m\">Toutes les caisses et priv\u00e9es<\/p>\n<p>\u00a0<\/p>\n<\/div>\n                    \n                            <\/div>\n        \n                                                    <div class=\"content__box content__box--2\"\n                     >\n                                        \n                    \n                                                <div class=\"content__media stickyTo\" x-init=\"imageSticky($el)\">\n\n                                                                                    <picture\n                                    class=\"content__image sticky\">\n                                <source srcset=\"\" type=\"image\/webp\">\n                                <source srcset=\"\" type=\"image\/jpeg\">\n                                <img decoding=\"async\" class=\"sticky\" loading=\"lazy\" src=\"\"\n                                     alt=\"\">\n\n                                                                                                                            <\/picture>\n\n                        <\/div>\n\n                                    <\/div>\n            \n            <\/div>\n<\/div>\n\n<\/section>\n\n<section id='lightpress__section--block_e86c493f15122e4a36e0f11424b45d45' class='lightpress__section lightpress__section--contacts-slider'><div class=\"contacts\" x-init=\"initContactsTeaserAnim($el)\">\n\n    <div class=\"contacts__inner\">\n\n        <div class=\"swiper-container\"\n             x-data\n x-init=\"initContactsTeaser($el, $refs.btnPrev, $refs.btnNext)\">\n\n            <div class=\"swiper-wrapper\">\n                                    <div class=\"swiper-slide\">\n                        <article class=\"contacts__contact\">\n                                                        <div class=\"contacts__media\">\n                <span class=\"image-overlay\">\n                  <picture>\n                    <source srcset=\"https:\/\/stiftadmont.at\/wp-content\/uploads\/Michaela_Schneeweis-768x1152.webp\" type=\"image\/webp\">\n                    <source srcset=\"https:\/\/stiftadmont.at\/wp-content\/uploads\/Michaela_Schneeweis-768x1152.jpg\" type=\"image\/jpeg\">\n                    <img decoding=\"async\" loading=\"lazy\" src=\"https:\/\/stiftadmont.at\/wp-content\/uploads\/Michaela_Schneeweis-768x1152.jpg\"\n                         alt=\"Michaela Schneeweis\" width=\"416\" height=\"418\">\n                  <\/picture>\n                <\/span>\n                            <\/div>\n                            <div class=\"contacts__content\">\n                                <h2 class=\"contacts__name heading-s\">Michaela Schneeweis<\/h2>\n                                <p\n                                        class=\"contacts__title paragraph-s\">Administration des patients<\/p>                                                                    <a href=\"mailto:office.pveadmont@diakonissen.at\" class=\"email\"><span class=\"icon-outer\"><i\n                                                    class=\"fa-solid fa-envelope\"><\/i><\/span>office.pveadmont@diakonissen.at<\/a>\n                                \n                                                                                                            <a href=\"tel:+43 (0)3613 \/ 36627\" class=\"phone\"><span class=\"icon-outer\"><i\n                                                        class=\"fa-solid fa-phone\"><\/i><\/span>+43 (0)3613 \/ 36627<\/a>\n                                                                                                <\/div>\n                        <\/article>\n                    <\/div>\n                                    <div class=\"swiper-slide\">\n                        <article class=\"contacts__contact\">\n                                                        <div class=\"contacts__media\">\n                <span class=\"image-overlay\">\n                  <picture>\n                    <source srcset=\"https:\/\/stiftadmont.at\/wp-content\/uploads\/Stefanie_Dechler-768x1152.webp\" type=\"image\/webp\">\n                    <source srcset=\"https:\/\/stiftadmont.at\/wp-content\/uploads\/Stefanie_Dechler-768x1152.jpg\" type=\"image\/jpeg\">\n                    <img decoding=\"async\" loading=\"lazy\" src=\"https:\/\/stiftadmont.at\/wp-content\/uploads\/Stefanie_Dechler-768x1152.jpg\"\n                         alt=\"Stefanie Dechler\" width=\"416\" height=\"418\">\n                  <\/picture>\n                <\/span>\n                            <\/div>\n                            <div class=\"contacts__content\">\n                                <h2 class=\"contacts__name heading-s\">Stefanie Dechler<\/h2>\n                                <p\n                                        class=\"contacts__title paragraph-s\">Administration des patients &amp; soins des plaies<\/p>                                                                    <a href=\"mailto:office.pveadmont@diakonissen.at\" class=\"email\"><span class=\"icon-outer\"><i\n                                                    class=\"fa-solid fa-envelope\"><\/i><\/span>office.pveadmont@diakonissen.at<\/a>\n                                \n                                                                                                            <a href=\"tel:+43 (0)3613 \/ 36627\" class=\"phone\"><span class=\"icon-outer\"><i\n                                                        class=\"fa-solid fa-phone\"><\/i><\/span>+43 (0)3613 \/ 36627<\/a>\n                                                                                                <\/div>\n                        <\/article>\n                    <\/div>\n                                    <div class=\"swiper-slide\">\n                        <article class=\"contacts__contact\">\n                                                        <div class=\"contacts__media\">\n                <span class=\"image-overlay\">\n                  <picture>\n                    <source srcset=\"https:\/\/stiftadmont.at\/wp-content\/uploads\/Anna_Maxonus-768x1152.webp\" type=\"image\/webp\">\n                    <source srcset=\"https:\/\/stiftadmont.at\/wp-content\/uploads\/Anna_Maxonus-768x1152.jpg\" type=\"image\/jpeg\">\n                    <img decoding=\"async\" loading=\"lazy\" src=\"https:\/\/stiftadmont.at\/wp-content\/uploads\/Anna_Maxonus-768x1152.jpg\"\n                         alt=\"Anna Maxonus\" width=\"416\" height=\"418\">\n                  <\/picture>\n                <\/span>\n                            <\/div>\n                            <div class=\"contacts__content\">\n                                <h2 class=\"contacts__name heading-s\">Anna Maxonus<\/h2>\n                                <p\n                                        class=\"contacts__title paragraph-s\">Administration des patients<\/p>                                                                    <a href=\"mailto:office.pveadmont@diakonissen.at\" class=\"email\"><span class=\"icon-outer\"><i\n                                                    class=\"fa-solid fa-envelope\"><\/i><\/span>office.pveadmont@diakonissen.at<\/a>\n                                \n                                                                                                            <a href=\"tel:+43 (0)3613 \/ 36627\" class=\"phone\"><span class=\"icon-outer\"><i\n                                                        class=\"fa-solid fa-phone\"><\/i><\/span>+43 (0)3613 \/ 36627<\/a>\n                                                                                                <\/div>\n                        <\/article>\n                    <\/div>\n                                    <div class=\"swiper-slide\">\n                        <article class=\"contacts__contact\">\n                                                        <div class=\"contacts__media\">\n                <span class=\"image-overlay\">\n                  <picture>\n                    <source srcset=\"https:\/\/stiftadmont.at\/wp-content\/uploads\/26c195007944b894aae7335fae091351_XL-768x512.webp\" type=\"image\/webp\">\n                    <source srcset=\"https:\/\/stiftadmont.at\/wp-content\/uploads\/26c195007944b894aae7335fae091351_XL-768x512.jpg\" type=\"image\/jpeg\">\n                    <img decoding=\"async\" loading=\"lazy\" src=\"https:\/\/stiftadmont.at\/wp-content\/uploads\/26c195007944b894aae7335fae091351_XL-768x512.jpg\"\n                         alt=\"26c195007944b894aae7335fae091351 XL\" width=\"416\" height=\"418\">\n                  <\/picture>\n                <\/span>\n                            <\/div>\n                            <div class=\"contacts__content\">\n                                <h2 class=\"contacts__name heading-s\">Karin Stelzl<\/h2>\n                                <p\n                                        class=\"contacts__title paragraph-s\">Aide temporaire<\/p>                                \n                                                                                                                                <\/div>\n                        <\/article>\n                    <\/div>\n                                    <div class=\"swiper-slide\">\n                        <article class=\"contacts__contact\">\n                                                        <div class=\"contacts__media\">\n                <span class=\"image-overlay\">\n                  <picture>\n                    <source srcset=\"https:\/\/stiftadmont.at\/wp-content\/uploads\/Edisa-Kablic-768x1152.webp\" type=\"image\/webp\">\n                    <source srcset=\"https:\/\/stiftadmont.at\/wp-content\/uploads\/Edisa-Kablic-768x1152.jpg\" type=\"image\/jpeg\">\n                    <img decoding=\"async\" loading=\"lazy\" src=\"https:\/\/stiftadmont.at\/wp-content\/uploads\/Edisa-Kablic-768x1152.jpg\"\n                         alt=\"Edisa Kablic\" width=\"416\" height=\"418\">\n                  <\/picture>\n                <\/span>\n                            <\/div>\n                            <div class=\"contacts__content\">\n                                <h2 class=\"contacts__name heading-s\">Edisa Kablic<\/h2>\n                                <p\n                                        class=\"contacts__title paragraph-s\">Agent d'entretien<\/p>                                \n                                                                                                                                <\/div>\n                        <\/article>\n                    <\/div>\n                            <\/div>\n\n                            <button class=\"swiper-button-prev slider-button slider-button--prev\" x-ref=\"btnPrev\"\n                        aria-label=\"Afficher la personne de contact pr\u00e9c\u00e9dente\"><i class=\"fa-regular fa-chevron-left\"><\/i><\/button>\n                <button class=\"swiper-button-next slider-button slider-button--next\" x-ref=\"btnNext\"\n                        aria-label=\"Afficher la personne de contact suivante\"><i class=\"fa-regular fa-chevron-right\"><\/i><\/button>\n                    <\/div>\n    <\/div>\n\n<\/div><\/section>\n\n<section id='lightpress__section--block_fae6df196f4494d5d0b6bb3ffc3db373' class='lightpress__section lightpress__section--contacts-slider'><div class=\"contacts\" x-init=\"initContactsTeaserAnim($el)\">\n\n    <div class=\"contacts__inner\">\n\n        <div class=\"swiper-container\"\n             x-data\n x-init=\"initContactsTeaser($el, $refs.btnPrev, $refs.btnNext)\">\n\n            <div class=\"swiper-wrapper\">\n                                    <div class=\"swiper-slide\">\n                        <article class=\"contacts__contact\">\n                                                        <div class=\"contacts__media\">\n                <span class=\"image-overlay\">\n                  <picture>\n                    <source srcset=\"https:\/\/stiftadmont.at\/wp-content\/uploads\/Karl-Wohak-768x1152.webp\" type=\"image\/webp\">\n                    <source srcset=\"https:\/\/stiftadmont.at\/wp-content\/uploads\/Karl-Wohak-768x1152.jpg\" type=\"image\/jpeg\">\n                    <img decoding=\"async\" loading=\"lazy\" src=\"https:\/\/stiftadmont.at\/wp-content\/uploads\/Karl-Wohak-768x1152.jpg\"\n                         alt=\"Karl Wohak\" width=\"416\" height=\"418\">\n                  <\/picture>\n                <\/span>\n                            <\/div>\n                            <div class=\"contacts__content\">\n                                <h2 class=\"contacts__name heading-s\">Prim. Dr. Karl Wohak<\/h2>\n                                <p\n                                        class=\"contacts__title paragraph-s\">Directeur m\u00e9dical de l'EPP Diakonissen Admont<\/p>                                \n                                                                                                                                <\/div>\n                        <\/article>\n                    <\/div>\n                                    <div class=\"swiper-slide\">\n                        <article class=\"contacts__contact\">\n                                                        <div class=\"contacts__media\">\n                <span class=\"image-overlay\">\n                  <picture>\n                    <source srcset=\"https:\/\/stiftadmont.at\/wp-content\/uploads\/Hannes-Stickler-768x1152.webp\" type=\"image\/webp\">\n                    <source srcset=\"https:\/\/stiftadmont.at\/wp-content\/uploads\/Hannes-Stickler-768x1152.jpg\" type=\"image\/jpeg\">\n                    <img decoding=\"async\" loading=\"lazy\" src=\"https:\/\/stiftadmont.at\/wp-content\/uploads\/Hannes-Stickler-768x1152.jpg\"\n                         alt=\"Hannes Stickler\" width=\"416\" height=\"418\">\n                  <\/picture>\n                <\/span>\n                            <\/div>\n                            <div class=\"contacts__content\">\n                                <h2 class=\"contacts__name heading-s\">Ing\u00e9nieur dipl\u00f4m\u00e9 KH-BW Hannes Stickler<\/h2>\n                                <p\n                                        class=\"contacts__title paragraph-s\">MBA - Direction de PVE Diakonissen GmbH<\/p>                                \n                                                                                                                                <\/div>\n                        <\/article>\n                    <\/div>\n                                    <div class=\"swiper-slide\">\n                        <article class=\"contacts__contact\">\n                                                        <div class=\"contacts__media\">\n                <span class=\"image-overlay\">\n                  <picture>\n                    <source srcset=\"https:\/\/stiftadmont.at\/wp-content\/uploads\/Fritz_Drobesch-768x1152.webp\" type=\"image\/webp\">\n                    <source srcset=\"https:\/\/stiftadmont.at\/wp-content\/uploads\/Fritz_Drobesch-768x1152.jpg\" type=\"image\/jpeg\">\n                    <img decoding=\"async\" loading=\"lazy\" src=\"https:\/\/stiftadmont.at\/wp-content\/uploads\/Fritz_Drobesch-768x1152.jpg\"\n                         alt=\"Fritz Drobesch\" width=\"416\" height=\"418\">\n                  <\/picture>\n                <\/span>\n                            <\/div>\n                            <div class=\"contacts__content\">\n                                <h2 class=\"contacts__name heading-s\">Dr. Friedrich Drobesch<\/h2>\n                                <p\n                                        class=\"contacts__title paragraph-s\">M\u00e9decin g\u00e9n\u00e9raliste <br>Sp\u00e9cialiste en oto-rhino-laryngologie<\/p>                                \n                                                                                                                                <\/div>\n                        <\/article>\n                    <\/div>\n                                    <div class=\"swiper-slide\">\n                        <article class=\"contacts__contact\">\n                                                        <div class=\"contacts__media\">\n                <span class=\"image-overlay\">\n                  <picture>\n                    <source srcset=\"https:\/\/stiftadmont.at\/wp-content\/uploads\/Joerg_Schweiger-768x1152.webp\" type=\"image\/webp\">\n                    <source srcset=\"https:\/\/stiftadmont.at\/wp-content\/uploads\/Joerg_Schweiger-768x1152.jpg\" type=\"image\/jpeg\">\n                    <img decoding=\"async\" loading=\"lazy\" src=\"https:\/\/stiftadmont.at\/wp-content\/uploads\/Joerg_Schweiger-768x1152.jpg\"\n                         alt=\"J\u00f6rg Schweiger\" width=\"416\" height=\"418\">\n                  <\/picture>\n                <\/span>\n                            <\/div>\n                            <div class=\"contacts__content\">\n                                <h2 class=\"contacts__name heading-s\">Dr. J\u00f6rg Schweiger<\/h2>\n                                <p\n                                        class=\"contacts__title paragraph-s\">M\u00e9decin g\u00e9n\u00e9raliste<\/p>                                \n                                                                                                                                <\/div>\n                        <\/article>\n                    <\/div>\n                                    <div class=\"swiper-slide\">\n                        <article class=\"contacts__contact\">\n                                                        <div class=\"contacts__media\">\n                <span class=\"image-overlay\">\n                  <picture>\n                    <source srcset=\"https:\/\/stiftadmont.at\/wp-content\/uploads\/Nina_Faber-768x1152.webp\" type=\"image\/webp\">\n                    <source srcset=\"https:\/\/stiftadmont.at\/wp-content\/uploads\/Nina_Faber-768x1152.jpg\" type=\"image\/jpeg\">\n                    <img decoding=\"async\" loading=\"lazy\" src=\"https:\/\/stiftadmont.at\/wp-content\/uploads\/Nina_Faber-768x1152.jpg\"\n                         alt=\"Nina Faber\" width=\"416\" height=\"418\">\n                  <\/picture>\n                <\/span>\n                            <\/div>\n                            <div class=\"contacts__content\">\n                                <h2 class=\"contacts__name heading-s\">Dr. Nina Faber<\/h2>\n                                <p\n                                        class=\"contacts__title paragraph-s\">M\u00e9decin g\u00e9n\u00e9raliste<\/p>                                \n                                                                                                                                <\/div>\n                        <\/article>\n                    <\/div>\n                                    <div class=\"swiper-slide\">\n                        <article class=\"contacts__contact\">\n                                                        <div class=\"contacts__media\">\n                <span class=\"image-overlay\">\n                  <picture>\n                    <source srcset=\"https:\/\/stiftadmont.at\/wp-content\/uploads\/1000013067-768x1153.webp\" type=\"image\/webp\">\n                    <source srcset=\"https:\/\/stiftadmont.at\/wp-content\/uploads\/1000013067-768x1153.jpg\" type=\"image\/jpeg\">\n                    <img decoding=\"async\" loading=\"lazy\" src=\"https:\/\/stiftadmont.at\/wp-content\/uploads\/1000013067-768x1153.jpg\"\n                         alt=\"1000013067\" width=\"416\" height=\"418\">\n                  <\/picture>\n                <\/span>\n                            <\/div>\n                            <div class=\"contacts__content\">\n                                <h2 class=\"contacts__name heading-s\">Dr. Edith Linortner<\/h2>\n                                <p\n                                        class=\"contacts__title paragraph-s\">M\u00e9decin g\u00e9n\u00e9raliste, <br>Sp\u00e9cialiste en m\u00e9decine interne, m\u00e9decin urgentiste<\/p>                                \n                                                                                                                                <\/div>\n                        <\/article>\n                    <\/div>\n                                    <div class=\"swiper-slide\">\n                        <article class=\"contacts__contact\">\n                                                        <div class=\"contacts__media\">\n                <span class=\"image-overlay\">\n                  <picture>\n                    <source srcset=\"https:\/\/stiftadmont.at\/wp-content\/uploads\/PVE-Diakonissen_Jasmin-Wiedemaier-2-\u00a9-Andreas-Zechner_www-768x1152.webp\" type=\"image\/webp\">\n                    <source srcset=\"https:\/\/stiftadmont.at\/wp-content\/uploads\/PVE-Diakonissen_Jasmin-Wiedemaier-2-\u00a9-Andreas-Zechner_www-768x1152.jpg\" type=\"image\/jpeg\">\n                    <img decoding=\"async\" loading=\"lazy\" src=\"https:\/\/stiftadmont.at\/wp-content\/uploads\/PVE-Diakonissen_Jasmin-Wiedemaier-2-\u00a9-Andreas-Zechner_www-768x1152.jpg\"\n                         alt=\"PVE Diaconesses Jasmin Wiedemaier 2 \u00a9 Andreas Zechner www\" width=\"416\" height=\"418\">\n                  <\/picture>\n                <\/span>\n                            <\/div>\n                            <div class=\"contacts__content\">\n                                <h2 class=\"contacts__name heading-s\">Jasmin Wiedemaier<\/h2>\n                                <p\n                                        class=\"contacts__title paragraph-s\">Infirmi\u00e8re dipl\u00f4m\u00e9e en sant\u00e9 publique et en soins infirmiers<\/p>                                \n                                                                                                                                <\/div>\n                        <\/article>\n                    <\/div>\n                            <\/div>\n\n                            <button class=\"swiper-button-prev slider-button slider-button--prev\" x-ref=\"btnPrev\"\n                        aria-label=\"Afficher la personne de contact pr\u00e9c\u00e9dente\"><i class=\"fa-regular fa-chevron-left\"><\/i><\/button>\n                <button class=\"swiper-button-next slider-button slider-button--next\" x-ref=\"btnNext\"\n                        aria-label=\"Afficher la personne de contact suivante\"><i class=\"fa-regular fa-chevron-right\"><\/i><\/button>\n                    <\/div>\n    <\/div>\n\n<\/div><\/section>\n\n<section id='lightpress__section--block_93646de64947a37b5168d289eb61ec1d' class='lightpress__section--default-section-space lightpress__section lightpress__section--content'><div class=\"content__inner\"\n         x-init=\"initContentBlockAnim($el)\">\n        \n    <div class=\"content__grid content__grid\">\n                                            <div class=\"content__box content__box--one-hundred\"\n                 style=\"\">\n                                \n                \n                                            <div class=\"prose\"><h5 class=\"heading-m line line-above line--gold\">Contact<\/h5>\n<p>\u00a0<\/p>\n<p>167, rue principale<br \/>8911 Admont<\/p>\n<p>\u00a0<\/p>\n<p><a class=\"phone\" href=\"tel:+43 (0)3613 \/ 36627\"><span class=\"icon-outer\"><i class=\"fa-light fa-phone\"><\/i><\/span>+43 (0)3613 \/ 36627<\/a><\/p>\n<p><a class=\"email\" href=\"mailto:office.pveadmont@diakonissen.at\"><span class=\"icon-outer\"><i class=\"fa-light fa-envelope\"><\/i><\/span>office.pveadmont@diakonissen.at<\/a><\/p>\n<p>\u00a0<\/p>\n<h5>\u00a0<\/h5>\n<p>\u00a0<\/p>\n<h5 class=\"heading-m line line-above line--gold\"><strong>Heures d'ouverture<\/strong><\/h5>\n<p>\u00a0<\/p>\n<p>du lundi au jeudi<\/p>\n<p>de 07:30 \u00e0 16:00 heures<\/p>\n<p>derni\u00e8re acceptation \u00e0 15h45\u00a0<\/p>\n<p>\u00a0<\/p>\n<p>Vendredi<\/p>\n<p>de 08:30 \u00e0 17:00 heures<\/p>\n<p>derni\u00e8re acceptation \u00e0 16h45<\/p>\n<p>\u00a0<\/p>\n<p>\u00c0 partir de 13h30, veuillez prendre rendez-vous !<\/p>\n<\/div>\n                    \n                            <\/div>\n        \n            <\/div>\n<\/div>\n\n<\/section>","protected":false},"excerpt":{"rendered":"","protected":false},"author":20,"featured_media":0,"parent":545,"menu_order":0,"comment_status":"closed","ping_status":"closed","template":"","meta":{"_acf_changed":false,"footnotes":""},"categories":[],"class_list":["post-27055","page","type-page","status-publish","hentry"],"acf":[],"yoast_head":"<!-- This site is optimized with the Yoast SEO Premium plugin v26.0 (Yoast SEO v26.8) - https:\/\/yoast.com\/product\/yoast-seo-premium-wordpress\/ -->\n<title>Ebene A | A1 + A2+A3 - Stift Admont<\/title>\n<meta name=\"robots\" content=\"index, follow, max-snippet:-1, max-image-preview:large, max-video-preview:-1\" \/>\n<link rel=\"canonical\" href=\"https:\/\/stiftadmont.at\/fr\/centre-de-sante-dadmont\/niveau-a\/\" \/>\n<meta property=\"og:locale\" content=\"fr_FR\" \/>\n<meta property=\"og:type\" content=\"article\" \/>\n<meta property=\"og:title\" content=\"Ebene A | A1 + A2+A3\" \/>\n<meta property=\"og:url\" content=\"https:\/\/stiftadmont.at\/fr\/centre-de-sante-dadmont\/niveau-a\/\" \/>\n<meta property=\"og:site_name\" content=\"Stift Admont\" \/>\n<meta property=\"article:modified_time\" content=\"2025-02-17T12:30:07+00:00\" \/>\n<meta property=\"og:image\" content=\"https:\/\/stiftadmont.at\/wp-content\/uploads\/Klosteranlage-innen.jpg\" \/>\n\t<meta property=\"og:image:width\" content=\"1912\" \/>\n\t<meta property=\"og:image:height\" content=\"1188\" \/>\n\t<meta property=\"og:image:type\" content=\"image\/jpeg\" \/>\n<meta name=\"twitter:card\" content=\"summary_large_image\" \/>\n<script type=\"application\/ld+json\" class=\"yoast-schema-graph\">{\"@context\":\"https:\/\/schema.org\",\"@graph\":[{\"@type\":\"WebPage\",\"@id\":\"https:\/\/stiftadmont.at\/gesundheitszentrum-admont\/ebene-a\/\",\"url\":\"https:\/\/stiftadmont.at\/gesundheitszentrum-admont\/ebene-a\/\",\"name\":\"Ebene A | A1 + A2+A3 - Stift Admont\",\"isPartOf\":{\"@id\":\"https:\/\/stiftadmont.at\/#website\"},\"datePublished\":\"2024-03-01T13:51:34+00:00\",\"dateModified\":\"2025-02-17T12:30:07+00:00\",\"breadcrumb\":{\"@id\":\"https:\/\/stiftadmont.at\/gesundheitszentrum-admont\/ebene-a\/#breadcrumb\"},\"inLanguage\":\"fr-FR\",\"potentialAction\":[{\"@type\":\"ReadAction\",\"target\":[\"https:\/\/stiftadmont.at\/gesundheitszentrum-admont\/ebene-a\/\"]}]},{\"@type\":\"BreadcrumbList\",\"@id\":\"https:\/\/stiftadmont.at\/gesundheitszentrum-admont\/ebene-a\/#breadcrumb\",\"itemListElement\":[{\"@type\":\"ListItem\",\"position\":1,\"name\":\"Start\",\"item\":\"https:\/\/stiftadmont.at\/\"},{\"@type\":\"ListItem\",\"position\":2,\"name\":\"Gesundheitszentrum Admont\",\"item\":\"https:\/\/stiftadmont.at\/gesundheitszentrum-admont\/\"},{\"@type\":\"ListItem\",\"position\":3,\"name\":\"Ebene A | A1 + A2+A3\"}]},{\"@type\":\"WebSite\",\"@id\":\"https:\/\/stiftadmont.at\/#website\",\"url\":\"https:\/\/stiftadmont.at\/\",\"name\":\"Stift Admont\",\"description\":\"Benediktinerkloster und Sehensw\u00fcrdigkeit im Ges\u00e4use\",\"potentialAction\":[{\"@type\":\"SearchAction\",\"target\":{\"@type\":\"EntryPoint\",\"urlTemplate\":\"https:\/\/stiftadmont.at\/?s={search_term_string}\"},\"query-input\":{\"@type\":\"PropertyValueSpecification\",\"valueRequired\":true,\"valueName\":\"search_term_string\"}}],\"inLanguage\":\"fr-FR\"}]}<\/script>\n<!-- \/ Yoast SEO Premium plugin. -->","yoast_head_json":{"title":"Niveau A | A1 + A2+A3 - Abbaye d'Admont","robots":{"index":"index","follow":"follow","max-snippet":"max-snippet:-1","max-image-preview":"max-image-preview:large","max-video-preview":"max-video-preview:-1"},"canonical":"https:\/\/stiftadmont.at\/fr\/centre-de-sante-dadmont\/niveau-a\/","og_locale":"fr_FR","og_type":"article","og_title":"Ebene A | A1 + A2+A3","og_url":"https:\/\/stiftadmont.at\/fr\/centre-de-sante-dadmont\/niveau-a\/","og_site_name":"Stift Admont","article_modified_time":"2025-02-17T12:30:07+00:00","og_image":[{"width":1912,"height":1188,"url":"https:\/\/stiftadmont.at\/wp-content\/uploads\/Klosteranlage-innen.jpg","type":"image\/jpeg"}],"twitter_card":"summary_large_image","schema":{"@context":"https:\/\/schema.org","@graph":[{"@type":"WebPage","@id":"https:\/\/stiftadmont.at\/gesundheitszentrum-admont\/ebene-a\/","url":"https:\/\/stiftadmont.at\/gesundheitszentrum-admont\/ebene-a\/","name":"Niveau A | A1 + A2+A3 - Abbaye d'Admont","isPartOf":{"@id":"https:\/\/stiftadmont.at\/#website"},"datePublished":"2024-03-01T13:51:34+00:00","dateModified":"2025-02-17T12:30:07+00:00","breadcrumb":{"@id":"https:\/\/stiftadmont.at\/gesundheitszentrum-admont\/ebene-a\/#breadcrumb"},"inLanguage":"fr-FR","potentialAction":[{"@type":"ReadAction","target":["https:\/\/stiftadmont.at\/gesundheitszentrum-admont\/ebene-a\/"]}]},{"@type":"BreadcrumbList","@id":"https:\/\/stiftadmont.at\/gesundheitszentrum-admont\/ebene-a\/#breadcrumb","itemListElement":[{"@type":"ListItem","position":1,"name":"Start","item":"https:\/\/stiftadmont.at\/"},{"@type":"ListItem","position":2,"name":"Gesundheitszentrum Admont","item":"https:\/\/stiftadmont.at\/gesundheitszentrum-admont\/"},{"@type":"ListItem","position":3,"name":"Ebene A | A1 + A2+A3"}]},{"@type":"WebSite","@id":"https:\/\/stiftadmont.at\/#website","url":"https:\/\/stiftadmont.at\/","name":"Abbaye d'Admont","description":"Monast\u00e8re b\u00e9n\u00e9dictin et attraction touristique dans le Ges\u00e4use","potentialAction":[{"@type":"SearchAction","target":{"@type":"EntryPoint","urlTemplate":"https:\/\/stiftadmont.at\/?s={search_term_string}"},"query-input":{"@type":"PropertyValueSpecification","valueRequired":true,"valueName":"search_term_string"}}],"inLanguage":"fr-FR"}]}},"_links":{"self":[{"href":"https:\/\/stiftadmont.at\/fr\/wp-json\/wp\/v2\/pages\/27055","targetHints":{"allow":["GET"]}}],"collection":[{"href":"https:\/\/stiftadmont.at\/fr\/wp-json\/wp\/v2\/pages"}],"about":[{"href":"https:\/\/stiftadmont.at\/fr\/wp-json\/wp\/v2\/types\/page"}],"author":[{"embeddable":true,"href":"https:\/\/stiftadmont.at\/fr\/wp-json\/wp\/v2\/users\/20"}],"replies":[{"embeddable":true,"href":"https:\/\/stiftadmont.at\/fr\/wp-json\/wp\/v2\/comments?post=27055"}],"version-history":[{"count":26,"href":"https:\/\/stiftadmont.at\/fr\/wp-json\/wp\/v2\/pages\/27055\/revisions"}],"predecessor-version":[{"id":32966,"href":"https:\/\/stiftadmont.at\/fr\/wp-json\/wp\/v2\/pages\/27055\/revisions\/32966"}],"up":[{"embeddable":true,"href":"https:\/\/stiftadmont.at\/fr\/wp-json\/wp\/v2\/pages\/545"}],"wp:attachment":[{"href":"https:\/\/stiftadmont.at\/fr\/wp-json\/wp\/v2\/media?parent=27055"}],"wp:term":[{"taxonomy":"category","embeddable":true,"href":"https:\/\/stiftadmont.at\/fr\/wp-json\/wp\/v2\/categories?post=27055"}],"curies":[{"name":"wp","href":"https:\/\/api.w.org\/{rel}","templated":true}]}}