{"id":29213,"date":"2024-07-15T08:34:26","date_gmt":"2024-07-15T06:34:26","guid":{"rendered":"https:\/\/stiftadmont.at\/?page_id=29213"},"modified":"2025-02-04T11:21:48","modified_gmt":"2025-02-04T09:21:48","slug":"maison-de-la-rencontre-2","status":"publish","type":"page","link":"https:\/\/stiftadmont.at\/fr\/haus-der-begegnung-2\/haus-der-begegnung-2\/","title":{"rendered":"Maison de la rencontre"},"content":{"rendered":"<section id='lightpress__section--block_e1daaedd4fc626f6f11467168091483b' class='align-center lightpress__section--default-section-space lightpress__section lightpress__section--headline'><div class=\"headline__container\">\n            <h2 class=\"headline text--40 text-medium line line--gold line-above line-middle\">La maison de la rencontre <\/h2>\n        <p class=\"text-center text-gold text--20 text-medium text--uppercase\">La vie et l'\u0153uvre de saint Beno\u00eet de Nursie ont \u00e9t\u00e9 une contribution fondamentale \u00e0 l'\u00e9mergence de la civilisation et de la culture europ\u00e9ennes. <\/p>\n        <div class=\"spacer--40\"><\/div>\n<\/div>\n\n<\/section>\n\n<section id='lightpress__section--block_8fbcee31b86811807f940c54cb99a121' class='lightpress__section--default-section-space lightpress__section lightpress__section--content'><div class=\"content__inner\"\n         x-init=\"initContentBlockAnim($el)\">\n        \n    <div class=\"content__grid content__grid\">\n                                            <div class=\"content__box content__box--one-hundred\"\n                 style=\"\">\n                                \n                \n                                            <div class=\"prose\"><p class=\"paragraph-m\">Son \u0153uvre principale est sa Regula, selon laquelle les moines de l'ordre b\u00e9n\u00e9dictin orientent leur vie.<\/p>\n<p class=\"paragraph-m\">\"Beno\u00eet qualifie la 'R\u00e8gle' de 'simple r\u00e8gle comme commencement' (RB 73,8) ; mais en r\u00e9alit\u00e9, elle offre des instructions utiles non seulement aux moines, mais aussi \u00e0 tous ceux qui cherchent un guide dans leur cheminement vers Dieu. Par sa mesure, son humanit\u00e9 et sa sobre distinction entre l'essentiel et le secondaire dans la vie spirituelle, elle a pu maintenir jusqu'\u00e0 aujourd'hui sa force \u00e9clairante\". (S.A. le pape Beno\u00eet XVI lors de l'audience g\u00e9n\u00e9rale du 9.4.2008)<\/p>\n<p class=\"paragraph-m\">Le 6 octobre 2002, le monast\u00e8re b\u00e9n\u00e9dictin d'Admont a ouvert la \"Maison de la rencontre\". En construisant la Maison de la Rencontre, les b\u00e9n\u00e9dictins d'Admont ont d\u00e9cid\u00e9, dans la continuit\u00e9 de leur travail scolaire, de trouver une nouvelle forme de service \u00e0 autrui, pr\u00e9cis\u00e9ment \u00e0 une \u00e9poque o\u00f9 les circonstances pastorales ont chang\u00e9, et d'enrichir et de promouvoir de cette mani\u00e8re la vie spirituelle sur le sol universitaire - et de rayonner au-del\u00e0.<\/p>\n<p class=\"paragraph-m\">La Maison de Rencontre invite \u00e0 vivre la foi dans une communaut\u00e9 vivante, \u00e0 y r\u00e9fl\u00e9chir avec honn\u00eatet\u00e9 intellectuelle et \u00e0 l'approfondir par l'exp\u00e9rience de la spiritualit\u00e9 et du mode de vie b\u00e9n\u00e9dictins, afin de trouver ainsi une vie chr\u00e9tienne authentique et cr\u00e9dible.<\/p>\n<p class=\"paragraph-m\">Nous cherchons \u00e0 donner aux \u00e9tudiants un espace pour d\u00e9velopper, au-del\u00e0 de leurs \u00e9tudes, des capacit\u00e9s pour leur propre organisation de vie et pour renforcer leur responsabilit\u00e9 envers le monde et tous les autres hommes.<\/p>\n<p class=\"paragraph-m\">\u00a0<\/p>\n<p class=\"paragraph-m\">La \"Maison de la rencontre\" propose entre autres<\/p>\n<p>\u00a0<\/p>\n<ul>\n<li class=\"paragraph-m\">\n<p class=\"paragraph-m\">Exp\u00e9rimenter la spiritualit\u00e9 b\u00e9n\u00e9dictine<\/p>\n<\/li>\n<li class=\"paragraph-m\">\n<p class=\"paragraph-m\">C\u00e9l\u00e9brations de la messe le dimanche et le mercredi soir<\/p>\n<\/li>\n<li class=\"paragraph-m\">\n<p class=\"paragraph-m\">Heure mensuelle d'adoration pour les vocations<\/p>\n<\/li>\n<li class=\"paragraph-m\">\n<p class=\"paragraph-m\">Entretien spirituel et accompagnement<\/p>\n<\/li>\n<li class=\"paragraph-m\">\n<p class=\"paragraph-m\">Pour les \u00e9tudiants, un espace caf\u00e9 et un espace d'\u00e9tude<\/p>\n<\/li>\n<li class=\"paragraph-m\">\n<p class=\"paragraph-m\">WLAN gratuit \u00e0 utiliser pour les recherches<\/p>\n<\/li>\n<li class=\"paragraph-m\">\n<p class=\"paragraph-m\">Soir\u00e9es de r\u00e9flexion et de s\u00e9minaire sur diff\u00e9rents th\u00e8mes<\/p>\n<\/li>\n<\/ul>\n<p>\u00a0<\/p>\n<p class=\"paragraph-m\"><strong>Nous serions heureux de vous accueillir chez nous.<\/strong><\/p>\n<\/div>\n                    \n                            <\/div>\n        \n            <\/div>\n<\/div>\n\n<\/section>\n\n<section id='lightpress__section--block_e32eb75a09af92bdab2cbd590307ad01' class='lightpress__section--more-links--950 lightpress__section--full-width lightpress__section--default-section-space lightpress__section lightpress__section--more-links'><div class=\"more\" x-init=\"initMoreLinksBlockAnim($el)\">\n            <style>\n            #lightpress__section--block_e32eb75a09af92bdab2cbd590307ad01 .more {\n                --entry-width: calc(100% \/ 4 - var(--grid-gap) * 4);\n                grid-template-columns: repeat(auto-fit, minmax(max(var(--entry-width),50rem), 1fr));\n            }\n        <\/style>\n    \n                    <a class=\"more__link\" href=\"https:\/\/stiftadmont.at\/fr\/maison-de-la-rencontre-2\/maison-de-la-rencontre-2\/appartement-pour-etudiants\/\">\n            <div class=\"more__media\">\n                                    <picture class=\"more__image\">\n                        <source srcset=\"https:\/\/stiftadmont.at\/wp-content\/uploads\/Studentenheim_\u00a9Thomas-Sattler-11-1024x683.webp\" type=\"image\/webp\">\n                        <source srcset=\"https:\/\/stiftadmont.at\/wp-content\/uploads\/Studentenheim_\u00a9Thomas-Sattler-11-1024x683.jpg\" type=\"image\/jpeg\">\n                        <img decoding=\"async\" loading=\"lazy\" src=\"https:\/\/stiftadmont.at\/wp-content\/uploads\/Studentenheim_\u00a9Thomas-Sattler-11-1024x683.jpg\"\n                             alt=\"Foyer d&#039;\u00e9tudiants \u00a9Thomas Sattler 11 scaled\" >\n                    <\/picture>\n                            <\/div>\n            <div class=\"more__content\">\n                <div class=\"more__title--container\">\n                                            \n                                                                            \n                        <p class=\"text-bold text-white text--serif text--26\">Appartement pour \u00e9tudiants<\/p>\n                                                            <\/div>\n                                    <div class=\"more__cta\">\n                        <i class=\"fa-thin fa-chevron-right\"><\/i>\n                    <\/div>\n                            <\/div>\n        <\/a>\n                    <a class=\"more__link\" href=\"https:\/\/stiftadmont.at\/fr\/sur-le-monastere\/\">\n            <div class=\"more__media\">\n                                    <picture class=\"more__image\">\n                        <source srcset=\"https:\/\/stiftadmont.at\/wp-content\/uploads\/Klostergeschichte-6-1024x624.webp\" type=\"image\/webp\">\n                        <source srcset=\"https:\/\/stiftadmont.at\/wp-content\/uploads\/Klostergeschichte-6-1024x624.jpg\" type=\"image\/jpeg\">\n                        <img decoding=\"async\" loading=\"lazy\" src=\"https:\/\/stiftadmont.at\/wp-content\/uploads\/Klostergeschichte-6-1024x624.jpg\"\n                             alt=\"Histoire du monast\u00e8re 6\" >\n                    <\/picture>\n                            <\/div>\n            <div class=\"more__content\">\n                <div class=\"more__title--container\">\n                                            \n                                                                            \n                        <p class=\"text-bold text-white text--serif text--26\">L'abbaye b\u00e9n\u00e9dictine d'Admont<\/p>\n                                                            <\/div>\n                                    <div class=\"more__cta\">\n                        <i class=\"fa-thin fa-chevron-right\"><\/i>\n                    <\/div>\n                            <\/div>\n        <\/a>\n                    <a class=\"more__link\" href=\"https:\/\/stiftadmont.at\/fr\/maison-de-la-rencontre-2\/maison-de-la-rencontre-2\/services-religieux\/\">\n            <div class=\"more__media\">\n                                    <picture class=\"more__image\">\n                        <source srcset=\"https:\/\/stiftadmont.at\/wp-content\/uploads\/Buch-lesen_Stift-Admont-1024x682.webp\" type=\"image\/webp\">\n                        <source srcset=\"https:\/\/stiftadmont.at\/wp-content\/uploads\/Buch-lesen_Stift-Admont-1024x682.jpg\" type=\"image\/jpeg\">\n                        <img decoding=\"async\" loading=\"lazy\" src=\"https:\/\/stiftadmont.at\/wp-content\/uploads\/Buch-lesen_Stift-Admont-1024x682.jpg\" alt=\"Lire le livre Stift Admont\" \/>\n                    <\/picture>\n                            <\/div>\n            <div class=\"more__content\">\n                <div class=\"more__title--container\">\n                                            \n                                                                            \n                        <p class=\"text-bold text-white text--serif text--26\">Services religieux<\/p>\n                                                            <\/div>\n                                    <div class=\"more__cta\">\n                        <i class=\"fa-thin fa-chevron-right\"><\/i>\n                    <\/div>\n                            <\/div>\n        <\/a>\n                    <a class=\"more__link\" href=\"https:\/\/stiftadmont.at\/fr\/maison-de-la-rencontre-2\/spiritualite\/\">\n            <div class=\"more__media\">\n                                    <picture class=\"more__image\">\n                        <source srcset=\"https:\/\/stiftadmont.at\/wp-content\/uploads\/DSC_3185-685x1024.webp\" type=\"image\/webp\">\n                        <source srcset=\"https:\/\/stiftadmont.at\/wp-content\/uploads\/DSC_3185-685x1024.jpg\" type=\"image\/jpeg\">\n                        <img decoding=\"async\" loading=\"lazy\" src=\"https:\/\/stiftadmont.at\/wp-content\/uploads\/DSC_3185-685x1024.jpg\"\n                             alt=\"DSC 3185 scaled\" >\n                    <\/picture>\n                            <\/div>\n            <div class=\"more__content\">\n                <div class=\"more__title--container\">\n                                            \n                                                                            \n                        <p class=\"text-bold text-white text--serif text--26\">Spiritualit\u00e9<\/p>\n                                                            <\/div>\n                                    <div class=\"more__cta\">\n                        <i class=\"fa-thin fa-chevron-right\"><\/i>\n                    <\/div>\n                            <\/div>\n        <\/a>\n    \n<\/div>\n\n<\/section>\n\n<section id='lightpress__section--block_876ca30cbe8b6d6fd7716905c5bc946d' class='lightpress__section--default-section-space lightpress__section lightpress__section--content'><div class=\"content__inner\"\n         x-init=\"initContentBlockAnim($el)\">\n        \n    <div class=\"content__grid content__grid\">\n                                            <div class=\"content__box content__box--one-hundred\"\n                 style=\"\">\n                                \n                \n                                            <div class=\"prose\"><h5 class=\"heading-m line line-above line--gold\"><strong>Contact<\/strong><\/h5>\n<p>\u00a0<\/p>\n<p class=\"paragraph-m\">Centre de rencontre de l'abbaye b\u00e9n\u00e9dictine d'Admont<\/p>\n<p class=\"paragraph-m\">Association pour la promotion de la jeunesse \u00e9tudiante<\/p>\n<p class=\"paragraph-m\">Johann-Fux-Gasse 16<\/p>\n<p class=\"paragraph-m\">A-8010 Graz<\/p>\n<p>\u00a0<\/p>\n<p class=\"paragraph-m\"><a class=\"phone\" href=\"tel:+43-316-325431-0\"><span class=\"icon-outer\"><i class=\"fa-light fa-phone\"><\/i><\/span>+43-316-325431-0<\/a><\/p>\n<p class=\"paragraph-m\"><a class=\"email\" href=\"mailto:office@hausderbegegnung.or.at\"><span class=\"icon-outer\"><i class=\"fa-light fa-envelope\"><\/i><\/span>office@hausderbegegnung.or.at<\/a><\/p>\n<p class=\"paragraph-m\">\u00a0<\/p>\n<\/div>\n                    \n                            <\/div>\n        \n            <\/div>\n<\/div>\n\n<\/section>","protected":false},"excerpt":{"rendered":"","protected":false},"author":19,"featured_media":29216,"parent":29267,"menu_order":1,"comment_status":"closed","ping_status":"closed","template":"","meta":{"_acf_changed":false,"footnotes":""},"categories":[],"class_list":["post-29213","page","type-page","status-publish","has-post-thumbnail","hentry"],"acf":[],"yoast_head":"<!-- This site is optimized with the Yoast SEO Premium plugin v26.0 (Yoast SEO v26.8) - https:\/\/yoast.com\/product\/yoast-seo-premium-wordpress\/ -->\n<title>Haus der Begegnung - Stift Admont<\/title>\n<meta name=\"robots\" content=\"index, follow, max-snippet:-1, max-image-preview:large, max-video-preview:-1\" \/>\n<link rel=\"canonical\" href=\"https:\/\/stiftadmont.at\/fr\/maison-de-la-rencontre-2\/maison-de-la-rencontre-2\/\" \/>\n<meta property=\"og:locale\" content=\"fr_FR\" \/>\n<meta property=\"og:type\" content=\"article\" \/>\n<meta property=\"og:title\" content=\"Haus der Begegnung\" \/>\n<meta property=\"og:url\" content=\"https:\/\/stiftadmont.at\/fr\/maison-de-la-rencontre-2\/maison-de-la-rencontre-2\/\" \/>\n<meta property=\"og:site_name\" content=\"Stift Admont\" \/>\n<meta property=\"article:modified_time\" content=\"2025-02-04T09:21:48+00:00\" \/>\n<meta property=\"og:image\" content=\"https:\/\/stiftadmont.at\/wp-content\/uploads\/HdB6.jpg\" \/>\n\t<meta property=\"og:image:width\" content=\"1600\" \/>\n\t<meta property=\"og:image:height\" content=\"1200\" \/>\n\t<meta property=\"og:image:type\" content=\"image\/jpeg\" \/>\n<meta name=\"twitter:card\" content=\"summary_large_image\" \/>\n<meta name=\"twitter:label1\" content=\"Dur\u00e9e de lecture estim\u00e9e\" \/>\n\t<meta name=\"twitter:data1\" content=\"1 minute\" \/>\n<script type=\"application\/ld+json\" class=\"yoast-schema-graph\">{\"@context\":\"https:\/\/schema.org\",\"@graph\":[{\"@type\":\"WebPage\",\"@id\":\"https:\/\/stiftadmont.at\/haus-der-begegnung-2\/haus-der-begegnung-2\/\",\"url\":\"https:\/\/stiftadmont.at\/haus-der-begegnung-2\/haus-der-begegnung-2\/\",\"name\":\"Haus der Begegnung - Stift Admont\",\"isPartOf\":{\"@id\":\"https:\/\/stiftadmont.at\/#website\"},\"primaryImageOfPage\":{\"@id\":\"https:\/\/stiftadmont.at\/haus-der-begegnung-2\/haus-der-begegnung-2\/#primaryimage\"},\"image\":{\"@id\":\"https:\/\/stiftadmont.at\/haus-der-begegnung-2\/haus-der-begegnung-2\/#primaryimage\"},\"thumbnailUrl\":\"https:\/\/stiftadmont.at\/wp-content\/uploads\/HdB6.jpg\",\"datePublished\":\"2024-07-15T06:34:26+00:00\",\"dateModified\":\"2025-02-04T09:21:48+00:00\",\"breadcrumb\":{\"@id\":\"https:\/\/stiftadmont.at\/haus-der-begegnung-2\/haus-der-begegnung-2\/#breadcrumb\"},\"inLanguage\":\"fr-FR\",\"potentialAction\":[{\"@type\":\"ReadAction\",\"target\":[\"https:\/\/stiftadmont.at\/haus-der-begegnung-2\/haus-der-begegnung-2\/\"]}]},{\"@type\":\"ImageObject\",\"inLanguage\":\"fr-FR\",\"@id\":\"https:\/\/stiftadmont.at\/haus-der-begegnung-2\/haus-der-begegnung-2\/#primaryimage\",\"url\":\"https:\/\/stiftadmont.at\/wp-content\/uploads\/HdB6.jpg\",\"contentUrl\":\"https:\/\/stiftadmont.at\/wp-content\/uploads\/HdB6.jpg\",\"width\":1600,\"height\":1200,\"caption\":\"OLYMPUS DIGITAL CAMERA\"},{\"@type\":\"BreadcrumbList\",\"@id\":\"https:\/\/stiftadmont.at\/haus-der-begegnung-2\/haus-der-begegnung-2\/#breadcrumb\",\"itemListElement\":[{\"@type\":\"ListItem\",\"position\":1,\"name\":\"Start\",\"item\":\"https:\/\/stiftadmont.at\/\"},{\"@type\":\"ListItem\",\"position\":2,\"name\":\"Haus der Begegnung\",\"item\":\"https:\/\/stiftadmont.at\/haus-der-begegnung-2\/\"},{\"@type\":\"ListItem\",\"position\":3,\"name\":\"Haus der Begegnung\"}]},{\"@type\":\"WebSite\",\"@id\":\"https:\/\/stiftadmont.at\/#website\",\"url\":\"https:\/\/stiftadmont.at\/\",\"name\":\"Stift Admont\",\"description\":\"Benediktinerkloster und Sehensw\u00fcrdigkeit im Ges\u00e4use\",\"potentialAction\":[{\"@type\":\"SearchAction\",\"target\":{\"@type\":\"EntryPoint\",\"urlTemplate\":\"https:\/\/stiftadmont.at\/?s={search_term_string}\"},\"query-input\":{\"@type\":\"PropertyValueSpecification\",\"valueRequired\":true,\"valueName\":\"search_term_string\"}}],\"inLanguage\":\"fr-FR\"}]}<\/script>\n<!-- \/ Yoast SEO Premium plugin. -->","yoast_head_json":{"title":"Maison de la rencontre - Stift Admont","robots":{"index":"index","follow":"follow","max-snippet":"max-snippet:-1","max-image-preview":"max-image-preview:large","max-video-preview":"max-video-preview:-1"},"canonical":"https:\/\/stiftadmont.at\/fr\/maison-de-la-rencontre-2\/maison-de-la-rencontre-2\/","og_locale":"fr_FR","og_type":"article","og_title":"Haus der Begegnung","og_url":"https:\/\/stiftadmont.at\/fr\/maison-de-la-rencontre-2\/maison-de-la-rencontre-2\/","og_site_name":"Stift Admont","article_modified_time":"2025-02-04T09:21:48+00:00","og_image":[{"width":1600,"height":1200,"url":"https:\/\/stiftadmont.at\/wp-content\/uploads\/HdB6.jpg","type":"image\/jpeg"}],"twitter_card":"summary_large_image","twitter_misc":{"Dur\u00e9e de lecture estim\u00e9e":"1 minute"},"schema":{"@context":"https:\/\/schema.org","@graph":[{"@type":"WebPage","@id":"https:\/\/stiftadmont.at\/haus-der-begegnung-2\/haus-der-begegnung-2\/","url":"https:\/\/stiftadmont.at\/haus-der-begegnung-2\/haus-der-begegnung-2\/","name":"Maison de la rencontre - Stift Admont","isPartOf":{"@id":"https:\/\/stiftadmont.at\/#website"},"primaryImageOfPage":{"@id":"https:\/\/stiftadmont.at\/haus-der-begegnung-2\/haus-der-begegnung-2\/#primaryimage"},"image":{"@id":"https:\/\/stiftadmont.at\/haus-der-begegnung-2\/haus-der-begegnung-2\/#primaryimage"},"thumbnailUrl":"https:\/\/stiftadmont.at\/wp-content\/uploads\/HdB6.jpg","datePublished":"2024-07-15T06:34:26+00:00","dateModified":"2025-02-04T09:21:48+00:00","breadcrumb":{"@id":"https:\/\/stiftadmont.at\/haus-der-begegnung-2\/haus-der-begegnung-2\/#breadcrumb"},"inLanguage":"fr-FR","potentialAction":[{"@type":"ReadAction","target":["https:\/\/stiftadmont.at\/haus-der-begegnung-2\/haus-der-begegnung-2\/"]}]},{"@type":"ImageObject","inLanguage":"fr-FR","@id":"https:\/\/stiftadmont.at\/haus-der-begegnung-2\/haus-der-begegnung-2\/#primaryimage","url":"https:\/\/stiftadmont.at\/wp-content\/uploads\/HdB6.jpg","contentUrl":"https:\/\/stiftadmont.at\/wp-content\/uploads\/HdB6.jpg","width":1600,"height":1200,"caption":"OLYMPUS DIGITAL CAMERA"},{"@type":"BreadcrumbList","@id":"https:\/\/stiftadmont.at\/haus-der-begegnung-2\/haus-der-begegnung-2\/#breadcrumb","itemListElement":[{"@type":"ListItem","position":1,"name":"Start","item":"https:\/\/stiftadmont.at\/"},{"@type":"ListItem","position":2,"name":"Haus der Begegnung","item":"https:\/\/stiftadmont.at\/haus-der-begegnung-2\/"},{"@type":"ListItem","position":3,"name":"Haus der Begegnung"}]},{"@type":"WebSite","@id":"https:\/\/stiftadmont.at\/#website","url":"https:\/\/stiftadmont.at\/","name":"Abbaye d'Admont","description":"Monast\u00e8re b\u00e9n\u00e9dictin et attraction touristique dans le Ges\u00e4use","potentialAction":[{"@type":"SearchAction","target":{"@type":"EntryPoint","urlTemplate":"https:\/\/stiftadmont.at\/?s={search_term_string}"},"query-input":{"@type":"PropertyValueSpecification","valueRequired":true,"valueName":"search_term_string"}}],"inLanguage":"fr-FR"}]}},"_links":{"self":[{"href":"https:\/\/stiftadmont.at\/fr\/wp-json\/wp\/v2\/pages\/29213","targetHints":{"allow":["GET"]}}],"collection":[{"href":"https:\/\/stiftadmont.at\/fr\/wp-json\/wp\/v2\/pages"}],"about":[{"href":"https:\/\/stiftadmont.at\/fr\/wp-json\/wp\/v2\/types\/page"}],"author":[{"embeddable":true,"href":"https:\/\/stiftadmont.at\/fr\/wp-json\/wp\/v2\/users\/19"}],"replies":[{"embeddable":true,"href":"https:\/\/stiftadmont.at\/fr\/wp-json\/wp\/v2\/comments?post=29213"}],"version-history":[{"count":27,"href":"https:\/\/stiftadmont.at\/fr\/wp-json\/wp\/v2\/pages\/29213\/revisions"}],"predecessor-version":[{"id":32630,"href":"https:\/\/stiftadmont.at\/fr\/wp-json\/wp\/v2\/pages\/29213\/revisions\/32630"}],"up":[{"embeddable":true,"href":"https:\/\/stiftadmont.at\/fr\/wp-json\/wp\/v2\/pages\/29267"}],"wp:featuredmedia":[{"embeddable":true,"href":"https:\/\/stiftadmont.at\/fr\/wp-json\/wp\/v2\/media\/29216"}],"wp:attachment":[{"href":"https:\/\/stiftadmont.at\/fr\/wp-json\/wp\/v2\/media?parent=29213"}],"wp:term":[{"taxonomy":"category","embeddable":true,"href":"https:\/\/stiftadmont.at\/fr\/wp-json\/wp\/v2\/categories?post=29213"}],"curies":[{"name":"wp","href":"https:\/\/api.w.org\/{rel}","templated":true}]}}