{"id":6394,"date":"2021-09-29T15:13:12","date_gmt":"2021-09-29T13:13:12","guid":{"rendered":"https:\/\/stiftadmont.at\/?page_id=6394"},"modified":"2025-01-30T09:46:52","modified_gmt":"2025-01-30T07:46:52","slug":"heribert-friedl","status":"publish","type":"page","link":"https:\/\/stiftadmont.at\/fr\/ueber-die-stiftsbibliothek\/heribert-friedl\/","title":{"rendered":"Heribert Friedl"},"content":{"rendered":"<section id='lightpress__section--block_bf5352f8494c3e807798f18e0bcaf4e9' class='align-center lightpress__section--default-section-space lightpress__section lightpress__section--headline'><div class=\"headline__container\">\n            <h2 class=\"headline text--40 text-medium line line--gold line-above line-middle\">SANS TITRE (MADE FOR ADMONT), 2007<\/h2>\n        <p class=\"text-center text-gold text--20 text-medium text--uppercase\">En 2007, le mus\u00e9e de l'abbaye d'Admont a accueilli l'exposition \"Ich f\u00fchle was, was du nicht siehst. L'art \u00e0 comprendre\". Dans le cadre de cette exposition, Heribert Friedl a r\u00e9alis\u00e9 une intervention subtile dans la salle de la biblioth\u00e8que d'Admont.<\/p>\n        <div class=\"spacer--40\"><\/div>\n<\/div>\n\n<\/section>\n\n<section id='lightpress__section--block_6fd0ce0ea936bd9f52c1e7f324095256' class='lightpress__section--default-section-space lightpress__section lightpress__section--content'><div class=\"content__inner\"\n         x-init=\"initContentBlockAnim($el)\">\n        \n    <div class=\"content__grid content__grid--fifty-fifty\">\n                                            <div class=\"content__box content__box\"\n                 style=\"\">\n                                \n                \n                                            <div class=\"prose\"><h5 class=\"heading-m line line-above line--gold\">Parfum<\/h5>\n<p>\u00a0<\/p>\n<p class=\"paragraph-m\">Comme dans beaucoup de ses installations, Heribert Friedl ne s'int\u00e9ressait pas \u00e0 la consigne visuelle. Il ne s'agissait pas pour lui de ce que l'on voit, mais de ce que l'on sent - le parfum auquel on est livr\u00e9. Les plaques blanches visuellement \"vides\" sur l'\u00e9chafaudage ont \u00e9t\u00e9 utilis\u00e9es comme support pour une substance odorante. La substance odorante pouvait \u00eatre lib\u00e9r\u00e9e en la frottant.<\/p>\n<p>\u00a0<\/p>\n<p class=\"paragraph-m\">Une partie du travail consistait aussi en cartes parfum\u00e9es. Elles \u00e9taient imprim\u00e9es sur leur face dor\u00e9e avec du parfum. La couleur dor\u00e9e faisait r\u00e9f\u00e9rence au lieu de l'installation : la biblioth\u00e8que baroque de l'abbaye. La carte devait rappeler au visiteur, une fois rentr\u00e9 chez lui, le travail lui-m\u00eame gr\u00e2ce au parfum et la somptuosit\u00e9 de la pi\u00e8ce gr\u00e2ce \u00e0 la couleur dor\u00e9e. Avec la carte, on emportait aussi un morceau d'original.<\/p>\n<p>\u00a0<\/p>\n<div class=\"info info--info\">\n<p>La substance odorante : l'encens<\/p>\n<\/div>\n<\/div>\n                    \n                            <\/div>\n        \n                                                    <div class=\"content__box content__box--2\"\n                     >\n                                        \n                    \n                                                <div class=\"content__media stickyTo\" x-init=\"imageSticky($el)\">\n\n                                                                                    <picture\n                                    class=\"content__image sticky\">\n                                <source srcset=\"https:\/\/stiftadmont.at\/wp-content\/uploads\/4739b6c64144f72975550c5e8df1b948_L.webp\" type=\"image\/webp\">\n                                <source srcset=\"https:\/\/stiftadmont.at\/wp-content\/uploads\/4739b6c64144f72975550c5e8df1b948_L.jpg\" type=\"image\/jpeg\">\n                                <img decoding=\"async\" class=\"sticky\" loading=\"lazy\" src=\"https:\/\/stiftadmont.at\/wp-content\/uploads\/4739b6c64144f72975550c5e8df1b948_L.jpg\" alt=\"\u00c0 propos de la biblioth\u00e8que de l&#039;abbaye 2021\" \/>\n\n                                                                                                                            <\/picture>\n\n                        <\/div>\n\n                                    <\/div>\n            \n            <\/div>\n<\/div>\n\n<\/section>","protected":false},"excerpt":{"rendered":"","protected":false},"author":7,"featured_media":0,"parent":454,"menu_order":0,"comment_status":"closed","ping_status":"closed","template":"","meta":{"_acf_changed":false,"footnotes":""},"categories":[],"class_list":["post-6394","page","type-page","status-publish","hentry"],"acf":[],"yoast_head":"<!-- This site is optimized with the Yoast SEO Premium plugin v26.0 (Yoast SEO v26.8) - https:\/\/yoast.com\/product\/yoast-seo-premium-wordpress\/ -->\n<title>Heribert Friedl - Stift Admont<\/title>\n<meta name=\"robots\" content=\"index, follow, max-snippet:-1, max-image-preview:large, max-video-preview:-1\" \/>\n<link rel=\"canonical\" href=\"https:\/\/stiftadmont.at\/fr\/a-propos-de-la-bibliotheque-du-monastere\/heribert-friedl\/\" \/>\n<meta property=\"og:locale\" content=\"fr_FR\" \/>\n<meta property=\"og:type\" content=\"article\" \/>\n<meta property=\"og:title\" content=\"Heribert Friedl\" \/>\n<meta property=\"og:url\" content=\"https:\/\/stiftadmont.at\/fr\/a-propos-de-la-bibliotheque-du-monastere\/heribert-friedl\/\" \/>\n<meta property=\"og:site_name\" content=\"Stift Admont\" \/>\n<meta property=\"article:modified_time\" content=\"2025-01-30T07:46:52+00:00\" \/>\n<meta property=\"og:image\" content=\"https:\/\/stiftadmont.at\/wp-content\/uploads\/Klosteranlage-innen.jpg\" \/>\n\t<meta property=\"og:image:width\" content=\"1912\" \/>\n\t<meta property=\"og:image:height\" content=\"1188\" \/>\n\t<meta property=\"og:image:type\" content=\"image\/jpeg\" \/>\n<meta name=\"twitter:card\" content=\"summary_large_image\" \/>\n<script type=\"application\/ld+json\" class=\"yoast-schema-graph\">{\"@context\":\"https:\/\/schema.org\",\"@graph\":[{\"@type\":\"WebPage\",\"@id\":\"https:\/\/stiftadmont.at\/ueber-die-stiftsbibliothek\/heribert-friedl\/\",\"url\":\"https:\/\/stiftadmont.at\/ueber-die-stiftsbibliothek\/heribert-friedl\/\",\"name\":\"Heribert Friedl - Stift Admont\",\"isPartOf\":{\"@id\":\"https:\/\/stiftadmont.at\/#website\"},\"datePublished\":\"2021-09-29T13:13:12+00:00\",\"dateModified\":\"2025-01-30T07:46:52+00:00\",\"breadcrumb\":{\"@id\":\"https:\/\/stiftadmont.at\/ueber-die-stiftsbibliothek\/heribert-friedl\/#breadcrumb\"},\"inLanguage\":\"fr-FR\",\"potentialAction\":[{\"@type\":\"ReadAction\",\"target\":[\"https:\/\/stiftadmont.at\/ueber-die-stiftsbibliothek\/heribert-friedl\/\"]}]},{\"@type\":\"BreadcrumbList\",\"@id\":\"https:\/\/stiftadmont.at\/ueber-die-stiftsbibliothek\/heribert-friedl\/#breadcrumb\",\"itemListElement\":[{\"@type\":\"ListItem\",\"position\":1,\"name\":\"Start\",\"item\":\"https:\/\/stiftadmont.at\/\"},{\"@type\":\"ListItem\",\"position\":2,\"name\":\"\u00dcber unsere Klosterbibliothek\",\"item\":\"https:\/\/stiftadmont.at\/ueber-die-stiftsbibliothek\/\"},{\"@type\":\"ListItem\",\"position\":3,\"name\":\"Heribert Friedl\"}]},{\"@type\":\"WebSite\",\"@id\":\"https:\/\/stiftadmont.at\/#website\",\"url\":\"https:\/\/stiftadmont.at\/\",\"name\":\"Stift Admont\",\"description\":\"Benediktinerkloster und Sehensw\u00fcrdigkeit im Ges\u00e4use\",\"potentialAction\":[{\"@type\":\"SearchAction\",\"target\":{\"@type\":\"EntryPoint\",\"urlTemplate\":\"https:\/\/stiftadmont.at\/?s={search_term_string}\"},\"query-input\":{\"@type\":\"PropertyValueSpecification\",\"valueRequired\":true,\"valueName\":\"search_term_string\"}}],\"inLanguage\":\"fr-FR\"}]}<\/script>\n<!-- \/ Yoast SEO Premium plugin. -->","yoast_head_json":{"title":"Heribert Friedl - Abbaye d'Admont","robots":{"index":"index","follow":"follow","max-snippet":"max-snippet:-1","max-image-preview":"max-image-preview:large","max-video-preview":"max-video-preview:-1"},"canonical":"https:\/\/stiftadmont.at\/fr\/a-propos-de-la-bibliotheque-du-monastere\/heribert-friedl\/","og_locale":"fr_FR","og_type":"article","og_title":"Heribert Friedl","og_url":"https:\/\/stiftadmont.at\/fr\/a-propos-de-la-bibliotheque-du-monastere\/heribert-friedl\/","og_site_name":"Stift Admont","article_modified_time":"2025-01-30T07:46:52+00:00","og_image":[{"width":1912,"height":1188,"url":"https:\/\/stiftadmont.at\/wp-content\/uploads\/Klosteranlage-innen.jpg","type":"image\/jpeg"}],"twitter_card":"summary_large_image","schema":{"@context":"https:\/\/schema.org","@graph":[{"@type":"WebPage","@id":"https:\/\/stiftadmont.at\/ueber-die-stiftsbibliothek\/heribert-friedl\/","url":"https:\/\/stiftadmont.at\/ueber-die-stiftsbibliothek\/heribert-friedl\/","name":"Heribert Friedl - Abbaye d'Admont","isPartOf":{"@id":"https:\/\/stiftadmont.at\/#website"},"datePublished":"2021-09-29T13:13:12+00:00","dateModified":"2025-01-30T07:46:52+00:00","breadcrumb":{"@id":"https:\/\/stiftadmont.at\/ueber-die-stiftsbibliothek\/heribert-friedl\/#breadcrumb"},"inLanguage":"fr-FR","potentialAction":[{"@type":"ReadAction","target":["https:\/\/stiftadmont.at\/ueber-die-stiftsbibliothek\/heribert-friedl\/"]}]},{"@type":"BreadcrumbList","@id":"https:\/\/stiftadmont.at\/ueber-die-stiftsbibliothek\/heribert-friedl\/#breadcrumb","itemListElement":[{"@type":"ListItem","position":1,"name":"Start","item":"https:\/\/stiftadmont.at\/"},{"@type":"ListItem","position":2,"name":"\u00dcber unsere Klosterbibliothek","item":"https:\/\/stiftadmont.at\/ueber-die-stiftsbibliothek\/"},{"@type":"ListItem","position":3,"name":"Heribert Friedl"}]},{"@type":"WebSite","@id":"https:\/\/stiftadmont.at\/#website","url":"https:\/\/stiftadmont.at\/","name":"Abbaye d'Admont","description":"Monast\u00e8re b\u00e9n\u00e9dictin et attraction touristique dans le Ges\u00e4use","potentialAction":[{"@type":"SearchAction","target":{"@type":"EntryPoint","urlTemplate":"https:\/\/stiftadmont.at\/?s={search_term_string}"},"query-input":{"@type":"PropertyValueSpecification","valueRequired":true,"valueName":"search_term_string"}}],"inLanguage":"fr-FR"}]}},"_links":{"self":[{"href":"https:\/\/stiftadmont.at\/fr\/wp-json\/wp\/v2\/pages\/6394","targetHints":{"allow":["GET"]}}],"collection":[{"href":"https:\/\/stiftadmont.at\/fr\/wp-json\/wp\/v2\/pages"}],"about":[{"href":"https:\/\/stiftadmont.at\/fr\/wp-json\/wp\/v2\/types\/page"}],"author":[{"embeddable":true,"href":"https:\/\/stiftadmont.at\/fr\/wp-json\/wp\/v2\/users\/7"}],"replies":[{"embeddable":true,"href":"https:\/\/stiftadmont.at\/fr\/wp-json\/wp\/v2\/comments?post=6394"}],"version-history":[{"count":13,"href":"https:\/\/stiftadmont.at\/fr\/wp-json\/wp\/v2\/pages\/6394\/revisions"}],"predecessor-version":[{"id":32345,"href":"https:\/\/stiftadmont.at\/fr\/wp-json\/wp\/v2\/pages\/6394\/revisions\/32345"}],"up":[{"embeddable":true,"href":"https:\/\/stiftadmont.at\/fr\/wp-json\/wp\/v2\/pages\/454"}],"wp:attachment":[{"href":"https:\/\/stiftadmont.at\/fr\/wp-json\/wp\/v2\/media?parent=6394"}],"wp:term":[{"taxonomy":"category","embeddable":true,"href":"https:\/\/stiftadmont.at\/fr\/wp-json\/wp\/v2\/categories?post=6394"}],"curies":[{"name":"wp","href":"https:\/\/api.w.org\/{rel}","templated":true}]}}