{"id":17276,"date":"2023-03-17T16:53:04","date_gmt":"2023-03-17T14:53:04","guid":{"rendered":"https:\/\/stiftadmont.at\/?page_id=17276"},"modified":"2026-01-12T12:27:00","modified_gmt":"2026-01-12T10:27:00","slug":"intervento-artistico-di-heribert-friedl-2023","status":"publish","type":"page","link":"https:\/\/stiftadmont.at\/it\/museum\/ausstellungsrueckblick\/heribert-friedl-kuenstlerische-intervention-2023\/","title":{"rendered":"Heribert Friedl - Intervento artistico 2023"},"content":{"rendered":"<section id='lightpress__section--block_985b0f4faf0609efc1809b2c15cff84f' class='lightpress__section--default-section-space lightpress__section lightpress__section--content'><div class=\"content__inner\"\n         x-init=\"initContentBlockAnim($el)\">\n        \n    <div class=\"content__grid content__grid\">\n                                            <div class=\"content__box content__box--one-hundred\"\n                 style=\"\">\n                                \n                \n                                            <div class=\"prose\"><h2 class=\"heading-xxl line line--gold text-center\">Heribert Friedl<\/h2>\n<h6 class=\"heading-s text-center\">Intervento artistico<br \/>al Kunsthistorisches Museum<\/h6>\n<p class=\"text-center\">aperto dal 01 aprile al 01 novembre 2023<\/p>\n<\/div>\n                    \n                            <\/div>\n        \n            <\/div>\n<\/div>\n\n<\/section>\n\n<section id='lightpress__section--block_54098f1d566e80a26c1b8443492c19d8' class='lightpress__section--default-section-space lightpress__section lightpress__section--content'><div class=\"content__inner\"\n         x-init=\"initContentBlockAnim($el)\">\n        \n    <div class=\"content__grid content__grid\">\n                                            <div class=\"content__box content__box--one-hundred\"\n                 style=\"\">\n                                \n                \n                                            <div class=\"prose\"><p class=\"paragraph-m\">Dal 2003, il <a href=\"https:\/\/stiftadmont.at\/it\/museen\/museo-di-storia-dellarte\/\">Museo di Storia dell'Arte<\/a> uno spazio di intervento artistico. Uno spazio di relazioni risonanti, di dialogo: il sacro con il profano, il passato con il presente. Trasformazioni e processi. Questo spazio \u00e8 stato progettato da Heribert Friedl nel 2022!<\/p>\n<p class=\"paragraph-m\">Gli artisti e le artiste invitati finora ci hanno sempre sorpreso di nuovo - con le loro soluzioni artistiche incredibilmente stratificate e complesse nei loro riferimenti all'Abbazia di Admont come luogo di spiritualit\u00e0, come luogo di collezioni cos\u00ec diverse; alla biblioteca, agli archivi e alla memoria culturale di quasi 950 anni. Questa sala \u00e8 stata progettata da Heribert Friedl nel 2022. L'installazione consiste in capi d'abbigliamento ordinatamente presentati sotto forma di archivio, che sono stati indossati da una persona cara molto specifica. All'inizio potreste essere irritati dall'imbattervi in qualcosa di cos\u00ec banale nel contesto del Kunsthistorisches Museum. Che cos'\u00e8? Un breve sguardo al percorso artistico di Friedl fornisce una chiave di lettura. I profumi e i loro effetti sono stati a lungo al centro degli interessi di Heribert Friedl. Gran parte del suo lavoro consiste in installazioni site-specific o architetture effimere che hanno a che fare con l'espressione \"oggetti non visivi\" (termine che utilizza per il suo lavoro dal 1996). In esse, le fragranze fungono da vettori di contenuti. Friedl ha seguito questo percorso anche negli anni precedenti presso l'Abbazia di Admont.<\/p>\n<p class=\"paragraph-m\">Nel 2007, durante la fase pluriennale di restauro della Biblioteca dell'Abbazia di Admont, ha rivestito un pannello di supporto bianco sull'impalcatura con un profumo invisibile. Il profumo di incenso veniva rilasciato attraverso uno sfregamento attivo. Come in molte delle sue installazioni, Heribert Friedl non si \u00e8 preoccupato della specifica visiva. Una parte dell'opera comprendeva anche delle carte profumate relative alla biblioteca del monastero barocco. Un pezzo dell'originale \u00e8 stato portato via insieme al biglietto. Nel 2008, nell'ambito di una mostra sul tema \"Biblioteca\", Heribert Friedl ha creato una biblioteca di profumi composta da 100 fragranze nel Museo d'Arte Contemporanea - un archivio di profumi, se cos\u00ec si pu\u00f2 dire. Nel 2012, per la collezione speciale Admont \"<a href=\"https:\/\/stiftadmont.at\/it\/museo\/recensione-della-mostra\/oltre-la-vista\/\">Oltre la vista: l'arte mette in contatto ciechi e vedenti<\/a>\" ha creato un'opera: Una spirale profumata visibile fatta di tubi di rame perforati, da cui un soffietto emette un odore che si diffonde nella stanza come una scultura effimera invisibile.<\/p>\n<\/div>\n                    \n                            <\/div>\n        \n            <\/div>\n<\/div>\n\n<\/section>\n\n<section id='lightpress__section--block_d52993c148b8a37512070a50a087e92f' class='lightpress__section--default-section-space lightpress__section lightpress__section--content'><div class=\"content__inner\"\n         x-init=\"initContentBlockAnim($el)\">\n        \n    <div class=\"content__grid content__grid--fifty-fifty\">\n                                            <div class=\"content__box content__box\"\n                 style=\"\">\n                                \n                \n                                        <div class=\"content__media stickyTo\" x-init=\"imageSticky($el)\">\n\n                                                                                                <picture\n                                class=\"content__image sticky image-overlay\">\n                            <source srcset=\"https:\/\/stiftadmont.at\/wp-content\/uploads\/Friedl-677x1024_www.jpg\"\n                                    type=\"image\/webp\">\n                            <source srcset=\"https:\/\/stiftadmont.at\/wp-content\/uploads\/Friedl-677x1024_www.jpg\"\n                                    type=\"image\/jpeg\">\n                            <img decoding=\"async\" loading=\"lazy\" src=\"https:\/\/stiftadmont.at\/wp-content\/uploads\/Friedl-677x1024_www.jpg\" alt=\"Friedl 677x1024 www\" width=\"600\" height=\"450\" \/>\n                                                                                                            <\/picture>\n\n                    <\/div>\n\n                            <\/div>\n        \n                                                    <div class=\"content__box content__box--2\"\n                     >\n                                        \n                    \n                                                    <div class=\"prose\"><h6 class=\"heading-s text-center\">Heribert Friedl<br \/>*1969 a Feldbach \/ Stiria<br \/>vive e lavora a Vienna<\/h6>\n<p class=\"paragraph-m text-center\">Ritratto di una persona preferita <br \/>nel mondo e oltre.<\/p>\n<p class=\"paragraph-m text-center\">Vari capi di abbigliamento, scarpe, cravatte,<br \/>Calze, tra gli altri, installazione, 2022<\/p>\n<\/div>\n                        \n                                    <\/div>\n            \n            <\/div>\n<\/div>\n\n<\/section>\n\n<section id='lightpress__section--block_3709ce691766e9f17602f7fd3eebb526' class='lightpress__section--default-section-space lightpress__section lightpress__section--content'><div class=\"content__inner\"\n         x-init=\"initContentBlockAnim($el)\">\n        \n    <div class=\"content__grid content__grid\">\n                                            <div class=\"content__box content__box--one-hundred\"\n                 style=\"\">\n                                \n                \n                                            <div class=\"prose\"><p class=\"paragraph-m\">Nell'arte di Heribert Friedl, che si concentra sulla percezione olfattiva, i momenti visivi vengono omessi il pi\u00f9 possibile. L'attuale installazione non riguarda quindi la percezione piatta degli abiti in s\u00e9. Riguarda invece la persona che un tempo lo indossava. Si tratta di una persona cara che non \u00e8 pi\u00f9 con noi fisicamente dopo la sua morte. Si tratta di ci\u00f2 che rimane di questa persona. Si tratta di assenza, di ricordi - innescati tra l'altro dai profumi - che si sono inscritti in questi capi di abbigliamento. Si tratta di ci\u00f2 che \"percepiamo\" individualmente negli oggetti, nelle opere d'arte - ognuno in modo diverso, a seconda dell'individuo. Si tratta delle microparticelle invisibili che sono passate in essi. Sono invisibili all'occhio umano, ma per gli scienziati forensi sono un cosmo per eccellenza. Si tratta di amore, di lutto, di abbandono, di \"vanitas\" e \"memento mori\". In definitiva, si tratta di consolazione, di speranza, del fatto che non c'\u00e8 nulla solo perch\u00e9 non si vede. E sul fatto che ci\u00f2 che \u00e8 visibile spesso oscura ci\u00f2 che \u00e8 veramente importante, ci\u00f2 che vale la pena percepire.<\/p>\n<p class=\"paragraph-m\">Heribert Friedl parla anche del profumo del tempo che ha trovato espressione in queste cose. E sullo sfondo del suo dialogo con il filosofo, scienziato culturale e scrittore coreano-tedesco Byung-Chul Han, afferma: \"La storia che le cose acquisiscono attraverso il lungo utilizzo le anima per diventare \"cose del cuore\". Non solo l'impressione visiva immediata, che forse riflette un certo tempo, ma anche le cose invisibili che si possono sentire, creano un \"cosmo del cuore\".<\/p>\n<p class=\"paragraph-m\">Il riferimento al museo \u00e8 pi\u00f9 che altro strutturale. Il museo come archivio, come \"salvatore dalla scomparsa\". Naturalmente, il riferimento pu\u00f2 essere fatto anche ai paramenti.<\/p>\n<\/div>\n                    \n                            <\/div>\n        \n            <\/div>\n<\/div>\n\n<\/section>\n\n<section id='lightpress__section--block_0f61eee28506e933142a4e1aa78383e1' class='lightpress__section--default-section-space lightpress__section lightpress__section--content'><div class=\"content__inner\"\n         x-init=\"initContentBlockAnim($el)\">\n        \n    <div class=\"content__grid content__grid\">\n                                            <div class=\"content__box content__box--one-hundred\"\n                 style=\"\">\n                                \n                \n                                            <div class=\"prose\"><h6 class=\"heading-s text-center\">\"Si pu\u00f2 vedere bene solo con il cuore.<br \/>L'essenziale \u00e8 invisibile <br \/>per gli occhi\". <\/h6>\n<p class=\"text-center\">(Antoine de Saint-Exup\u00e9ry)<\/p>\n<\/div>\n                    \n                            <\/div>\n        \n            <\/div>\n<\/div>\n\n<\/section>","protected":false},"excerpt":{"rendered":"","protected":false},"author":7,"featured_media":0,"parent":5864,"menu_order":58,"comment_status":"closed","ping_status":"closed","template":"","meta":{"_acf_changed":false,"footnotes":""},"categories":[73],"class_list":["post-17276","page","type-page","status-publish","hentry","category-ausstellungsrueckblick"],"acf":[],"yoast_head":"<!-- This site is optimized with the Yoast SEO Premium plugin v26.0 (Yoast SEO v26.8) - https:\/\/yoast.com\/product\/yoast-seo-premium-wordpress\/ -->\n<title>Heribert Friedl \u2013 K\u00fcnstlerische Intervention 2023 - Stift Admont<\/title>\n<meta name=\"robots\" content=\"index, follow, max-snippet:-1, max-image-preview:large, max-video-preview:-1\" \/>\n<link rel=\"canonical\" href=\"https:\/\/stiftadmont.at\/it\/museo\/recensione-della-mostra\/intervento-artistico-di-heribert-friedl-2023\/\" \/>\n<meta property=\"og:locale\" content=\"it_IT\" \/>\n<meta property=\"og:type\" content=\"article\" \/>\n<meta property=\"og:title\" content=\"Heribert Friedl \u2013 K\u00fcnstlerische Intervention 2023\" \/>\n<meta property=\"og:url\" content=\"https:\/\/stiftadmont.at\/it\/museo\/recensione-della-mostra\/intervento-artistico-di-heribert-friedl-2023\/\" \/>\n<meta property=\"og:site_name\" content=\"Stift Admont\" \/>\n<meta property=\"article:modified_time\" content=\"2026-01-12T10:27:00+00:00\" \/>\n<meta property=\"og:image\" content=\"https:\/\/stiftadmont.at\/wp-content\/uploads\/Klosteranlage-innen.jpg\" \/>\n\t<meta property=\"og:image:width\" content=\"1912\" \/>\n\t<meta property=\"og:image:height\" content=\"1188\" \/>\n\t<meta property=\"og:image:type\" content=\"image\/jpeg\" \/>\n<meta name=\"twitter:card\" content=\"summary_large_image\" \/>\n<script type=\"application\/ld+json\" class=\"yoast-schema-graph\">{\"@context\":\"https:\/\/schema.org\",\"@graph\":[{\"@type\":\"WebPage\",\"@id\":\"https:\/\/stiftadmont.at\/museum\/ausstellungsrueckblick\/heribert-friedl-kuenstlerische-intervention-2023\/\",\"url\":\"https:\/\/stiftadmont.at\/museum\/ausstellungsrueckblick\/heribert-friedl-kuenstlerische-intervention-2023\/\",\"name\":\"Heribert Friedl \u2013 K\u00fcnstlerische Intervention 2023 - Stift Admont\",\"isPartOf\":{\"@id\":\"https:\/\/stiftadmont.at\/#website\"},\"datePublished\":\"2023-03-17T14:53:04+00:00\",\"dateModified\":\"2026-01-12T10:27:00+00:00\",\"breadcrumb\":{\"@id\":\"https:\/\/stiftadmont.at\/museum\/ausstellungsrueckblick\/heribert-friedl-kuenstlerische-intervention-2023\/#breadcrumb\"},\"inLanguage\":\"it-IT\",\"potentialAction\":[{\"@type\":\"ReadAction\",\"target\":[\"https:\/\/stiftadmont.at\/museum\/ausstellungsrueckblick\/heribert-friedl-kuenstlerische-intervention-2023\/\"]}]},{\"@type\":\"BreadcrumbList\",\"@id\":\"https:\/\/stiftadmont.at\/museum\/ausstellungsrueckblick\/heribert-friedl-kuenstlerische-intervention-2023\/#breadcrumb\",\"itemListElement\":[{\"@type\":\"ListItem\",\"position\":1,\"name\":\"Start\",\"item\":\"https:\/\/stiftadmont.at\/\"},{\"@type\":\"ListItem\",\"position\":2,\"name\":\"Museum Stift Admont\",\"item\":\"https:\/\/stiftadmont.at\/museum\/\"},{\"@type\":\"ListItem\",\"position\":3,\"name\":\"Ausstellungsr\u00fcckblick\",\"item\":\"https:\/\/stiftadmont.at\/museum\/ausstellungsrueckblick\/\"},{\"@type\":\"ListItem\",\"position\":4,\"name\":\"Heribert Friedl \u2013 K\u00fcnstlerische Intervention 2023\"}]},{\"@type\":\"WebSite\",\"@id\":\"https:\/\/stiftadmont.at\/#website\",\"url\":\"https:\/\/stiftadmont.at\/\",\"name\":\"Stift Admont\",\"description\":\"Benediktinerkloster und Sehensw\u00fcrdigkeit im Ges\u00e4use\",\"potentialAction\":[{\"@type\":\"SearchAction\",\"target\":{\"@type\":\"EntryPoint\",\"urlTemplate\":\"https:\/\/stiftadmont.at\/?s={search_term_string}\"},\"query-input\":{\"@type\":\"PropertyValueSpecification\",\"valueRequired\":true,\"valueName\":\"search_term_string\"}}],\"inLanguage\":\"it-IT\"}]}<\/script>\n<!-- \/ Yoast SEO Premium plugin. -->","yoast_head_json":{"title":"Heribert Friedl - Intervento artistico 2023 - Abbazia di Admont","robots":{"index":"index","follow":"follow","max-snippet":"max-snippet:-1","max-image-preview":"max-image-preview:large","max-video-preview":"max-video-preview:-1"},"canonical":"https:\/\/stiftadmont.at\/it\/museo\/recensione-della-mostra\/intervento-artistico-di-heribert-friedl-2023\/","og_locale":"it_IT","og_type":"article","og_title":"Heribert Friedl \u2013 K\u00fcnstlerische Intervention 2023","og_url":"https:\/\/stiftadmont.at\/it\/museo\/recensione-della-mostra\/intervento-artistico-di-heribert-friedl-2023\/","og_site_name":"Stift Admont","article_modified_time":"2026-01-12T10:27:00+00:00","og_image":[{"width":1912,"height":1188,"url":"https:\/\/stiftadmont.at\/wp-content\/uploads\/Klosteranlage-innen.jpg","type":"image\/jpeg"}],"twitter_card":"summary_large_image","schema":{"@context":"https:\/\/schema.org","@graph":[{"@type":"WebPage","@id":"https:\/\/stiftadmont.at\/museum\/ausstellungsrueckblick\/heribert-friedl-kuenstlerische-intervention-2023\/","url":"https:\/\/stiftadmont.at\/museum\/ausstellungsrueckblick\/heribert-friedl-kuenstlerische-intervention-2023\/","name":"Heribert Friedl - Intervento artistico 2023 - Abbazia di Admont","isPartOf":{"@id":"https:\/\/stiftadmont.at\/#website"},"datePublished":"2023-03-17T14:53:04+00:00","dateModified":"2026-01-12T10:27:00+00:00","breadcrumb":{"@id":"https:\/\/stiftadmont.at\/museum\/ausstellungsrueckblick\/heribert-friedl-kuenstlerische-intervention-2023\/#breadcrumb"},"inLanguage":"it-IT","potentialAction":[{"@type":"ReadAction","target":["https:\/\/stiftadmont.at\/museum\/ausstellungsrueckblick\/heribert-friedl-kuenstlerische-intervention-2023\/"]}]},{"@type":"BreadcrumbList","@id":"https:\/\/stiftadmont.at\/museum\/ausstellungsrueckblick\/heribert-friedl-kuenstlerische-intervention-2023\/#breadcrumb","itemListElement":[{"@type":"ListItem","position":1,"name":"Start","item":"https:\/\/stiftadmont.at\/"},{"@type":"ListItem","position":2,"name":"Museum Stift Admont","item":"https:\/\/stiftadmont.at\/museum\/"},{"@type":"ListItem","position":3,"name":"Ausstellungsr\u00fcckblick","item":"https:\/\/stiftadmont.at\/museum\/ausstellungsrueckblick\/"},{"@type":"ListItem","position":4,"name":"Heribert Friedl \u2013 K\u00fcnstlerische Intervention 2023"}]},{"@type":"WebSite","@id":"https:\/\/stiftadmont.at\/#website","url":"https:\/\/stiftadmont.at\/","name":"Abbazia di Admont","description":"Monastero benedettino e attrazione turistica nella Ges\u00e4use","potentialAction":[{"@type":"SearchAction","target":{"@type":"EntryPoint","urlTemplate":"https:\/\/stiftadmont.at\/?s={search_term_string}"},"query-input":{"@type":"PropertyValueSpecification","valueRequired":true,"valueName":"search_term_string"}}],"inLanguage":"it-IT"}]}},"_links":{"self":[{"href":"https:\/\/stiftadmont.at\/it\/wp-json\/wp\/v2\/pages\/17276","targetHints":{"allow":["GET"]}}],"collection":[{"href":"https:\/\/stiftadmont.at\/it\/wp-json\/wp\/v2\/pages"}],"about":[{"href":"https:\/\/stiftadmont.at\/it\/wp-json\/wp\/v2\/types\/page"}],"author":[{"embeddable":true,"href":"https:\/\/stiftadmont.at\/it\/wp-json\/wp\/v2\/users\/7"}],"replies":[{"embeddable":true,"href":"https:\/\/stiftadmont.at\/it\/wp-json\/wp\/v2\/comments?post=17276"}],"version-history":[{"count":25,"href":"https:\/\/stiftadmont.at\/it\/wp-json\/wp\/v2\/pages\/17276\/revisions"}],"predecessor-version":[{"id":39064,"href":"https:\/\/stiftadmont.at\/it\/wp-json\/wp\/v2\/pages\/17276\/revisions\/39064"}],"up":[{"embeddable":true,"href":"https:\/\/stiftadmont.at\/it\/wp-json\/wp\/v2\/pages\/5864"}],"wp:attachment":[{"href":"https:\/\/stiftadmont.at\/it\/wp-json\/wp\/v2\/media?parent=17276"}],"wp:term":[{"taxonomy":"category","embeddable":true,"href":"https:\/\/stiftadmont.at\/it\/wp-json\/wp\/v2\/categories?post=17276"}],"curies":[{"name":"wp","href":"https:\/\/api.w.org\/{rel}","templated":true}]}}