{"id":29213,"date":"2024-07-15T08:34:26","date_gmt":"2024-07-15T06:34:26","guid":{"rendered":"https:\/\/stiftadmont.at\/?page_id=29213"},"modified":"2025-02-04T11:21:48","modified_gmt":"2025-02-04T09:21:48","slug":"casa-dellincontro-2","status":"publish","type":"page","link":"https:\/\/stiftadmont.at\/it\/haus-der-begegnung-2\/haus-der-begegnung-2\/","title":{"rendered":"Casa d'incontro"},"content":{"rendered":"<section id='lightpress__section--block_e1daaedd4fc626f6f11467168091483b' class='align-center lightpress__section--default-section-space lightpress__section lightpress__section--headline'><div class=\"headline__container\">\n            <h2 class=\"headline text--40 text-medium line line--gold line-above line-middle\">La casa dell'incontro <\/h2>\n        <p class=\"text-center text-gold text--20 text-medium text--uppercase\">La vita e l'opera di San Benedetto di Nursia sono state un contributo fondamentale alla nascita della civilt\u00e0 e della cultura europea. <\/p>\n        <div class=\"spacer--40\"><\/div>\n<\/div>\n\n<\/section>\n\n<section id='lightpress__section--block_8fbcee31b86811807f940c54cb99a121' class='lightpress__section--default-section-space lightpress__section lightpress__section--content'><div class=\"content__inner\"\n         x-init=\"initContentBlockAnim($el)\">\n        \n    <div class=\"content__grid content__grid\">\n                                            <div class=\"content__box content__box--one-hundred\"\n                 style=\"\">\n                                \n                \n                                            <div class=\"prose\"><p class=\"paragraph-m\">La sua opera principale \u00e8 la Regula, secondo la quale i monaci dell'ordine benedettino organizzano la loro vita.<\/p>\n<p class=\"paragraph-m\">San Benedetto descrive la \"Regola\" come una \"semplice regola come inizio\" (RB 73,8); in realt\u00e0, per\u00f2, essa offre istruzioni utili non solo per i monaci, ma anche per tutti coloro che cercano una guida nel loro cammino verso Dio. Grazie alla sua moderazione, alla sua umanit\u00e0 e alla sua sobria distinzione tra l'essenziale e il secondario nella vita spirituale, ha potuto mantenere il suo potere illuminante fino ad oggi\". (S.S. Papa Benedetto XVI nell'udienza generale del 9 aprile 2008)<\/p>\n<p class=\"paragraph-m\">Il 6 ottobre 2002, l'Abbazia benedettina di Admont ha inaugurato la \"Casa dell'Incontro\". Con la costruzione della Casa dell'Incontro, le Benedettine di Admont hanno deciso di continuare il loro lavoro scolastico e di trovare una nuova forma di servizio agli altri, soprattutto in un momento di cambiamento delle circostanze pastorali, e in questo modo di arricchire e promuovere la vita spirituale sul suolo universitario - e non solo.<\/p>\n<p class=\"paragraph-m\">La Casa dell'Incontro vi invita a sperimentare la fede in una comunit\u00e0 vivace, a riflettere su di essa con onest\u00e0 intellettuale e ad approfondirla sperimentando la spiritualit\u00e0 e lo stile di vita benedettini per trovare un cristianesimo autentico e credibile.<\/p>\n<p class=\"paragraph-m\">Cerchiamo di dare agli studenti lo spazio per sviluppare le capacit\u00e0 di plasmare la propria vita al di l\u00e0 degli studi e di rafforzare la loro responsabilit\u00e0 nei confronti del mondo e di tutti gli altri esseri umani.<\/p>\n<p class=\"paragraph-m\">\u00a0<\/p>\n<p class=\"paragraph-m\">La \"Haus der Begegnung\" offre, tra l'altro:<\/p>\n<p>\u00a0<\/p>\n<ul>\n<li class=\"paragraph-m\">\n<p class=\"paragraph-m\">Esperienza di spiritualit\u00e0 benedettina<\/p>\n<\/li>\n<li class=\"paragraph-m\">\n<p class=\"paragraph-m\">Messe la domenica e il mercoled\u00ec sera<\/p>\n<\/li>\n<li class=\"paragraph-m\">\n<p class=\"paragraph-m\">Ora mensile di adorazione per le vocazioni spirituali<\/p>\n<\/li>\n<li class=\"paragraph-m\">\n<p class=\"paragraph-m\">Dialogo e sostegno spirituale<\/p>\n<\/li>\n<li class=\"paragraph-m\">\n<p class=\"paragraph-m\">Un'area caff\u00e8 e un'area studio per gli studenti<\/p>\n<\/li>\n<li class=\"paragraph-m\">\n<p class=\"paragraph-m\">WLAN gratuita da utilizzare per la ricerca<\/p>\n<\/li>\n<li class=\"paragraph-m\">\n<p class=\"paragraph-m\">Serate di riflessione e seminari su vari argomenti<\/p>\n<\/li>\n<\/ul>\n<p>\u00a0<\/p>\n<p class=\"paragraph-m\"><strong>Saremo lieti di darvi il benvenuto qui.<\/strong><\/p>\n<\/div>\n                    \n                            <\/div>\n        \n            <\/div>\n<\/div>\n\n<\/section>\n\n<section id='lightpress__section--block_e32eb75a09af92bdab2cbd590307ad01' class='lightpress__section--more-links--950 lightpress__section--full-width lightpress__section--default-section-space lightpress__section lightpress__section--more-links'><div class=\"more\" x-init=\"initMoreLinksBlockAnim($el)\">\n            <style>\n            #lightpress__section--block_e32eb75a09af92bdab2cbd590307ad01 .more {\n                --entry-width: calc(100% \/ 4 - var(--grid-gap) * 4);\n                grid-template-columns: repeat(auto-fit, minmax(max(var(--entry-width),50rem), 1fr));\n            }\n        <\/style>\n    \n                    <a class=\"more__link\" href=\"https:\/\/stiftadmont.at\/it\/casa-dellincontro-2\/casa-dellincontro-2\/appartamento-per-studenti\/\">\n            <div class=\"more__media\">\n                                    <picture class=\"more__image\">\n                        <source srcset=\"https:\/\/stiftadmont.at\/wp-content\/uploads\/Studentenheim_\u00a9Thomas-Sattler-11-1024x683.webp\" type=\"image\/webp\">\n                        <source srcset=\"https:\/\/stiftadmont.at\/wp-content\/uploads\/Studentenheim_\u00a9Thomas-Sattler-11-1024x683.jpg\" type=\"image\/jpeg\">\n                        <img decoding=\"async\" loading=\"lazy\" src=\"https:\/\/stiftadmont.at\/wp-content\/uploads\/Studentenheim_\u00a9Thomas-Sattler-11-1024x683.jpg\"\n                             alt=\"Residenza per studenti \u00a9Thomas Sattler 11 in scala\" >\n                    <\/picture>\n                            <\/div>\n            <div class=\"more__content\">\n                <div class=\"more__title--container\">\n                                            \n                                                                            \n                        <p class=\"text-bold text-white text--serif text--26\">Appartamento per studenti<\/p>\n                                                            <\/div>\n                                    <div class=\"more__cta\">\n                        <i class=\"fa-thin fa-chevron-right\"><\/i>\n                    <\/div>\n                            <\/div>\n        <\/a>\n                    <a class=\"more__link\" href=\"https:\/\/stiftadmont.at\/it\/sul-monastero\/\">\n            <div class=\"more__media\">\n                                    <picture class=\"more__image\">\n                        <source srcset=\"https:\/\/stiftadmont.at\/wp-content\/uploads\/Klostergeschichte-6-1024x624.webp\" type=\"image\/webp\">\n                        <source srcset=\"https:\/\/stiftadmont.at\/wp-content\/uploads\/Klostergeschichte-6-1024x624.jpg\" type=\"image\/jpeg\">\n                        <img decoding=\"async\" loading=\"lazy\" src=\"https:\/\/stiftadmont.at\/wp-content\/uploads\/Klostergeschichte-6-1024x624.jpg\"\n                             alt=\"Storia del monastero 6\" >\n                    <\/picture>\n                            <\/div>\n            <div class=\"more__content\">\n                <div class=\"more__title--container\">\n                                            \n                                                                            \n                        <p class=\"text-bold text-white text--serif text--26\">L'Abbazia benedettina di Admont<\/p>\n                                                            <\/div>\n                                    <div class=\"more__cta\">\n                        <i class=\"fa-thin fa-chevron-right\"><\/i>\n                    <\/div>\n                            <\/div>\n        <\/a>\n                    <a class=\"more__link\" href=\"https:\/\/stiftadmont.at\/it\/casa-dellincontro-2\/casa-dellincontro-2\/servizi\/\">\n            <div class=\"more__media\">\n                                    <picture class=\"more__image\">\n                        <source srcset=\"https:\/\/stiftadmont.at\/wp-content\/uploads\/Buch-lesen_Stift-Admont-1024x682.webp\" type=\"image\/webp\">\n                        <source srcset=\"https:\/\/stiftadmont.at\/wp-content\/uploads\/Buch-lesen_Stift-Admont-1024x682.jpg\" type=\"image\/jpeg\">\n                        <img decoding=\"async\" loading=\"lazy\" src=\"https:\/\/stiftadmont.at\/wp-content\/uploads\/Buch-lesen_Stift-Admont-1024x682.jpg\" alt=\"Leggi il libro Abbazia di Admont\" \/>\n                    <\/picture>\n                            <\/div>\n            <div class=\"more__content\">\n                <div class=\"more__title--container\">\n                                            \n                                                                            \n                        <p class=\"text-bold text-white text--serif text--26\">Servizi della chiesa<\/p>\n                                                            <\/div>\n                                    <div class=\"more__cta\">\n                        <i class=\"fa-thin fa-chevron-right\"><\/i>\n                    <\/div>\n                            <\/div>\n        <\/a>\n                    <a class=\"more__link\" href=\"https:\/\/stiftadmont.at\/it\/casa-dellincontro-2\/spiritualita\/\">\n            <div class=\"more__media\">\n                                    <picture class=\"more__image\">\n                        <source srcset=\"https:\/\/stiftadmont.at\/wp-content\/uploads\/DSC_3185-685x1024.webp\" type=\"image\/webp\">\n                        <source srcset=\"https:\/\/stiftadmont.at\/wp-content\/uploads\/DSC_3185-685x1024.jpg\" type=\"image\/jpeg\">\n                        <img decoding=\"async\" loading=\"lazy\" src=\"https:\/\/stiftadmont.at\/wp-content\/uploads\/DSC_3185-685x1024.jpg\"\n                             alt=\"DSC 3185 in scala\" >\n                    <\/picture>\n                            <\/div>\n            <div class=\"more__content\">\n                <div class=\"more__title--container\">\n                                            \n                                                                            \n                        <p class=\"text-bold text-white text--serif text--26\">Spiritualit\u00e0<\/p>\n                                                            <\/div>\n                                    <div class=\"more__cta\">\n                        <i class=\"fa-thin fa-chevron-right\"><\/i>\n                    <\/div>\n                            <\/div>\n        <\/a>\n    \n<\/div>\n\n<\/section>\n\n<section id='lightpress__section--block_876ca30cbe8b6d6fd7716905c5bc946d' class='lightpress__section--default-section-space lightpress__section lightpress__section--content'><div class=\"content__inner\"\n         x-init=\"initContentBlockAnim($el)\">\n        \n    <div class=\"content__grid content__grid\">\n                                            <div class=\"content__box content__box--one-hundred\"\n                 style=\"\">\n                                \n                \n                                            <div class=\"prose\"><h5 class=\"heading-m line line-above line--gold\"><strong>Contattateci<\/strong><\/h5>\n<p>\u00a0<\/p>\n<p class=\"paragraph-m\">Centro d'incontro dell'Abbazia benedettina di Admont<\/p>\n<p class=\"paragraph-m\">Associazione per la promozione dei giovani studenti<\/p>\n<p class=\"paragraph-m\">Johann-Fux-Gasse 16<\/p>\n<p class=\"paragraph-m\">A-8010 Graz<\/p>\n<p>\u00a0<\/p>\n<p class=\"paragraph-m\"><a class=\"phone\" href=\"tel:+43-316-325431-0\"><span class=\"icon-outer\"><i class=\"fa-light fa-phone\"><\/i><\/span>+43-316-325431-0<\/a><\/p>\n<p class=\"paragraph-m\"><a class=\"email\" href=\"mailto:office@hausderbegegnung.or.at\"><span class=\"icon-outer\"><i class=\"fa-light fa-envelope\"><\/i><\/span>office@hausderbegegnung.or.at<\/a><\/p>\n<p class=\"paragraph-m\">\u00a0<\/p>\n<\/div>\n                    \n                            <\/div>\n        \n            <\/div>\n<\/div>\n\n<\/section>","protected":false},"excerpt":{"rendered":"","protected":false},"author":19,"featured_media":29216,"parent":29267,"menu_order":1,"comment_status":"closed","ping_status":"closed","template":"","meta":{"_acf_changed":false,"footnotes":""},"categories":[],"class_list":["post-29213","page","type-page","status-publish","has-post-thumbnail","hentry"],"acf":[],"yoast_head":"<!-- This site is optimized with the Yoast SEO Premium plugin v26.0 (Yoast SEO v26.8) - https:\/\/yoast.com\/product\/yoast-seo-premium-wordpress\/ -->\n<title>Haus der Begegnung - Stift Admont<\/title>\n<meta name=\"robots\" content=\"index, follow, max-snippet:-1, max-image-preview:large, max-video-preview:-1\" \/>\n<link rel=\"canonical\" href=\"https:\/\/stiftadmont.at\/it\/casa-dellincontro-2\/casa-dellincontro-2\/\" \/>\n<meta property=\"og:locale\" content=\"it_IT\" \/>\n<meta property=\"og:type\" content=\"article\" \/>\n<meta property=\"og:title\" content=\"Haus der Begegnung\" \/>\n<meta property=\"og:url\" content=\"https:\/\/stiftadmont.at\/it\/casa-dellincontro-2\/casa-dellincontro-2\/\" \/>\n<meta property=\"og:site_name\" content=\"Stift Admont\" \/>\n<meta property=\"article:modified_time\" content=\"2025-02-04T09:21:48+00:00\" \/>\n<meta property=\"og:image\" content=\"https:\/\/stiftadmont.at\/wp-content\/uploads\/HdB6.jpg\" \/>\n\t<meta property=\"og:image:width\" content=\"1600\" \/>\n\t<meta property=\"og:image:height\" content=\"1200\" \/>\n\t<meta property=\"og:image:type\" content=\"image\/jpeg\" \/>\n<meta name=\"twitter:card\" content=\"summary_large_image\" \/>\n<meta name=\"twitter:label1\" content=\"Tempo di lettura stimato\" \/>\n\t<meta name=\"twitter:data1\" content=\"1 minuto\" \/>\n<script type=\"application\/ld+json\" class=\"yoast-schema-graph\">{\"@context\":\"https:\/\/schema.org\",\"@graph\":[{\"@type\":\"WebPage\",\"@id\":\"https:\/\/stiftadmont.at\/haus-der-begegnung-2\/haus-der-begegnung-2\/\",\"url\":\"https:\/\/stiftadmont.at\/haus-der-begegnung-2\/haus-der-begegnung-2\/\",\"name\":\"Haus der Begegnung - Stift Admont\",\"isPartOf\":{\"@id\":\"https:\/\/stiftadmont.at\/#website\"},\"primaryImageOfPage\":{\"@id\":\"https:\/\/stiftadmont.at\/haus-der-begegnung-2\/haus-der-begegnung-2\/#primaryimage\"},\"image\":{\"@id\":\"https:\/\/stiftadmont.at\/haus-der-begegnung-2\/haus-der-begegnung-2\/#primaryimage\"},\"thumbnailUrl\":\"https:\/\/stiftadmont.at\/wp-content\/uploads\/HdB6.jpg\",\"datePublished\":\"2024-07-15T06:34:26+00:00\",\"dateModified\":\"2025-02-04T09:21:48+00:00\",\"breadcrumb\":{\"@id\":\"https:\/\/stiftadmont.at\/haus-der-begegnung-2\/haus-der-begegnung-2\/#breadcrumb\"},\"inLanguage\":\"it-IT\",\"potentialAction\":[{\"@type\":\"ReadAction\",\"target\":[\"https:\/\/stiftadmont.at\/haus-der-begegnung-2\/haus-der-begegnung-2\/\"]}]},{\"@type\":\"ImageObject\",\"inLanguage\":\"it-IT\",\"@id\":\"https:\/\/stiftadmont.at\/haus-der-begegnung-2\/haus-der-begegnung-2\/#primaryimage\",\"url\":\"https:\/\/stiftadmont.at\/wp-content\/uploads\/HdB6.jpg\",\"contentUrl\":\"https:\/\/stiftadmont.at\/wp-content\/uploads\/HdB6.jpg\",\"width\":1600,\"height\":1200,\"caption\":\"OLYMPUS DIGITAL CAMERA\"},{\"@type\":\"BreadcrumbList\",\"@id\":\"https:\/\/stiftadmont.at\/haus-der-begegnung-2\/haus-der-begegnung-2\/#breadcrumb\",\"itemListElement\":[{\"@type\":\"ListItem\",\"position\":1,\"name\":\"Start\",\"item\":\"https:\/\/stiftadmont.at\/\"},{\"@type\":\"ListItem\",\"position\":2,\"name\":\"Haus der Begegnung\",\"item\":\"https:\/\/stiftadmont.at\/haus-der-begegnung-2\/\"},{\"@type\":\"ListItem\",\"position\":3,\"name\":\"Haus der Begegnung\"}]},{\"@type\":\"WebSite\",\"@id\":\"https:\/\/stiftadmont.at\/#website\",\"url\":\"https:\/\/stiftadmont.at\/\",\"name\":\"Stift Admont\",\"description\":\"Benediktinerkloster und Sehensw\u00fcrdigkeit im Ges\u00e4use\",\"potentialAction\":[{\"@type\":\"SearchAction\",\"target\":{\"@type\":\"EntryPoint\",\"urlTemplate\":\"https:\/\/stiftadmont.at\/?s={search_term_string}\"},\"query-input\":{\"@type\":\"PropertyValueSpecification\",\"valueRequired\":true,\"valueName\":\"search_term_string\"}}],\"inLanguage\":\"it-IT\"}]}<\/script>\n<!-- \/ Yoast SEO Premium plugin. -->","yoast_head_json":{"title":"Casa dell'Incontro - Abbazia di Admont","robots":{"index":"index","follow":"follow","max-snippet":"max-snippet:-1","max-image-preview":"max-image-preview:large","max-video-preview":"max-video-preview:-1"},"canonical":"https:\/\/stiftadmont.at\/it\/casa-dellincontro-2\/casa-dellincontro-2\/","og_locale":"it_IT","og_type":"article","og_title":"Haus der Begegnung","og_url":"https:\/\/stiftadmont.at\/it\/casa-dellincontro-2\/casa-dellincontro-2\/","og_site_name":"Stift Admont","article_modified_time":"2025-02-04T09:21:48+00:00","og_image":[{"width":1600,"height":1200,"url":"https:\/\/stiftadmont.at\/wp-content\/uploads\/HdB6.jpg","type":"image\/jpeg"}],"twitter_card":"summary_large_image","twitter_misc":{"Tempo di lettura stimato":"1 minuto"},"schema":{"@context":"https:\/\/schema.org","@graph":[{"@type":"WebPage","@id":"https:\/\/stiftadmont.at\/haus-der-begegnung-2\/haus-der-begegnung-2\/","url":"https:\/\/stiftadmont.at\/haus-der-begegnung-2\/haus-der-begegnung-2\/","name":"Casa dell'Incontro - Abbazia di Admont","isPartOf":{"@id":"https:\/\/stiftadmont.at\/#website"},"primaryImageOfPage":{"@id":"https:\/\/stiftadmont.at\/haus-der-begegnung-2\/haus-der-begegnung-2\/#primaryimage"},"image":{"@id":"https:\/\/stiftadmont.at\/haus-der-begegnung-2\/haus-der-begegnung-2\/#primaryimage"},"thumbnailUrl":"https:\/\/stiftadmont.at\/wp-content\/uploads\/HdB6.jpg","datePublished":"2024-07-15T06:34:26+00:00","dateModified":"2025-02-04T09:21:48+00:00","breadcrumb":{"@id":"https:\/\/stiftadmont.at\/haus-der-begegnung-2\/haus-der-begegnung-2\/#breadcrumb"},"inLanguage":"it-IT","potentialAction":[{"@type":"ReadAction","target":["https:\/\/stiftadmont.at\/haus-der-begegnung-2\/haus-der-begegnung-2\/"]}]},{"@type":"ImageObject","inLanguage":"it-IT","@id":"https:\/\/stiftadmont.at\/haus-der-begegnung-2\/haus-der-begegnung-2\/#primaryimage","url":"https:\/\/stiftadmont.at\/wp-content\/uploads\/HdB6.jpg","contentUrl":"https:\/\/stiftadmont.at\/wp-content\/uploads\/HdB6.jpg","width":1600,"height":1200,"caption":"OLYMPUS DIGITAL CAMERA"},{"@type":"BreadcrumbList","@id":"https:\/\/stiftadmont.at\/haus-der-begegnung-2\/haus-der-begegnung-2\/#breadcrumb","itemListElement":[{"@type":"ListItem","position":1,"name":"Start","item":"https:\/\/stiftadmont.at\/"},{"@type":"ListItem","position":2,"name":"Haus der Begegnung","item":"https:\/\/stiftadmont.at\/haus-der-begegnung-2\/"},{"@type":"ListItem","position":3,"name":"Haus der Begegnung"}]},{"@type":"WebSite","@id":"https:\/\/stiftadmont.at\/#website","url":"https:\/\/stiftadmont.at\/","name":"Abbazia di Admont","description":"Monastero benedettino e attrazione turistica nella Ges\u00e4use","potentialAction":[{"@type":"SearchAction","target":{"@type":"EntryPoint","urlTemplate":"https:\/\/stiftadmont.at\/?s={search_term_string}"},"query-input":{"@type":"PropertyValueSpecification","valueRequired":true,"valueName":"search_term_string"}}],"inLanguage":"it-IT"}]}},"_links":{"self":[{"href":"https:\/\/stiftadmont.at\/it\/wp-json\/wp\/v2\/pages\/29213","targetHints":{"allow":["GET"]}}],"collection":[{"href":"https:\/\/stiftadmont.at\/it\/wp-json\/wp\/v2\/pages"}],"about":[{"href":"https:\/\/stiftadmont.at\/it\/wp-json\/wp\/v2\/types\/page"}],"author":[{"embeddable":true,"href":"https:\/\/stiftadmont.at\/it\/wp-json\/wp\/v2\/users\/19"}],"replies":[{"embeddable":true,"href":"https:\/\/stiftadmont.at\/it\/wp-json\/wp\/v2\/comments?post=29213"}],"version-history":[{"count":27,"href":"https:\/\/stiftadmont.at\/it\/wp-json\/wp\/v2\/pages\/29213\/revisions"}],"predecessor-version":[{"id":32630,"href":"https:\/\/stiftadmont.at\/it\/wp-json\/wp\/v2\/pages\/29213\/revisions\/32630"}],"up":[{"embeddable":true,"href":"https:\/\/stiftadmont.at\/it\/wp-json\/wp\/v2\/pages\/29267"}],"wp:featuredmedia":[{"embeddable":true,"href":"https:\/\/stiftadmont.at\/it\/wp-json\/wp\/v2\/media\/29216"}],"wp:attachment":[{"href":"https:\/\/stiftadmont.at\/it\/wp-json\/wp\/v2\/media?parent=29213"}],"wp:term":[{"taxonomy":"category","embeddable":true,"href":"https:\/\/stiftadmont.at\/it\/wp-json\/wp\/v2\/categories?post=29213"}],"curies":[{"name":"wp","href":"https:\/\/api.w.org\/{rel}","templated":true}]}}