{"id":33518,"date":"2025-03-20T12:32:46","date_gmt":"2025-03-20T10:32:46","guid":{"rendered":"https:\/\/stiftadmont.at\/?page_id=33518"},"modified":"2025-03-25T09:44:54","modified_gmt":"2025-03-25T07:44:54","slug":"chiesa-parrocchiale-della-citta-di-trieben","status":"publish","type":"page","link":"https:\/\/stiftadmont.at\/it\/pfarren\/stadtpfarre-trieben-stadtpfarrkirche\/","title":{"rendered":"Chiesa parrocchiale di Sant'Andrea"},"content":{"rendered":"<section id='lightpress__section--block_fa203bc958bc5a203ef5079921b36359' class='align-center lightpress__section--default-section-space lightpress__section lightpress__section--headline'><div class=\"headline__container\">\n            <h2 class=\"headline text--40 text-medium line line--gold line-above line-middle\">La chiesa parrocchiale di Sant'Andrea<\/h2>\n        <p class=\"text-center text-gold text--20 text-medium text--uppercase\">Qui trovate informazioni importanti sulla nostra chiesa parrocchiale<\/p>\n        <div class=\"spacer--40\"><\/div>\n<\/div>\n\n<\/section>\n\n<section id='lightpress__section--block_e6408b425d34f22750c042f8701802bb' class='bg--beige lightpress__section--colored-bg lightpress__section--default-section-space lightpress__section lightpress__section--content'><div class=\"content__inner\"\n         x-init=\"initContentBlockAnim($el)\">\n        \n    <div class=\"content__grid content__grid--fifty-fifty\">\n                                            <div class=\"content__box content__box\"\n                 style=\"\">\n                                \n                \n                                        <div class=\"content__media stickyTo\" x-init=\"imageSticky($el)\">\n\n                                                                                                <picture\n                                class=\"content__image sticky\">\n                            <source srcset=\"https:\/\/stiftadmont.at\/wp-content\/uploads\/Pfarre-Trieben_c-Thomas-Sattler_Stift-Admont_4.jpg\"\n                                    type=\"image\/webp\">\n                            <source srcset=\"https:\/\/stiftadmont.at\/wp-content\/uploads\/Pfarre-Trieben_c-Thomas-Sattler_Stift-Admont_4.jpg\"\n                                    type=\"image\/jpeg\">\n                            <img decoding=\"async\" loading=\"lazy\" src=\"https:\/\/stiftadmont.at\/wp-content\/uploads\/Pfarre-Trieben_c-Thomas-Sattler_Stift-Admont_4.jpg\" alt=\"Parrocchia di Trieben c Thomas Sattler Abbazia di Admont 4\" width=\"600\" height=\"450\" \/>\n                                                                                                            <\/picture>\n\n                    <\/div>\n\n                            <\/div>\n        \n                                                    <div class=\"content__box content__box--2\"\n                     >\n                                        \n                    \n                                                    <div class=\"prose\"><h5 class=\"heading-m line line-above line--gold\"><strong>Informazioni sulla chiesa parrocchiale<\/strong><\/h5>\n<p>\u00a0<\/p>\n<p>Merita una visita la chiesa parrocchiale con le sue notevoli opere d'arte contemporanea: la Via Crucis del professor Franz Wei\u00df, il trittico \"Papa Giovanni Paolo II\" di Roelof Rene Stakvis e la storica \"Finestra di Sant'Andrea\" del XIV secolo.\u00a0<\/p>\n<p>\u00a0<\/p>\n<p>L'associazione parrocchiale comprende le parrocchie di Trieben, Hohentauern e St. Lorenzen im Paltentale.\u00a0<\/p>\n<p>\u00a0<\/p>\n<p><strong>Patrocinium:<\/strong> Sant'Andrea, 30 novembre<\/p>\n<p><strong>Giorno della consacrazione della chiesa:<\/strong> 1 settembre<\/p>\n<p><strong>Errore parrocchiale..:<\/strong> 1955<\/p>\n<p><strong>Chiesa parrocchiale erb..:<\/strong> 1961 - 1963<\/p>\n<p><strong>Chiesa:<\/strong> Sant'Andrea (antica chiesa parrocchiale) gen. 1160 (1149 - 1454)<\/p>\n<p><strong>Registri:<\/strong> 1955<\/p>\n<p><strong>Cappella della Messa:<\/strong> Casa di riposo distrettuale\u00a0<\/p>\n<p>\u00a0<\/p>\n<p>\u00a0<\/p>\n<p><a class=\"admont-button admont-button--secondary\" href=\"https:\/\/discover.matterport.com\/space\/1uW7tMvyz2h\" target=\"_blank\" rel=\"noopener\">VISITA VIRTUALE DELLA CHIESA PARROCCHIALE<\/a><\/p>\n<p>\u00a0<\/p>\n<p>\u00a0<\/p>\n<\/div>\n                        \n                                    <\/div>\n            \n            <\/div>\n<\/div>\n\n    <div class=\"background__container background__container--beige\">\n    <\/div>\n\n<\/section>\n\n<section id='lightpress__section--block_9cec40ad821b4745064e850dfb1dfcc5' class='lightpress__section--default-section-space lightpress__section lightpress__section--content'><div class=\"content__inner\"\n         x-init=\"initContentBlockAnim($el)\">\n        \n    <div class=\"content__grid content__grid--fifty-fifty\">\n                                            <div class=\"content__box content__box\"\n                 style=\"\">\n                                \n                \n                                            <div class=\"prose\"><h5 class=\"heading-m line line-above line--gold\">Storia della chiesa parrocchiale di Sant'Andrea<\/h5>\n<p>\u00a0<\/p>\n<p>Nel 1955, la parrocchia di Trieben \u00e8 stata separata dalla parrocchia originaria e madre di St. Lorenzen im Paltentale e costituita come parrocchia indipendente, non incorporata nell'Abbazia di Admont, in quanto l'incorporazione non era pi\u00f9 possibile secondo il diritto canonico dell'epoca.<\/p>\n<p>La cosiddetta \"Nuova Chiesa di Sant'Andrea\" fu costruita tra il 1961 e il 1963 su progetto di Hans Beckers con vetrate disegnate da Notburga Beckers (eseguite dal laboratorio di vetrate dell'Abbazia di Schlierbach) e consacrata solennemente dal vescovo Dr Josef Schoiswohl il 1\u00b0 settembre 1963.\u00a0<\/p>\n<p>\u00a0<\/p>\n<p>La croce sopra l'altare \u00e8 stata realizzata da Hans Angerbauer e le figure di santi nelle nicchie tra il testo delle Beatitudini da Gottfried Prabitz.\u00a0<\/p>\n<p>\u00a0<\/p>\n<p>Il trittico nella cappella laterale (cappella dei sacramenti) e la Via Crucis sono opera del professor Franz Wei\u00df, mentre la statua della Vergine Maria nel presbiterio \u00e8 di Leo B\u00e4umler (1965).\u00a0<\/p>\n<p>Dietro il seggio del sacerdote si trova un dipinto gotico su vetro raffigurante Sant'Andrea della seconda met\u00e0 del XV secolo (in prestito dal Landesmuseum Joanneum Graz).\u00a0<\/p>\n<p>La festa del patrono della chiesa e della parrocchia - Sant'Andrea Apostolo - viene celebrata insieme alla sagra parrocchiale all'inizio di luglio, poich\u00e9 la festa vera e propria del patrono della chiesa (30 novembre) coincide di solito con l'inizio dell'Avvento e quindi non pu\u00f2 essere celebrata di domenica.\u00a0<\/p>\n<\/div>\n                    \n                            <\/div>\n        \n                                                    <div class=\"content__box content__box--2\"\n                     >\n                                        \n                    \n                                                <div class=\"content__media stickyTo\" x-init=\"imageSticky($el)\">\n\n                                                                                    <picture\n                                    class=\"content__image sticky\">\n                                <source srcset=\"https:\/\/stiftadmont.at\/wp-content\/uploads\/4dccb4718474c270d66527abbcfb3172_XL-1024x683.webp\" type=\"image\/webp\">\n                                <source srcset=\"https:\/\/stiftadmont.at\/wp-content\/uploads\/4dccb4718474c270d66527abbcfb3172_XL-1024x683.jpg\" type=\"image\/jpeg\">\n                                <img decoding=\"async\" class=\"sticky\" loading=\"lazy\" src=\"https:\/\/stiftadmont.at\/wp-content\/uploads\/4dccb4718474c270d66527abbcfb3172_XL-1024x683.jpg\" alt=\"Parrocchia di Trieben\" \/>\n\n                                                                                                                            <\/picture>\n\n                        <\/div>\n\n                                    <\/div>\n            \n            <\/div>\n<\/div>\n\n<\/section>","protected":false},"excerpt":{"rendered":"","protected":false},"author":7,"featured_media":0,"parent":13905,"menu_order":0,"comment_status":"closed","ping_status":"closed","template":"","meta":{"_acf_changed":false,"footnotes":""},"categories":[],"class_list":["post-33518","page","type-page","status-publish","hentry"],"acf":[],"yoast_head":"<!-- This site is optimized with the Yoast SEO Premium plugin v26.0 (Yoast SEO v26.8) - https:\/\/yoast.com\/product\/yoast-seo-premium-wordpress\/ -->\n<title>Stadtpfarrkirche zum Hl. Andreas - Stift Admont<\/title>\n<meta name=\"robots\" content=\"index, follow, max-snippet:-1, max-image-preview:large, max-video-preview:-1\" \/>\n<link rel=\"canonical\" href=\"https:\/\/stiftadmont.at\/it\/parrocchie\/chiesa-parrocchiale-della-citta-di-trieben\/\" \/>\n<meta property=\"og:locale\" content=\"it_IT\" \/>\n<meta property=\"og:type\" content=\"article\" \/>\n<meta property=\"og:title\" content=\"Stadtpfarrkirche zum Hl. Andreas\" \/>\n<meta property=\"og:url\" content=\"https:\/\/stiftadmont.at\/it\/parrocchie\/chiesa-parrocchiale-della-citta-di-trieben\/\" \/>\n<meta property=\"og:site_name\" content=\"Stift Admont\" \/>\n<meta property=\"article:modified_time\" content=\"2025-03-25T07:44:54+00:00\" \/>\n<meta property=\"og:image\" content=\"https:\/\/stiftadmont.at\/wp-content\/uploads\/Klosteranlage-innen.jpg\" \/>\n\t<meta property=\"og:image:width\" content=\"1912\" \/>\n\t<meta property=\"og:image:height\" content=\"1188\" \/>\n\t<meta property=\"og:image:type\" content=\"image\/jpeg\" \/>\n<meta name=\"twitter:card\" content=\"summary_large_image\" \/>\n<script type=\"application\/ld+json\" class=\"yoast-schema-graph\">{\"@context\":\"https:\/\/schema.org\",\"@graph\":[{\"@type\":\"WebPage\",\"@id\":\"https:\/\/stiftadmont.at\/pfarren\/stadtpfarre-trieben-stadtpfarrkirche\/\",\"url\":\"https:\/\/stiftadmont.at\/pfarren\/stadtpfarre-trieben-stadtpfarrkirche\/\",\"name\":\"Stadtpfarrkirche zum Hl. Andreas - Stift Admont\",\"isPartOf\":{\"@id\":\"https:\/\/stiftadmont.at\/#website\"},\"datePublished\":\"2025-03-20T10:32:46+00:00\",\"dateModified\":\"2025-03-25T07:44:54+00:00\",\"breadcrumb\":{\"@id\":\"https:\/\/stiftadmont.at\/pfarren\/stadtpfarre-trieben-stadtpfarrkirche\/#breadcrumb\"},\"inLanguage\":\"it-IT\",\"potentialAction\":[{\"@type\":\"ReadAction\",\"target\":[\"https:\/\/stiftadmont.at\/pfarren\/stadtpfarre-trieben-stadtpfarrkirche\/\"]}]},{\"@type\":\"BreadcrumbList\",\"@id\":\"https:\/\/stiftadmont.at\/pfarren\/stadtpfarre-trieben-stadtpfarrkirche\/#breadcrumb\",\"itemListElement\":[{\"@type\":\"ListItem\",\"position\":1,\"name\":\"Start\",\"item\":\"https:\/\/stiftadmont.at\/\"},{\"@type\":\"ListItem\",\"position\":2,\"name\":\"Pfarren\",\"item\":\"https:\/\/stiftadmont.at\/pfarren\/\"},{\"@type\":\"ListItem\",\"position\":3,\"name\":\"Stadtpfarrkirche zum Hl. Andreas\"}]},{\"@type\":\"WebSite\",\"@id\":\"https:\/\/stiftadmont.at\/#website\",\"url\":\"https:\/\/stiftadmont.at\/\",\"name\":\"Stift Admont\",\"description\":\"Benediktinerkloster und Sehensw\u00fcrdigkeit im Ges\u00e4use\",\"potentialAction\":[{\"@type\":\"SearchAction\",\"target\":{\"@type\":\"EntryPoint\",\"urlTemplate\":\"https:\/\/stiftadmont.at\/?s={search_term_string}\"},\"query-input\":{\"@type\":\"PropertyValueSpecification\",\"valueRequired\":true,\"valueName\":\"search_term_string\"}}],\"inLanguage\":\"it-IT\"}]}<\/script>\n<!-- \/ Yoast SEO Premium plugin. -->","yoast_head_json":{"title":"Chiesa parrocchiale di Sant'Andrea - Abbazia di Admont","robots":{"index":"index","follow":"follow","max-snippet":"max-snippet:-1","max-image-preview":"max-image-preview:large","max-video-preview":"max-video-preview:-1"},"canonical":"https:\/\/stiftadmont.at\/it\/parrocchie\/chiesa-parrocchiale-della-citta-di-trieben\/","og_locale":"it_IT","og_type":"article","og_title":"Stadtpfarrkirche zum Hl. Andreas","og_url":"https:\/\/stiftadmont.at\/it\/parrocchie\/chiesa-parrocchiale-della-citta-di-trieben\/","og_site_name":"Stift Admont","article_modified_time":"2025-03-25T07:44:54+00:00","og_image":[{"width":1912,"height":1188,"url":"https:\/\/stiftadmont.at\/wp-content\/uploads\/Klosteranlage-innen.jpg","type":"image\/jpeg"}],"twitter_card":"summary_large_image","schema":{"@context":"https:\/\/schema.org","@graph":[{"@type":"WebPage","@id":"https:\/\/stiftadmont.at\/pfarren\/stadtpfarre-trieben-stadtpfarrkirche\/","url":"https:\/\/stiftadmont.at\/pfarren\/stadtpfarre-trieben-stadtpfarrkirche\/","name":"Chiesa parrocchiale di Sant'Andrea - Abbazia di Admont","isPartOf":{"@id":"https:\/\/stiftadmont.at\/#website"},"datePublished":"2025-03-20T10:32:46+00:00","dateModified":"2025-03-25T07:44:54+00:00","breadcrumb":{"@id":"https:\/\/stiftadmont.at\/pfarren\/stadtpfarre-trieben-stadtpfarrkirche\/#breadcrumb"},"inLanguage":"it-IT","potentialAction":[{"@type":"ReadAction","target":["https:\/\/stiftadmont.at\/pfarren\/stadtpfarre-trieben-stadtpfarrkirche\/"]}]},{"@type":"BreadcrumbList","@id":"https:\/\/stiftadmont.at\/pfarren\/stadtpfarre-trieben-stadtpfarrkirche\/#breadcrumb","itemListElement":[{"@type":"ListItem","position":1,"name":"Start","item":"https:\/\/stiftadmont.at\/"},{"@type":"ListItem","position":2,"name":"Pfarren","item":"https:\/\/stiftadmont.at\/pfarren\/"},{"@type":"ListItem","position":3,"name":"Stadtpfarrkirche zum Hl. Andreas"}]},{"@type":"WebSite","@id":"https:\/\/stiftadmont.at\/#website","url":"https:\/\/stiftadmont.at\/","name":"Abbazia di Admont","description":"Monastero benedettino e attrazione turistica nella Ges\u00e4use","potentialAction":[{"@type":"SearchAction","target":{"@type":"EntryPoint","urlTemplate":"https:\/\/stiftadmont.at\/?s={search_term_string}"},"query-input":{"@type":"PropertyValueSpecification","valueRequired":true,"valueName":"search_term_string"}}],"inLanguage":"it-IT"}]}},"_links":{"self":[{"href":"https:\/\/stiftadmont.at\/it\/wp-json\/wp\/v2\/pages\/33518","targetHints":{"allow":["GET"]}}],"collection":[{"href":"https:\/\/stiftadmont.at\/it\/wp-json\/wp\/v2\/pages"}],"about":[{"href":"https:\/\/stiftadmont.at\/it\/wp-json\/wp\/v2\/types\/page"}],"author":[{"embeddable":true,"href":"https:\/\/stiftadmont.at\/it\/wp-json\/wp\/v2\/users\/7"}],"replies":[{"embeddable":true,"href":"https:\/\/stiftadmont.at\/it\/wp-json\/wp\/v2\/comments?post=33518"}],"version-history":[{"count":8,"href":"https:\/\/stiftadmont.at\/it\/wp-json\/wp\/v2\/pages\/33518\/revisions"}],"predecessor-version":[{"id":34021,"href":"https:\/\/stiftadmont.at\/it\/wp-json\/wp\/v2\/pages\/33518\/revisions\/34021"}],"up":[{"embeddable":true,"href":"https:\/\/stiftadmont.at\/it\/wp-json\/wp\/v2\/pages\/13905"}],"wp:attachment":[{"href":"https:\/\/stiftadmont.at\/it\/wp-json\/wp\/v2\/media?parent=33518"}],"wp:term":[{"taxonomy":"category","embeddable":true,"href":"https:\/\/stiftadmont.at\/it\/wp-json\/wp\/v2\/categories?post=33518"}],"curies":[{"name":"wp","href":"https:\/\/api.w.org\/{rel}","templated":true}]}}