{"id":20513,"date":"2023-09-18T13:43:26","date_gmt":"2023-09-18T11:43:26","guid":{"rendered":"https:\/\/stiftadmont.at\/?page_id=20513"},"modified":"2025-01-29T13:26:08","modified_gmt":"2025-01-29T11:26:08","slug":"drzewa-krzewy-zywoploty","status":"publish","type":"page","link":"https:\/\/stiftadmont.at\/pl\/stiftsgaertnerei-blumen-und-wein\/gaertnerei\/baeume-straeucher-hecken\/","title":{"rendered":"Drzewa, krzewy, \u017cywop\u0142oty"},"content":{"rendered":"<section id='lightpress__section--block_719888a4f417ee4e51e229cb24f2e241' class='align-center lightpress__section--default-section-space lightpress__section lightpress__section--headline'><div class=\"headline__container\">\n            <h2 class=\"headline text--40 text-medium line line--gold line-above line-middle\">Ro\u015bliny rodzime zapewniaj\u0105ce dobry wzrost<\/h2>\n        <p class=\"text-center text-gold text--20 text-medium text--uppercase\">Najwy\u017csza jako\u015b\u0107 w centrum kwiatowym Admont Abbey<\/p>\n        <div class=\"spacer--40\"><\/div>\n<\/div>\n\n<\/section>\n\n<section id='lightpress__section--block_62a209d3e76b5c6117ccb278f913881c' class='lightpress__section--default-section-space lightpress__section lightpress__section--content'><div class=\"content__inner\"\n         x-init=\"initContentBlockAnim($el)\">\n        \n    <div class=\"content__grid content__grid\">\n                                            <div class=\"content__box content__box--one-hundred\"\n                 style=\"\">\n                                \n                \n                                            <div class=\"prose\"><h5 class=\"heading-m line line-above line--gold\">W\u0142a\u015bciwe drzewo we w\u0142a\u015bciwym miejscu<\/h5>\n<p>\u00a0<\/p>\n<p class=\"paragraph-m\">Projektuj\u0105c ogr\u00f3d, opieramy si\u0119 wy\u0142\u0105cznie na rodzimych gatunkach drzew, kt\u00f3re nie tylko doskonale harmonizuj\u0105 z regionalnym krajobrazem, ale tak\u017ce z panuj\u0105cym klimatem.<\/p>\n<p class=\"paragraph-m\">Nasze przywi\u0105zanie do regionalno\u015bci rozbudzi\u0142o r\u00f3wnie\u017c zami\u0142owanie do starych odmian drzew owocowych, dlatego stare i rzadkie odmiany, takie jak \"Grafensteiner\", \"Kronprinz Rudolf\" czy \"Hauszwetschke\" s\u0105 mocno zakorzenione w naszej ofercie.<\/p>\n<p class=\"paragraph-m\">Opr\u00f3cz wyboru odpowiedniej odmiany, wyb\u00f3r w\u0142a\u015bciwej lokalizacji ma kluczowe znaczenie dla dobrego wzrostu. Dlatego z przyjemno\u015bci\u0105 doradzimy bezpo\u015brednio w ogrodzie, jakie miejsce b\u0119dzie najlepsze dla rozwoju m\u0142odego drzewa.<\/p>\n<p>\u00a0<\/p>\n<p>\u00a0<\/p>\n<h5 class=\"heading-m line line-above line--gold\">Kwitn\u0105ca wdzi\u0119czno\u015b\u0107 bylin i krzew\u00f3w\u00a0<\/h5>\n<p>\u00a0<\/p>\n<p class=\"paragraph-m\">Je\u015bli byliny i krzewy s\u0105 dobrze piel\u0119gnowane, wyczaruj\u0105 w ogrodzie prawdziwy fajerwerk kolor\u00f3w. Za troskliw\u0105 opiek\u0119 odwdzi\u0119czaj\u0105 si\u0119 kwitn\u0105cym blaskiem - i to nie tylko wiosn\u0105.<\/p>\n<p class=\"paragraph-m\">Wybieraj\u0105c byliny i krzewy, zwracamy uwag\u0119 na harmonijne po\u0142\u0105czenia kolor\u00f3w oraz r\u00f3\u017cne okresy kwitnienia. Dzi\u0119ki temu mo\u017cesz cieszy\u0107 si\u0119 nie tylko jednym, ale wieloma miesi\u0105cami b\u0142ogo\u015bci w swoim ogrodzie.<\/p>\n<p>\u00a0<\/p>\n<p>\u00a0<\/p>\n<h5 class=\"heading-m line line-above line--gold\">Mieszane \u017cywop\u0142oty przeciwko zielonej jednolito\u015bci<\/h5>\n<p>\u00a0<\/p>\n<p class=\"paragraph-m\">Odpowiedni \u017cywop\u0142ot do ogrodu powinien idealnie komponowa\u0107 si\u0119 z lokalnym krajobrazem i chroni\u0107 przed wzrokiem ciekawskich dzi\u0119ki g\u0119stemu wzrostowi. Kwitn\u0105ce, mieszane i li\u015bciaste \u017cywop\u0142oty w szczeg\u00f3lno\u015bci spe\u0142niaj\u0105 te wymagania, a tak\u017ce zapewniaj\u0105 kolorowe kontrasty w zielonym kr\u00f3lestwie.<\/p>\n<p class=\"paragraph-m\">Poniewa\u017c nie ka\u017cde drzewo uliczne jest tak samo odporne na mr\u00f3z, susz\u0119 i s\u00f3l, zwracamy uwag\u0119 na indywidualne warunki panuj\u0105ce w Twoim ogrodzie. Dzi\u0119ki temu \u017cywop\u0142ot b\u0119dzie nie tylko pi\u0119kny, ale i trwa\u0142y.<\/p>\n<\/div>\n                    \n                            <\/div>\n        \n            <\/div>\n<\/div>\n\n<\/section>","protected":false},"excerpt":{"rendered":"","protected":false},"author":20,"featured_media":0,"parent":20245,"menu_order":0,"comment_status":"closed","ping_status":"closed","template":"","meta":{"_acf_changed":false,"footnotes":""},"categories":[],"class_list":["post-20513","page","type-page","status-publish","hentry"],"acf":[],"yoast_head":"<!-- This site is optimized with the Yoast SEO Premium plugin v26.0 (Yoast SEO v26.8) - https:\/\/yoast.com\/product\/yoast-seo-premium-wordpress\/ -->\n<title>B\u00e4ume, Str\u00e4ucher, Hecken - Stift Admont<\/title>\n<meta name=\"robots\" content=\"index, follow, max-snippet:-1, max-image-preview:large, max-video-preview:-1\" \/>\n<link rel=\"canonical\" href=\"https:\/\/stiftadmont.at\/pl\/klasztorna-szkolka-kwiatow-i-wina\/szkolka\/drzewa-krzewy-zywoploty\/\" \/>\n<meta property=\"og:locale\" content=\"pl_PL\" \/>\n<meta property=\"og:type\" content=\"article\" \/>\n<meta property=\"og:title\" content=\"B\u00e4ume, Str\u00e4ucher, Hecken\" \/>\n<meta property=\"og:url\" content=\"https:\/\/stiftadmont.at\/pl\/klasztorna-szkolka-kwiatow-i-wina\/szkolka\/drzewa-krzewy-zywoploty\/\" \/>\n<meta property=\"og:site_name\" content=\"Stift Admont\" \/>\n<meta property=\"article:modified_time\" content=\"2025-01-29T11:26:08+00:00\" \/>\n<meta property=\"og:image\" content=\"https:\/\/stiftadmont.at\/wp-content\/uploads\/Klosteranlage-innen.jpg\" \/>\n\t<meta property=\"og:image:width\" content=\"1912\" \/>\n\t<meta property=\"og:image:height\" content=\"1188\" \/>\n\t<meta property=\"og:image:type\" content=\"image\/jpeg\" \/>\n<meta name=\"twitter:card\" content=\"summary_large_image\" \/>\n<script type=\"application\/ld+json\" class=\"yoast-schema-graph\">{\"@context\":\"https:\/\/schema.org\",\"@graph\":[{\"@type\":\"WebPage\",\"@id\":\"https:\/\/stiftadmont.at\/stiftsgaertnerei-blumen-und-wein\/gaertnerei\/baeume-straeucher-hecken\/\",\"url\":\"https:\/\/stiftadmont.at\/stiftsgaertnerei-blumen-und-wein\/gaertnerei\/baeume-straeucher-hecken\/\",\"name\":\"B\u00e4ume, Str\u00e4ucher, Hecken - Stift Admont\",\"isPartOf\":{\"@id\":\"https:\/\/stiftadmont.at\/#website\"},\"datePublished\":\"2023-09-18T11:43:26+00:00\",\"dateModified\":\"2025-01-29T11:26:08+00:00\",\"breadcrumb\":{\"@id\":\"https:\/\/stiftadmont.at\/stiftsgaertnerei-blumen-und-wein\/gaertnerei\/baeume-straeucher-hecken\/#breadcrumb\"},\"inLanguage\":\"pl-PL\",\"potentialAction\":[{\"@type\":\"ReadAction\",\"target\":[\"https:\/\/stiftadmont.at\/stiftsgaertnerei-blumen-und-wein\/gaertnerei\/baeume-straeucher-hecken\/\"]}]},{\"@type\":\"BreadcrumbList\",\"@id\":\"https:\/\/stiftadmont.at\/stiftsgaertnerei-blumen-und-wein\/gaertnerei\/baeume-straeucher-hecken\/#breadcrumb\",\"itemListElement\":[{\"@type\":\"ListItem\",\"position\":1,\"name\":\"Start\",\"item\":\"https:\/\/stiftadmont.at\/\"},{\"@type\":\"ListItem\",\"position\":2,\"name\":\"Stiftsg\u00e4rtnerei Blumen und Wein\",\"item\":\"https:\/\/stiftadmont.at\/stiftsgaertnerei-blumen-und-wein\/\"},{\"@type\":\"ListItem\",\"position\":3,\"name\":\"G\u00e4rtnerei\",\"item\":\"https:\/\/stiftadmont.at\/stiftsgaertnerei-blumen-und-wein\/gaertnerei\/\"},{\"@type\":\"ListItem\",\"position\":4,\"name\":\"B\u00e4ume, Str\u00e4ucher, Hecken\"}]},{\"@type\":\"WebSite\",\"@id\":\"https:\/\/stiftadmont.at\/#website\",\"url\":\"https:\/\/stiftadmont.at\/\",\"name\":\"Stift Admont\",\"description\":\"Benediktinerkloster und Sehensw\u00fcrdigkeit im Ges\u00e4use\",\"potentialAction\":[{\"@type\":\"SearchAction\",\"target\":{\"@type\":\"EntryPoint\",\"urlTemplate\":\"https:\/\/stiftadmont.at\/?s={search_term_string}\"},\"query-input\":{\"@type\":\"PropertyValueSpecification\",\"valueRequired\":true,\"valueName\":\"search_term_string\"}}],\"inLanguage\":\"pl-PL\"}]}<\/script>\n<!-- \/ Yoast SEO Premium plugin. -->","yoast_head_json":{"title":"Drzewa, krzewy, \u017cywop\u0142oty - Opactwo Admont","robots":{"index":"index","follow":"follow","max-snippet":"max-snippet:-1","max-image-preview":"max-image-preview:large","max-video-preview":"max-video-preview:-1"},"canonical":"https:\/\/stiftadmont.at\/pl\/klasztorna-szkolka-kwiatow-i-wina\/szkolka\/drzewa-krzewy-zywoploty\/","og_locale":"pl_PL","og_type":"article","og_title":"B\u00e4ume, Str\u00e4ucher, Hecken","og_url":"https:\/\/stiftadmont.at\/pl\/klasztorna-szkolka-kwiatow-i-wina\/szkolka\/drzewa-krzewy-zywoploty\/","og_site_name":"Stift Admont","article_modified_time":"2025-01-29T11:26:08+00:00","og_image":[{"width":1912,"height":1188,"url":"https:\/\/stiftadmont.at\/wp-content\/uploads\/Klosteranlage-innen.jpg","type":"image\/jpeg"}],"twitter_card":"summary_large_image","schema":{"@context":"https:\/\/schema.org","@graph":[{"@type":"WebPage","@id":"https:\/\/stiftadmont.at\/stiftsgaertnerei-blumen-und-wein\/gaertnerei\/baeume-straeucher-hecken\/","url":"https:\/\/stiftadmont.at\/stiftsgaertnerei-blumen-und-wein\/gaertnerei\/baeume-straeucher-hecken\/","name":"Drzewa, krzewy, \u017cywop\u0142oty - Opactwo Admont","isPartOf":{"@id":"https:\/\/stiftadmont.at\/#website"},"datePublished":"2023-09-18T11:43:26+00:00","dateModified":"2025-01-29T11:26:08+00:00","breadcrumb":{"@id":"https:\/\/stiftadmont.at\/stiftsgaertnerei-blumen-und-wein\/gaertnerei\/baeume-straeucher-hecken\/#breadcrumb"},"inLanguage":"pl-PL","potentialAction":[{"@type":"ReadAction","target":["https:\/\/stiftadmont.at\/stiftsgaertnerei-blumen-und-wein\/gaertnerei\/baeume-straeucher-hecken\/"]}]},{"@type":"BreadcrumbList","@id":"https:\/\/stiftadmont.at\/stiftsgaertnerei-blumen-und-wein\/gaertnerei\/baeume-straeucher-hecken\/#breadcrumb","itemListElement":[{"@type":"ListItem","position":1,"name":"Start","item":"https:\/\/stiftadmont.at\/"},{"@type":"ListItem","position":2,"name":"Stiftsg\u00e4rtnerei Blumen und Wein","item":"https:\/\/stiftadmont.at\/stiftsgaertnerei-blumen-und-wein\/"},{"@type":"ListItem","position":3,"name":"G\u00e4rtnerei","item":"https:\/\/stiftadmont.at\/stiftsgaertnerei-blumen-und-wein\/gaertnerei\/"},{"@type":"ListItem","position":4,"name":"B\u00e4ume, Str\u00e4ucher, Hecken"}]},{"@type":"WebSite","@id":"https:\/\/stiftadmont.at\/#website","url":"https:\/\/stiftadmont.at\/","name":"Opactwo Admont","description":"Benedykty\u0144ski klasztor i atrakcja turystyczna w Ges\u00e4use","potentialAction":[{"@type":"SearchAction","target":{"@type":"EntryPoint","urlTemplate":"https:\/\/stiftadmont.at\/?s={search_term_string}"},"query-input":{"@type":"PropertyValueSpecification","valueRequired":true,"valueName":"search_term_string"}}],"inLanguage":"pl-PL"}]}},"_links":{"self":[{"href":"https:\/\/stiftadmont.at\/pl\/wp-json\/wp\/v2\/pages\/20513","targetHints":{"allow":["GET"]}}],"collection":[{"href":"https:\/\/stiftadmont.at\/pl\/wp-json\/wp\/v2\/pages"}],"about":[{"href":"https:\/\/stiftadmont.at\/pl\/wp-json\/wp\/v2\/types\/page"}],"author":[{"embeddable":true,"href":"https:\/\/stiftadmont.at\/pl\/wp-json\/wp\/v2\/users\/20"}],"replies":[{"embeddable":true,"href":"https:\/\/stiftadmont.at\/pl\/wp-json\/wp\/v2\/comments?post=20513"}],"version-history":[{"count":5,"href":"https:\/\/stiftadmont.at\/pl\/wp-json\/wp\/v2\/pages\/20513\/revisions"}],"predecessor-version":[{"id":32295,"href":"https:\/\/stiftadmont.at\/pl\/wp-json\/wp\/v2\/pages\/20513\/revisions\/32295"}],"up":[{"embeddable":true,"href":"https:\/\/stiftadmont.at\/pl\/wp-json\/wp\/v2\/pages\/20245"}],"wp:attachment":[{"href":"https:\/\/stiftadmont.at\/pl\/wp-json\/wp\/v2\/media?parent=20513"}],"wp:term":[{"taxonomy":"category","embeddable":true,"href":"https:\/\/stiftadmont.at\/pl\/wp-json\/wp\/v2\/categories?post=20513"}],"curies":[{"name":"wp","href":"https:\/\/api.w.org\/{rel}","templated":true}]}}