{"id":27272,"date":"2024-03-20T13:04:45","date_gmt":"2024-03-20T11:04:45","guid":{"rendered":"https:\/\/stiftadmont.at\/?page_id=27272"},"modified":"2025-02-05T11:57:59","modified_gmt":"2025-02-05T09:57:59","slug":"wylaczni-sponsorzy","status":"publish","type":"page","link":"https:\/\/stiftadmont.at\/pl\/950-jahre-stift-admont\/exklusivsponsoren\/","title":{"rendered":"Wy\u0142\u0105czni sponsorzy"},"content":{"rendered":"<section id='lightpress__section--block_fa507713c3502512717a9305baf2dbf0' class='lightpress__section--default-section-space lightpress__section lightpress__section--content'><div class=\"content__inner\"\n         x-init=\"initContentBlockAnim($el)\">\n        \n    <div class=\"content__grid content__grid--forty-sixty\">\n                                            <div class=\"content__box content__box\"\n                 style=\"\">\n                                \n                \n                                            <div class=\"prose\"><h5 class=\"heading-m line line-above line--gold\">Grazer Wechselseitige Versicherung AG<\/h5>\n<p>\u00a0<\/p>\n<p><strong>Partnerstwo dla tradycji i przysz\u0142o\u015bci:<\/strong><br \/><strong>Grazer Wechselseitige Versicherung AG gratuluje opactwu Admont 950-lecia istnienia<\/strong><\/p>\n<p>\u00a0<\/p>\n<p>Grazer Wechselseitige Versicherung AG jest dumnym partnerem Admont Abbey od wielu lat i w imieniu naszej firmy chcia\u0142bym pogratulowa\u0107 im 950-lecia!<\/p>\n<p>\"W jedno\u015bci wielu le\u017cy si\u0142a, kt\u00f3ra przynosi dobro. Zadaniem ka\u017cdego jest przyczynianie si\u0119 do tego\". Cytat ten pochodzi od arcyksi\u0119cia Johanna, kt\u00f3ry za\u0142o\u017cy\u0142 GRAWE w 1828 roku i do dzi\u015b inspiruje nas jako firm\u0119.<\/p>\n<p>\u00a0<\/p>\n<p>Opactwo Admont to historyczny klejnot Styrii, kt\u00f3ry \u0142\u0105czy bogat\u0105 przesz\u0142o\u015b\u0107 z obiecuj\u0105c\u0105 przysz\u0142o\u015bci\u0105. Wraz z opactwem Admont i innymi wspieraj\u0105cymi staramy si\u0119 zachowa\u0107 dziedzictwo kulturowe dla przysz\u0142ych pokole\u0144.<\/p>\n<p>\u00a0<\/p>\n<p>Opactwo Admont to co\u015b wi\u0119cej ni\u017c tylko miejsce zwi\u0105zane z histori\u0105. Jest \u017ar\u00f3d\u0142em inspiracji i kryje w sobie skarby, kt\u00f3re przechowuj\u0105 wiedz\u0119 i m\u0105dro\u015b\u0107 minionych czas\u00f3w. Jako firma, kt\u00f3ra stawia na innowacje, nie zaniedbuj\u0105c przy tym swoich tradycyjnych korzeni, mamy zaszczyt przyczyni\u0107 si\u0119 do zachowania dziedzictwa Admont Abbey.<\/p>\n<p>\u00a0<\/p>\n<p>Nasze partnerstwo z Admont Abbey charakteryzuje si\u0119 zaufaniem i wsp\u00f3lnymi warto\u015bciami. Wierzymy, \u017ce po\u0142\u0105czenie tradycji i innowacji jest kluczem do pomy\u015blnej przysz\u0142o\u015bci. Poprzez nasze wsparcie chcemy nie tylko uhonorowa\u0107 rocznic\u0119, ale tak\u017ce wzmocni\u0107 misj\u0119 klasztoru polegaj\u0105c\u0105 na zachowaniu przesz\u0142o\u015bci i kszta\u0142towaniu przysz\u0142o\u015bci.<\/p>\n<p>\u00a0<\/p>\n<p>Gratulujemy rocznicy i \u017cyczymy udanej przysz\u0142o\u015bci!<\/p>\n<p>\u00a0<\/p>\n<p><em><strong>Dyrektor generalny Klaus Scheitegel<br \/><\/strong><\/em>Grazer Wechselseitige Versicherung AG<\/p>\n<p>\u00a0<\/p>\n<p><img decoding=\"async\" src=\"https:\/\/stiftadmont.at\/wp-content\/uploads\/GRAWE_Logo_2021_100-30-80-0-1.png\" width=\"150px\" \/><\/p>\n<\/div>\n                    \n                            <\/div>\n        \n                                                    <div class=\"content__box content__box--2\"\n                     >\n                                        \n                    \n                                                <div class=\"content__media stickyTo\" x-init=\"imageSticky($el)\">\n\n                                                                                    <picture\n                                    class=\"content__image sticky\">\n                                <source srcset=\"https:\/\/stiftadmont.at\/wp-content\/uploads\/GD_Mag._Klaus_Scheitegel__c__Ralph_Koenig-683x1024.webp\" type=\"image\/webp\">\n                                <source srcset=\"https:\/\/stiftadmont.at\/wp-content\/uploads\/GD_Mag._Klaus_Scheitegel__c__Ralph_Koenig-683x1024.jpg\" type=\"image\/jpeg\">\n                                <img decoding=\"async\" class=\"sticky\" loading=\"lazy\" src=\"https:\/\/stiftadmont.at\/wp-content\/uploads\/GD_Mag._Klaus_Scheitegel__c__Ralph_Koenig-683x1024.jpg\" alt=\"DG Klaus Scheitegel c Ralph Koenig\" \/>\n\n                                                                                                                            <\/picture>\n\n                        <\/div>\n\n                                    <\/div>\n            \n            <\/div>\n<\/div>\n\n<\/section>\n\n<section id='lightpress__section--block_c976f603e3df09c1394705c78da63378' class='lightpress__section--default-section-space lightpress__section lightpress__section--content'><div class=\"content__inner\"\n         x-init=\"initContentBlockAnim($el)\">\n        \n    <div class=\"content__grid content__grid--forty-sixty\">\n                                            <div class=\"content__box content__box\"\n                 style=\"\">\n                                \n                \n                                        <div class=\"content__media stickyTo\" x-init=\"imageSticky($el)\">\n\n                                                                                                <picture\n                                class=\"content__image sticky\">\n                            <source srcset=\"https:\/\/stiftadmont.at\/wp-content\/uploads\/Raiffeisen-Landesbank-Steiermark-Martin-Schaller-731x1024.jpg\"\n                                    type=\"image\/webp\">\n                            <source srcset=\"https:\/\/stiftadmont.at\/wp-content\/uploads\/Raiffeisen-Landesbank-Steiermark-Martin-Schaller-731x1024.jpg\"\n                                    type=\"image\/jpeg\">\n                            <img decoding=\"async\" loading=\"lazy\"\n                                 src=\"https:\/\/stiftadmont.at\/wp-content\/uploads\/Raiffeisen-Landesbank-Steiermark-Martin-Schaller-731x1024.jpg\"\n                                 alt=\"Raiffeisen Landesbank Styria Martin Schaller\" width=\"600\" height=\"450\">\n                                                                                                            <\/picture>\n\n                    <\/div>\n\n                            <\/div>\n        \n                                                    <div class=\"content__box content__box--2\"\n                     >\n                                        \n                    \n                                                    <div class=\"prose\"><h5 class=\"heading-m line line-above line--gold\">Raiffeisen-Landesbank Styria<\/h5>\n<p>\u00a0<\/p>\n<p class=\"paragraph-m\"><strong>W imieniu ca\u0142ej Grupy Bankowej Raiffeisen chcia\u0142bym z\u0142o\u017cy\u0107 najserdeczniejsze gratulacje z okazji niezwyk\u0142ego jubileuszu 950-lecia opactwa Admont!<\/strong><\/p>\n<p>\u00a0<\/p>\n<p class=\"paragraph-m\">Ta wielowiekowa historia charakteryzuje si\u0119 takimi warto\u015bciami jak tradycja, spo\u0142eczno\u015b\u0107 i wiedza i zas\u0142uguje na nasze najwy\u017csze uznanie. Opactwo Admont nie tylko odgrywa wa\u017cn\u0105 rol\u0119 gospodarcz\u0105 w regionie, np. jako pracodawca lub si\u0142a nap\u0119dowa rozwoju lokalnego. To miejsce wiary i edukacji, a tak\u017ce - o czym nie nale\u017cy zapomina\u0107 - t\u0119tni\u0105ce \u017cyciem centrum kultury i spotka\u0144.<\/p>\n<p>\u00a0<\/p>\n<p class=\"paragraph-m\">Jako d\u0142ugoletni partner Opactwa, cieszymy si\u0119, \u017ce mo\u017cemy by\u0107 cz\u0119\u015bci\u0105 nadchodz\u0105cych uroczysto\u015bci. Nasza wieloletnia relacja opiera si\u0119 na wsp\u00f3lnej wizji. Wizji opartej na solidarno\u015bci, wzajemnym szacunku, zaanga\u017cowaniu na rzecz regionu i d\u0105\u017ceniu do obiecuj\u0105cej przysz\u0142o\u015bci. Wizji, kt\u00f3ra odzwierciedla nasze warto\u015bci Raiffeisen - blisko\u015b\u0107, regionalno\u015b\u0107 i post\u0119p w duchu wsp\u00f3lnoty. Wsp\u00f3lnie, ale ka\u017cdy na sw\u00f3j spos\u00f3b, pracujemy nad kszta\u0142towaniem przysz\u0142o\u015bci, w kt\u00f3rej tradycja i innowacje id\u0105 w parze i przyczyniaj\u0105 si\u0119 do wzmocnienia i wzbogacenia naszego spo\u0142ecze\u0144stwa.<\/p>\n<p>\u00a0<\/p>\n<p class=\"paragraph-m\">Nasze partnerstwo b\u0119dzie zatem kontynuowane po tym jubileuszowym roku i nadal b\u0119dzie stanowi\u0107 stabiln\u0105 podstaw\u0119 dla uznania, wzajemnego wsparcia i zr\u00f3wnowa\u017conego rozwoju.<\/p>\n<p>\u00a0<\/p>\n<p class=\"paragraph-m\">Gratulacje z okazji rocznicy i wszystkiego najlepszego na przysz\u0142o\u015b\u0107!<\/p>\n<p>\u00a0<\/p>\n<p class=\"paragraph-m\"><em><strong>KR MMag. Martin Schaller<\/strong><\/em><br \/>Dyrektor generalny Raiffeisen-Landesbank Steiermark<\/p>\n<p>\u00a0<\/p>\n<p><img decoding=\"async\" src=\"https:\/\/stiftadmont.at\/wp-content\/uploads\/Giebelkreuz_gelb.png\" width=\"50px\" \/><\/p>\n<\/div>\n                        \n                                    <\/div>\n            \n            <\/div>\n<\/div>\n\n<\/section>","protected":false},"excerpt":{"rendered":"","protected":false},"author":7,"featured_media":0,"parent":22541,"menu_order":1,"comment_status":"closed","ping_status":"closed","template":"","meta":{"_acf_changed":false,"footnotes":""},"categories":[],"class_list":["post-27272","page","type-page","status-publish","hentry"],"acf":[],"yoast_head":"<!-- This site is optimized with the Yoast SEO Premium plugin v26.0 (Yoast SEO v26.8) - https:\/\/yoast.com\/product\/yoast-seo-premium-wordpress\/ -->\n<title>Exklusivsponsoren - Stift Admont<\/title>\n<meta name=\"robots\" content=\"index, follow, max-snippet:-1, max-image-preview:large, max-video-preview:-1\" \/>\n<link rel=\"canonical\" href=\"https:\/\/stiftadmont.at\/pl\/950-lat-opactwa-admont\/wylaczni-sponsorzy\/\" \/>\n<meta property=\"og:locale\" content=\"pl_PL\" \/>\n<meta property=\"og:type\" content=\"article\" \/>\n<meta property=\"og:title\" content=\"Exklusivsponsoren\" \/>\n<meta property=\"og:url\" content=\"https:\/\/stiftadmont.at\/pl\/950-lat-opactwa-admont\/wylaczni-sponsorzy\/\" \/>\n<meta property=\"og:site_name\" content=\"Stift Admont\" \/>\n<meta property=\"article:modified_time\" content=\"2025-02-05T09:57:59+00:00\" \/>\n<meta property=\"og:image\" content=\"https:\/\/stiftadmont.at\/wp-content\/uploads\/Klosteranlage-innen.jpg\" \/>\n\t<meta property=\"og:image:width\" content=\"1912\" \/>\n\t<meta property=\"og:image:height\" content=\"1188\" \/>\n\t<meta property=\"og:image:type\" content=\"image\/jpeg\" \/>\n<meta name=\"twitter:card\" content=\"summary_large_image\" \/>\n<script type=\"application\/ld+json\" class=\"yoast-schema-graph\">{\"@context\":\"https:\/\/schema.org\",\"@graph\":[{\"@type\":\"WebPage\",\"@id\":\"https:\/\/stiftadmont.at\/950-jahre-stift-admont\/exklusivsponsoren\/\",\"url\":\"https:\/\/stiftadmont.at\/950-jahre-stift-admont\/exklusivsponsoren\/\",\"name\":\"Exklusivsponsoren - Stift Admont\",\"isPartOf\":{\"@id\":\"https:\/\/stiftadmont.at\/#website\"},\"datePublished\":\"2024-03-20T11:04:45+00:00\",\"dateModified\":\"2025-02-05T09:57:59+00:00\",\"breadcrumb\":{\"@id\":\"https:\/\/stiftadmont.at\/950-jahre-stift-admont\/exklusivsponsoren\/#breadcrumb\"},\"inLanguage\":\"pl-PL\",\"potentialAction\":[{\"@type\":\"ReadAction\",\"target\":[\"https:\/\/stiftadmont.at\/950-jahre-stift-admont\/exklusivsponsoren\/\"]}]},{\"@type\":\"BreadcrumbList\",\"@id\":\"https:\/\/stiftadmont.at\/950-jahre-stift-admont\/exklusivsponsoren\/#breadcrumb\",\"itemListElement\":[{\"@type\":\"ListItem\",\"position\":1,\"name\":\"Start\",\"item\":\"https:\/\/stiftadmont.at\/\"},{\"@type\":\"ListItem\",\"position\":2,\"name\":\"950 Jahre Stift Admont\",\"item\":\"https:\/\/stiftadmont.at\/950-jahre-stift-admont\/\"},{\"@type\":\"ListItem\",\"position\":3,\"name\":\"Exklusivsponsoren\"}]},{\"@type\":\"WebSite\",\"@id\":\"https:\/\/stiftadmont.at\/#website\",\"url\":\"https:\/\/stiftadmont.at\/\",\"name\":\"Stift Admont\",\"description\":\"Benediktinerkloster und Sehensw\u00fcrdigkeit im Ges\u00e4use\",\"potentialAction\":[{\"@type\":\"SearchAction\",\"target\":{\"@type\":\"EntryPoint\",\"urlTemplate\":\"https:\/\/stiftadmont.at\/?s={search_term_string}\"},\"query-input\":{\"@type\":\"PropertyValueSpecification\",\"valueRequired\":true,\"valueName\":\"search_term_string\"}}],\"inLanguage\":\"pl-PL\"}]}<\/script>\n<!-- \/ Yoast SEO Premium plugin. -->","yoast_head_json":{"title":"Wy\u0142\u0105czni sponsorzy - Opactwo Admont","robots":{"index":"index","follow":"follow","max-snippet":"max-snippet:-1","max-image-preview":"max-image-preview:large","max-video-preview":"max-video-preview:-1"},"canonical":"https:\/\/stiftadmont.at\/pl\/950-lat-opactwa-admont\/wylaczni-sponsorzy\/","og_locale":"pl_PL","og_type":"article","og_title":"Exklusivsponsoren","og_url":"https:\/\/stiftadmont.at\/pl\/950-lat-opactwa-admont\/wylaczni-sponsorzy\/","og_site_name":"Stift Admont","article_modified_time":"2025-02-05T09:57:59+00:00","og_image":[{"width":1912,"height":1188,"url":"https:\/\/stiftadmont.at\/wp-content\/uploads\/Klosteranlage-innen.jpg","type":"image\/jpeg"}],"twitter_card":"summary_large_image","schema":{"@context":"https:\/\/schema.org","@graph":[{"@type":"WebPage","@id":"https:\/\/stiftadmont.at\/950-jahre-stift-admont\/exklusivsponsoren\/","url":"https:\/\/stiftadmont.at\/950-jahre-stift-admont\/exklusivsponsoren\/","name":"Wy\u0142\u0105czni sponsorzy - Opactwo Admont","isPartOf":{"@id":"https:\/\/stiftadmont.at\/#website"},"datePublished":"2024-03-20T11:04:45+00:00","dateModified":"2025-02-05T09:57:59+00:00","breadcrumb":{"@id":"https:\/\/stiftadmont.at\/950-jahre-stift-admont\/exklusivsponsoren\/#breadcrumb"},"inLanguage":"pl-PL","potentialAction":[{"@type":"ReadAction","target":["https:\/\/stiftadmont.at\/950-jahre-stift-admont\/exklusivsponsoren\/"]}]},{"@type":"BreadcrumbList","@id":"https:\/\/stiftadmont.at\/950-jahre-stift-admont\/exklusivsponsoren\/#breadcrumb","itemListElement":[{"@type":"ListItem","position":1,"name":"Start","item":"https:\/\/stiftadmont.at\/"},{"@type":"ListItem","position":2,"name":"950 Jahre Stift Admont","item":"https:\/\/stiftadmont.at\/950-jahre-stift-admont\/"},{"@type":"ListItem","position":3,"name":"Exklusivsponsoren"}]},{"@type":"WebSite","@id":"https:\/\/stiftadmont.at\/#website","url":"https:\/\/stiftadmont.at\/","name":"Opactwo Admont","description":"Benedykty\u0144ski klasztor i atrakcja turystyczna w Ges\u00e4use","potentialAction":[{"@type":"SearchAction","target":{"@type":"EntryPoint","urlTemplate":"https:\/\/stiftadmont.at\/?s={search_term_string}"},"query-input":{"@type":"PropertyValueSpecification","valueRequired":true,"valueName":"search_term_string"}}],"inLanguage":"pl-PL"}]}},"_links":{"self":[{"href":"https:\/\/stiftadmont.at\/pl\/wp-json\/wp\/v2\/pages\/27272","targetHints":{"allow":["GET"]}}],"collection":[{"href":"https:\/\/stiftadmont.at\/pl\/wp-json\/wp\/v2\/pages"}],"about":[{"href":"https:\/\/stiftadmont.at\/pl\/wp-json\/wp\/v2\/types\/page"}],"author":[{"embeddable":true,"href":"https:\/\/stiftadmont.at\/pl\/wp-json\/wp\/v2\/users\/7"}],"replies":[{"embeddable":true,"href":"https:\/\/stiftadmont.at\/pl\/wp-json\/wp\/v2\/comments?post=27272"}],"version-history":[{"count":20,"href":"https:\/\/stiftadmont.at\/pl\/wp-json\/wp\/v2\/pages\/27272\/revisions"}],"predecessor-version":[{"id":32676,"href":"https:\/\/stiftadmont.at\/pl\/wp-json\/wp\/v2\/pages\/27272\/revisions\/32676"}],"up":[{"embeddable":true,"href":"https:\/\/stiftadmont.at\/pl\/wp-json\/wp\/v2\/pages\/22541"}],"wp:attachment":[{"href":"https:\/\/stiftadmont.at\/pl\/wp-json\/wp\/v2\/media?parent=27272"}],"wp:term":[{"taxonomy":"category","embeddable":true,"href":"https:\/\/stiftadmont.at\/pl\/wp-json\/wp\/v2\/categories?post=27272"}],"curies":[{"name":"wp","href":"https:\/\/api.w.org\/{rel}","templated":true}]}}