{"id":4775,"date":"2021-07-28T16:39:20","date_gmt":"2021-07-28T14:39:20","guid":{"rendered":"https:\/\/stiftadmont.at\/?page_id=4775"},"modified":"2023-12-08T18:39:45","modified_gmt":"2023-12-08T16:39:45","slug":"kolekcja-hannes-schwarz","status":"publish","type":"page","link":"https:\/\/stiftadmont.at\/pl\/museum\/ausstellungsrueckblick\/sammlung-hannes-schwarz\/","title":{"rendered":"Kolekcja Hannes Schwarz"},"content":{"rendered":"<section id='lightpress__section--block_61016c115f065' class='lightpress__section--default-section-space lightpress__section lightpress__section--content'><div class=\"content__inner\"\n         x-init=\"initContentBlockAnim($el)\">\n        \n    <div class=\"content__grid content__grid--fifty-fifty\">\n                                            <div class=\"content__box content__box\"\n                 style=\"\">\n                                \n                \n                                            <div class=\"prose\"><h2 class=\"heading-xxl line line--gold\">sztuka wsp\u00f3\u0142czesna<\/h2>\n<p class=\"paragraph-m\">Hannes Schwarz by\u0142 jednym z najwa\u017cniejszych styryjskich artyst\u00f3w okresu powojennego.<\/p>\n<p class=\"paragraph-m\">W 1997 roku artysta Hannes Schwarz podarowa\u0142 opactwu Admont 24 obrazy olejne i 68 grafik. W latach 2002-2019 prace te by\u0142y prezentowane w dawnej Zimowej Szkole Jazdy na parterze. Od sezonu 2021 wybrane prace z Fundacji Hannesa Schwarza b\u0119d\u0105 prezentowane w nowo zaadaptowanej cz\u0119\u015bci Muzeum Sztuki Wsp\u00f3\u0142czesnej. Ta seria wystaw rozpocznie si\u0119 od wczesnych prac Hannesa Schwarza.<\/p>\n<\/div>\n                    \n                            <\/div>\n        \n                                                    <div class=\"content__box content__box--2\"\n                     >\n                                        \n                    \n                                                <div class=\"content__media stickyTo\" x-init=\"imageSticky($el)\">\n\n                                                                                    <picture\n                                    class=\"content__image sticky\">\n                                <source srcset=\"https:\/\/stiftadmont.at\/wp-content\/uploads\/042_Stift-Admont_\u00a9StefanLeitner_LEI7363-e1634722118166-1024x768.webp\" type=\"image\/webp\">\n                                <source srcset=\"https:\/\/stiftadmont.at\/wp-content\/uploads\/042_Stift-Admont_\u00a9StefanLeitner_LEI7363-e1634722118166-1024x768.jpg\" type=\"image\/jpeg\">\n                                <img decoding=\"async\" class=\"sticky\" loading=\"lazy\" src=\"https:\/\/stiftadmont.at\/wp-content\/uploads\/042_Stift-Admont_\u00a9StefanLeitner_LEI7363-e1634722118166-1024x768.jpg\" alt=\"042 Opactwo Admont \u00a9StefanLeitner LEI7363 e1634722118166\" \/>\n\n                                                                                                                            <\/picture>\n\n                        <\/div>\n\n                                    <\/div>\n            \n            <\/div>\n<\/div>\n\n<\/section>\n\n<section id='lightpress__section--block_61016e326e8c1' class='lightpress__section--default-section-space lightpress__section lightpress__section--content'><div class=\"content__inner\"\n         x-init=\"initContentBlockAnim($el)\">\n        \n    <div class=\"content__grid content__grid--fifty-fifty\">\n                                            <div class=\"content__box content__box\"\n                 style=\"\">\n                                \n                \n                                        <div class=\"content__media stickyTo\" x-init=\"imageSticky($el)\">\n\n                                                                                                <picture\n                                class=\"content__image sticky\">\n                            <source srcset=\"https:\/\/stiftadmont.at\/wp-content\/uploads\/Schwarz-Molacek-1024x842.jpg\"\n                                    type=\"image\/webp\">\n                            <source srcset=\"https:\/\/stiftadmont.at\/wp-content\/uploads\/Schwarz-Molacek-1024x842.jpg\"\n                                    type=\"image\/jpeg\">\n                            <img decoding=\"async\" loading=\"lazy\" src=\"https:\/\/stiftadmont.at\/wp-content\/uploads\/Schwarz-Molacek-1024x842.jpg\" alt=\"Czarny Molacek\" width=\"600\" height=\"450\" \/>\n                                                                                                            <\/picture>\n\n                    <\/div>\n\n                            <\/div>\n        \n                                                    <div class=\"content__box content__box--2\"\n                     >\n                                        \n                    \n                                                    <div class=\"prose\"><h3 class=\"heading-xl line line--red\"><span style=\"font-family: sans-serif;\">Hannes Schwarz <br \/>(1926 - 2014)<\/span><\/h3>\n<p class=\"paragraph-m\">Hannes Schwarz urodzi\u0142 si\u0119 w Anger ko\u0142o Weiz w 1926 roku. Ze wzgl\u0119du na sw\u00f3j talent artystyczny zosta\u0142 wys\u0142any do elitarnych szk\u00f3\u0142 narodowosocjalistycznych.\u00a0<\/p>\n<div class=\"info info--warn-bg\">\n<p class=\"paragraph-m\">Ksi\u0105\u017cka o \u017cyciu i pracy Hannesa Schwarza zosta\u0142a opublikowana przez <a href=\"\/pl\/museumsshop\/\">Sklep klasztorny<\/a> dost\u0119pne: <em>Hannes Schwarz, Podr\u00f3\u017c wewn\u0119trzna. Praca artystyczna Hannesa Schwarza w Opactwie Benedyktyn\u00f3w w Admont. Pod redakcj\u0105 opata Bruno Hubla i Michaela Braunsteinera, Admont 2002.<\/em><\/p>\n<\/div>\n<\/div>\n                        \n                                    <\/div>\n            \n            <\/div>\n<\/div>\n\n<\/section>\n\n<section id='lightpress__section--block_61016fae6e8c3' class='lightpress__section--default-section-space lightpress__section lightpress__section--content'><div class=\"content__inner\"\n         x-init=\"initContentBlockAnim($el)\">\n        \n    <div class=\"content__grid content__grid--fifty-fifty\">\n                                            <div class=\"content__box content__box\"\n                 style=\"\">\n                                \n                \n                                            <div class=\"prose\"><h3 class=\"heading-xl line line--gold\">\u015alady formatywne<\/h3>\n<p class=\"paragraph-m\">Jako student malarstwa w Stuttgarcie zosta\u0142 wcielony do wojska w 1944 roku. Okrucie\u0144stwa i mania wojenna nazist\u00f3w pozostawi\u0142y na nim g\u0142\u0119bokie, kszta\u0142tuj\u0105ce \u017cycie \u015blady. Krytyczna analiza wsp\u00f3\u0142czesnej historii sta\u0142a si\u0119 cech\u0105 charakterystyczn\u0105 jego tw\u00f3rczo\u015bci.<\/p>\n<p class=\"paragraph-m\">Zacz\u0105\u0142 ponownie malowa\u0107 w 1948 roku i sta\u0142 si\u0119 sta\u0142ym elementem sceny artystycznej Grazu. Intensywnie studiowa\u0142 filozofi\u0119 egzystencjalizmu i szko\u0142\u0119 frankfurck\u0105.<\/p>\n<p>\u00a0<\/p>\n<\/div>\n                    \n                            <\/div>\n        \n                                                    <div class=\"content__box content__box--2\"\n                     >\n                                        \n                    \n                                                    <div class=\"prose\"><h3 class=\"heading-xl line line--red\">\u015awiatopogl\u0105d<\/h3>\n<p class=\"paragraph-m\">Jego \u015bwiatopogl\u0105d znajduje szczeg\u00f3lne odzwierciedlenie w obrazach kratowych z lat 60. XX wieku. Kraty i zmaltretowane ludzkie cia\u0142a: symbole ogranicze\u0144 i beznadziejno\u015bci \u017cycia. W 1980 roku podr\u00f3\u017c do Hiszpanii uspokoi\u0142a jego styl. Cz\u0142owiek znika, opuszczone krajobrazy dominuj\u0105 jako symbole \u017cycia. W swoich p\u00f3\u017aniejszych pracach odnajduje motywy, kt\u00f3re przywo\u0142uj\u0105 kultowe i \u015bwi\u0119te skojarzenia. Wreszcie, w jego obrazach owoc\u00f3w, jego t\u0119sknota za ostro\u017cn\u0105 afirmacj\u0105 \u017cycia staje si\u0119 namacalna.<\/p>\n<\/div>\n                        \n                                    <\/div>\n            \n            <\/div>\n<\/div>\n\n<\/section>\n\n<section id='lightpress__section--block_61518b80dfc80' class='lightpress__section--default-section-space lightpress__section lightpress__section--content'><div class=\"content__inner\"\n         x-init=\"initContentBlockAnim($el)\">\n        \n    <div class=\"content__grid content__grid\">\n                                            <div class=\"content__box content__box--one-hundred\"\n                 style=\"margin-top: -5em;\">\n                                \n                \n                                            <div class=\"prose\"><h3 class=\"heading-xl line line--gold text-center\">Mo\u017ce Ci\u0119 to r\u00f3wnie\u017c zainteresowa\u0107<\/h3>\n<\/div>\n                    \n                            <\/div>\n        \n            <\/div>\n<\/div>\n\n<\/section>\n\n<section id='lightpress__section--block_610170a86e8c4' class='lightpress__section--more-links--legacy lightpress__section--full-width lightpress__section--default-section-space lightpress__section lightpress__section--more-links'><div class=\"more\" x-init=\"initMoreLinksBlockAnim($el)\">\n    \n                    <a class=\"more__link\" href=\"\/pl\/przeglad-wystawy\/kolekcja-mayer\/\">\n            <div class=\"more__media\">\n                                    <picture class=\"more__image\">\n                        <source srcset=\"https:\/\/stiftadmont.at\/wp-content\/uploads\/Gotik_2-1024x757.webp\" type=\"image\/webp\">\n                        <source srcset=\"https:\/\/stiftadmont.at\/wp-content\/uploads\/Gotik_2-1024x757.jpg\" type=\"image\/jpeg\">\n                        <img decoding=\"async\" loading=\"lazy\" src=\"https:\/\/stiftadmont.at\/wp-content\/uploads\/Gotik_2-1024x757.png\" alt=\"Gothic 2\" width=\"480\" height=\"280\" \/>\n                    <\/picture>\n                            <\/div>\n            <div class=\"more__content\">\n                <div class=\"more__title--container\">\n                                            <p class=\"more__title\">Kolekcja Mayer<\/p>\n                                    <\/div>\n                            <\/div>\n        <\/a>\n                    <a class=\"more__link\" href=\"\/pl\/sammlungen__trashed\/strategia-gromadzenia-danych\/\">\n            <div class=\"more__media\">\n                                    <picture class=\"more__image\">\n                        <source srcset=\"https:\/\/stiftadmont.at\/wp-content\/uploads\/O0B1461-1024x683.webp\" type=\"image\/webp\">\n                        <source srcset=\"https:\/\/stiftadmont.at\/wp-content\/uploads\/O0B1461-1024x683.jpg\" type=\"image\/jpeg\">\n                        <img decoding=\"async\" loading=\"lazy\" src=\"https:\/\/stiftadmont.at\/wp-content\/uploads\/O0B1461-1024x683.jpg\" alt=\"O0B1461\" width=\"480\" height=\"280\" \/>\n                    <\/picture>\n                            <\/div>\n            <div class=\"more__content\">\n                <div class=\"more__title--container\">\n                                            <p class=\"more__title\">Strategia gromadzenia danych w opactwie Admont<\/p>\n                                    <\/div>\n                            <\/div>\n        <\/a>\n                    <a class=\"more__link\" href=\"\/pl\/sammlungen__trashed\/poza-zasiegiem-wzroku\/\">\n            <div class=\"more__media\">\n                                    <picture class=\"more__image\">\n                        <source srcset=\"https:\/\/stiftadmont.at\/wp-content\/uploads\/PLAY-ART-.-JENSEITS-DES-SEHENS.-c-Barbara-Eisner-B-1-1024x673.webp\" type=\"image\/webp\">\n                        <source srcset=\"https:\/\/stiftadmont.at\/wp-content\/uploads\/PLAY-ART-.-JENSEITS-DES-SEHENS.-c-Barbara-Eisner-B-1-1024x673.jpg\" type=\"image\/jpeg\">\n                        <img decoding=\"async\" loading=\"lazy\" src=\"https:\/\/stiftadmont.at\/wp-content\/uploads\/PLAY-ART-.-JENSEITS-DES-SEHENS.-c-Barbara-Eisner-B-1-1024x673.jpg\"\n                             alt=\"SZTUKA ZABAWY. POZA WIDZENIEM. c Barbara Eisner B 1 skalowane\" width=\"480\"\n                             height=\"280\">\n                    <\/picture>\n                            <\/div>\n            <div class=\"more__content\">\n                <div class=\"more__title--container\">\n                                            <p class=\"more__title\">Poza widzeniem<\/p>\n                                    <\/div>\n                            <\/div>\n        <\/a>\n    \n<\/div>\n\n<\/section>","protected":false},"excerpt":{"rendered":"","protected":false},"author":7,"featured_media":0,"parent":5864,"menu_order":88,"comment_status":"closed","ping_status":"closed","template":"","meta":{"_acf_changed":false,"footnotes":""},"categories":[73],"class_list":["post-4775","page","type-page","status-publish","hentry","category-ausstellungsrueckblick"],"acf":[],"yoast_head":"<!-- This site is optimized with the Yoast SEO Premium plugin v26.0 (Yoast SEO v26.8) - https:\/\/yoast.com\/product\/yoast-seo-premium-wordpress\/ -->\n<title>Sammlung Hannes Schwarz - Stift Admont<\/title>\n<meta name=\"robots\" content=\"index, follow, max-snippet:-1, max-image-preview:large, max-video-preview:-1\" \/>\n<link rel=\"canonical\" href=\"https:\/\/stiftadmont.at\/pl\/muzeum\/przeglad-wystawy\/kolekcja-hannes-schwarz\/\" \/>\n<meta property=\"og:locale\" content=\"pl_PL\" \/>\n<meta property=\"og:type\" content=\"article\" \/>\n<meta property=\"og:title\" content=\"Sammlung Hannes Schwarz\" \/>\n<meta property=\"og:url\" content=\"https:\/\/stiftadmont.at\/pl\/muzeum\/przeglad-wystawy\/kolekcja-hannes-schwarz\/\" \/>\n<meta property=\"og:site_name\" content=\"Stift Admont\" \/>\n<meta property=\"article:modified_time\" content=\"2023-12-08T16:39:45+00:00\" \/>\n<meta property=\"og:image\" content=\"https:\/\/stiftadmont.at\/wp-content\/uploads\/Klosteranlage-innen.jpg\" \/>\n\t<meta property=\"og:image:width\" content=\"1912\" \/>\n\t<meta property=\"og:image:height\" content=\"1188\" \/>\n\t<meta property=\"og:image:type\" content=\"image\/jpeg\" \/>\n<meta name=\"twitter:card\" content=\"summary_large_image\" \/>\n<script type=\"application\/ld+json\" class=\"yoast-schema-graph\">{\"@context\":\"https:\/\/schema.org\",\"@graph\":[{\"@type\":\"WebPage\",\"@id\":\"https:\/\/stiftadmont.at\/museum\/ausstellungsrueckblick\/sammlung-hannes-schwarz\/\",\"url\":\"https:\/\/stiftadmont.at\/museum\/ausstellungsrueckblick\/sammlung-hannes-schwarz\/\",\"name\":\"Sammlung Hannes Schwarz - Stift Admont\",\"isPartOf\":{\"@id\":\"https:\/\/stiftadmont.at\/#website\"},\"datePublished\":\"2021-07-28T14:39:20+00:00\",\"dateModified\":\"2023-12-08T16:39:45+00:00\",\"breadcrumb\":{\"@id\":\"https:\/\/stiftadmont.at\/museum\/ausstellungsrueckblick\/sammlung-hannes-schwarz\/#breadcrumb\"},\"inLanguage\":\"pl-PL\",\"potentialAction\":[{\"@type\":\"ReadAction\",\"target\":[\"https:\/\/stiftadmont.at\/museum\/ausstellungsrueckblick\/sammlung-hannes-schwarz\/\"]}]},{\"@type\":\"BreadcrumbList\",\"@id\":\"https:\/\/stiftadmont.at\/museum\/ausstellungsrueckblick\/sammlung-hannes-schwarz\/#breadcrumb\",\"itemListElement\":[{\"@type\":\"ListItem\",\"position\":1,\"name\":\"Start\",\"item\":\"https:\/\/stiftadmont.at\/\"},{\"@type\":\"ListItem\",\"position\":2,\"name\":\"Museum Stift Admont\",\"item\":\"https:\/\/stiftadmont.at\/museum\/\"},{\"@type\":\"ListItem\",\"position\":3,\"name\":\"Ausstellungsr\u00fcckblick\",\"item\":\"https:\/\/stiftadmont.at\/museum\/ausstellungsrueckblick\/\"},{\"@type\":\"ListItem\",\"position\":4,\"name\":\"Sammlung Hannes Schwarz\"}]},{\"@type\":\"WebSite\",\"@id\":\"https:\/\/stiftadmont.at\/#website\",\"url\":\"https:\/\/stiftadmont.at\/\",\"name\":\"Stift Admont\",\"description\":\"Benediktinerkloster und Sehensw\u00fcrdigkeit im Ges\u00e4use\",\"potentialAction\":[{\"@type\":\"SearchAction\",\"target\":{\"@type\":\"EntryPoint\",\"urlTemplate\":\"https:\/\/stiftadmont.at\/?s={search_term_string}\"},\"query-input\":{\"@type\":\"PropertyValueSpecification\",\"valueRequired\":true,\"valueName\":\"search_term_string\"}}],\"inLanguage\":\"pl-PL\"}]}<\/script>\n<!-- \/ Yoast SEO Premium plugin. -->","yoast_head_json":{"title":"Kolekcja Hannes Schwarz - Opactwo Admont","robots":{"index":"index","follow":"follow","max-snippet":"max-snippet:-1","max-image-preview":"max-image-preview:large","max-video-preview":"max-video-preview:-1"},"canonical":"https:\/\/stiftadmont.at\/pl\/muzeum\/przeglad-wystawy\/kolekcja-hannes-schwarz\/","og_locale":"pl_PL","og_type":"article","og_title":"Sammlung Hannes Schwarz","og_url":"https:\/\/stiftadmont.at\/pl\/muzeum\/przeglad-wystawy\/kolekcja-hannes-schwarz\/","og_site_name":"Stift Admont","article_modified_time":"2023-12-08T16:39:45+00:00","og_image":[{"width":1912,"height":1188,"url":"https:\/\/stiftadmont.at\/wp-content\/uploads\/Klosteranlage-innen.jpg","type":"image\/jpeg"}],"twitter_card":"summary_large_image","schema":{"@context":"https:\/\/schema.org","@graph":[{"@type":"WebPage","@id":"https:\/\/stiftadmont.at\/museum\/ausstellungsrueckblick\/sammlung-hannes-schwarz\/","url":"https:\/\/stiftadmont.at\/museum\/ausstellungsrueckblick\/sammlung-hannes-schwarz\/","name":"Kolekcja Hannes Schwarz - Opactwo Admont","isPartOf":{"@id":"https:\/\/stiftadmont.at\/#website"},"datePublished":"2021-07-28T14:39:20+00:00","dateModified":"2023-12-08T16:39:45+00:00","breadcrumb":{"@id":"https:\/\/stiftadmont.at\/museum\/ausstellungsrueckblick\/sammlung-hannes-schwarz\/#breadcrumb"},"inLanguage":"pl-PL","potentialAction":[{"@type":"ReadAction","target":["https:\/\/stiftadmont.at\/museum\/ausstellungsrueckblick\/sammlung-hannes-schwarz\/"]}]},{"@type":"BreadcrumbList","@id":"https:\/\/stiftadmont.at\/museum\/ausstellungsrueckblick\/sammlung-hannes-schwarz\/#breadcrumb","itemListElement":[{"@type":"ListItem","position":1,"name":"Start","item":"https:\/\/stiftadmont.at\/"},{"@type":"ListItem","position":2,"name":"Museum Stift Admont","item":"https:\/\/stiftadmont.at\/museum\/"},{"@type":"ListItem","position":3,"name":"Ausstellungsr\u00fcckblick","item":"https:\/\/stiftadmont.at\/museum\/ausstellungsrueckblick\/"},{"@type":"ListItem","position":4,"name":"Sammlung Hannes Schwarz"}]},{"@type":"WebSite","@id":"https:\/\/stiftadmont.at\/#website","url":"https:\/\/stiftadmont.at\/","name":"Opactwo Admont","description":"Benedykty\u0144ski klasztor i atrakcja turystyczna w Ges\u00e4use","potentialAction":[{"@type":"SearchAction","target":{"@type":"EntryPoint","urlTemplate":"https:\/\/stiftadmont.at\/?s={search_term_string}"},"query-input":{"@type":"PropertyValueSpecification","valueRequired":true,"valueName":"search_term_string"}}],"inLanguage":"pl-PL"}]}},"_links":{"self":[{"href":"https:\/\/stiftadmont.at\/pl\/wp-json\/wp\/v2\/pages\/4775","targetHints":{"allow":["GET"]}}],"collection":[{"href":"https:\/\/stiftadmont.at\/pl\/wp-json\/wp\/v2\/pages"}],"about":[{"href":"https:\/\/stiftadmont.at\/pl\/wp-json\/wp\/v2\/types\/page"}],"author":[{"embeddable":true,"href":"https:\/\/stiftadmont.at\/pl\/wp-json\/wp\/v2\/users\/7"}],"replies":[{"embeddable":true,"href":"https:\/\/stiftadmont.at\/pl\/wp-json\/wp\/v2\/comments?post=4775"}],"version-history":[{"count":90,"href":"https:\/\/stiftadmont.at\/pl\/wp-json\/wp\/v2\/pages\/4775\/revisions"}],"predecessor-version":[{"id":13686,"href":"https:\/\/stiftadmont.at\/pl\/wp-json\/wp\/v2\/pages\/4775\/revisions\/13686"}],"up":[{"embeddable":true,"href":"https:\/\/stiftadmont.at\/pl\/wp-json\/wp\/v2\/pages\/5864"}],"wp:attachment":[{"href":"https:\/\/stiftadmont.at\/pl\/wp-json\/wp\/v2\/media?parent=4775"}],"wp:term":[{"taxonomy":"category","embeddable":true,"href":"https:\/\/stiftadmont.at\/pl\/wp-json\/wp\/v2\/categories?post=4775"}],"curies":[{"name":"wp","href":"https:\/\/api.w.org\/{rel}","templated":true}]}}