{"id":33391,"date":"2025-03-17T14:17:17","date_gmt":"2025-03-17T12:17:17","guid":{"rendered":"https:\/\/stiftadmont.at\/?page_id=33391"},"modified":"2025-03-25T11:56:08","modified_gmt":"2025-03-25T09:56:08","slug":"krst-v-zupniji-admont","status":"publish","type":"page","link":"https:\/\/stiftadmont.at\/sl\/pfarren\/pfarre-admont\/pfarre-admont-taufe\/","title":{"rendered":"Krst v \u017eupniji Admont"},"content":{"rendered":"<section id='lightpress__section--block_0c2b84015d2bd36d96d77d0aff9a4c54' class='align-center lightpress__section--default-section-space lightpress__section lightpress__section--headline'><div class=\"headline__container\">\n            <h2 class=\"headline text--40 text-medium line line--gold line-above line-middle\">Krst v \u017eupniji Admont<\/h2>\n        <p class=\"text-center text-gold text--20 text-medium text--uppercase\">Tukaj izveste vse pomembne informacije o krstu!<\/p>\n        <div class=\"spacer--40\"><\/div>\n<\/div>\n\n<\/section>\n\n<section id='lightpress__section--block_db11ce9004a8d36752d334416ec257d4' class='lightpress__section--default-section-space lightpress__section lightpress__section--content'><div class=\"content__inner\"\n         x-init=\"initContentBlockAnim($el)\">\n        \n    <div class=\"content__grid content__grid--fifty-fifty\">\n                                            <div class=\"content__box content__box\"\n                 style=\"\">\n                                \n                \n                                            <div class=\"prose\"><h5 class=\"heading-m line line-above line--gold\">Ste pripravljeni svojemu otroku omogo\u010diti prav poseben za\u010detek \u017eivljenja?<\/h5>\n<p>\u00a0<\/p>\n<p class=\"MsoNormal\">Odkrijte globok pomen krsta in kako va\u0161emu otroku omogo\u010di trajno povezanost z Bogom in kr\u0161\u010dansko skupnostjo!\u00a0<\/p>\n<p>\u00a0<\/p>\n<p>Krst je veliko ve\u010d kot le obred - pomeni za\u010detek vse\u017eivljenjske poti vere in ob\u010destva. S krstom va\u0161 otrok ne postane le del raz\u0161irjene dru\u017eine vernikov, temve\u010d prejme tudi obljubo o neomajnem prijateljstvu z Bogom, ki bo trajalo v vseh \u017eivljenjskih okoli\u0161\u010dinah. Kot star\u0161i imate prilo\u017enost, da svojega otroka pribli\u017eate Bo\u017eji ljubezni in ga spremljate na njegovi duhovni poti. Skupaj z ljube\u010dimi krstnimi star\u0161i in podporno cerkvijo lahko poskrbite, da bo va\u0161 otrok odra\u0161\u010dal na trdnih temeljih vere.\u00a0<\/p>\n<p>\u00a0<\/p>\n<p>Praznujte ta pomemben korak v \u017eupnijski cerkvi, ki je srce kr\u0161\u010danske skupnosti, in dovolite, da va\u0161 otrok postane del skupnosti vere, ki je pre\u017eeta s tradicijo.\u00a0<\/p>\n<p>\u00a0<\/p>\n<p>Svojega otroka prijavite za krst v \u017eupnijski pisarni Admont v \u010dasu uradnih ur:<\/p>\n<p>\u00a0<\/p>\n<p>\u00a0<\/p>\n<h6 class=\"heading-s\">Poizvedbe:<\/h6>\n<h6>\u00a0<\/h6>\n<p><a class=\"phone\" href=\"tel:+43 (0) 3613\/335411\"><span class=\"icon-outer\"><i class=\"fa-light fa-phone\"><\/i><\/span>+43 (0) 3613\/2312-251<\/a>\u00a0<\/p>\n<p><a class=\"email\" href=\"mailto:info@pfarre-admont.at\"><span class=\"icon-outer\"><i class=\"fa-light fa-envelope\"><\/i><\/span>info@pfarre-admont.at<\/a><\/p>\n<p>\u00a0<\/p>\n<p>\u00a0<\/p>\n<p>\u00a0<\/p>\n<\/div>\n                    \n                            <\/div>\n        \n                                                    <div class=\"content__box content__box--2\"\n                     >\n                                        \n                    \n                                                <div class=\"content__media stickyTo\" x-init=\"imageSticky($el)\">\n\n                                                                                    <picture\n                                    class=\"content__image sticky\">\n                                <source srcset=\"https:\/\/stiftadmont.at\/wp-content\/uploads\/AdobeStock_458102240-1024x604.webp\" type=\"image\/webp\">\n                                <source srcset=\"https:\/\/stiftadmont.at\/wp-content\/uploads\/AdobeStock_458102240-1024x604.jpg\" type=\"image\/jpeg\">\n                                <img decoding=\"async\" class=\"sticky\" loading=\"lazy\" src=\"https:\/\/stiftadmont.at\/wp-content\/uploads\/AdobeStock_458102240-1024x604.jpg\"\n                                     alt=\"AdobeStock 458102240\">\n\n                                                                                                                            <\/picture>\n\n                        <\/div>\n\n                                    <\/div>\n            \n            <\/div>\n<\/div>\n\n<\/section>\n\n<section id='lightpress__section--block_630b81ef928c1c88645510cb34a02735' class='align-center lightpress__section--default-section-space lightpress__section lightpress__section--headline'><div class=\"headline__container\">\n            <h2 class=\"headline text--40 text-medium line line--gold line-above line-middle\">Dodatne informacije... <\/h2>\n        <p class=\"text-center text-gold text--20 text-medium text--uppercase\">Za ve\u010d informacij preberite naslednji dokument PDF, ki se uporablja med pogovori o krstu.<\/p>\n        <div class=\"spacer--40\"><\/div>\n<\/div>\n\n<\/section>\n\n<section id='lightpress__section--block_ba6f76dcafa7ebc77ffe25e0f6749a50' class='lightpress__section--default-section-space lightpress__section lightpress__section--content'><div class=\"content__inner\"\n         x-init=\"initContentBlockAnim($el)\">\n        \n    <div class=\"content__grid content__grid\">\n                                            <div class=\"content__box content__box--one-hundred\"\n                 style=\"\">\n                                \n                \n                                            <div class=\"prose\"><p><a title=\"\u017dupnijsko glasilo Admont Februar, marec, april 2025\" href=\"\"><div class=\"_df_book df-lite\" id=\"df_33417\"  _slug=\"33417\" data-title=\"unser-kind-wird-getauft\" wpoptions=\"true\" thumb=\"https:\/\/stiftadmont.at\/wp-content\/uploads\/Vorschaubild-Taufe.png\" thumbtype=\"\" ><\/div><script class=\"df-shortcode-script\" nowprocket type=\"application\/javascript\">window.option_df_33417 = {\"outline\":[],\"autoEnableOutline\":\"false\",\"autoEnableThumbnail\":\"false\",\"overwritePDFOutline\":\"false\",\"direction\":\"1\",\"pageSize\":\"0\",\"source\":\"https:\\\/\\\/stiftadmont.at\\\/wp-content\\\/uploads\\\/Unser_Kind_wird_getauft.pdf\",\"wpOptions\":\"true\"}; if(window.DFLIP && window.DFLIP.parseBooks){window.DFLIP.parseBooks();}<\/script><\/a><\/p>\n<\/div>\n                    \n                            <\/div>\n        \n            <\/div>\n<\/div>\n\n<\/section>","protected":false},"excerpt":{"rendered":"","protected":false},"author":7,"featured_media":0,"parent":33335,"menu_order":0,"comment_status":"closed","ping_status":"closed","template":"","meta":{"_acf_changed":false,"footnotes":""},"categories":[],"class_list":["post-33391","page","type-page","status-publish","hentry"],"acf":[],"yoast_head":"<!-- This site is optimized with the Yoast SEO Premium plugin v26.0 (Yoast SEO v26.8) - https:\/\/yoast.com\/product\/yoast-seo-premium-wordpress\/ -->\n<title>Taufe in der Pfarre Admont - Stift Admont<\/title>\n<meta name=\"robots\" content=\"index, follow, max-snippet:-1, max-image-preview:large, max-video-preview:-1\" \/>\n<link rel=\"canonical\" href=\"https:\/\/stiftadmont.at\/sl\/zupnije\/zupnija-admont\/krst-v-zupniji-admont\/\" \/>\n<meta property=\"og:locale\" content=\"sl_SI\" \/>\n<meta property=\"og:type\" content=\"article\" \/>\n<meta property=\"og:title\" content=\"Taufe in der Pfarre Admont\" \/>\n<meta property=\"og:url\" content=\"https:\/\/stiftadmont.at\/sl\/zupnije\/zupnija-admont\/krst-v-zupniji-admont\/\" \/>\n<meta property=\"og:site_name\" content=\"Stift Admont\" \/>\n<meta property=\"article:modified_time\" content=\"2025-03-25T09:56:08+00:00\" \/>\n<meta property=\"og:image\" content=\"https:\/\/stiftadmont.at\/wp-content\/uploads\/Klosteranlage-innen.jpg\" \/>\n\t<meta property=\"og:image:width\" content=\"1912\" \/>\n\t<meta property=\"og:image:height\" content=\"1188\" \/>\n\t<meta property=\"og:image:type\" content=\"image\/jpeg\" \/>\n<meta name=\"twitter:card\" content=\"summary_large_image\" \/>\n<script type=\"application\/ld+json\" class=\"yoast-schema-graph\">{\"@context\":\"https:\/\/schema.org\",\"@graph\":[{\"@type\":\"WebPage\",\"@id\":\"https:\/\/stiftadmont.at\/pfarren\/pfarre-admont\/pfarre-admont-taufe\/\",\"url\":\"https:\/\/stiftadmont.at\/pfarren\/pfarre-admont\/pfarre-admont-taufe\/\",\"name\":\"Taufe in der Pfarre Admont - Stift Admont\",\"isPartOf\":{\"@id\":\"https:\/\/stiftadmont.at\/#website\"},\"datePublished\":\"2025-03-17T12:17:17+00:00\",\"dateModified\":\"2025-03-25T09:56:08+00:00\",\"breadcrumb\":{\"@id\":\"https:\/\/stiftadmont.at\/pfarren\/pfarre-admont\/pfarre-admont-taufe\/#breadcrumb\"},\"inLanguage\":\"sl-SI\",\"potentialAction\":[{\"@type\":\"ReadAction\",\"target\":[\"https:\/\/stiftadmont.at\/pfarren\/pfarre-admont\/pfarre-admont-taufe\/\"]}]},{\"@type\":\"BreadcrumbList\",\"@id\":\"https:\/\/stiftadmont.at\/pfarren\/pfarre-admont\/pfarre-admont-taufe\/#breadcrumb\",\"itemListElement\":[{\"@type\":\"ListItem\",\"position\":1,\"name\":\"Start\",\"item\":\"https:\/\/stiftadmont.at\/\"},{\"@type\":\"ListItem\",\"position\":2,\"name\":\"Pfarren\",\"item\":\"https:\/\/stiftadmont.at\/pfarren\/\"},{\"@type\":\"ListItem\",\"position\":3,\"name\":\"Pfarre Admont\",\"item\":\"https:\/\/stiftadmont.at\/pfarren\/pfarre-admont\/\"},{\"@type\":\"ListItem\",\"position\":4,\"name\":\"Taufe in der Pfarre Admont\"}]},{\"@type\":\"WebSite\",\"@id\":\"https:\/\/stiftadmont.at\/#website\",\"url\":\"https:\/\/stiftadmont.at\/\",\"name\":\"Stift Admont\",\"description\":\"Benediktinerkloster und Sehensw\u00fcrdigkeit im Ges\u00e4use\",\"potentialAction\":[{\"@type\":\"SearchAction\",\"target\":{\"@type\":\"EntryPoint\",\"urlTemplate\":\"https:\/\/stiftadmont.at\/?s={search_term_string}\"},\"query-input\":{\"@type\":\"PropertyValueSpecification\",\"valueRequired\":true,\"valueName\":\"search_term_string\"}}],\"inLanguage\":\"sl-SI\"}]}<\/script>\n<!-- \/ Yoast SEO Premium plugin. -->","yoast_head_json":{"title":"Krst v \u017eupniji Admont - Opatija Admont","robots":{"index":"index","follow":"follow","max-snippet":"max-snippet:-1","max-image-preview":"max-image-preview:large","max-video-preview":"max-video-preview:-1"},"canonical":"https:\/\/stiftadmont.at\/sl\/zupnije\/zupnija-admont\/krst-v-zupniji-admont\/","og_locale":"sl_SI","og_type":"article","og_title":"Taufe in der Pfarre Admont","og_url":"https:\/\/stiftadmont.at\/sl\/zupnije\/zupnija-admont\/krst-v-zupniji-admont\/","og_site_name":"Stift Admont","article_modified_time":"2025-03-25T09:56:08+00:00","og_image":[{"width":1912,"height":1188,"url":"https:\/\/stiftadmont.at\/wp-content\/uploads\/Klosteranlage-innen.jpg","type":"image\/jpeg"}],"twitter_card":"summary_large_image","schema":{"@context":"https:\/\/schema.org","@graph":[{"@type":"WebPage","@id":"https:\/\/stiftadmont.at\/pfarren\/pfarre-admont\/pfarre-admont-taufe\/","url":"https:\/\/stiftadmont.at\/pfarren\/pfarre-admont\/pfarre-admont-taufe\/","name":"Krst v \u017eupniji Admont - Opatija Admont","isPartOf":{"@id":"https:\/\/stiftadmont.at\/#website"},"datePublished":"2025-03-17T12:17:17+00:00","dateModified":"2025-03-25T09:56:08+00:00","breadcrumb":{"@id":"https:\/\/stiftadmont.at\/pfarren\/pfarre-admont\/pfarre-admont-taufe\/#breadcrumb"},"inLanguage":"sl-SI","potentialAction":[{"@type":"ReadAction","target":["https:\/\/stiftadmont.at\/pfarren\/pfarre-admont\/pfarre-admont-taufe\/"]}]},{"@type":"BreadcrumbList","@id":"https:\/\/stiftadmont.at\/pfarren\/pfarre-admont\/pfarre-admont-taufe\/#breadcrumb","itemListElement":[{"@type":"ListItem","position":1,"name":"Start","item":"https:\/\/stiftadmont.at\/"},{"@type":"ListItem","position":2,"name":"Pfarren","item":"https:\/\/stiftadmont.at\/pfarren\/"},{"@type":"ListItem","position":3,"name":"Pfarre Admont","item":"https:\/\/stiftadmont.at\/pfarren\/pfarre-admont\/"},{"@type":"ListItem","position":4,"name":"Taufe in der Pfarre Admont"}]},{"@type":"WebSite","@id":"https:\/\/stiftadmont.at\/#website","url":"https:\/\/stiftadmont.at\/","name":"Opatija Admont","description":"Benediktinski samostan in turisti\u010dna znamenitost v Ges\u00e4use","potentialAction":[{"@type":"SearchAction","target":{"@type":"EntryPoint","urlTemplate":"https:\/\/stiftadmont.at\/?s={search_term_string}"},"query-input":{"@type":"PropertyValueSpecification","valueRequired":true,"valueName":"search_term_string"}}],"inLanguage":"sl-SI"}]}},"_links":{"self":[{"href":"https:\/\/stiftadmont.at\/sl\/wp-json\/wp\/v2\/pages\/33391","targetHints":{"allow":["GET"]}}],"collection":[{"href":"https:\/\/stiftadmont.at\/sl\/wp-json\/wp\/v2\/pages"}],"about":[{"href":"https:\/\/stiftadmont.at\/sl\/wp-json\/wp\/v2\/types\/page"}],"author":[{"embeddable":true,"href":"https:\/\/stiftadmont.at\/sl\/wp-json\/wp\/v2\/users\/7"}],"replies":[{"embeddable":true,"href":"https:\/\/stiftadmont.at\/sl\/wp-json\/wp\/v2\/comments?post=33391"}],"version-history":[{"count":9,"href":"https:\/\/stiftadmont.at\/sl\/wp-json\/wp\/v2\/pages\/33391\/revisions"}],"predecessor-version":[{"id":33864,"href":"https:\/\/stiftadmont.at\/sl\/wp-json\/wp\/v2\/pages\/33391\/revisions\/33864"}],"up":[{"embeddable":true,"href":"https:\/\/stiftadmont.at\/sl\/wp-json\/wp\/v2\/pages\/33335"}],"wp:attachment":[{"href":"https:\/\/stiftadmont.at\/sl\/wp-json\/wp\/v2\/media?parent=33391"}],"wp:term":[{"taxonomy":"category","embeddable":true,"href":"https:\/\/stiftadmont.at\/sl\/wp-json\/wp\/v2\/categories?post=33391"}],"curies":[{"name":"wp","href":"https:\/\/api.w.org\/{rel}","templated":true}]}}